{"id":5005,"date":"2012-11-01T01:05:12","date_gmt":"2012-11-01T01:05:12","guid":{"rendered":"http:\/\/anardetapes.cat\/?p=5005"},"modified":"2022-04-07T11:00:43","modified_gmt":"2022-04-07T09:00:43","slug":"confitura-fet-a-soller","status":"publish","type":"alimentacio","link":"https:\/\/gastronomicament.cat\/ca\/alimentacio\/confitura-fet-a-soller","title":{"rendered":"Confitura Fet a S\u00f3ller (Estel Nou)"},"content":{"rendered":"<p><strong>Adre\u00e7a: Carrer d&#8217;Andreu Coll 31. S\u00f3ller<\/strong><br \/>\n<strong> Tel.: <a href=\"tel:971633942\">971 63 39 42<\/a><\/strong><br \/>\n<strong> Fax: 971 63 51 12<br \/>\nWeb:\u00a0<a title=\"Asanideso\" href=\"http:\/\/www.asanideso.com\" target=\"_blank\" rel=\"noopener\">www.asanideso.com<\/a><\/strong><\/p>\n<p>Associaci\u00f3 de Centres de discapacitats UNAC BALEARS<strong><\/strong><\/p>\n<p style=\"text-align: justify;\">La confitura Fet a S\u00f3ller\u00a0\u00e9s un producte natural elaborat amb fruita de primera qualitat i preparada amb receptes tradicionals, garanteix una confitura de gran qualitat i amb un sabor genu\u00ed.<\/p>\n<p style=\"text-align: justify;\"><strong>Productes naturals, sense conservants artificials<\/strong><\/p>\n<p style=\"text-align: justify;\">Elaboram la nostra confitura seguint un proc\u00e9s artes\u00e0, utilitzam fruita de bona qualitat, sucre i suc de llimona.\u00a0La fruita collida de l\u2019arbre, rigorosament netejada, pelada i trossejada, passa directament al proc\u00e9s de cocci\u00f3.\u00a0Una vegada envasada i fet el buit, es procedeix a l\u2019etiquetatge i a distribuir-la.<\/p>\n<p style=\"text-align: justify;\">Les nostres instal\u00b7lacions i tot el proc\u00e9s de producci\u00f3 estan adaptats a la normativa sanit\u00e0ria vigent amb el suport t\u00e8cnic i seguiment extern de l\u2019empresa Bacter Control.\u00a0Tot plegat ens permet obtenir uns productes en perfectes condicions.<\/p>\n<p style=\"text-align: justify;\"><strong>Elaboram diferents productes de qualitat<\/strong>:<\/p>\n<ul style=\"text-align: justify;\">\n<li>Confitura natural de temporada (de taronja, fraula, pera, tom\u00e0tiga, caqui, s\u00edndria, mel\u00f3, llimona, codonyat, etc.) de 40, 225, 325, 500, 1.225 i 2.500 grams.<\/li>\n<li>Figues seques amb conyac<\/li>\n<li>Tom\u00e0tiques seques amb oli d&#8217;oliva<\/li>\n<li>Salsa de magrana agra<\/li>\n<li>Confitures ecol\u00f2giques<\/li>\n<\/ul>\n<p style=\"text-align: justify;\"><strong>Un projecte consolidat i comprom\u00e8s<\/strong><\/p>\n<p style=\"text-align: justify;\">L\u2019Associaci\u00f3, sense \u00e0nim de lucre, ASANIDESO participa de la marca &#8216;Fet a S\u00f3ller&#8217;, \u00e9s propiet\u00e0ria de la marca &#8216;Estel Nou&#8217;, i a trav\u00e9s del Centre Especial d\u2019Ocupaci\u00f3 Estel Nou treballam per:<\/p>\n<ul>\n<li style=\"text-align: justify;\">Crear llocs de feina estables per a persones discapacitades, amb la finalitat de millorar-los la qualitat de vida.<\/li>\n<li style=\"text-align: justify;\">Elaborar productes naturals i de qualitat recuperant les receptes tradicionals.<\/li>\n<li style=\"text-align: justify;\">Augmentar la rendibilitat del conreu de c\u00edtrics per evitar la degradaci\u00f3 progressiva del paissatge agrari de Mallorca.<\/li>\n<\/ul>\n<p><!--more--><\/p>\n","protected":false},"excerpt":{"rendered":"<p>Adre\u00e7a: Carrer d&#8217;Andreu Coll 31. S\u00f3ller Tel.: 971 63 39 42 Fax: 971 63 51 12 Web:\u00a0www.asanideso.com Associaci\u00f3 de Centres de discapacitats UNAC BALEARS La confitura Fet a S\u00f3ller\u00a0\u00e9s un producte natural elaborat amb fruita de primera qualitat i preparada amb receptes tradicionals, garanteix una confitura de gran qualitat i amb un sabor genu\u00ed. Productes [&hellip;]<\/p>\n","protected":false},"author":1,"featured_media":5015,"menu_order":0,"comment_status":"open","ping_status":"closed","template":"","format":"gallery","meta":{"_acf_changed":false,"_swt_meta_header_display":false,"_swt_meta_footer_display":false,"_swt_meta_site_title_display":false,"_swt_meta_sticky_header":false,"_swt_meta_transparent_header":false,"footnotes":""},"categories":[693],"empresa":[707],"tipus-producte":[708],"coauthors":[],"class_list":["post-5005","alimentacio","type-alimentacio","status-publish","format-gallery","has-post-thumbnail","hentry","category-alimentacio","empresa-fet-a-soller-estel-nou","tipus_producte-confitura"],"acf":{"gallery":null,"home_date":{"home_begin_date":null,"home_end_date":null}},"yoast_head":"<!-- This site is optimized with the Yoast SEO plugin v27.4 - https:\/\/yoast.com\/product\/yoast-seo-wordpress\/ -->\n<title>Confitura Fet a S\u00f3ller. Jam from S\u00f3ller<\/title>\n<meta name=\"description\" content=\"Confitura Fet a S\u00f3ller. Marmalade from S\u00f3ller\" \/>\n<meta name=\"robots\" content=\"index, follow, max-snippet:-1, max-image-preview:large, max-video-preview:-1\" \/>\n<link rel=\"canonical\" href=\"https:\/\/gastronomicament.cat\/ca\/alimentacio\/confitura-fet-a-soller\" \/>\n<meta property=\"og:locale\" content=\"ca_ES\" \/>\n<meta property=\"og:type\" content=\"article\" \/>\n<meta property=\"og:title\" content=\"Confitura Fet a S\u00f3ller. Jam from S\u00f3ller\" \/>\n<meta property=\"og:description\" content=\"Confitura Fet a S\u00f3ller. Marmalade from S\u00f3ller\" \/>\n<meta property=\"og:url\" content=\"https:\/\/gastronomicament.cat\/ca\/alimentacio\/confitura-fet-a-soller\" \/>\n<meta property=\"og:site_name\" content=\"Gastron\u00f2micament\" \/>\n<meta property=\"article:modified_time\" content=\"2022-04-07T09:00:43+00:00\" \/>\n<meta property=\"og:image\" content=\"https:\/\/gastronomicament.cat\/wp-content\/uploads\/2012\/11\/Per-satisfer-tots-els-gustos.jpg\" \/>\n\t<meta property=\"og:image:width\" content=\"1800\" \/>\n\t<meta property=\"og:image:height\" content=\"1202\" \/>\n\t<meta property=\"og:image:type\" content=\"image\/jpeg\" \/>\n<meta name=\"twitter:card\" content=\"summary_large_image\" \/>\n<meta name=\"twitter:site\" content=\"@gastronomicamen\" \/>\n<meta name=\"twitter:label1\" content=\"Est. reading time\" \/>\n\t<meta name=\"twitter:data1\" content=\"1 minute\" \/>\n\t<meta name=\"twitter:label2\" content=\"Written by\" \/>\n\t<meta name=\"twitter:data2\" content=\"Redacci\u00f3\" \/>\n<script type=\"application\/ld+json\" class=\"yoast-schema-graph\">{\"@context\":\"https:\\\/\\\/schema.org\",\"@graph\":[{\"@type\":\"WebPage\",\"@id\":\"https:\\\/\\\/gastronomicament.cat\\\/ca\\\/alimentacio\\\/confitura-fet-a-soller\",\"url\":\"https:\\\/\\\/gastronomicament.cat\\\/ca\\\/alimentacio\\\/confitura-fet-a-soller\",\"name\":\"Confitura Fet a S\u00f3ller. Jam from S\u00f3ller\",\"isPartOf\":{\"@id\":\"https:\\\/\\\/gastronomicament.cat\\\/ca\\\/#website\"},\"primaryImageOfPage\":{\"@id\":\"https:\\\/\\\/gastronomicament.cat\\\/ca\\\/alimentacio\\\/confitura-fet-a-soller#primaryimage\"},\"image\":{\"@id\":\"https:\\\/\\\/gastronomicament.cat\\\/ca\\\/alimentacio\\\/confitura-fet-a-soller#primaryimage\"},\"thumbnailUrl\":\"https:\\\/\\\/gastronomicament.cat\\\/wp-content\\\/uploads\\\/2012\\\/11\\\/Per-satisfer-tots-els-gustos.jpg\",\"datePublished\":\"2012-11-01T01:05:12+00:00\",\"dateModified\":\"2022-04-07T09:00:43+00:00\",\"description\":\"Confitura Fet a S\u00f3ller. Marmalade from S\u00f3ller\",\"breadcrumb\":{\"@id\":\"https:\\\/\\\/gastronomicament.cat\\\/ca\\\/alimentacio\\\/confitura-fet-a-soller#breadcrumb\"},\"inLanguage\":\"ca-ES\",\"potentialAction\":[{\"@type\":\"ReadAction\",\"target\":[\"https:\\\/\\\/gastronomicament.cat\\\/ca\\\/alimentacio\\\/confitura-fet-a-soller\"]}]},{\"@type\":\"ImageObject\",\"inLanguage\":\"ca-ES\",\"@id\":\"https:\\\/\\\/gastronomicament.cat\\\/ca\\\/alimentacio\\\/confitura-fet-a-soller#primaryimage\",\"url\":\"https:\\\/\\\/gastronomicament.cat\\\/wp-content\\\/uploads\\\/2012\\\/11\\\/Per-satisfer-tots-els-gustos.jpg\",\"contentUrl\":\"https:\\\/\\\/gastronomicament.cat\\\/wp-content\\\/uploads\\\/2012\\\/11\\\/Per-satisfer-tots-els-gustos.jpg\",\"width\":1800,\"height\":1202},{\"@type\":\"BreadcrumbList\",\"@id\":\"https:\\\/\\\/gastronomicament.cat\\\/ca\\\/alimentacio\\\/confitura-fet-a-soller#breadcrumb\",\"itemListElement\":[{\"@type\":\"ListItem\",\"position\":1,\"name\":\"Alimentaci\u00f3\",\"item\":\"https:\\\/\\\/gastronomicament.cat\\\/ca\\\/cercador-alimentacio\"},{\"@type\":\"ListItem\",\"position\":2,\"name\":\"Confitura Fet a S\u00f3ller (Estel Nou)\"}]},{\"@type\":\"WebSite\",\"@id\":\"https:\\\/\\\/gastronomicament.cat\\\/ca\\\/#website\",\"url\":\"https:\\\/\\\/gastronomicament.cat\\\/ca\\\/\",\"name\":\"Gastron\u00f2micament\",\"description\":\"Portal de restaurants, receptes i actualitat gastron\u00f2mica\",\"publisher\":{\"@id\":\"https:\\\/\\\/gastronomicament.cat\\\/ca\\\/#organization\"},\"potentialAction\":[{\"@type\":\"SearchAction\",\"target\":{\"@type\":\"EntryPoint\",\"urlTemplate\":\"https:\\\/\\\/gastronomicament.cat\\\/ca\\\/?s={search_term_string}\"},\"query-input\":{\"@type\":\"PropertyValueSpecification\",\"valueRequired\":true,\"valueName\":\"search_term_string\"}}],\"inLanguage\":\"ca-ES\"},{\"@type\":\"Organization\",\"@id\":\"https:\\\/\\\/gastronomicament.cat\\\/ca\\\/#organization\",\"name\":\"Gastron\u00f2micament\",\"url\":\"https:\\\/\\\/gastronomicament.cat\\\/ca\\\/\",\"logo\":{\"@type\":\"ImageObject\",\"inLanguage\":\"ca-ES\",\"@id\":\"https:\\\/\\\/gastronomicament.cat\\\/ca\\\/#\\\/schema\\\/logo\\\/image\\\/\",\"url\":\"https:\\\/\\\/gastronomicament.cat\\\/wp-content\\\/uploads\\\/2016\\\/09\\\/header-logo.jpg\",\"contentUrl\":\"https:\\\/\\\/gastronomicament.cat\\\/wp-content\\\/uploads\\\/2016\\\/09\\\/header-logo.jpg\",\"width\":277,\"height\":39,\"caption\":\"Gastron\u00f2micament\"},\"image\":{\"@id\":\"https:\\\/\\\/gastronomicament.cat\\\/ca\\\/#\\\/schema\\\/logo\\\/image\\\/\"},\"sameAs\":[\"https:\\\/\\\/x.com\\\/gastronomicamen\"]}]}<\/script>\n<!-- \/ Yoast SEO plugin. -->","yoast_head_json":{"title":"Confitura Fet a S\u00f3ller. Jam from S\u00f3ller","description":"Confitura Fet a S\u00f3ller. Marmalade from S\u00f3ller","robots":{"index":"index","follow":"follow","max-snippet":"max-snippet:-1","max-image-preview":"max-image-preview:large","max-video-preview":"max-video-preview:-1"},"canonical":"https:\/\/gastronomicament.cat\/ca\/alimentacio\/confitura-fet-a-soller","og_locale":"ca_ES","og_type":"article","og_title":"Confitura Fet a S\u00f3ller. Jam from S\u00f3ller","og_description":"Confitura Fet a S\u00f3ller. Marmalade from S\u00f3ller","og_url":"https:\/\/gastronomicament.cat\/ca\/alimentacio\/confitura-fet-a-soller","og_site_name":"Gastron\u00f2micament","article_modified_time":"2022-04-07T09:00:43+00:00","og_image":[{"width":1800,"height":1202,"url":"https:\/\/gastronomicament.cat\/wp-content\/uploads\/2012\/11\/Per-satisfer-tots-els-gustos.jpg","type":"image\/jpeg"}],"twitter_card":"summary_large_image","twitter_site":"@gastronomicamen","twitter_misc":{"Est. reading time":"1 minute","Written by":"Redacci\u00f3"},"schema":{"@context":"https:\/\/schema.org","@graph":[{"@type":"WebPage","@id":"https:\/\/gastronomicament.cat\/ca\/alimentacio\/confitura-fet-a-soller","url":"https:\/\/gastronomicament.cat\/ca\/alimentacio\/confitura-fet-a-soller","name":"Confitura Fet a S\u00f3ller. Jam from S\u00f3ller","isPartOf":{"@id":"https:\/\/gastronomicament.cat\/ca\/#website"},"primaryImageOfPage":{"@id":"https:\/\/gastronomicament.cat\/ca\/alimentacio\/confitura-fet-a-soller#primaryimage"},"image":{"@id":"https:\/\/gastronomicament.cat\/ca\/alimentacio\/confitura-fet-a-soller#primaryimage"},"thumbnailUrl":"https:\/\/gastronomicament.cat\/wp-content\/uploads\/2012\/11\/Per-satisfer-tots-els-gustos.jpg","datePublished":"2012-11-01T01:05:12+00:00","dateModified":"2022-04-07T09:00:43+00:00","description":"Confitura Fet a S\u00f3ller. Marmalade from S\u00f3ller","breadcrumb":{"@id":"https:\/\/gastronomicament.cat\/ca\/alimentacio\/confitura-fet-a-soller#breadcrumb"},"inLanguage":"ca-ES","potentialAction":[{"@type":"ReadAction","target":["https:\/\/gastronomicament.cat\/ca\/alimentacio\/confitura-fet-a-soller"]}]},{"@type":"ImageObject","inLanguage":"ca-ES","@id":"https:\/\/gastronomicament.cat\/ca\/alimentacio\/confitura-fet-a-soller#primaryimage","url":"https:\/\/gastronomicament.cat\/wp-content\/uploads\/2012\/11\/Per-satisfer-tots-els-gustos.jpg","contentUrl":"https:\/\/gastronomicament.cat\/wp-content\/uploads\/2012\/11\/Per-satisfer-tots-els-gustos.jpg","width":1800,"height":1202},{"@type":"BreadcrumbList","@id":"https:\/\/gastronomicament.cat\/ca\/alimentacio\/confitura-fet-a-soller#breadcrumb","itemListElement":[{"@type":"ListItem","position":1,"name":"Alimentaci\u00f3","item":"https:\/\/gastronomicament.cat\/ca\/cercador-alimentacio"},{"@type":"ListItem","position":2,"name":"Confitura Fet a S\u00f3ller (Estel Nou)"}]},{"@type":"WebSite","@id":"https:\/\/gastronomicament.cat\/ca\/#website","url":"https:\/\/gastronomicament.cat\/ca\/","name":"Gastron\u00f2micament","description":"Portal de restaurants, receptes i actualitat gastron\u00f2mica","publisher":{"@id":"https:\/\/gastronomicament.cat\/ca\/#organization"},"potentialAction":[{"@type":"SearchAction","target":{"@type":"EntryPoint","urlTemplate":"https:\/\/gastronomicament.cat\/ca\/?s={search_term_string}"},"query-input":{"@type":"PropertyValueSpecification","valueRequired":true,"valueName":"search_term_string"}}],"inLanguage":"ca-ES"},{"@type":"Organization","@id":"https:\/\/gastronomicament.cat\/ca\/#organization","name":"Gastron\u00f2micament","url":"https:\/\/gastronomicament.cat\/ca\/","logo":{"@type":"ImageObject","inLanguage":"ca-ES","@id":"https:\/\/gastronomicament.cat\/ca\/#\/schema\/logo\/image\/","url":"https:\/\/gastronomicament.cat\/wp-content\/uploads\/2016\/09\/header-logo.jpg","contentUrl":"https:\/\/gastronomicament.cat\/wp-content\/uploads\/2016\/09\/header-logo.jpg","width":277,"height":39,"caption":"Gastron\u00f2micament"},"image":{"@id":"https:\/\/gastronomicament.cat\/ca\/#\/schema\/logo\/image\/"},"sameAs":["https:\/\/x.com\/gastronomicamen"]}]}},"_links":{"self":[{"href":"https:\/\/gastronomicament.cat\/ca\/wp-json\/wp\/v2\/alimentacio\/5005","targetHints":{"allow":["GET"]}}],"collection":[{"href":"https:\/\/gastronomicament.cat\/ca\/wp-json\/wp\/v2\/alimentacio"}],"about":[{"href":"https:\/\/gastronomicament.cat\/ca\/wp-json\/wp\/v2\/types\/alimentacio"}],"author":[{"embeddable":true,"href":"https:\/\/gastronomicament.cat\/ca\/wp-json\/wp\/v2\/users\/1"}],"replies":[{"embeddable":true,"href":"https:\/\/gastronomicament.cat\/ca\/wp-json\/wp\/v2\/comments?post=5005"}],"version-history":[{"count":0,"href":"https:\/\/gastronomicament.cat\/ca\/wp-json\/wp\/v2\/alimentacio\/5005\/revisions"}],"wp:featuredmedia":[{"embeddable":true,"href":"https:\/\/gastronomicament.cat\/ca\/wp-json\/wp\/v2\/media\/5015"}],"wp:attachment":[{"href":"https:\/\/gastronomicament.cat\/ca\/wp-json\/wp\/v2\/media?parent=5005"}],"wp:term":[{"taxonomy":"category","embeddable":true,"href":"https:\/\/gastronomicament.cat\/ca\/wp-json\/wp\/v2\/categories?post=5005"},{"taxonomy":"empresa","embeddable":true,"href":"https:\/\/gastronomicament.cat\/ca\/wp-json\/wp\/v2\/empresa?post=5005"},{"taxonomy":"tipus_producte","embeddable":true,"href":"https:\/\/gastronomicament.cat\/ca\/wp-json\/wp\/v2\/tipus-producte?post=5005"},{"taxonomy":"author","embeddable":true,"href":"https:\/\/gastronomicament.cat\/ca\/wp-json\/wp\/v2\/coauthors?post=5005"}],"curies":[{"name":"wp","href":"https:\/\/api.w.org\/{rel}","templated":true}]}}