{"id":5660,"date":"2013-01-07T16:36:40","date_gmt":"2013-01-07T16:36:40","guid":{"rendered":"http:\/\/anardetapes.cat\/?p=5660"},"modified":"2022-04-07T11:00:44","modified_gmt":"2022-04-07T09:00:44","slug":"olis-de-jornets","status":"publish","type":"alimentacio","link":"https:\/\/gastronomicament.cat\/ca\/alimentacio\/olis-de-jornets","title":{"rendered":"Olis de Jornets"},"content":{"rendered":"<p><strong>Predi de Jornets. Sencelles.<br \/>\nTel.: <a href=\"tel:650013308\">650 01 33 08<\/a><br \/>\nWeb:\u00a0<a title=\"Olis de Jornets\" href=\"http:\/\/www.olisdejornets.com\">www.olisdejornets.com<\/a><\/strong><\/p>\n<p style=\"text-align: justify;\"><img decoding=\"async\" class=\"alignleft\" style=\"margin: 8px 10px;\" title=\"Olis de Jornets. Mallorca\" src=\"http:\/\/gastronomicament.cat\/wp-content\/uploads\/2013\/01\/Olis-de-Jornets.-Mallorca.jpg\" alt=\"\" width=\"150\" height=\"352\" \/>L&#8217;Oli de Jornets \u00e9s considerat com un dels millors del m\u00f3n. Es tracta d&#8217;un suc d&#8217;oliva de la qual en surt un oli extraordinari de gran qualitat.<\/p>\n<p style=\"text-align: justify;\">L&#8217;oli d&#8217;oliva verge extra, com \u00e9s l&#8217;Oli de Jornets, cont\u00e9 un elevat contingut en \u00e0cid ol\u00e8ic, \u00e0cid gras monoinsaturat que ajuda a reduir els nivells de colesterol. A m\u00e9s a m\u00e9s, aporta diferents propietats naturals, com s\u00f3n antioxidants, vitamina E,\u00a0 \u00e0cids grassos omega 3 i omega 6. De fet, durant el proc\u00e9s de fer oli mai no supera els 26\u00ba per tal que no es perdin les propietats beneficioses que caracteritzen l&#8217;oli verge extra.<\/p>\n<p style=\"text-align: justify;\">En Mariano Planas Gual de Torrella \u00e9s el responsable d&#8217;aquesta finca de Sencelles, una propietat que durant m\u00e9s de 6 segles pertany a la seva fam\u00edlia. El 1998, hi sembr\u00e0 1.200 oliveres de la varietat piqual i des de llavors produeix un oli fabul\u00f3s de llarga durada. Cal dir \u00a0\u00a0 \u00a0que a la finca de Jornets es respecta al m\u00e0xim el medi ambient, per aix\u00f2 s&#8217;hi practica una agricultura integrada, una filosofia que procura evitar tant com pot insecticides.<\/p>\n<p style=\"text-align: justify;\">L&#8217;Oli de Jornets es caracteritza per se un suc molt afru\u00eftat, fresc i equilibrat amb atributs positius d&#8217;herba fresca i fruita seca.<\/p>\n<h4 style=\"text-align: justify;\" lang=\"en-US\">PREMIS<\/h4>\n<p><strong>2016<\/strong><\/p>\n<ul>\n<li>TERRAOLIVO \u2013 EXTRA VIRGIN OLIVE OIL INTERNATIONAL COMPETITION (Israel): Medalla Prestigio Oro<\/li>\n<li>TERRAOLIVO \u2013 EXTRA VIRGIN OLIVE OIL INTERNATIONAL COMPETITION (Israel): Medalla d\u2019Or<\/li>\n<\/ul>\n<p><strong>2015<\/strong><\/p>\n<ul>\n<li>TERRAOLIVO \u2013 EXTRA VIRGIN OLIVE OIL INTERNATIONAL COMPETITION (Israel): Medalla Prestigio Oro<\/li>\n<li>TERRAOLIVO \u2013 EXTRA VIRGIN OLIVE OIL INTERNATIONAL COMPETITION (Israel): Medalla d\u2019Or<\/li>\n<li>DIPL\u00d2ME GOURMET CONCOURS LES HUILES DU MONDE AVPA\u00a0(Francia)<\/li>\n<li>MEDALLA\u00a0 PRESTIGIO ORO \u00a0ORO \u00a0 \u2013\u00a0CONCURSO \u00a0OLIVINUS \u00a0 DE \u00a0MENDOZA en tres lotes diferentes (Argentina)<\/li>\n<\/ul>\n<p><strong>2014<\/strong><\/p>\n<ul>\n<li>TERRAOLIVO \u2013 EXTRA VIRGIN OLIVE OIL INTERNATIONAL COMPETITION (Israel): Medalla d\u2019Or<\/li>\n<li>MEDALLA\u00a0 GRAN \u00a0PRESTIGIO \u00a0ORO \u00a0 EN \u00a0 CONCURSO \u00a0OLIVINUS \u00a0 DE \u00a0MENDOZA (Argentina)<\/li>\n<li>MEDALLA\u00a0 DE\u00a0 ORO \u00a0 EN \u00a0 CONCURSO \u00a0OLIVINUS \u00a0 DE \u00a0MENDOZA (Argentina)<\/li>\n<\/ul>\n<p><strong>2013<\/strong><\/p>\n<ul>\n<li>TERRAOLIVO \u2013 EXTRA VIRGIN OLIVE OIL INTERNATIONAL COMPETITION (Israel): Medalla Gran Prestigi d\u2019Or<\/li>\n<li>MEDALLA \u00a0 GRAN \u00a0PRESTIGIO \u00a0ORO \u00a0 EN \u00a0 CONCURSO \u00a0OLIVINUS \u00a0 DE \u00a0MENDOZA (Argentina)<\/li>\n<li>CAMPE\u00d3N \u00a0INTERNACIONAL VARIEDAD \u00a0PICUAL \u00a0EN EL MISMO \u00a0CONCURSO \u00a0OLIVINUS (Argentina)<\/li>\n<\/ul>\n<p><strong>2012<\/strong><\/p>\n<ul>\n<li>DER FEINSCHMERCKER OLIO AWARD (Alemanya): Seleccionat com un dels 50 millors olis d\u2019oliva verge extra del m\u00f3n<\/li>\n<li>TERRAOLIVO \u2013 EXTRA VIRGIN OLIVE OIL INTERNATIONAL COMPETITION (Israel): Medalla Gran Prestigi d\u2019Or<\/li>\n<li>CONCURSO INTERNACIONAL DE ACEITE DE OLIVA \u2018OLIVINUS\u2019 (Argentina): Medalla Prestigi d\u2019Or<\/li>\n<li>CONCURSO INTERNACIONAL ACEITES Y VINOS CINVE 2012 (Valladolid): Medalla de Plata<\/li>\n<\/ul>\n<p><strong>2011<\/strong><\/p>\n<ul>\n<li>CONCURS INTERNACIONAL AVPA PAR\u00cdS GORMET (Fran\u00e7a): Medalla de plata<\/li>\n<\/ul>\n<p><strong>2010<\/strong><\/p>\n<ul>\n<li>DER FEINSCHMERCKER OLIO AWARD (Alemanya): Seleccionat com un dels 250 millors olis d\u2019oliva verge extra del m\u00f3n<\/li>\n<\/ul>\n<p><!--more--><\/p>\n","protected":false},"excerpt":{"rendered":"<p>Predi de Jornets. Sencelles. Tel.: 650 01 33 08 Web:\u00a0www.olisdejornets.com L&#8217;Oli de Jornets \u00e9s considerat com un dels millors del m\u00f3n. Es tracta d&#8217;un suc d&#8217;oliva de la qual en surt un oli extraordinari de gran qualitat. L&#8217;oli d&#8217;oliva verge extra, com \u00e9s l&#8217;Oli de Jornets, cont\u00e9 un elevat contingut en \u00e0cid ol\u00e8ic, \u00e0cid gras [&hellip;]<\/p>\n","protected":false},"author":1,"featured_media":5664,"menu_order":0,"comment_status":"open","ping_status":"closed","template":"","format":"gallery","meta":{"_acf_changed":false,"_swt_meta_header_display":false,"_swt_meta_footer_display":false,"_swt_meta_site_title_display":false,"_swt_meta_sticky_header":false,"_swt_meta_transparent_header":false,"footnotes":""},"categories":[693],"empresa":[723],"tipus-producte":[724],"coauthors":[],"class_list":["post-5660","alimentacio","type-alimentacio","status-publish","format-gallery","has-post-thumbnail","hentry","category-alimentacio","empresa-olis-de-jornets","tipus_producte-oli-doliva"],"acf":{"gallery":null,"home_date":{"home_begin_date":null,"home_end_date":null}},"yoast_head":"<!-- This site is optimized with the Yoast SEO plugin v27.4 - https:\/\/yoast.com\/product\/yoast-seo-wordpress\/ -->\n<title>Olis de Jornets. Sencelles. Mallorca<\/title>\n<meta name=\"description\" content=\"Olis de Jornets. Sencelles. Mallorca \/ Extra Virgin Olive Oil \/ Oli d&#039;oliva verge extra \/ Aceite de oliva virgen extra\" \/>\n<meta name=\"robots\" content=\"index, follow, max-snippet:-1, max-image-preview:large, max-video-preview:-1\" \/>\n<link rel=\"canonical\" href=\"https:\/\/gastronomicament.cat\/ca\/alimentacio\/olis-de-jornets\" \/>\n<meta property=\"og:locale\" content=\"ca_ES\" \/>\n<meta property=\"og:type\" content=\"article\" \/>\n<meta property=\"og:title\" content=\"Olis de Jornets. Sencelles. Mallorca\" \/>\n<meta property=\"og:description\" content=\"Olis de Jornets. Sencelles. Mallorca \/ Extra Virgin Olive Oil \/ Oli d&#039;oliva verge extra \/ Aceite de oliva virgen extra\" \/>\n<meta property=\"og:url\" content=\"https:\/\/gastronomicament.cat\/ca\/alimentacio\/olis-de-jornets\" \/>\n<meta property=\"og:site_name\" content=\"Gastron\u00f2micament\" \/>\n<meta property=\"article:modified_time\" content=\"2022-04-07T09:00:44+00:00\" \/>\n<meta property=\"og:image\" content=\"https:\/\/gastronomicament.cat\/wp-content\/uploads\/2013\/01\/Lexcel\u00b7lent-Oli-de-Jornets-en-diferents-formats.jpg\" \/>\n\t<meta property=\"og:image:width\" content=\"2000\" \/>\n\t<meta property=\"og:image:height\" content=\"1330\" \/>\n\t<meta property=\"og:image:type\" content=\"image\/jpeg\" \/>\n<meta name=\"twitter:card\" content=\"summary_large_image\" \/>\n<meta name=\"twitter:site\" content=\"@gastronomicamen\" \/>\n<meta name=\"twitter:label1\" content=\"Est. reading time\" \/>\n\t<meta name=\"twitter:data1\" content=\"2 minutes\" \/>\n\t<meta name=\"twitter:label2\" content=\"Written by\" \/>\n\t<meta name=\"twitter:data2\" content=\"Redacci\u00f3\" \/>\n<script type=\"application\/ld+json\" class=\"yoast-schema-graph\">{\"@context\":\"https:\\\/\\\/schema.org\",\"@graph\":[{\"@type\":\"WebPage\",\"@id\":\"https:\\\/\\\/gastronomicament.cat\\\/ca\\\/alimentacio\\\/olis-de-jornets\",\"url\":\"https:\\\/\\\/gastronomicament.cat\\\/ca\\\/alimentacio\\\/olis-de-jornets\",\"name\":\"Olis de Jornets. Sencelles. Mallorca\",\"isPartOf\":{\"@id\":\"https:\\\/\\\/gastronomicament.cat\\\/ca\\\/#website\"},\"primaryImageOfPage\":{\"@id\":\"https:\\\/\\\/gastronomicament.cat\\\/ca\\\/alimentacio\\\/olis-de-jornets#primaryimage\"},\"image\":{\"@id\":\"https:\\\/\\\/gastronomicament.cat\\\/ca\\\/alimentacio\\\/olis-de-jornets#primaryimage\"},\"thumbnailUrl\":\"https:\\\/\\\/gastronomicament.cat\\\/wp-content\\\/uploads\\\/2013\\\/01\\\/Lexcel\u00b7lent-Oli-de-Jornets-en-diferents-formats.jpg\",\"datePublished\":\"2013-01-07T16:36:40+00:00\",\"dateModified\":\"2022-04-07T09:00:44+00:00\",\"description\":\"Olis de Jornets. Sencelles. Mallorca \\\/ Extra Virgin Olive Oil \\\/ Oli d'oliva verge extra \\\/ Aceite de oliva virgen extra\",\"breadcrumb\":{\"@id\":\"https:\\\/\\\/gastronomicament.cat\\\/ca\\\/alimentacio\\\/olis-de-jornets#breadcrumb\"},\"inLanguage\":\"ca-ES\",\"potentialAction\":[{\"@type\":\"ReadAction\",\"target\":[\"https:\\\/\\\/gastronomicament.cat\\\/ca\\\/alimentacio\\\/olis-de-jornets\"]}]},{\"@type\":\"ImageObject\",\"inLanguage\":\"ca-ES\",\"@id\":\"https:\\\/\\\/gastronomicament.cat\\\/ca\\\/alimentacio\\\/olis-de-jornets#primaryimage\",\"url\":\"https:\\\/\\\/gastronomicament.cat\\\/wp-content\\\/uploads\\\/2013\\\/01\\\/Lexcel\u00b7lent-Oli-de-Jornets-en-diferents-formats.jpg\",\"contentUrl\":\"https:\\\/\\\/gastronomicament.cat\\\/wp-content\\\/uploads\\\/2013\\\/01\\\/Lexcel\u00b7lent-Oli-de-Jornets-en-diferents-formats.jpg\",\"width\":2000,\"height\":1330},{\"@type\":\"BreadcrumbList\",\"@id\":\"https:\\\/\\\/gastronomicament.cat\\\/ca\\\/alimentacio\\\/olis-de-jornets#breadcrumb\",\"itemListElement\":[{\"@type\":\"ListItem\",\"position\":1,\"name\":\"Alimentaci\u00f3\",\"item\":\"https:\\\/\\\/gastronomicament.cat\\\/ca\\\/cercador-alimentacio\"},{\"@type\":\"ListItem\",\"position\":2,\"name\":\"Olis de Jornets\"}]},{\"@type\":\"WebSite\",\"@id\":\"https:\\\/\\\/gastronomicament.cat\\\/ca\\\/#website\",\"url\":\"https:\\\/\\\/gastronomicament.cat\\\/ca\\\/\",\"name\":\"Gastron\u00f2micament\",\"description\":\"Portal de restaurants, receptes i actualitat gastron\u00f2mica\",\"publisher\":{\"@id\":\"https:\\\/\\\/gastronomicament.cat\\\/ca\\\/#organization\"},\"potentialAction\":[{\"@type\":\"SearchAction\",\"target\":{\"@type\":\"EntryPoint\",\"urlTemplate\":\"https:\\\/\\\/gastronomicament.cat\\\/ca\\\/?s={search_term_string}\"},\"query-input\":{\"@type\":\"PropertyValueSpecification\",\"valueRequired\":true,\"valueName\":\"search_term_string\"}}],\"inLanguage\":\"ca-ES\"},{\"@type\":\"Organization\",\"@id\":\"https:\\\/\\\/gastronomicament.cat\\\/ca\\\/#organization\",\"name\":\"Gastron\u00f2micament\",\"url\":\"https:\\\/\\\/gastronomicament.cat\\\/ca\\\/\",\"logo\":{\"@type\":\"ImageObject\",\"inLanguage\":\"ca-ES\",\"@id\":\"https:\\\/\\\/gastronomicament.cat\\\/ca\\\/#\\\/schema\\\/logo\\\/image\\\/\",\"url\":\"https:\\\/\\\/gastronomicament.cat\\\/wp-content\\\/uploads\\\/2016\\\/09\\\/header-logo.jpg\",\"contentUrl\":\"https:\\\/\\\/gastronomicament.cat\\\/wp-content\\\/uploads\\\/2016\\\/09\\\/header-logo.jpg\",\"width\":277,\"height\":39,\"caption\":\"Gastron\u00f2micament\"},\"image\":{\"@id\":\"https:\\\/\\\/gastronomicament.cat\\\/ca\\\/#\\\/schema\\\/logo\\\/image\\\/\"},\"sameAs\":[\"https:\\\/\\\/x.com\\\/gastronomicamen\"]}]}<\/script>\n<!-- \/ Yoast SEO plugin. -->","yoast_head_json":{"title":"Olis de Jornets. Sencelles. Mallorca","description":"Olis de Jornets. Sencelles. Mallorca \/ Extra Virgin Olive Oil \/ Oli d'oliva verge extra \/ Aceite de oliva virgen extra","robots":{"index":"index","follow":"follow","max-snippet":"max-snippet:-1","max-image-preview":"max-image-preview:large","max-video-preview":"max-video-preview:-1"},"canonical":"https:\/\/gastronomicament.cat\/ca\/alimentacio\/olis-de-jornets","og_locale":"ca_ES","og_type":"article","og_title":"Olis de Jornets. Sencelles. Mallorca","og_description":"Olis de Jornets. Sencelles. Mallorca \/ Extra Virgin Olive Oil \/ Oli d'oliva verge extra \/ Aceite de oliva virgen extra","og_url":"https:\/\/gastronomicament.cat\/ca\/alimentacio\/olis-de-jornets","og_site_name":"Gastron\u00f2micament","article_modified_time":"2022-04-07T09:00:44+00:00","og_image":[{"width":2000,"height":1330,"url":"https:\/\/gastronomicament.cat\/wp-content\/uploads\/2013\/01\/Lexcel\u00b7lent-Oli-de-Jornets-en-diferents-formats.jpg","type":"image\/jpeg"}],"twitter_card":"summary_large_image","twitter_site":"@gastronomicamen","twitter_misc":{"Est. reading time":"2 minutes","Written by":"Redacci\u00f3"},"schema":{"@context":"https:\/\/schema.org","@graph":[{"@type":"WebPage","@id":"https:\/\/gastronomicament.cat\/ca\/alimentacio\/olis-de-jornets","url":"https:\/\/gastronomicament.cat\/ca\/alimentacio\/olis-de-jornets","name":"Olis de Jornets. Sencelles. Mallorca","isPartOf":{"@id":"https:\/\/gastronomicament.cat\/ca\/#website"},"primaryImageOfPage":{"@id":"https:\/\/gastronomicament.cat\/ca\/alimentacio\/olis-de-jornets#primaryimage"},"image":{"@id":"https:\/\/gastronomicament.cat\/ca\/alimentacio\/olis-de-jornets#primaryimage"},"thumbnailUrl":"https:\/\/gastronomicament.cat\/wp-content\/uploads\/2013\/01\/Lexcel\u00b7lent-Oli-de-Jornets-en-diferents-formats.jpg","datePublished":"2013-01-07T16:36:40+00:00","dateModified":"2022-04-07T09:00:44+00:00","description":"Olis de Jornets. Sencelles. Mallorca \/ Extra Virgin Olive Oil \/ Oli d'oliva verge extra \/ Aceite de oliva virgen extra","breadcrumb":{"@id":"https:\/\/gastronomicament.cat\/ca\/alimentacio\/olis-de-jornets#breadcrumb"},"inLanguage":"ca-ES","potentialAction":[{"@type":"ReadAction","target":["https:\/\/gastronomicament.cat\/ca\/alimentacio\/olis-de-jornets"]}]},{"@type":"ImageObject","inLanguage":"ca-ES","@id":"https:\/\/gastronomicament.cat\/ca\/alimentacio\/olis-de-jornets#primaryimage","url":"https:\/\/gastronomicament.cat\/wp-content\/uploads\/2013\/01\/Lexcel\u00b7lent-Oli-de-Jornets-en-diferents-formats.jpg","contentUrl":"https:\/\/gastronomicament.cat\/wp-content\/uploads\/2013\/01\/Lexcel\u00b7lent-Oli-de-Jornets-en-diferents-formats.jpg","width":2000,"height":1330},{"@type":"BreadcrumbList","@id":"https:\/\/gastronomicament.cat\/ca\/alimentacio\/olis-de-jornets#breadcrumb","itemListElement":[{"@type":"ListItem","position":1,"name":"Alimentaci\u00f3","item":"https:\/\/gastronomicament.cat\/ca\/cercador-alimentacio"},{"@type":"ListItem","position":2,"name":"Olis de Jornets"}]},{"@type":"WebSite","@id":"https:\/\/gastronomicament.cat\/ca\/#website","url":"https:\/\/gastronomicament.cat\/ca\/","name":"Gastron\u00f2micament","description":"Portal de restaurants, receptes i actualitat gastron\u00f2mica","publisher":{"@id":"https:\/\/gastronomicament.cat\/ca\/#organization"},"potentialAction":[{"@type":"SearchAction","target":{"@type":"EntryPoint","urlTemplate":"https:\/\/gastronomicament.cat\/ca\/?s={search_term_string}"},"query-input":{"@type":"PropertyValueSpecification","valueRequired":true,"valueName":"search_term_string"}}],"inLanguage":"ca-ES"},{"@type":"Organization","@id":"https:\/\/gastronomicament.cat\/ca\/#organization","name":"Gastron\u00f2micament","url":"https:\/\/gastronomicament.cat\/ca\/","logo":{"@type":"ImageObject","inLanguage":"ca-ES","@id":"https:\/\/gastronomicament.cat\/ca\/#\/schema\/logo\/image\/","url":"https:\/\/gastronomicament.cat\/wp-content\/uploads\/2016\/09\/header-logo.jpg","contentUrl":"https:\/\/gastronomicament.cat\/wp-content\/uploads\/2016\/09\/header-logo.jpg","width":277,"height":39,"caption":"Gastron\u00f2micament"},"image":{"@id":"https:\/\/gastronomicament.cat\/ca\/#\/schema\/logo\/image\/"},"sameAs":["https:\/\/x.com\/gastronomicamen"]}]}},"_links":{"self":[{"href":"https:\/\/gastronomicament.cat\/ca\/wp-json\/wp\/v2\/alimentacio\/5660","targetHints":{"allow":["GET"]}}],"collection":[{"href":"https:\/\/gastronomicament.cat\/ca\/wp-json\/wp\/v2\/alimentacio"}],"about":[{"href":"https:\/\/gastronomicament.cat\/ca\/wp-json\/wp\/v2\/types\/alimentacio"}],"author":[{"embeddable":true,"href":"https:\/\/gastronomicament.cat\/ca\/wp-json\/wp\/v2\/users\/1"}],"replies":[{"embeddable":true,"href":"https:\/\/gastronomicament.cat\/ca\/wp-json\/wp\/v2\/comments?post=5660"}],"version-history":[{"count":0,"href":"https:\/\/gastronomicament.cat\/ca\/wp-json\/wp\/v2\/alimentacio\/5660\/revisions"}],"wp:featuredmedia":[{"embeddable":true,"href":"https:\/\/gastronomicament.cat\/ca\/wp-json\/wp\/v2\/media\/5664"}],"wp:attachment":[{"href":"https:\/\/gastronomicament.cat\/ca\/wp-json\/wp\/v2\/media?parent=5660"}],"wp:term":[{"taxonomy":"category","embeddable":true,"href":"https:\/\/gastronomicament.cat\/ca\/wp-json\/wp\/v2\/categories?post=5660"},{"taxonomy":"empresa","embeddable":true,"href":"https:\/\/gastronomicament.cat\/ca\/wp-json\/wp\/v2\/empresa?post=5660"},{"taxonomy":"tipus_producte","embeddable":true,"href":"https:\/\/gastronomicament.cat\/ca\/wp-json\/wp\/v2\/tipus-producte?post=5660"},{"taxonomy":"author","embeddable":true,"href":"https:\/\/gastronomicament.cat\/ca\/wp-json\/wp\/v2\/coauthors?post=5660"}],"curies":[{"name":"wp","href":"https:\/\/api.w.org\/{rel}","templated":true}]}}