{"id":13949,"date":"2014-05-27T12:02:21","date_gmt":"2014-05-27T10:02:21","guid":{"rendered":"http:\/\/gastronomicament.cat\/?page_id=13949"},"modified":"2023-02-07T22:37:02","modified_gmt":"2023-02-07T21:37:02","slug":"privacitat","status":"publish","type":"page","link":"https:\/\/gastronomicament.cat\/ca\/privacitat","title":{"rendered":"Privacitat"},"content":{"rendered":"<p><strong>1. Tractament de dades de car\u00e0cter personal<\/strong><\/p>\n<p>La present pol\u00edtica de privacitat regula l\u2019\u00fas de les dades personals dels usuaris del servei del portal d\u2019Internet (d\u2019ara endavant, el &#8216;Portal&#8217;) que David P\u00e9rez Tom\u00e1s (d\u2019ara endavant, Gastron\u00f2micament) posa a disposici\u00f3 dels usuaris.<\/p>\n<p>Gastron\u00f2micament \u00e9s propietat de David P\u00e9rez Tom\u00e1s, amb domicili al carrer Marian Aguil\u00f3 11 3A, 07005 Palma de Mallorca, Espanya, NIF n\u00famero 43135486-K i correu electr\u00f2nic\u00a0<a href=\"mailto:info@gastronomicament.cat\">info@gastronomicament.cat<\/a>.<\/p>\n<p>En compliment amb el que es disposa a\u00a0 la Llei Org\u00e0nica 15\/1999, de 13 de desembre, de Protecci\u00f3 de Dades de Car\u00e0cter Personal (&#8216;LOPD&#8217;), l\u2019informem de que les dades personals i la informaci\u00f3 que ens faciliti al complimentar qualsevol formulari electr\u00f2nic disponible en el Portal (&#8216;Dades&#8217;), s\u2019incorporaran a un fitxer de dades de car\u00e0cter personal titularitat de Gastron\u00f2micament.<\/p>\n<p>Les dades obtingudes seran el nom, direcci\u00f3 de correu electr\u00f2nic i IP de l\u2019usuari que se subscrigui al Portal o envi\u00ef comentaris, i \u00a0seran utilitzats per al compliment de les finalitats seg\u00fcents: establir una relaci\u00f3 dels usuaris del Portal inscrits amb l\u2019objecte de mantenir contacte, aix\u00ed com a la seva gesti\u00f3, i \u00a0la realitzaci\u00f3 d\u2019estad\u00edstiques. L\u2019usuari inscrit podr\u00e0 rebre autom\u00e0ticament publicacions del Portal, o b\u00e9 per a facilitar la resposta als comentaris rebuts. Al primer dels casos, la direcci\u00f3 de correu electr\u00f2nic s\u2019emmagatzemar\u00e0 a un fitxer de subscripcions.<\/p>\n<p>S\u2019informa a l\u2019usuari que a les dades obtingudes dels formularis\u00a0 nom\u00e9s accediran els propietaris i administradors del Portal, llevat que l\u2019usuari inclogui els mateixos en el cos del comentari que envi\u00ef.<\/p>\n<p>El titular del Portal \u00e9s el responsable del fitxer de forma individual i es compromet a no destinar les dades a una finalitat diferent per a la qual foren recollits ni a cedir als mateixos de forma il.leg\u00edtima a tercers. Tamb\u00e9 es compromet a tractar les seves dades confidencialment i a aplicar les mesures de seguretat d\u2019\u00edndole t\u00e8cnica i organitzativa necess\u00e0ries per a evitar el seu \u00a0tractament o acc\u00e9s no autoritzat segons estableix la normativa vigent en mat\u00e8ria de protecci\u00f3 de dades.<\/p>\n<p><strong>2. Comunicacions comercials<\/strong><\/p>\n<p>A qualcuns dels formularis electr\u00f2nics se li sol.licitar\u00e0 el seu consentiment expr\u00e9s per a poder-li remetre comunicacions comercials per qualsevol mitj\u00e0, incl\u00f2s el correu electr\u00f2nic o mitjans de comunicaci\u00f3 electr\u00f2nica equivalents, de conformitat amb el que es disposa a l\u2019article 21 LSSI.<\/p>\n<p><strong>3. Drets ARCO<\/strong><\/p>\n<p>L\u2019Usuari podr\u00e0 exercir els seus drets d\u2019Acc\u00e9s, Rectificaci\u00f3, Cancel.laci\u00f3 i Oposici\u00f3 (&#8216;Drets ARCO&#8217;) en els termes legalment previstos havent per aix\u00f2 dirigir una comunicaci\u00f3 escrita de correu electr\u00f2nic a la seg\u00fcent adre\u00e7a:\u00a0info [arrova] gastronomicament.cat, indicant en ambd\u00f3s casos el seu nom i cognoms i adjuntant fotoc\u00f2pia del seu dni.<\/p>\n<p><strong>4. Pol\u00edtica d\u2019\u00fas de Cookies<\/strong><\/p>\n<p>En compliment del que es disposa a l\u2019article 22.2 LSSI, Gastron\u00f2micament \u00fanicament utilitzar\u00e0 dispositius d\u2019emmagatzematge i recuperaci\u00f3 de dades (&#8216;Cookies&#8217;) quan l\u2019usuari hagi donat el seu consentiment previ per aix\u00f2 d\u2019acord amb l\u2019indicat a la finestra emergent del navegador de l\u2019usuari quan accedeix per primera vegada al \u00a0Portal i en els altres termes i condicions que s\u2019indiquen a la Pol\u00edtica de Cookies de Gastron\u00f2micament que tot usuari ha de con\u00e8ixer.[:es]<strong>1. Tratamiento de datos de car\u00e1cter personal<\/strong><\/p>\n<p>La presente pol\u00edtica de privacidad regula el uso de los datos personales de los usuarios del servicio del portal de Internet (en adelante, el &#8216;Portal&#8217;) que David P\u00e9rez Tom\u00e1s (en adelante, Gastron\u00f2micament) pone a disposici\u00f3n de los usuarios.<\/p>\n<p>Gastron\u00f2micament es propiedad de David P\u00e9rez Tom\u00e1s, con domicilio en la Calle Marian Aguil\u00f3 11 3A, 07005 Palma de Mallorca, Espa\u00f1a, NIF n\u00famero 43135486-K y correo electr\u00f3nico <a href=\"mailto:info@gastronomicament.cat\">info [arrova] <\/a>gastronomicament.cat.<\/p>\n<p>En cumplimiento con lo dispuesto enla Ley Org\u00e1nica15\/1999, de 13 de diciembre, de Protecci\u00f3n de Datos de Car\u00e1cter Personal (&#8216;LOPD&#8217;), le informamos de que los datos personales e informaci\u00f3n que nos facilite al cumplimentar cualquier formulario electr\u00f3nico disponible en el Portal (&#8216;Datos&#8217;), ser\u00e1n incorporados en un fichero de datos de car\u00e1cter personal titularidad de Gastron\u00f2micament.<\/p>\n<p>Los datos obtenidos ser\u00e1n el nombre, direcci\u00f3n de correo electr\u00f3nico e IP del usuario que se suscriba al Portal o env\u00ede comentarios,\u00a0 y ser\u00e1n empleados para el cumplimiento de las finalidades siguientes: establecer una relaci\u00f3n de usuarios del Portal inscritos con el objeto de mantener contacto, as\u00ed como su gesti\u00f3n, y la realizaci\u00f3n de estad\u00edsticas. El usuario inscrito podr\u00e1 recibir autom\u00e1ticamente publicaciones del Portal, o bien para facilitar la respuesta a los comentarios recibidos. En el primero de los casos, la direcci\u00f3n de correo electr\u00f3nico se almacenar\u00e1 en un fichero de suscripciones.<\/p>\n<p>Se informa al usuario que a los datos obtenidos de los formularios\u00a0 s\u00f3lo acceder\u00e1n los propietarios y administradores del Portal, salvo que el usuario incluya los mismos en el cuerpo del comentario que env\u00ede.<\/p>\n<p>El titular del Portal es el responsable del fichero de forma individual y se compromete a no destinar los datos a una finalidad distinta para la cual fueron recogidos ni a ceder los mismos de forma ileg\u00edtima a terceros. Tambi\u00e9n se compromete a tratar sus datos confidencialmente y a aplicar las medidas de seguridad de \u00edndole t\u00e9cnica y\/u, organizativa necesarias para evitar su tratamiento o acceso no autorizado seg\u00fan establece la normativa vigente en materia de protecci\u00f3n de datos.<\/p>\n<p><strong>2. Comunicaciones comerciales<\/strong><\/p>\n<p>En alguno de los formularios electr\u00f3nicos se le solicitar\u00e1 su consentimiento expreso para poderle remitir comunicaciones comerciales por cualquier medio, incluido el correo electr\u00f3nico o medios de comunicaci\u00f3n electr\u00f3nica equivalentes, de conformidad con lo dispuesto en el art\u00edculo 21 LSSI.<\/p>\n<p><strong>3. Derechos ARCO<\/strong><\/p>\n<p>El Usuario podr\u00e1 ejercer sus derechos de Acceso, Rectificaci\u00f3n, Cancelaci\u00f3n y Oposici\u00f3n (&#8216;Derechos ARCO&#8217;) en los t\u00e9rminos legalmente previstos debiendo para ello dirigir una comunicaci\u00f3n escrita de correo electr\u00f3nico a la siguiente direcci\u00f3n: <a href=\"mailto:info@gastronomicament.cat\">info@gastronomicament.cat<\/a>, indicando en ambos casos su nombre y apellidos y adjuntando fotocopia de su dni.<\/p>\n<p><strong>4. Pol\u00edtica de uso de Cookies<\/strong><\/p>\n<p>En cumplimiento de lo dispuesto en el art\u00edculo 22.2 LSSI, Gastron\u00f2micament \u00fanicamente utilizar\u00e1 dispositivos de almacenamiento y recuperaci\u00f3n de datos (&#8216;Cookies&#8217;) cuando el usuario haya dado su consentimiento previo para ello de acuerdo con lo que se indica en la ventana emergente del navegador del usuario cuando accede por primera vez al Portal y en los dem\u00e1s t\u00e9rminos y condiciones que se indican en la Pol\u00edtica de Cookies de Gastron\u00f2micament que todo usuario debe conocer.[:de]<strong>1. Tractament de dades de car\u00e0cter personal<\/strong><\/p>\n<p>La present pol\u00edtica de privacitat regula l\u2019\u00fas de les dades personals dels usuaris del servei del portal d\u2019Internet (d\u2019ara endavant, el &#8216;Portal&#8217;) que David P\u00e9rez Tom\u00e1s (d\u2019ara endavant, Gastron\u00f2micament) posa a disposici\u00f3 dels usuaris.<\/p>\n<p>Gastron\u00f2micament \u00e9s propietat de David P\u00e9rez Tom\u00e1s, amb domicili al carrer Marian Aguil\u00f3 11 3A, 07005 Palma de Mallorca, Espanya, NIF n\u00famero 43135486-K i correu electr\u00f2nic info [arrova] gastronomicament.cat.<\/p>\n<p>En compliment amb el que es disposa a\u00a0 la Llei Org\u00e0nica 15\/1999, de 13 de desembre, de Protecci\u00f3 de Dades de Car\u00e0cter Personal (&#8216;LOPD&#8217;), l\u2019informem de que les dades personals i la informaci\u00f3 que ens faciliti al complimentar qualsevol formulari electr\u00f2nic disponible en el Portal (&#8216;Dades&#8217;), s\u2019incorporaran a un fitxer de dades de car\u00e0cter personal titularitat de Gastron\u00f2micament.<\/p>\n<p>Les dades obtingudes seran el nom, direcci\u00f3 de correu electr\u00f2nic i IP de l\u2019usuari que se subscrigui al Portal o envi\u00ef comentaris, i \u00a0seran utilitzats per al compliment de les finalitats seg\u00fcents: establir una relaci\u00f3 dels usuaris del Portal inscrits amb l\u2019objecte de mantenir contacte, aix\u00ed com a la seva gesti\u00f3, i \u00a0la realitzaci\u00f3 d\u2019estad\u00edstiques. L\u2019usuari inscrit podr\u00e0 rebre autom\u00e0ticament publicacions del Portal, o b\u00e9 per a facilitar la resposta als comentaris rebuts. Al primer dels casos, la direcci\u00f3 de correu electr\u00f2nic s\u2019emmagatzemar\u00e0 a un fitxer de subscripcions.<\/p>\n<p>S\u2019informa a l\u2019usuari que a les dades obtingudes dels formularis\u00a0 nom\u00e9s accediran els propietaris i administradors del Portal, llevat que l\u2019usuari inclogui els mateixos en el cos del comentari que envi\u00ef.<\/p>\n<p>El titular del Portal \u00e9s el responsable del fitxer de forma individual i es compromet a no destinar les dades a una finalitat diferent per a la qual foren recollits ni a cedir als mateixos de forma il.leg\u00edtima a tercers. Tamb\u00e9 es compromet a tractar les seves dades confidencialment i a aplicar les mesures de seguretat d\u2019\u00edndole t\u00e8cnica i organitzativa necess\u00e0ries per a evitar el seu \u00a0tractament o acc\u00e9s no autoritzat segons estableix la normativa vigent en mat\u00e8ria de protecci\u00f3 de dades.<\/p>\n<p><strong>2. Comunicacions comercials<\/strong><\/p>\n<p>A qualcuns dels formularis electr\u00f2nics se li sol.licitar\u00e0 el seu consentiment expr\u00e9s per a poder-li remetre comunicacions comercials per qualsevol mitj\u00e0, incl\u00f2s el correu electr\u00f2nic o mitjans de comunicaci\u00f3 electr\u00f2nica equivalents, de conformitat amb el que es disposa a l\u2019article 21 LSSI.<\/p>\n<p><strong>3. Drets ARCO<\/strong><\/p>\n<p>L\u2019Usuari podr\u00e0 exercir els seus drets d\u2019Acc\u00e9s, Rectificaci\u00f3, Cancel.laci\u00f3 i Oposici\u00f3 (&#8216;Drets ARCO&#8217;) en els termes legalment previstos havent per aix\u00f2 dirigir una comunicaci\u00f3 escrita de correu electr\u00f2nic a la seg\u00fcent adre\u00e7a: <a href=\"mailto:info@gastronomicament.cat\">info@gastronomicament.cat<\/a>, indicant en ambd\u00f3s casos el seu nom i cognoms i adjuntant fotoc\u00f2pia del seu dni.<\/p>\n<p><strong>4. Pol\u00edtica d\u2019\u00fas de Cookies<\/strong><\/p>\n<p>En compliment del que es disposa a l\u2019article 22.2 LSSI, Gastron\u00f2micament \u00fanicament utilitzar\u00e0 dispositius d\u2019emmagatzematge i recuperaci\u00f3 de dades (&#8216;Cookies&#8217;) quan l\u2019usuari hagi donat el seu consentiment previ per aix\u00f2 d\u2019acord amb l\u2019indicat a la finestra emergent del navegador de l\u2019usuari quan accedeix per primera vegada al \u00a0Portal i en els altres termes i condicions que s\u2019indiquen a la Pol\u00edtica de Cookies de Gastron\u00f2micament que tot usuari ha de con\u00e8ixer.<\/p>\n","protected":false},"excerpt":{"rendered":"<p>1. Tractament de dades de car\u00e0cter personal La present pol\u00edtica de privacitat regula l\u2019\u00fas de les dades personals dels usuaris del servei del portal d\u2019Internet (d\u2019ara endavant, el &#8216;Portal&#8217;) que David P\u00e9rez Tom\u00e1s (d\u2019ara endavant, Gastron\u00f2micament) posa a disposici\u00f3 dels usuaris. Gastron\u00f2micament \u00e9s propietat de David P\u00e9rez Tom\u00e1s, amb domicili al carrer Marian Aguil\u00f3 11 [&hellip;]<\/p>\n","protected":false},"author":1,"featured_media":80872,"parent":0,"menu_order":0,"comment_status":"closed","ping_status":"closed","template":"","meta":{"_acf_changed":false,"_swt_meta_header_display":false,"_swt_meta_footer_display":false,"_swt_meta_site_title_display":false,"_swt_meta_sticky_header":false,"_swt_meta_transparent_header":false,"footnotes":""},"coauthors":[2053],"class_list":["post-13949","page","type-page","status-publish","has-post-thumbnail","hentry"],"acf":{"selected_post_entry":null},"yoast_head":"<!-- This site is optimized with the Yoast SEO plugin v27.4 - https:\/\/yoast.com\/product\/yoast-seo-wordpress\/ -->\n<title>Privacitat - Gastron\u00f2micament<\/title>\n<meta name=\"description\" content=\"Privacitat 1. Tractament de dades de car\u00e0cter personal La present pol\u00edtica de privacitat regula l\u2019\u00fas de les dades personals dels usuaris del servei del portal\" \/>\n<meta name=\"robots\" content=\"index, follow, max-snippet:-1, max-image-preview:large, max-video-preview:-1\" \/>\n<link rel=\"canonical\" href=\"https:\/\/gastronomicament.cat\/ca\/privacitat\" \/>\n<meta property=\"og:locale\" content=\"ca_ES\" \/>\n<meta property=\"og:type\" content=\"article\" \/>\n<meta property=\"og:title\" content=\"Privacitat - Gastron\u00f2micament\" \/>\n<meta property=\"og:description\" content=\"Privacitat 1. Tractament de dades de car\u00e0cter personal La present pol\u00edtica de privacitat regula l\u2019\u00fas de les dades personals dels usuaris del servei del portal\" \/>\n<meta property=\"og:url\" content=\"https:\/\/gastronomicament.cat\/ca\/privacitat\" \/>\n<meta property=\"og:site_name\" content=\"Gastron\u00f2micament\" \/>\n<meta property=\"article:modified_time\" content=\"2023-02-07T21:37:02+00:00\" \/>\n<meta property=\"og:image\" content=\"https:\/\/gastronomicament.cat\/wp-content\/uploads\/2023\/02\/logo-gastronomicament.jpg\" \/>\n\t<meta property=\"og:image:width\" content=\"400\" \/>\n\t<meta property=\"og:image:height\" content=\"400\" \/>\n\t<meta property=\"og:image:type\" content=\"image\/jpeg\" \/>\n<meta name=\"twitter:card\" content=\"summary_large_image\" \/>\n<meta name=\"twitter:site\" content=\"@gastronomicamen\" \/>\n<meta name=\"twitter:label1\" content=\"Est. reading time\" \/>\n\t<meta name=\"twitter:data1\" content=\"9 minutes\" \/>\n\t<meta name=\"twitter:label2\" content=\"Written by\" \/>\n\t<meta name=\"twitter:data2\" content=\"Redacci\u00f3\" \/>\n<script type=\"application\/ld+json\" class=\"yoast-schema-graph\">{\"@context\":\"https:\\\/\\\/schema.org\",\"@graph\":[{\"@type\":\"WebPage\",\"@id\":\"https:\\\/\\\/gastronomicament.cat\\\/ca\\\/privacitat\",\"url\":\"https:\\\/\\\/gastronomicament.cat\\\/ca\\\/privacitat\",\"name\":\"Privacitat - Gastron\u00f2micament\",\"isPartOf\":{\"@id\":\"https:\\\/\\\/gastronomicament.cat\\\/ca\\\/#website\"},\"primaryImageOfPage\":{\"@id\":\"https:\\\/\\\/gastronomicament.cat\\\/ca\\\/privacitat#primaryimage\"},\"image\":{\"@id\":\"https:\\\/\\\/gastronomicament.cat\\\/ca\\\/privacitat#primaryimage\"},\"thumbnailUrl\":\"https:\\\/\\\/gastronomicament.cat\\\/wp-content\\\/uploads\\\/2023\\\/02\\\/logo-gastronomicament.jpg\",\"datePublished\":\"2014-05-27T10:02:21+00:00\",\"dateModified\":\"2023-02-07T21:37:02+00:00\",\"description\":\"Privacitat 1. Tractament de dades de car\u00e0cter personal La present pol\u00edtica de privacitat regula l\u2019\u00fas de les dades personals dels usuaris del servei del portal\",\"inLanguage\":\"ca-ES\",\"potentialAction\":[{\"@type\":\"ReadAction\",\"target\":[\"https:\\\/\\\/gastronomicament.cat\\\/ca\\\/privacitat\"]}]},{\"@type\":\"ImageObject\",\"inLanguage\":\"ca-ES\",\"@id\":\"https:\\\/\\\/gastronomicament.cat\\\/ca\\\/privacitat#primaryimage\",\"url\":\"https:\\\/\\\/gastronomicament.cat\\\/wp-content\\\/uploads\\\/2023\\\/02\\\/logo-gastronomicament.jpg\",\"contentUrl\":\"https:\\\/\\\/gastronomicament.cat\\\/wp-content\\\/uploads\\\/2023\\\/02\\\/logo-gastronomicament.jpg\",\"width\":400,\"height\":400},{\"@type\":\"WebSite\",\"@id\":\"https:\\\/\\\/gastronomicament.cat\\\/ca\\\/#website\",\"url\":\"https:\\\/\\\/gastronomicament.cat\\\/ca\\\/\",\"name\":\"Gastron\u00f2micament\",\"description\":\"Portal de restaurants, receptes i actualitat gastron\u00f2mica\",\"publisher\":{\"@id\":\"https:\\\/\\\/gastronomicament.cat\\\/ca\\\/#organization\"},\"potentialAction\":[{\"@type\":\"SearchAction\",\"target\":{\"@type\":\"EntryPoint\",\"urlTemplate\":\"https:\\\/\\\/gastronomicament.cat\\\/ca\\\/?s={search_term_string}\"},\"query-input\":{\"@type\":\"PropertyValueSpecification\",\"valueRequired\":true,\"valueName\":\"search_term_string\"}}],\"inLanguage\":\"ca-ES\"},{\"@type\":\"Organization\",\"@id\":\"https:\\\/\\\/gastronomicament.cat\\\/ca\\\/#organization\",\"name\":\"Gastron\u00f2micament\",\"url\":\"https:\\\/\\\/gastronomicament.cat\\\/ca\\\/\",\"logo\":{\"@type\":\"ImageObject\",\"inLanguage\":\"ca-ES\",\"@id\":\"https:\\\/\\\/gastronomicament.cat\\\/ca\\\/#\\\/schema\\\/logo\\\/image\\\/\",\"url\":\"https:\\\/\\\/gastronomicament.cat\\\/wp-content\\\/uploads\\\/2016\\\/09\\\/header-logo.jpg\",\"contentUrl\":\"https:\\\/\\\/gastronomicament.cat\\\/wp-content\\\/uploads\\\/2016\\\/09\\\/header-logo.jpg\",\"width\":277,\"height\":39,\"caption\":\"Gastron\u00f2micament\"},\"image\":{\"@id\":\"https:\\\/\\\/gastronomicament.cat\\\/ca\\\/#\\\/schema\\\/logo\\\/image\\\/\"},\"sameAs\":[\"https:\\\/\\\/x.com\\\/gastronomicamen\"]}]}<\/script>\n<!-- \/ Yoast SEO plugin. -->","yoast_head_json":{"title":"Privacitat - Gastron\u00f2micament","description":"Privacitat 1. Tractament de dades de car\u00e0cter personal La present pol\u00edtica de privacitat regula l\u2019\u00fas de les dades personals dels usuaris del servei del portal","robots":{"index":"index","follow":"follow","max-snippet":"max-snippet:-1","max-image-preview":"max-image-preview:large","max-video-preview":"max-video-preview:-1"},"canonical":"https:\/\/gastronomicament.cat\/ca\/privacitat","og_locale":"ca_ES","og_type":"article","og_title":"Privacitat - Gastron\u00f2micament","og_description":"Privacitat 1. Tractament de dades de car\u00e0cter personal La present pol\u00edtica de privacitat regula l\u2019\u00fas de les dades personals dels usuaris del servei del portal","og_url":"https:\/\/gastronomicament.cat\/ca\/privacitat","og_site_name":"Gastron\u00f2micament","article_modified_time":"2023-02-07T21:37:02+00:00","og_image":[{"width":400,"height":400,"url":"https:\/\/gastronomicament.cat\/wp-content\/uploads\/2023\/02\/logo-gastronomicament.jpg","type":"image\/jpeg"}],"twitter_card":"summary_large_image","twitter_site":"@gastronomicamen","twitter_misc":{"Est. reading time":"9 minutes","Written by":"Redacci\u00f3"},"schema":{"@context":"https:\/\/schema.org","@graph":[{"@type":"WebPage","@id":"https:\/\/gastronomicament.cat\/ca\/privacitat","url":"https:\/\/gastronomicament.cat\/ca\/privacitat","name":"Privacitat - Gastron\u00f2micament","isPartOf":{"@id":"https:\/\/gastronomicament.cat\/ca\/#website"},"primaryImageOfPage":{"@id":"https:\/\/gastronomicament.cat\/ca\/privacitat#primaryimage"},"image":{"@id":"https:\/\/gastronomicament.cat\/ca\/privacitat#primaryimage"},"thumbnailUrl":"https:\/\/gastronomicament.cat\/wp-content\/uploads\/2023\/02\/logo-gastronomicament.jpg","datePublished":"2014-05-27T10:02:21+00:00","dateModified":"2023-02-07T21:37:02+00:00","description":"Privacitat 1. Tractament de dades de car\u00e0cter personal La present pol\u00edtica de privacitat regula l\u2019\u00fas de les dades personals dels usuaris del servei del portal","inLanguage":"ca-ES","potentialAction":[{"@type":"ReadAction","target":["https:\/\/gastronomicament.cat\/ca\/privacitat"]}]},{"@type":"ImageObject","inLanguage":"ca-ES","@id":"https:\/\/gastronomicament.cat\/ca\/privacitat#primaryimage","url":"https:\/\/gastronomicament.cat\/wp-content\/uploads\/2023\/02\/logo-gastronomicament.jpg","contentUrl":"https:\/\/gastronomicament.cat\/wp-content\/uploads\/2023\/02\/logo-gastronomicament.jpg","width":400,"height":400},{"@type":"WebSite","@id":"https:\/\/gastronomicament.cat\/ca\/#website","url":"https:\/\/gastronomicament.cat\/ca\/","name":"Gastron\u00f2micament","description":"Portal de restaurants, receptes i actualitat gastron\u00f2mica","publisher":{"@id":"https:\/\/gastronomicament.cat\/ca\/#organization"},"potentialAction":[{"@type":"SearchAction","target":{"@type":"EntryPoint","urlTemplate":"https:\/\/gastronomicament.cat\/ca\/?s={search_term_string}"},"query-input":{"@type":"PropertyValueSpecification","valueRequired":true,"valueName":"search_term_string"}}],"inLanguage":"ca-ES"},{"@type":"Organization","@id":"https:\/\/gastronomicament.cat\/ca\/#organization","name":"Gastron\u00f2micament","url":"https:\/\/gastronomicament.cat\/ca\/","logo":{"@type":"ImageObject","inLanguage":"ca-ES","@id":"https:\/\/gastronomicament.cat\/ca\/#\/schema\/logo\/image\/","url":"https:\/\/gastronomicament.cat\/wp-content\/uploads\/2016\/09\/header-logo.jpg","contentUrl":"https:\/\/gastronomicament.cat\/wp-content\/uploads\/2016\/09\/header-logo.jpg","width":277,"height":39,"caption":"Gastron\u00f2micament"},"image":{"@id":"https:\/\/gastronomicament.cat\/ca\/#\/schema\/logo\/image\/"},"sameAs":["https:\/\/x.com\/gastronomicamen"]}]}},"_links":{"self":[{"href":"https:\/\/gastronomicament.cat\/ca\/wp-json\/wp\/v2\/pages\/13949","targetHints":{"allow":["GET"]}}],"collection":[{"href":"https:\/\/gastronomicament.cat\/ca\/wp-json\/wp\/v2\/pages"}],"about":[{"href":"https:\/\/gastronomicament.cat\/ca\/wp-json\/wp\/v2\/types\/page"}],"author":[{"embeddable":true,"href":"https:\/\/gastronomicament.cat\/ca\/wp-json\/wp\/v2\/users\/1"}],"replies":[{"embeddable":true,"href":"https:\/\/gastronomicament.cat\/ca\/wp-json\/wp\/v2\/comments?post=13949"}],"version-history":[{"count":0,"href":"https:\/\/gastronomicament.cat\/ca\/wp-json\/wp\/v2\/pages\/13949\/revisions"}],"wp:featuredmedia":[{"embeddable":true,"href":"https:\/\/gastronomicament.cat\/ca\/wp-json\/wp\/v2\/media\/80872"}],"wp:attachment":[{"href":"https:\/\/gastronomicament.cat\/ca\/wp-json\/wp\/v2\/media?parent=13949"}],"wp:term":[{"taxonomy":"author","embeddable":true,"href":"https:\/\/gastronomicament.cat\/ca\/wp-json\/wp\/v2\/coauthors?post=13949"}],"curies":[{"name":"wp","href":"https:\/\/api.w.org\/{rel}","templated":true}]}}