{"id":93112,"date":"2024-12-18T10:28:21","date_gmt":"2024-12-18T09:28:21","guid":{"rendered":"https:\/\/web2025.gastronomicament.cat\/?page_id=93112"},"modified":"2026-06-16T11:57:50","modified_gmt":"2026-06-16T09:57:50","slug":"inici-2","status":"publish","type":"page","link":"https:\/\/gastronomicament.cat\/ca","title":{"rendered":"Inici"},"content":{"rendered":"<div class=\"gb-container gb-container-c56362b5 alignfull\">\n<div class=\"gb-container gb-container-415a7530\">\n\n<div><div class=\"gb-looper-49795cc4 home-grid-posts-loop \">\n<div class=\"gb-loop-item gb-loop-item-32c45c24 archive-template-grid-item post-106655 post type-post status-publish format-gallery has-post-thumbnail hentry category-actualitat category-inici category-reportatges-i-novetats post_format-post-format-gallery\">\n<a href=\"https:\/\/gastronomicament.cat\/ca\/el-tie-break-vins-i-tapes-al-rafa-nadal-open\"><img decoding=\"async\" width=\"1536\" height=\"967\" data-media-id=\"106656\" class=\"gb-media-f8b79a25 archive-featured-img\" src=\"https:\/\/gastronomicament.cat\/wp-content\/uploads\/2026\/08\/Tie-Break-Vins-i-Tapes-Manacor-Rafa-Nadal-Open-2026.jpg\" alt=\"El Tie-Break: vins i tapes al\u00a0Rafa Nadal Open\" srcset=\"https:\/\/gastronomicament.cat\/wp-content\/uploads\/2026\/08\/Tie-Break-Vins-i-Tapes-Manacor-Rafa-Nadal-Open-2026.jpg 1536w, https:\/\/gastronomicament.cat\/wp-content\/uploads\/2026\/08\/Tie-Break-Vins-i-Tapes-Manacor-Rafa-Nadal-Open-2026-300x189.jpg 300w, https:\/\/gastronomicament.cat\/wp-content\/uploads\/2026\/08\/Tie-Break-Vins-i-Tapes-Manacor-Rafa-Nadal-Open-2026-1024x645.jpg 1024w, https:\/\/gastronomicament.cat\/wp-content\/uploads\/2026\/08\/Tie-Break-Vins-i-Tapes-Manacor-Rafa-Nadal-Open-2026-768x484.jpg 768w\" sizes=\"(max-width: 1536px) 100vw, 1536px\" \/><\/a>\n\n\n\n<div class=\"gb-element-ff36837d\">\n<div class=\"gb-element-d6d12b41 categories-time-container\">\n<p class=\"gb-text gb-text-30e8b0ac grid-item-post-date\">28 agost 2026<\/p>\n\n\n\n<p class=\"gb-text gb-text-78765b8b cat-list\"><span>Actualitat<\/span> \/ <span>Portada<\/span> \/ <span>Reportatges i novetats<\/span><\/p>\n<\/div>\n\n\n\n<h2 class=\"gb-text gb-text-0c905678 is-style-underlined\"><a href=\"https:\/\/gastronomicament.cat\/ca\/el-tie-break-vins-i-tapes-al-rafa-nadal-open\">El Tie-Break: vins i tapes al\u00a0Rafa Nadal Open<\/a><\/h2>\n\n\n\n<p class=\"gb-text gb-text-a161f69a grid-item-post-excerpt\">Sis restaurants de prestigi i sis cellers de refer\u00e8ncia s&#8217;instal\u2022laran a Manacor el divendres 4 de setembre durant els quarts de final del torneig<\/p>\n<\/div>\n<\/div>\n\n<div class=\"gb-loop-item gb-loop-item-32c45c24 archive-template-grid-item post-106635 post type-post status-publish format-standard has-post-thumbnail hentry category-actualitat category-inici category-reportatges-i-novetats\">\n<a href=\"https:\/\/gastronomicament.cat\/ca\/la-temporada-de-pesca-de-la-llampuga-comenca-les-illes-balears\"><img decoding=\"async\" width=\"1000\" height=\"500\" data-media-id=\"106636\" class=\"gb-media-f8b79a25 archive-featured-img\" src=\"https:\/\/gastronomicament.cat\/wp-content\/uploads\/2026\/08\/Llampuga-CAIB-2026.jpeg\" alt=\"La temporada de pesca de la llampuga comen\u00e7a a les Illes Balears\" srcset=\"https:\/\/gastronomicament.cat\/wp-content\/uploads\/2026\/08\/Llampuga-CAIB-2026.jpeg 1000w, https:\/\/gastronomicament.cat\/wp-content\/uploads\/2026\/08\/Llampuga-CAIB-2026-300x150.jpeg 300w, https:\/\/gastronomicament.cat\/wp-content\/uploads\/2026\/08\/Llampuga-CAIB-2026-768x384.jpeg 768w\" sizes=\"(max-width: 1000px) 100vw, 1000px\" \/><\/a>\n\n\n\n<div class=\"gb-element-ff36837d\">\n<div class=\"gb-element-d6d12b41 categories-time-container\">\n<p class=\"gb-text gb-text-30e8b0ac grid-item-post-date\">27 agost 2026<\/p>\n\n\n\n<p class=\"gb-text gb-text-78765b8b cat-list\"><span>Actualitat<\/span> \/ <span>Portada<\/span> \/ <span>Reportatges i novetats<\/span><\/p>\n<\/div>\n\n\n\n<h2 class=\"gb-text gb-text-0c905678 is-style-underlined\"><a href=\"https:\/\/gastronomicament.cat\/ca\/la-temporada-de-pesca-de-la-llampuga-comenca-les-illes-balears\">La temporada de pesca de la llampuga comen\u00e7a a les Illes Balears<\/a><\/h2>\n\n\n\n<p class=\"gb-text gb-text-a161f69a grid-item-post-excerpt\">Un total de 35 embarcacions, totes amb base a Mallorca, participaran en la campanya, que s\u2019estendr\u00e0 fins al 31 de desembre<\/p>\n<\/div>\n<\/div>\n\n<div class=\"gb-loop-item gb-loop-item-32c45c24 archive-template-grid-item post-106629 post type-post status-publish format-standard has-post-thumbnail hentry category-actualitat category-inici category-reportatges-i-novetats\">\n<a href=\"https:\/\/gastronomicament.cat\/ca\/el-govern-continua-reforcant-el-control-dels-aliments-de-paisos-tercers\"><img decoding=\"async\" width=\"694\" height=\"555\" data-media-id=\"106630\" class=\"gb-media-f8b79a25 archive-featured-img\" src=\"https:\/\/gastronomicament.cat\/wp-content\/uploads\/2026\/08\/controls-_2026_8_26_3368700.jpeg\" alt=\"El Govern continua refor\u00e7ant el control dels aliments de pa\u00efsos tercers\u00a0\" srcset=\"https:\/\/gastronomicament.cat\/wp-content\/uploads\/2026\/08\/controls-_2026_8_26_3368700.jpeg 694w, https:\/\/gastronomicament.cat\/wp-content\/uploads\/2026\/08\/controls-_2026_8_26_3368700-300x240.jpeg 300w\" sizes=\"(max-width: 694px) 100vw, 694px\" \/><\/a>\n\n\n\n<div class=\"gb-element-ff36837d\">\n<div class=\"gb-element-d6d12b41 categories-time-container\">\n<p class=\"gb-text gb-text-30e8b0ac grid-item-post-date\">27 agost 2026<\/p>\n\n\n\n<p class=\"gb-text gb-text-78765b8b cat-list\"><span>Actualitat<\/span> \/ <span>Portada<\/span> \/ <span>Reportatges i novetats<\/span><\/p>\n<\/div>\n\n\n\n<h2 class=\"gb-text gb-text-0c905678 is-style-underlined\"><a href=\"https:\/\/gastronomicament.cat\/ca\/el-govern-continua-reforcant-el-control-dels-aliments-de-paisos-tercers\">El Govern continua refor\u00e7ant el control dels aliments de pa\u00efsos tercers\u00a0<\/a><\/h2>\n\n\n\n<p class=\"gb-text gb-text-a161f69a grid-item-post-excerpt\">L&#8217;objectiu \u00e9s protegir el sector agroalimentari de les Illes Balears i evitar la compet\u00e8ncia deslleial<\/p>\n<\/div>\n<\/div>\n\n<div class=\"gb-loop-item gb-loop-item-32c45c24 archive-template-grid-item post-106623 post type-post status-publish format-standard has-post-thumbnail hentry category-actualitat category-inici category-reportatges-i-novetats\">\n<a href=\"https:\/\/gastronomicament.cat\/ca\/el-present-i-futur-de-la-pagesia-depen-de-donar-vida-a-les-varietats-antigues-com-el-blat-mollar-i-xeixa\"><img decoding=\"async\" width=\"1200\" height=\"705\" data-media-id=\"106624\" class=\"gb-media-f8b79a25 archive-featured-img\" src=\"https:\/\/gastronomicament.cat\/wp-content\/uploads\/2026\/08\/Pans-Lluc-Mallorca-pa-artesa-Marratxi-Pla-de-na-Tesa-Lluc-Munar.jpg\" alt=\"\u201cEl present i futur de la pagesia dep\u00e8n de donar vida a les varietats antigues, com el blat mollar i xeixa\u201d\" srcset=\"https:\/\/gastronomicament.cat\/wp-content\/uploads\/2026\/08\/Pans-Lluc-Mallorca-pa-artesa-Marratxi-Pla-de-na-Tesa-Lluc-Munar.jpg 1200w, https:\/\/gastronomicament.cat\/wp-content\/uploads\/2026\/08\/Pans-Lluc-Mallorca-pa-artesa-Marratxi-Pla-de-na-Tesa-Lluc-Munar-300x176.jpg 300w, https:\/\/gastronomicament.cat\/wp-content\/uploads\/2026\/08\/Pans-Lluc-Mallorca-pa-artesa-Marratxi-Pla-de-na-Tesa-Lluc-Munar-1024x602.jpg 1024w, https:\/\/gastronomicament.cat\/wp-content\/uploads\/2026\/08\/Pans-Lluc-Mallorca-pa-artesa-Marratxi-Pla-de-na-Tesa-Lluc-Munar-768x451.jpg 768w\" sizes=\"(max-width: 1200px) 100vw, 1200px\" \/><\/a>\n\n\n\n<div class=\"gb-element-ff36837d\">\n<div class=\"gb-element-d6d12b41 categories-time-container\">\n<p class=\"gb-text gb-text-30e8b0ac grid-item-post-date\">27 agost 2026<\/p>\n\n\n\n<p class=\"gb-text gb-text-78765b8b cat-list\"><span>Actualitat<\/span> \/ <span>Portada<\/span> \/ <span>Reportatges i novetats<\/span><\/p>\n<\/div>\n\n\n\n<h2 class=\"gb-text gb-text-0c905678 is-style-underlined\"><a href=\"https:\/\/gastronomicament.cat\/ca\/el-present-i-futur-de-la-pagesia-depen-de-donar-vida-a-les-varietats-antigues-com-el-blat-mollar-i-xeixa\">&#8220;El present i futur de la pagesia dep\u00e8n de donar vida a les varietats antigues, com el blat mollar i xeixa&#8221;<\/a><\/h2>\n\n\n\n<p class=\"gb-text gb-text-a161f69a grid-item-post-excerpt\">El forner i historiador Lluc Munar ha obert un obrador artes\u00e0 al Pla de na Tesa, on elabora pans i pastisseria tradicional amb cereals aut\u00f2ctons<\/p>\n<\/div>\n<\/div>\n<\/div><\/div>\n\n<\/div>\n<\/div>\n\n<div class=\"gb-container gb-container-2a0016ad alignfull\">\n<div class=\"gb-container gb-container-04cabeb8\">\n\n<h2 class=\"wp-block-heading is-style-section-tit\">Restaurants<\/h2>\n\n\n\n<div class=\"gb-grid-wrapper gb-grid-wrapper-d509eb09 home-grid-restaurants gb-query-loop-wrapper\">\n<div class=\"gb-grid-column gb-grid-column-013b6e31 gb-query-loop-item post-1261 restaurant type-restaurant status-publish format-gallery has-post-thumbnail hentry category-restaurants destacatper-celebracions-i-grups especialitat-arrosseria especialitat-tapes localitat-centre-palma localitat-palma preu-entre-20-i-30-euros\"><div class=\"gb-container gb-container-013b6e31\">\n<figure class=\"wp-block-post-featured-image\"><a href=\"https:\/\/gastronomicament.cat\/ca\/restaurant\/restaurant-nimos-palma\" target=\"_self\" ><img decoding=\"async\" width=\"1000\" height=\"750\" src=\"https:\/\/gastronomicament.cat\/wp-content\/uploads\/2012\/03\/126\/1261_original2.JPG\" class=\"attachment-post-thumbnail size-post-thumbnail wp-post-image\" alt=\"Nimos\" style=\"aspect-ratio:1;width:100%;height:auto;width:100%;object-fit:cover;\" srcset=\"https:\/\/gastronomicament.cat\/wp-content\/uploads\/2012\/03\/126\/1261_original2.JPG 1000w, https:\/\/gastronomicament.cat\/wp-content\/uploads\/2012\/03\/126\/1261_original2-300x225.jpg 300w, https:\/\/gastronomicament.cat\/wp-content\/uploads\/2012\/03\/126\/1261_original2-768x576.jpg 768w, https:\/\/gastronomicament.cat\/wp-content\/uploads\/2012\/03\/126\/1261_original2-67x50.jpg 67w, https:\/\/gastronomicament.cat\/wp-content\/uploads\/2012\/03\/126\/1261_original2-650x488.jpg 650w\" sizes=\"(max-width: 1000px) 100vw, 1000px\" \/><\/a><\/figure>\n\n<h3 class=\"gb-headline gb-headline-ca05ad19 is-style-underlined gb-headline-text\"><a href=\"https:\/\/gastronomicament.cat\/ca\/restaurant\/restaurant-nimos-palma\">Nimos<\/a><\/h3>\n\n<div class=\"gb-headline gb-headline-c4cab8c4 home-grid-restaurants-excerpt gb-headline-text\">El local es divideix en diferents espais i pot donar cabuda a m\u00e9s de 280 persones.<\/div>\n<\/div><\/div>\n\n<div class=\"gb-grid-column gb-grid-column-013b6e31 gb-query-loop-item post-1167 restaurant type-restaurant status-publish format-gallery has-post-thumbnail hentry especialitat-tapes localitat-la-llonja-palma localitat-palma preu-entre-10-i-20-euros\"><div class=\"gb-container gb-container-013b6e31\">\n<figure class=\"wp-block-post-featured-image\"><a href=\"https:\/\/gastronomicament.cat\/ca\/restaurant\/restaurant-pope\" target=\"_self\" ><img decoding=\"async\" width=\"1000\" height=\"750\" src=\"https:\/\/gastronomicament.cat\/wp-content\/uploads\/2012\/03\/116\/1167_original2.JPG\" class=\"attachment-post-thumbnail size-post-thumbnail wp-post-image\" alt=\"Pope\" style=\"aspect-ratio:1;width:100%;height:auto;width:100%;object-fit:cover;\" srcset=\"https:\/\/gastronomicament.cat\/wp-content\/uploads\/2012\/03\/116\/1167_original2.JPG 1000w, https:\/\/gastronomicament.cat\/wp-content\/uploads\/2012\/03\/116\/1167_original2-300x225.jpg 300w, https:\/\/gastronomicament.cat\/wp-content\/uploads\/2012\/03\/116\/1167_original2-768x576.jpg 768w, https:\/\/gastronomicament.cat\/wp-content\/uploads\/2012\/03\/116\/1167_original2-67x50.jpg 67w, https:\/\/gastronomicament.cat\/wp-content\/uploads\/2012\/03\/116\/1167_original2-650x488.jpg 650w\" sizes=\"(max-width: 1000px) 100vw, 1000px\" \/><\/a><\/figure>\n\n<h3 class=\"gb-headline gb-headline-ca05ad19 is-style-underlined gb-headline-text\"><a href=\"https:\/\/gastronomicament.cat\/ca\/restaurant\/restaurant-pope\">Pope<\/a><\/h3>\n\n<div class=\"gb-headline gb-headline-c4cab8c4 home-grid-restaurants-excerpt gb-headline-text\">Des del 1974, serveixen una gran quantitat de tapes: musclos al vapor i marinera, croquetes de [&hellip;]<\/div>\n<\/div><\/div>\n\n<div class=\"gb-grid-column gb-grid-column-013b6e31 gb-query-loop-item post-89314 restaurant type-restaurant status-publish format-gallery has-post-thumbnail hentry category-restaurants destacatper-terrassa especialitat-peix-i-marisc localitat-andratx localitat-mallorca localitat-sant-elm localitat-tramuntana preu-mes-de-30-euros\"><div class=\"gb-container gb-container-013b6e31\">\n<figure class=\"wp-block-post-featured-image\"><a href=\"https:\/\/gastronomicament.cat\/ca\/restaurant\/na-caragola\" target=\"_self\" ><img decoding=\"async\" width=\"2000\" height=\"1125\" src=\"https:\/\/gastronomicament.cat\/wp-content\/uploads\/2024\/06\/Na-Caragola-Sant-Elm-es-Pantaleu.jpg\" class=\"attachment-post-thumbnail size-post-thumbnail wp-post-image\" alt=\"Na Caragola\" style=\"aspect-ratio:1;width:100%;height:auto;width:100%;object-fit:cover;\" srcset=\"https:\/\/gastronomicament.cat\/wp-content\/uploads\/2024\/06\/Na-Caragola-Sant-Elm-es-Pantaleu.jpg 2000w, https:\/\/gastronomicament.cat\/wp-content\/uploads\/2024\/06\/Na-Caragola-Sant-Elm-es-Pantaleu-300x169.jpg 300w, https:\/\/gastronomicament.cat\/wp-content\/uploads\/2024\/06\/Na-Caragola-Sant-Elm-es-Pantaleu-1024x576.jpg 1024w, https:\/\/gastronomicament.cat\/wp-content\/uploads\/2024\/06\/Na-Caragola-Sant-Elm-es-Pantaleu-768x432.jpg 768w, https:\/\/gastronomicament.cat\/wp-content\/uploads\/2024\/06\/Na-Caragola-Sant-Elm-es-Pantaleu-1536x864.jpg 1536w, https:\/\/gastronomicament.cat\/wp-content\/uploads\/2024\/06\/Na-Caragola-Sant-Elm-es-Pantaleu-480x270.jpg 480w\" sizes=\"(max-width: 2000px) 100vw, 2000px\" \/><\/a><\/figure>\n\n<h3 class=\"gb-headline gb-headline-ca05ad19 is-style-underlined gb-headline-text\"><a href=\"https:\/\/gastronomicament.cat\/ca\/restaurant\/na-caragola\">Na Caragola<\/a><\/h3>\n\n<div class=\"gb-headline gb-headline-c4cab8c4 home-grid-restaurants-excerpt gb-headline-text\">El local es troba en una zona molt agradable, ben a prop de la\u00a0Platja de na Caragola, que dona nom al restaurant.<\/div>\n<\/div><\/div>\n\n<div class=\"gb-grid-column gb-grid-column-013b6e31 gb-query-loop-item post-10283 restaurant type-restaurant status-publish format-standard has-post-thumbnail hentry category-restaurants especialitat-cuina-mallorquina especialitat-rostidoria localitat-muro localitat-raiguer preu-entre-10-i-20-euros\"><div class=\"gb-container gb-container-013b6e31\">\n<figure class=\"wp-block-post-featured-image\"><a href=\"https:\/\/gastronomicament.cat\/ca\/restaurant\/sa-fonda-de-muro\" target=\"_self\" ><img decoding=\"async\" width=\"1800\" height=\"1197\" src=\"https:\/\/gastronomicament.cat\/wp-content\/uploads\/2014\/02\/sa-fonda-muro.jpg\" class=\"attachment-post-thumbnail size-post-thumbnail wp-post-image\" alt=\"Sa Fonda de Muro\" style=\"aspect-ratio:1;width:100%;height:auto;width:100%;object-fit:cover;\" srcset=\"https:\/\/gastronomicament.cat\/wp-content\/uploads\/2014\/02\/sa-fonda-muro.jpg 1800w, https:\/\/gastronomicament.cat\/wp-content\/uploads\/2014\/02\/sa-fonda-muro-300x200.jpg 300w, https:\/\/gastronomicament.cat\/wp-content\/uploads\/2014\/02\/sa-fonda-muro-768x511.jpg 768w, https:\/\/gastronomicament.cat\/wp-content\/uploads\/2014\/02\/sa-fonda-muro-1024x681.jpg 1024w, https:\/\/gastronomicament.cat\/wp-content\/uploads\/2014\/02\/sa-fonda-muro-75x50.jpg 75w, https:\/\/gastronomicament.cat\/wp-content\/uploads\/2014\/02\/sa-fonda-muro-650x432.jpg 650w, https:\/\/gastronomicament.cat\/wp-content\/uploads\/2014\/02\/sa-fonda-muro-1000x665.jpg 1000w\" sizes=\"(max-width: 1800px) 100vw, 1800px\" \/><\/a><\/figure>\n\n<h3 class=\"gb-headline gb-headline-ca05ad19 is-style-underlined gb-headline-text\"><a href=\"https:\/\/gastronomicament.cat\/ca\/restaurant\/sa-fonda-de-muro\">Sa Fonda de Muro<\/a><\/h3>\n\n<div class=\"gb-headline gb-headline-c4cab8c4 home-grid-restaurants-excerpt gb-headline-text\">El restaurant\u00a0sa Fonda de Muro prepara plats de carn torrada al caliu, com tamb\u00e9 especialitats de cuina mallorquina.<\/div>\n<\/div><\/div>\n\n<div class=\"gb-grid-column gb-grid-column-013b6e31 gb-query-loop-item post-1027 restaurant type-restaurant status-publish format-gallery has-post-thumbnail hentry especialitat-tapes localitat-la-llonja-palma localitat-palma preu-sense-informacio-de-preu\"><div class=\"gb-container gb-container-013b6e31\">\n<figure class=\"wp-block-post-featured-image\"><a href=\"https:\/\/gastronomicament.cat\/ca\/restaurant\/restaurant-taverna-sa-boteria-cin-cin\" target=\"_self\" ><img decoding=\"async\" width=\"1000\" height=\"750\" src=\"https:\/\/gastronomicament.cat\/wp-content\/uploads\/2012\/03\/102\/1027_original2.JPG\" class=\"attachment-post-thumbnail size-post-thumbnail wp-post-image\" alt=\"Taverna sa Boteria &#8211; Cin Cin\" style=\"aspect-ratio:1;width:100%;height:auto;width:100%;object-fit:cover;\" srcset=\"https:\/\/gastronomicament.cat\/wp-content\/uploads\/2012\/03\/102\/1027_original2.JPG 1000w, https:\/\/gastronomicament.cat\/wp-content\/uploads\/2012\/03\/102\/1027_original2-300x225.jpg 300w, https:\/\/gastronomicament.cat\/wp-content\/uploads\/2012\/03\/102\/1027_original2-768x576.jpg 768w, https:\/\/gastronomicament.cat\/wp-content\/uploads\/2012\/03\/102\/1027_original2-67x50.jpg 67w, https:\/\/gastronomicament.cat\/wp-content\/uploads\/2012\/03\/102\/1027_original2-650x488.jpg 650w\" sizes=\"(max-width: 1000px) 100vw, 1000px\" \/><\/a><\/figure>\n\n<h3 class=\"gb-headline gb-headline-ca05ad19 is-style-underlined gb-headline-text\"><a href=\"https:\/\/gastronomicament.cat\/ca\/restaurant\/restaurant-taverna-sa-boteria-cin-cin\">Taverna sa Boteria &#8211; Cin Cin<\/a><\/h3>\n\n<div class=\"gb-headline gb-headline-c4cab8c4 home-grid-restaurants-excerpt gb-headline-text\">L\u00b4esqueixada de bacall\u00e0 i les patates braves s\u00f3n de destacar d\u00b4aquest local situat a prop de [&hellip;]<\/div>\n<\/div><\/div>\n<\/div>\n\n<\/div>\n<\/div>\n\n<div class=\"gb-container gb-container-f91a0c07 alignfull\">\n<div class=\"gb-container gb-container-d2278ddf\">\n\n<h2 class=\"wp-block-heading is-style-section-tit\">Receptes<\/h2>\n\n\n\n<div class=\"gb-grid-wrapper gb-grid-wrapper-64a5d4c6 home-grid-receptes gb-query-loop-wrapper\">\n<div class=\"gb-grid-column gb-grid-column-10935fa3 gb-query-loop-item post-3679 recepta type-recepta status-publish format-standard has-post-thumbnail hentry dificultat-baixa ingredient-marisc-i-peix plat-entrant plat-principal-main preu_per_racio-menys-de-2-euros temps_de_preparacio-menys-de-30-minuts\"><div class=\"gb-container gb-container-10935fa3\">\n<figure class=\"wp-block-post-featured-image\"><a href=\"https:\/\/gastronomicament.cat\/ca\/recepta\/recepta-peix-escabetxat\" target=\"_self\" ><img decoding=\"async\" width=\"1000\" height=\"750\" src=\"https:\/\/gastronomicament.cat\/wp-content\/uploads\/2012\/03\/367\/3679_original1.jpg\" class=\"attachment-post-thumbnail size-post-thumbnail wp-post-image\" alt=\"Peix escabetxat\" style=\"aspect-ratio:4\/3;width:100%;height:auto;width:100%;object-fit:cover;\" srcset=\"https:\/\/gastronomicament.cat\/wp-content\/uploads\/2012\/03\/367\/3679_original1.jpg 1000w, https:\/\/gastronomicament.cat\/wp-content\/uploads\/2012\/03\/367\/3679_original1-300x225.jpg 300w, https:\/\/gastronomicament.cat\/wp-content\/uploads\/2012\/03\/367\/3679_original1-768x576.jpg 768w, https:\/\/gastronomicament.cat\/wp-content\/uploads\/2012\/03\/367\/3679_original1-67x50.jpg 67w, https:\/\/gastronomicament.cat\/wp-content\/uploads\/2012\/03\/367\/3679_original1-650x488.jpg 650w\" sizes=\"(max-width: 1000px) 100vw, 1000px\" \/><\/a><\/figure>\n\n<h3 class=\"gb-headline gb-headline-0845196d is-style-underlined h4 gb-headline-text\"><a href=\"https:\/\/gastronomicament.cat\/ca\/recepta\/recepta-peix-escabetxat\">Peix escabetxat<\/a><\/h3>\n\n\n<p class=\"gb-text\">Gerret escabetxat a l\u2019estil tradicional mallorqu\u00ed, fregit i conservat en una marinada d\u2019oli, vinagre, all, llorer i pebre bord.<\/p>\n\n<\/div><\/div>\n\n<div class=\"gb-grid-column gb-grid-column-10935fa3 gb-query-loop-item post-8964 recepta type-recepta status-publish format-standard has-post-thumbnail hentry category-receptes concurs_receptes_mossegades-concurs-receptes-octubre-2013 dificultat-mitjana ingredient-cremes-i-sopes ingredient-verdures-i-hortalisses plat-entrant\"><div class=\"gb-container gb-container-10935fa3\">\n<figure class=\"wp-block-post-featured-image\"><a href=\"https:\/\/gastronomicament.cat\/ca\/recepta\/crema-de-carbassa-i-broquil-amb-blat-de-moro-al-curri\" target=\"_self\" ><img decoding=\"async\" width=\"3264\" height=\"2448\" src=\"https:\/\/gastronomicament.cat\/wp-content\/uploads\/2013\/10\/crema-de-carbassa-i-brquil-amb-blat-de-moro-al-curri.jpg\" class=\"attachment-post-thumbnail size-post-thumbnail wp-post-image\" alt=\"Crema de carbassa i br\u00f2quil amb blat de moro al curri\" style=\"aspect-ratio:4\/3;width:100%;height:auto;width:100%;object-fit:cover;\" srcset=\"https:\/\/gastronomicament.cat\/wp-content\/uploads\/2013\/10\/crema-de-carbassa-i-brquil-amb-blat-de-moro-al-curri.jpg 3264w, https:\/\/gastronomicament.cat\/wp-content\/uploads\/2013\/10\/crema-de-carbassa-i-brquil-amb-blat-de-moro-al-curri-300x225.jpg 300w, https:\/\/gastronomicament.cat\/wp-content\/uploads\/2013\/10\/crema-de-carbassa-i-brquil-amb-blat-de-moro-al-curri-768x576.jpg 768w, https:\/\/gastronomicament.cat\/wp-content\/uploads\/2013\/10\/crema-de-carbassa-i-brquil-amb-blat-de-moro-al-curri-1024x768.jpg 1024w, https:\/\/gastronomicament.cat\/wp-content\/uploads\/2013\/10\/crema-de-carbassa-i-brquil-amb-blat-de-moro-al-curri-67x50.jpg 67w, https:\/\/gastronomicament.cat\/wp-content\/uploads\/2013\/10\/crema-de-carbassa-i-brquil-amb-blat-de-moro-al-curri-650x488.jpg 650w, https:\/\/gastronomicament.cat\/wp-content\/uploads\/2013\/10\/crema-de-carbassa-i-brquil-amb-blat-de-moro-al-curri-1000x750.jpg 1000w\" sizes=\"(max-width: 3264px) 100vw, 3264px\" \/><\/a><\/figure>\n\n<h3 class=\"gb-headline gb-headline-0845196d is-style-underlined h4 gb-headline-text\"><a href=\"https:\/\/gastronomicament.cat\/ca\/recepta\/crema-de-carbassa-i-broquil-amb-blat-de-moro-al-curri\">Crema de carbassa i br\u00f2quil amb blat de moro al curri<\/a><\/h3>\n\n\n<p class=\"gb-text\">Doble crema de br\u00f2quil i carbassa, suau i acolorida, amb toc cruixent de blat de moro especiat.<\/p>\n\n<\/div><\/div>\n\n<div class=\"gb-grid-column gb-grid-column-10935fa3 gb-query-loop-item post-3685 recepta type-recepta status-publish format-standard has-post-thumbnail hentry category-receptes dificultat-mitjana ingredient-arrossos preu_per_racio-entre-2-i-5-euros temps_de_preparacio-entre-30-i-60-minutes\"><div class=\"gb-container gb-container-10935fa3\">\n<figure class=\"wp-block-post-featured-image\"><a href=\"https:\/\/gastronomicament.cat\/ca\/recepta\/recepta-arros-brut\" target=\"_self\" ><img decoding=\"async\" width=\"1000\" height=\"750\" src=\"https:\/\/gastronomicament.cat\/wp-content\/uploads\/2012\/03\/368\/3685_original1.jpg\" class=\"attachment-post-thumbnail size-post-thumbnail wp-post-image\" alt=\"Arr\u00f2s brut\" style=\"aspect-ratio:4\/3;width:100%;height:auto;width:100%;object-fit:cover;\" srcset=\"https:\/\/gastronomicament.cat\/wp-content\/uploads\/2012\/03\/368\/3685_original1.jpg 1000w, https:\/\/gastronomicament.cat\/wp-content\/uploads\/2012\/03\/368\/3685_original1-300x225.jpg 300w, https:\/\/gastronomicament.cat\/wp-content\/uploads\/2012\/03\/368\/3685_original1-768x576.jpg 768w, https:\/\/gastronomicament.cat\/wp-content\/uploads\/2012\/03\/368\/3685_original1-67x50.jpg 67w, https:\/\/gastronomicament.cat\/wp-content\/uploads\/2012\/03\/368\/3685_original1-650x488.jpg 650w\" sizes=\"(max-width: 1000px) 100vw, 1000px\" \/><\/a><\/figure>\n\n<h3 class=\"gb-headline gb-headline-0845196d is-style-underlined h4 gb-headline-text\"><a href=\"https:\/\/gastronomicament.cat\/ca\/recepta\/recepta-arros-brut\">Arr\u00f2s brut<\/a><\/h3>\n\n\n<p class=\"gb-text\">Arr\u00f2s cald\u00f3s amb carn variada i s\u00edpia, cuinat amb esp\u00e8cies fins que queda ben sabor\u00f3s.<\/p>\n\n<\/div><\/div>\n\n<div class=\"gb-grid-column gb-grid-column-10935fa3 gb-query-loop-item post-9146 recepta type-recepta status-publish format-standard has-post-thumbnail hentry category-receptes concurs_receptes_mossegades-concurs-receptes-novembre-2013 dificultat-baixa ingredient-bolets plat-entrant\"><div class=\"gb-container gb-container-10935fa3\">\n<figure class=\"wp-block-post-featured-image\"><a href=\"https:\/\/gastronomicament.cat\/ca\/recepta\/oli-de-ceps\" target=\"_self\" ><img decoding=\"async\" width=\"1024\" height=\"768\" src=\"https:\/\/gastronomicament.cat\/wp-content\/uploads\/2013\/11\/oli-ceps.jpg\" class=\"attachment-post-thumbnail size-post-thumbnail wp-post-image\" alt=\"Oli de ceps\" style=\"aspect-ratio:4\/3;width:100%;height:auto;width:100%;object-fit:cover;\" srcset=\"https:\/\/gastronomicament.cat\/wp-content\/uploads\/2013\/11\/oli-ceps.jpg 1024w, https:\/\/gastronomicament.cat\/wp-content\/uploads\/2013\/11\/oli-ceps-300x225.jpg 300w, https:\/\/gastronomicament.cat\/wp-content\/uploads\/2013\/11\/oli-ceps-768x576.jpg 768w, https:\/\/gastronomicament.cat\/wp-content\/uploads\/2013\/11\/oli-ceps-67x50.jpg 67w, https:\/\/gastronomicament.cat\/wp-content\/uploads\/2013\/11\/oli-ceps-650x488.jpg 650w, https:\/\/gastronomicament.cat\/wp-content\/uploads\/2013\/11\/oli-ceps-1000x750.jpg 1000w\" sizes=\"(max-width: 1024px) 100vw, 1024px\" \/><\/a><\/figure>\n\n<h3 class=\"gb-headline gb-headline-0845196d is-style-underlined h4 gb-headline-text\"><a href=\"https:\/\/gastronomicament.cat\/ca\/recepta\/oli-de-ceps\">Oli de ceps<\/a><\/h3>\n\n\n<p class=\"gb-text\">En un got d&#8217;oli de gust suau, afegir un ter\u00e7 de got de ceps tallats a daus. Deixar un dia sencer a l&#8217;ombra. Despr\u00e9s es poden treure els ceps.<\/p>\n\n<\/div><\/div>\n\n<div class=\"gb-grid-column gb-grid-column-10935fa3 gb-query-loop-item post-13669 recepta type-recepta status-publish format-standard has-post-thumbnail hentry category-receptes dificultat-mitjana plat-postres preu_per_racio-entre-2-i-5-euros tematica-pasqua temps_de_preparacio-entre-30-i-60-minutes\"><div class=\"gb-container gb-container-10935fa3\">\n<figure class=\"wp-block-post-featured-image\"><a href=\"https:\/\/gastronomicament.cat\/ca\/recepta\/recepta-rubiols\" target=\"_self\" ><img decoding=\"async\" width=\"1024\" height=\"681\" src=\"https:\/\/gastronomicament.cat\/wp-content\/uploads\/2014\/04\/recepta-de-rubiols.jpg\" class=\"attachment-post-thumbnail size-post-thumbnail wp-post-image\" alt=\"Recepta de rubiols\" style=\"aspect-ratio:4\/3;width:100%;height:auto;width:100%;object-fit:cover;\" srcset=\"https:\/\/gastronomicament.cat\/wp-content\/uploads\/2014\/04\/recepta-de-rubiols.jpg 1024w, https:\/\/gastronomicament.cat\/wp-content\/uploads\/2014\/04\/recepta-de-rubiols-300x200.jpg 300w, https:\/\/gastronomicament.cat\/wp-content\/uploads\/2014\/04\/recepta-de-rubiols-768x511.jpg 768w, https:\/\/gastronomicament.cat\/wp-content\/uploads\/2014\/04\/recepta-de-rubiols-75x50.jpg 75w, https:\/\/gastronomicament.cat\/wp-content\/uploads\/2014\/04\/recepta-de-rubiols-650x432.jpg 650w, https:\/\/gastronomicament.cat\/wp-content\/uploads\/2014\/04\/recepta-de-rubiols-1000x665.jpg 1000w, https:\/\/gastronomicament.cat\/wp-content\/uploads\/2014\/04\/recepta-de-rubiols-720x480.jpg 720w, https:\/\/gastronomicament.cat\/wp-content\/uploads\/2014\/04\/recepta-de-rubiols-480x319.jpg 480w\" sizes=\"(max-width: 1024px) 100vw, 1024px\" \/><\/a><\/figure>\n\n<h3 class=\"gb-headline gb-headline-0845196d is-style-underlined h4 gb-headline-text\"><a href=\"https:\/\/gastronomicament.cat\/ca\/recepta\/recepta-rubiols\">Recepta de rubiols<\/a><\/h3>\n\n\n<p class=\"gb-text\">Els rubiols s\u00f3n uns dels postres tradicionals de Pasqua. <\/p>\n\n<\/div><\/div>\n\n<div class=\"gb-grid-column gb-grid-column-10935fa3 gb-query-loop-item post-8596 recepta type-recepta status-publish format-standard has-post-thumbnail hentry category-receptes concurs_receptes_mossegades-concurs-receptes-setembre-2013 dificultat-baixa temps_de_preparacio-menys-de-30-minuts\"><div class=\"gb-container gb-container-10935fa3\">\n<figure class=\"wp-block-post-featured-image\"><a href=\"https:\/\/gastronomicament.cat\/ca\/recepta\/baked-egg-boats\" target=\"_self\" ><img decoding=\"async\" width=\"1600\" height=\"1071\" src=\"https:\/\/gastronomicament.cat\/wp-content\/uploads\/2013\/09\/bocadillo-003.jpg\" class=\"attachment-post-thumbnail size-post-thumbnail wp-post-image\" alt=\"Baked Egg Boats\" style=\"aspect-ratio:4\/3;width:100%;height:auto;width:100%;object-fit:cover;\" srcset=\"https:\/\/gastronomicament.cat\/wp-content\/uploads\/2013\/09\/bocadillo-003.jpg 1600w, https:\/\/gastronomicament.cat\/wp-content\/uploads\/2013\/09\/bocadillo-003-300x201.jpg 300w, https:\/\/gastronomicament.cat\/wp-content\/uploads\/2013\/09\/bocadillo-003-768x514.jpg 768w, https:\/\/gastronomicament.cat\/wp-content\/uploads\/2013\/09\/bocadillo-003-1024x685.jpg 1024w, https:\/\/gastronomicament.cat\/wp-content\/uploads\/2013\/09\/bocadillo-003-75x50.jpg 75w, https:\/\/gastronomicament.cat\/wp-content\/uploads\/2013\/09\/bocadillo-003-650x435.jpg 650w, https:\/\/gastronomicament.cat\/wp-content\/uploads\/2013\/09\/bocadillo-003-1000x669.jpg 1000w\" sizes=\"(max-width: 1600px) 100vw, 1600px\" \/><\/a><\/figure>\n\n<h3 class=\"gb-headline gb-headline-0845196d is-style-underlined h4 gb-headline-text\"><a href=\"https:\/\/gastronomicament.cat\/ca\/recepta\/baked-egg-boats\">Baked Egg Boats<\/a><\/h3>\n\n\n<p class=\"gb-text\">Entrep\u00e0 farcit amb ou, pernil i verdures, enfornat fins que l\u2019ou qualla i el formatge es fon.<\/p>\n\n<\/div><\/div>\n<\/div>\n\n<\/div>\n<\/div>\n\n<div class=\"gb-container gb-container-e9c98d7e alignfull\">\n<div class=\"gb-container gb-container-155a918d\">\n\n<h2 class=\"wp-block-heading is-style-section-tit\">Actualitat<\/h2>\n\n\n<div class=\"gb-grid-wrapper gb-grid-wrapper-69c8efac\">\n<div class=\"gb-grid-column gb-grid-column-eeb322a7\"><section class=\"gb-container gb-container-eeb322a7\">\n\n<div><div class=\"gb-looper-7e3b8c30 archive-list-posts-loop\">\n<div class=\"gb-loop-item gb-loop-item-a53af792 archive-template-grid-item post-106600 post type-post status-publish format-standard has-post-thumbnail hentry category-actualitat category-reportatges-i-novetats\"><figure class=\"archive-featured-img wp-block-post-featured-image\"><img decoding=\"async\" width=\"1200\" height=\"749\" src=\"https:\/\/gastronomicament.cat\/wp-content\/uploads\/2026\/08\/Carob-goma-de-garrofi.jpg\" class=\"attachment-post-thumbnail size-post-thumbnail wp-post-image\" alt=\"\" style=\"aspect-ratio:4\/3;width:100%;height:200px;object-fit:cover;\" srcset=\"https:\/\/gastronomicament.cat\/wp-content\/uploads\/2026\/08\/Carob-goma-de-garrofi.jpg 1200w, https:\/\/gastronomicament.cat\/wp-content\/uploads\/2026\/08\/Carob-goma-de-garrofi-300x187.jpg 300w, https:\/\/gastronomicament.cat\/wp-content\/uploads\/2026\/08\/Carob-goma-de-garrofi-1024x639.jpg 1024w, https:\/\/gastronomicament.cat\/wp-content\/uploads\/2026\/08\/Carob-goma-de-garrofi-768x479.jpg 768w\" sizes=\"(max-width: 1200px) 100vw, 1200px\" \/><\/figure>\n\n\n<div>\n<p class=\"gb-text gb-text-a18139bc\"><a href=\"https:\/\/gastronomicament.cat\/ca\/seccio\/actualitat\" rel=\"tag\">Actualitat<\/a> \/ <a href=\"https:\/\/gastronomicament.cat\/ca\/seccio\/actualitat\/reportatges-i-novetats\" rel=\"tag\">Reportatges i novetats<\/a><\/p>\n\n\n\n<h2 class=\"gb-text gb-text-f970a678 h4 is-style-underlined\"><a href=\"https:\/\/gastronomicament.cat\/ca\/camp-mallorqui-mante-la-lluita-per-la-planta-de-carob-malgrat-ladjudicacio-a-promorent\">Camp Mallorqu\u00ed mant\u00e9 la lluita per la planta de Carob malgrat l&#8217;adjudicaci\u00f3 a Promorent<\/a><\/h2>\n\n\n<div class=\"gb-container gb-container-3f03b7c3 date-reading-comments\">\n<p class=\"gb-headline gb-headline-6eed15ba gb-headline-text\"><time class=\"entry-date published\" datetime=\"2026-08-20T10:12:03+02:00\">20 agost 2026<\/time><\/p>\n\n\n<p class=\"gb-headline gb-headline-af6bfb2f gb-headline-text\">\u00b7<\/p>\n\n\n<div class=\"gb-container gb-container-c75f3255 reading-time-container\">\n2 minuts de lectura\n<\/div>\n\n\n<p class=\"gb-headline gb-headline-9d086f67 gb-headline-text\">\u00b7<\/p>\n\n\n<div class=\"gb-container gb-container-8b23b32f comments-count\">\n<p class=\"gb-headline gb-headline-12bcbb10 gb-headline-text\"><a href=\"https:\/\/gastronomicament.cat\/ca\/camp-mallorqui-mante-la-lluita-per-la-planta-de-carob-malgrat-ladjudicacio-a-promorent#respond\">0<\/a><\/p>\n\n\n<p class=\"gb-headline gb-headline-1cf0f5a5\"><span class=\"gb-icon\"><svg fill=\"currentColor\" xml:space=\"preserve\" viewBox=\"0 0 64 64\" xmlns:xlink=\"http:\/\/www.w3.org\/1999\/xlink\" xmlns=\"http:\/\/www.w3.org\/2000\/svg\" id=\"Layer_1\" version=\"1.0\"><g stroke-width=\"0\" id=\"SVGRepo_bgCarrier\"><\/g><g stroke-linejoin=\"round\" stroke-linecap=\"round\" id=\"SVGRepo_tracerCarrier\"><\/g><g id=\"SVGRepo_iconCarrier\"> <path d=\"M60,0H4C1.789,0,0,1.789,0,4v40c0,2.211,1.789,4,4,4h8v12 c0,1.617,0.973,3.078,2.469,3.695C14.965,63.902,15.484,64,16,64c1.039,0,2.062-0.406,2.828-1.172L33.656,48H60c2.211,0,4-1.789,4-4 V4C64,1.789,62.211,0,60,0z\" fill=\"currentColor\" clip-rule=\"evenodd\" fill-rule=\"evenodd\"><\/path> <\/g><\/svg><\/span><\/p>\n\n<\/div>\n<\/div>\n\n<div class=\"wp-block-post-excerpt\"><p class=\"wp-block-post-excerpt__excerpt\">La proposta de la societat immobili\u00e0ria balear supera la de la cooperativa per 500.000 euros, per\u00f2 el sector agr\u00edcola exigeix garanties per mantenir el processament de la garrova a Mallorca <\/p><\/div><\/div>\n<\/div>\n\n<div class=\"gb-loop-item gb-loop-item-a53af792 archive-template-grid-item post-106593 post type-post status-publish format-standard has-post-thumbnail hentry category-actualitat category-alimentacio-actualitat\"><figure class=\"archive-featured-img wp-block-post-featured-image\"><img decoding=\"async\" width=\"1200\" height=\"670\" src=\"https:\/\/gastronomicament.cat\/wp-content\/uploads\/2026\/08\/Pinya-colada-i-sex-on-the-beach.jpg\" class=\"attachment-post-thumbnail size-post-thumbnail wp-post-image\" alt=\"\" style=\"aspect-ratio:4\/3;width:100%;height:200px;object-fit:cover;\" srcset=\"https:\/\/gastronomicament.cat\/wp-content\/uploads\/2026\/08\/Pinya-colada-i-sex-on-the-beach.jpg 1200w, https:\/\/gastronomicament.cat\/wp-content\/uploads\/2026\/08\/Pinya-colada-i-sex-on-the-beach-300x168.jpg 300w, https:\/\/gastronomicament.cat\/wp-content\/uploads\/2026\/08\/Pinya-colada-i-sex-on-the-beach-1024x572.jpg 1024w, https:\/\/gastronomicament.cat\/wp-content\/uploads\/2026\/08\/Pinya-colada-i-sex-on-the-beach-768x429.jpg 768w\" sizes=\"(max-width: 1200px) 100vw, 1200px\" \/><\/figure>\n\n\n<div>\n<p class=\"gb-text gb-text-a18139bc\"><a href=\"https:\/\/gastronomicament.cat\/ca\/seccio\/actualitat\" rel=\"tag\">Actualitat<\/a> \/ <a href=\"https:\/\/gastronomicament.cat\/ca\/seccio\/actualitat\/alimentacio-actualitat\" rel=\"tag\">Alimentaci\u00f3<\/a><\/p>\n\n\n\n<h2 class=\"gb-text gb-text-f970a678 h4 is-style-underlined\"><a href=\"https:\/\/gastronomicament.cat\/ca\/dos-coctels-virgin-per-gaudir-de-lestiu-sense-alcohol\">Dos c\u00f2ctels virgin per gaudir de l&#8217;estiu sense alcohol<\/a><\/h2>\n\n\n<div class=\"gb-container gb-container-3f03b7c3 date-reading-comments\">\n<p class=\"gb-headline gb-headline-6eed15ba gb-headline-text\"><time class=\"entry-date published\" datetime=\"2026-08-20T10:07:22+02:00\">20 agost 2026<\/time><\/p>\n\n\n<p class=\"gb-headline gb-headline-af6bfb2f gb-headline-text\">\u00b7<\/p>\n\n\n<div class=\"gb-container gb-container-c75f3255 reading-time-container\">\n3 minuts de lectura\n<\/div>\n\n\n<p class=\"gb-headline gb-headline-9d086f67 gb-headline-text\">\u00b7<\/p>\n\n\n<div class=\"gb-container gb-container-8b23b32f comments-count\">\n<p class=\"gb-headline gb-headline-12bcbb10 gb-headline-text\"><a href=\"https:\/\/gastronomicament.cat\/ca\/dos-coctels-virgin-per-gaudir-de-lestiu-sense-alcohol#respond\">0<\/a><\/p>\n\n\n<p class=\"gb-headline gb-headline-1cf0f5a5\"><span class=\"gb-icon\"><svg fill=\"currentColor\" xml:space=\"preserve\" viewBox=\"0 0 64 64\" xmlns:xlink=\"http:\/\/www.w3.org\/1999\/xlink\" xmlns=\"http:\/\/www.w3.org\/2000\/svg\" id=\"Layer_1\" version=\"1.0\"><g stroke-width=\"0\" id=\"SVGRepo_bgCarrier\"><\/g><g stroke-linejoin=\"round\" stroke-linecap=\"round\" id=\"SVGRepo_tracerCarrier\"><\/g><g id=\"SVGRepo_iconCarrier\"> <path d=\"M60,0H4C1.789,0,0,1.789,0,4v40c0,2.211,1.789,4,4,4h8v12 c0,1.617,0.973,3.078,2.469,3.695C14.965,63.902,15.484,64,16,64c1.039,0,2.062-0.406,2.828-1.172L33.656,48H60c2.211,0,4-1.789,4-4 V4C64,1.789,62.211,0,60,0z\" fill=\"currentColor\" clip-rule=\"evenodd\" fill-rule=\"evenodd\"><\/path> <\/g><\/svg><\/span><\/p>\n\n<\/div>\n<\/div>\n\n<div class=\"wp-block-post-excerpt\"><p class=\"wp-block-post-excerpt__excerpt\">Refrescants i saborosos: la millor alternativa per combatre la calor de manera saludable i sense renunciar a la festa <\/p><\/div><\/div>\n<\/div>\n\n<div class=\"gb-loop-item gb-loop-item-a53af792 archive-template-grid-item post-106573 post type-post status-publish format-gallery has-post-thumbnail hentry category-actualitat category-reportatges-i-novetats post_format-post-format-gallery\"><figure class=\"archive-featured-img wp-block-post-featured-image\"><img decoding=\"async\" width=\"1200\" height=\"748\" src=\"https:\/\/gastronomicament.cat\/wp-content\/uploads\/2026\/08\/Es-Guix-restaurant-Mallorca.jpg\" class=\"attachment-post-thumbnail size-post-thumbnail wp-post-image\" alt=\"\" style=\"aspect-ratio:4\/3;width:100%;height:200px;object-fit:cover;\" srcset=\"https:\/\/gastronomicament.cat\/wp-content\/uploads\/2026\/08\/Es-Guix-restaurant-Mallorca.jpg 1200w, https:\/\/gastronomicament.cat\/wp-content\/uploads\/2026\/08\/Es-Guix-restaurant-Mallorca-300x187.jpg 300w, https:\/\/gastronomicament.cat\/wp-content\/uploads\/2026\/08\/Es-Guix-restaurant-Mallorca-1024x638.jpg 1024w, https:\/\/gastronomicament.cat\/wp-content\/uploads\/2026\/08\/Es-Guix-restaurant-Mallorca-768x479.jpg 768w\" sizes=\"(max-width: 1200px) 100vw, 1200px\" \/><\/figure>\n\n\n<div>\n<p class=\"gb-text gb-text-a18139bc\"><a href=\"https:\/\/gastronomicament.cat\/ca\/seccio\/actualitat\" rel=\"tag\">Actualitat<\/a> \/ <a href=\"https:\/\/gastronomicament.cat\/ca\/seccio\/actualitat\/reportatges-i-novetats\" rel=\"tag\">Reportatges i novetats<\/a><\/p>\n\n\n\n<h2 class=\"gb-text gb-text-f970a678 h4 is-style-underlined\"><a href=\"https:\/\/gastronomicament.cat\/ca\/gastronomia-cinema-de-culte-i-vinils-les-nits-dagost-transformen-lexperiencia-culinaria-a-es-guix\">Gastronomia, cinema de culte i vinils: les nits d&#8217;agost transformen l&#8217;experi\u00e8ncia culin\u00e0ria a Es Guix \u00a0<\/a><\/h2>\n\n\n<div class=\"gb-container gb-container-3f03b7c3 date-reading-comments\">\n<p class=\"gb-headline gb-headline-6eed15ba gb-headline-text\"><time class=\"entry-date published\" datetime=\"2026-08-18T09:52:19+02:00\">18 agost 2026<\/time><\/p>\n\n\n<p class=\"gb-headline gb-headline-af6bfb2f gb-headline-text\">\u00b7<\/p>\n\n\n<div class=\"gb-container gb-container-c75f3255 reading-time-container\">\n2 minuts de lectura\n<\/div>\n\n\n<p class=\"gb-headline gb-headline-9d086f67 gb-headline-text\">\u00b7<\/p>\n\n\n<div class=\"gb-container gb-container-8b23b32f comments-count\">\n<p class=\"gb-headline gb-headline-12bcbb10 gb-headline-text\"><a href=\"https:\/\/gastronomicament.cat\/ca\/gastronomia-cinema-de-culte-i-vinils-les-nits-dagost-transformen-lexperiencia-culinaria-a-es-guix#respond\">0<\/a><\/p>\n\n\n<p class=\"gb-headline gb-headline-1cf0f5a5\"><span class=\"gb-icon\"><svg fill=\"currentColor\" xml:space=\"preserve\" viewBox=\"0 0 64 64\" xmlns:xlink=\"http:\/\/www.w3.org\/1999\/xlink\" xmlns=\"http:\/\/www.w3.org\/2000\/svg\" id=\"Layer_1\" version=\"1.0\"><g stroke-width=\"0\" id=\"SVGRepo_bgCarrier\"><\/g><g stroke-linejoin=\"round\" stroke-linecap=\"round\" id=\"SVGRepo_tracerCarrier\"><\/g><g id=\"SVGRepo_iconCarrier\"> <path d=\"M60,0H4C1.789,0,0,1.789,0,4v40c0,2.211,1.789,4,4,4h8v12 c0,1.617,0.973,3.078,2.469,3.695C14.965,63.902,15.484,64,16,64c1.039,0,2.062-0.406,2.828-1.172L33.656,48H60c2.211,0,4-1.789,4-4 V4C64,1.789,62.211,0,60,0z\" fill=\"currentColor\" clip-rule=\"evenodd\" fill-rule=\"evenodd\"><\/path> <\/g><\/svg><\/span><\/p>\n\n<\/div>\n<\/div>\n\n<div class=\"wp-block-post-excerpt\"><p class=\"wp-block-post-excerpt__excerpt\">L&#8217;emblem\u00e0tic restaurant d&#8217;Escorca acull dos sopars maridats amb vins de Jean Leon, que inclouen la projecci\u00f3 de _Casablanca_ i una sessi\u00f3 de m\u00fasica retro <\/p><\/div><\/div>\n<\/div>\n\n<div class=\"gb-loop-item gb-loop-item-a53af792 archive-template-grid-item post-106563 post type-post status-publish format-gallery has-post-thumbnail hentry category-actualitat category-reportatges-i-novetats post_format-post-format-gallery\"><figure class=\"archive-featured-img wp-block-post-featured-image\"><img decoding=\"async\" width=\"1200\" height=\"612\" src=\"https:\/\/gastronomicament.cat\/wp-content\/uploads\/2026\/08\/Aigua-amb-neu-Tomeu-Gil.jpg\" class=\"attachment-post-thumbnail size-post-thumbnail wp-post-image\" alt=\"\" style=\"aspect-ratio:4\/3;width:100%;height:200px;object-fit:cover;\" srcset=\"https:\/\/gastronomicament.cat\/wp-content\/uploads\/2026\/08\/Aigua-amb-neu-Tomeu-Gil.jpg 1200w, https:\/\/gastronomicament.cat\/wp-content\/uploads\/2026\/08\/Aigua-amb-neu-Tomeu-Gil-300x153.jpg 300w, https:\/\/gastronomicament.cat\/wp-content\/uploads\/2026\/08\/Aigua-amb-neu-Tomeu-Gil-1024x522.jpg 1024w, https:\/\/gastronomicament.cat\/wp-content\/uploads\/2026\/08\/Aigua-amb-neu-Tomeu-Gil-768x392.jpg 768w\" sizes=\"(max-width: 1200px) 100vw, 1200px\" \/><\/figure>\n\n\n<div>\n<p class=\"gb-text gb-text-a18139bc\"><a href=\"https:\/\/gastronomicament.cat\/ca\/seccio\/actualitat\" rel=\"tag\">Actualitat<\/a> \/ <a href=\"https:\/\/gastronomicament.cat\/ca\/seccio\/actualitat\/reportatges-i-novetats\" rel=\"tag\">Reportatges i novetats<\/a><\/p>\n\n\n\n<h2 class=\"gb-text gb-text-f970a678 h4 is-style-underlined\"><a href=\"https:\/\/gastronomicament.cat\/ca\/agua-amb-neu-i-fresque-dos-gelats-de-mallorca-amb-nom-propi\">Agua amb neu i fresque, dos gelats de Mallorca amb nom propi<\/a><\/h2>\n\n\n<div class=\"gb-container gb-container-3f03b7c3 date-reading-comments\">\n<p class=\"gb-headline gb-headline-6eed15ba gb-headline-text\"><time class=\"entry-date published\" datetime=\"2026-08-17T09:47:02+02:00\">17 agost 2026<\/time><\/p>\n\n\n<p class=\"gb-headline gb-headline-af6bfb2f gb-headline-text\">\u00b7<\/p>\n\n\n<div class=\"gb-container gb-container-c75f3255 reading-time-container\">\n4 minuts de lectura\n<\/div>\n\n\n<p class=\"gb-headline gb-headline-9d086f67 gb-headline-text\">\u00b7<\/p>\n\n\n<div class=\"gb-container gb-container-8b23b32f comments-count\">\n<p class=\"gb-headline gb-headline-12bcbb10 gb-headline-text\"><a href=\"https:\/\/gastronomicament.cat\/ca\/agua-amb-neu-i-fresque-dos-gelats-de-mallorca-amb-nom-propi#respond\">0<\/a><\/p>\n\n\n<p class=\"gb-headline gb-headline-1cf0f5a5\"><span class=\"gb-icon\"><svg fill=\"currentColor\" xml:space=\"preserve\" viewBox=\"0 0 64 64\" xmlns:xlink=\"http:\/\/www.w3.org\/1999\/xlink\" xmlns=\"http:\/\/www.w3.org\/2000\/svg\" id=\"Layer_1\" version=\"1.0\"><g stroke-width=\"0\" id=\"SVGRepo_bgCarrier\"><\/g><g stroke-linejoin=\"round\" stroke-linecap=\"round\" id=\"SVGRepo_tracerCarrier\"><\/g><g id=\"SVGRepo_iconCarrier\"> <path d=\"M60,0H4C1.789,0,0,1.789,0,4v40c0,2.211,1.789,4,4,4h8v12 c0,1.617,0.973,3.078,2.469,3.695C14.965,63.902,15.484,64,16,64c1.039,0,2.062-0.406,2.828-1.172L33.656,48H60c2.211,0,4-1.789,4-4 V4C64,1.789,62.211,0,60,0z\" fill=\"currentColor\" clip-rule=\"evenodd\" fill-rule=\"evenodd\"><\/path> <\/g><\/svg><\/span><\/p>\n\n<\/div>\n<\/div>\n\n<div class=\"wp-block-post-excerpt\"><p class=\"wp-block-post-excerpt__excerpt\">Hi ha gustos que tenen la capacitat de transportar-nos a la infantesa i, tamb\u00e9, de definir la identitat d&#8217;un poble <\/p><\/div><\/div>\n<\/div>\n\n<div class=\"gb-loop-item gb-loop-item-a53af792 archive-template-grid-item post-106545 post type-post status-publish format-gallery has-post-thumbnail hentry category-actualitat category-reportatges-i-novetats post_format-post-format-gallery\"><figure class=\"archive-featured-img wp-block-post-featured-image\"><img decoding=\"async\" width=\"950\" height=\"666\" src=\"https:\/\/gastronomicament.cat\/wp-content\/uploads\/2026\/08\/Cafe-Can-Paris-Sencelles-Mallorca.jpg\" class=\"attachment-post-thumbnail size-post-thumbnail wp-post-image\" alt=\"\" style=\"aspect-ratio:4\/3;width:100%;height:200px;object-fit:cover;\" srcset=\"https:\/\/gastronomicament.cat\/wp-content\/uploads\/2026\/08\/Cafe-Can-Paris-Sencelles-Mallorca.jpg 950w, https:\/\/gastronomicament.cat\/wp-content\/uploads\/2026\/08\/Cafe-Can-Paris-Sencelles-Mallorca-300x210.jpg 300w, https:\/\/gastronomicament.cat\/wp-content\/uploads\/2026\/08\/Cafe-Can-Paris-Sencelles-Mallorca-768x538.jpg 768w\" sizes=\"(max-width: 950px) 100vw, 950px\" \/><\/figure>\n\n\n<div>\n<p class=\"gb-text gb-text-a18139bc\"><a href=\"https:\/\/gastronomicament.cat\/ca\/seccio\/actualitat\" rel=\"tag\">Actualitat<\/a> \/ <a href=\"https:\/\/gastronomicament.cat\/ca\/seccio\/actualitat\/reportatges-i-novetats\" rel=\"tag\">Reportatges i novetats<\/a><\/p>\n\n\n\n<h2 class=\"gb-text gb-text-f970a678 h4 is-style-underlined\"><a href=\"https:\/\/gastronomicament.cat\/ca\/maria-i-miquel-de-can-paris-de-sencelles-es-jubilen-i-tanquen-una-etapa\">Maria i Miquel de Can Par\u00eds de Sencelles es jubilen i tanquen una etapa<\/a><\/h2>\n\n\n<div class=\"gb-container gb-container-3f03b7c3 date-reading-comments\">\n<p class=\"gb-headline gb-headline-6eed15ba gb-headline-text\"><time class=\"entry-date published\" datetime=\"2026-08-13T11:00:16+02:00\">13 agost 2026<\/time><\/p>\n\n\n<p class=\"gb-headline gb-headline-af6bfb2f gb-headline-text\">\u00b7<\/p>\n\n\n<div class=\"gb-container gb-container-c75f3255 reading-time-container\">\n2 minuts de lectura\n<\/div>\n\n\n<p class=\"gb-headline gb-headline-9d086f67 gb-headline-text\">\u00b7<\/p>\n\n\n<div class=\"gb-container gb-container-8b23b32f comments-count\">\n<p class=\"gb-headline gb-headline-12bcbb10 gb-headline-text\"><a href=\"https:\/\/gastronomicament.cat\/ca\/maria-i-miquel-de-can-paris-de-sencelles-es-jubilen-i-tanquen-una-etapa#respond\">0<\/a><\/p>\n\n\n<p class=\"gb-headline gb-headline-1cf0f5a5\"><span class=\"gb-icon\"><svg fill=\"currentColor\" xml:space=\"preserve\" viewBox=\"0 0 64 64\" xmlns:xlink=\"http:\/\/www.w3.org\/1999\/xlink\" xmlns=\"http:\/\/www.w3.org\/2000\/svg\" id=\"Layer_1\" version=\"1.0\"><g stroke-width=\"0\" id=\"SVGRepo_bgCarrier\"><\/g><g stroke-linejoin=\"round\" stroke-linecap=\"round\" id=\"SVGRepo_tracerCarrier\"><\/g><g id=\"SVGRepo_iconCarrier\"> <path d=\"M60,0H4C1.789,0,0,1.789,0,4v40c0,2.211,1.789,4,4,4h8v12 c0,1.617,0.973,3.078,2.469,3.695C14.965,63.902,15.484,64,16,64c1.039,0,2.062-0.406,2.828-1.172L33.656,48H60c2.211,0,4-1.789,4-4 V4C64,1.789,62.211,0,60,0z\" fill=\"currentColor\" clip-rule=\"evenodd\" fill-rule=\"evenodd\"><\/path> <\/g><\/svg><\/span><\/p>\n\n<\/div>\n<\/div>\n\n<div class=\"wp-block-post-excerpt\"><p class=\"wp-block-post-excerpt__excerpt\">La seva fam\u00edlia, durant tres generacions i 90 anys, ha regentat aquest caf\u00e8 <\/p><\/div><\/div>\n<\/div>\n\n<div class=\"gb-loop-item gb-loop-item-a53af792 archive-template-grid-item post-106531 post type-post status-publish format-standard has-post-thumbnail hentry category-actualitat category-reportatges-i-novetats\"><figure class=\"archive-featured-img wp-block-post-featured-image\"><img decoding=\"async\" width=\"1346\" height=\"593\" src=\"https:\/\/gastronomicament.cat\/wp-content\/uploads\/2026\/08\/Sopars-a-la-Llesca-2026.jpg\" class=\"attachment-post-thumbnail size-post-thumbnail wp-post-image\" alt=\"\" style=\"aspect-ratio:4\/3;width:100%;height:200px;object-fit:cover;\" srcset=\"https:\/\/gastronomicament.cat\/wp-content\/uploads\/2026\/08\/Sopars-a-la-Llesca-2026.jpg 1346w, https:\/\/gastronomicament.cat\/wp-content\/uploads\/2026\/08\/Sopars-a-la-Llesca-2026-300x132.jpg 300w, https:\/\/gastronomicament.cat\/wp-content\/uploads\/2026\/08\/Sopars-a-la-Llesca-2026-1024x451.jpg 1024w, https:\/\/gastronomicament.cat\/wp-content\/uploads\/2026\/08\/Sopars-a-la-Llesca-2026-768x338.jpg 768w\" sizes=\"(max-width: 1346px) 100vw, 1346px\" \/><\/figure>\n\n\n<div>\n<p class=\"gb-text gb-text-a18139bc\"><a href=\"https:\/\/gastronomicament.cat\/ca\/seccio\/actualitat\" rel=\"tag\">Actualitat<\/a> \/ <a href=\"https:\/\/gastronomicament.cat\/ca\/seccio\/actualitat\/reportatges-i-novetats\" rel=\"tag\">Reportatges i novetats<\/a><\/p>\n\n\n\n<h2 class=\"gb-text gb-text-f970a678 h4 is-style-underlined\"><a href=\"https:\/\/gastronomicament.cat\/ca\/caeb-restauracio-demana-a-cort-compatibilitzar-els-sopars-a-la-llesca-amb-la-feina-de-les-terrasses\">CAEB Restauraci\u00f3 demana a Cort compatibilitzar els Sopars a la Llesca amb la feina de les terrasses<\/a><\/h2>\n\n\n<div class=\"gb-container gb-container-3f03b7c3 date-reading-comments\">\n<p class=\"gb-headline gb-headline-6eed15ba gb-headline-text\"><time class=\"entry-date published\" datetime=\"2026-08-13T10:02:07+02:00\">13 agost 2026<\/time><\/p>\n\n\n<p class=\"gb-headline gb-headline-af6bfb2f gb-headline-text\">\u00b7<\/p>\n\n\n<div class=\"gb-container gb-container-c75f3255 reading-time-container\">\n3 minuts de lectura\n<\/div>\n\n\n<p class=\"gb-headline gb-headline-9d086f67 gb-headline-text\">\u00b7<\/p>\n\n\n<div class=\"gb-container gb-container-8b23b32f comments-count\">\n<p class=\"gb-headline gb-headline-12bcbb10 gb-headline-text\"><a href=\"https:\/\/gastronomicament.cat\/ca\/caeb-restauracio-demana-a-cort-compatibilitzar-els-sopars-a-la-llesca-amb-la-feina-de-les-terrasses#respond\">0<\/a><\/p>\n\n\n<p class=\"gb-headline gb-headline-1cf0f5a5\"><span class=\"gb-icon\"><svg fill=\"currentColor\" xml:space=\"preserve\" viewBox=\"0 0 64 64\" xmlns:xlink=\"http:\/\/www.w3.org\/1999\/xlink\" xmlns=\"http:\/\/www.w3.org\/2000\/svg\" id=\"Layer_1\" version=\"1.0\"><g stroke-width=\"0\" id=\"SVGRepo_bgCarrier\"><\/g><g stroke-linejoin=\"round\" stroke-linecap=\"round\" id=\"SVGRepo_tracerCarrier\"><\/g><g id=\"SVGRepo_iconCarrier\"> <path d=\"M60,0H4C1.789,0,0,1.789,0,4v40c0,2.211,1.789,4,4,4h8v12 c0,1.617,0.973,3.078,2.469,3.695C14.965,63.902,15.484,64,16,64c1.039,0,2.062-0.406,2.828-1.172L33.656,48H60c2.211,0,4-1.789,4-4 V4C64,1.789,62.211,0,60,0z\" fill=\"currentColor\" clip-rule=\"evenodd\" fill-rule=\"evenodd\"><\/path> <\/g><\/svg><\/span><\/p>\n\n<\/div>\n<\/div>\n\n<div class=\"wp-block-post-excerpt\"><p class=\"wp-block-post-excerpt__excerpt\">La patronal d&#8217;hosteleria insta l&#8217;Ajuntament de Palma a cercar espais alternatius per a les trobades ve\u00efnals sense obligar els bars a retirar les terrasses ni prohibir-ne les convocat\u00f2ries <\/p><\/div><\/div>\n<\/div>\n\n<div class=\"gb-loop-item gb-loop-item-a53af792 archive-template-grid-item post-106525 post type-post status-publish format-standard has-post-thumbnail hentry category-actualitat category-reportatges-i-novetats\"><figure class=\"archive-featured-img wp-block-post-featured-image\"><img decoding=\"async\" width=\"1200\" height=\"800\" src=\"https:\/\/gastronomicament.cat\/wp-content\/uploads\/2026\/08\/DO-Binissalem-Mallorca-verema-2026.jpg\" class=\"attachment-post-thumbnail size-post-thumbnail wp-post-image\" alt=\"\" style=\"aspect-ratio:4\/3;width:100%;height:200px;object-fit:cover;\" srcset=\"https:\/\/gastronomicament.cat\/wp-content\/uploads\/2026\/08\/DO-Binissalem-Mallorca-verema-2026.jpg 1200w, https:\/\/gastronomicament.cat\/wp-content\/uploads\/2026\/08\/DO-Binissalem-Mallorca-verema-2026-300x200.jpg 300w, https:\/\/gastronomicament.cat\/wp-content\/uploads\/2026\/08\/DO-Binissalem-Mallorca-verema-2026-1024x683.jpg 1024w, https:\/\/gastronomicament.cat\/wp-content\/uploads\/2026\/08\/DO-Binissalem-Mallorca-verema-2026-768x512.jpg 768w\" sizes=\"(max-width: 1200px) 100vw, 1200px\" \/><\/figure>\n\n\n<div>\n<p class=\"gb-text gb-text-a18139bc\"><a href=\"https:\/\/gastronomicament.cat\/ca\/seccio\/actualitat\" rel=\"tag\">Actualitat<\/a> \/ <a href=\"https:\/\/gastronomicament.cat\/ca\/seccio\/actualitat\/reportatges-i-novetats\" rel=\"tag\">Reportatges i novetats<\/a><\/p>\n\n\n\n<h2 class=\"gb-text gb-text-f970a678 h4 is-style-underlined\"><a href=\"https:\/\/gastronomicament.cat\/ca\/la-do-binissalem-dona-el-sus-a-la-verema-de-2026-amb-molt-bona-qualitat-del-raim\">La DO Binissalem dona el sus a la verema de 2026 amb molt bona qualitat del ra\u00efm<\/a><\/h2>\n\n\n<div class=\"gb-container gb-container-3f03b7c3 date-reading-comments\">\n<p class=\"gb-headline gb-headline-6eed15ba gb-headline-text\"><time class=\"entry-date published\" datetime=\"2026-08-13T09:57:55+02:00\">13 agost 2026<\/time><\/p>\n\n\n<p class=\"gb-headline gb-headline-af6bfb2f gb-headline-text\">\u00b7<\/p>\n\n\n<div class=\"gb-container gb-container-c75f3255 reading-time-container\">\n3 minuts de lectura\n<\/div>\n\n\n<p class=\"gb-headline gb-headline-9d086f67 gb-headline-text\">\u00b7<\/p>\n\n\n<div class=\"gb-container gb-container-8b23b32f comments-count\">\n<p class=\"gb-headline gb-headline-12bcbb10 gb-headline-text\"><a href=\"https:\/\/gastronomicament.cat\/ca\/la-do-binissalem-dona-el-sus-a-la-verema-de-2026-amb-molt-bona-qualitat-del-raim#respond\">0<\/a><\/p>\n\n\n<p class=\"gb-headline gb-headline-1cf0f5a5\"><span class=\"gb-icon\"><svg fill=\"currentColor\" xml:space=\"preserve\" viewBox=\"0 0 64 64\" xmlns:xlink=\"http:\/\/www.w3.org\/1999\/xlink\" xmlns=\"http:\/\/www.w3.org\/2000\/svg\" id=\"Layer_1\" version=\"1.0\"><g stroke-width=\"0\" id=\"SVGRepo_bgCarrier\"><\/g><g stroke-linejoin=\"round\" stroke-linecap=\"round\" id=\"SVGRepo_tracerCarrier\"><\/g><g id=\"SVGRepo_iconCarrier\"> <path d=\"M60,0H4C1.789,0,0,1.789,0,4v40c0,2.211,1.789,4,4,4h8v12 c0,1.617,0.973,3.078,2.469,3.695C14.965,63.902,15.484,64,16,64c1.039,0,2.062-0.406,2.828-1.172L33.656,48H60c2.211,0,4-1.789,4-4 V4C64,1.789,62.211,0,60,0z\" fill=\"currentColor\" clip-rule=\"evenodd\" fill-rule=\"evenodd\"><\/path> <\/g><\/svg><\/span><\/p>\n\n<\/div>\n<\/div>\n\n<div class=\"wp-block-post-excerpt\"><p class=\"wp-block-post-excerpt__excerpt\">Les altes temperatures han obligat a ajustar els terminis de collita i a aplicar mesures d&#8217;adaptaci\u00f3 al canvi clim\u00e0tic a les vinyes de la comarca <\/p><\/div><\/div>\n<\/div>\n\n<div class=\"gb-loop-item gb-loop-item-a53af792 archive-template-grid-item post-106519 post type-post status-publish format-gallery has-post-thumbnail hentry category-actualitat category-reportatges-i-novetats post_format-post-format-gallery\"><figure class=\"archive-featured-img wp-block-post-featured-image\"><img decoding=\"async\" width=\"1200\" height=\"670\" src=\"https:\/\/gastronomicament.cat\/wp-content\/uploads\/2026\/08\/Begudes-energetiques-pic-1.jpg\" class=\"attachment-post-thumbnail size-post-thumbnail wp-post-image\" alt=\"\" style=\"aspect-ratio:4\/3;width:100%;height:200px;object-fit:cover;\" srcset=\"https:\/\/gastronomicament.cat\/wp-content\/uploads\/2026\/08\/Begudes-energetiques-pic-1.jpg 1200w, https:\/\/gastronomicament.cat\/wp-content\/uploads\/2026\/08\/Begudes-energetiques-pic-1-300x168.jpg 300w, https:\/\/gastronomicament.cat\/wp-content\/uploads\/2026\/08\/Begudes-energetiques-pic-1-1024x572.jpg 1024w, https:\/\/gastronomicament.cat\/wp-content\/uploads\/2026\/08\/Begudes-energetiques-pic-1-768x429.jpg 768w\" sizes=\"(max-width: 1200px) 100vw, 1200px\" \/><\/figure>\n\n\n<div>\n<p class=\"gb-text gb-text-a18139bc\"><a href=\"https:\/\/gastronomicament.cat\/ca\/seccio\/actualitat\" rel=\"tag\">Actualitat<\/a> \/ <a href=\"https:\/\/gastronomicament.cat\/ca\/seccio\/actualitat\/reportatges-i-novetats\" rel=\"tag\">Reportatges i novetats<\/a><\/p>\n\n\n\n<h2 class=\"gb-text gb-text-f970a678 h4 is-style-underlined\"><a href=\"https:\/\/gastronomicament.cat\/ca\/el-govern-de-les-illes-balears-aprova-un-decret-llei-que-protegeix-els-menors-davant-les-begudes-energetiques\">El Govern de les Illes Balears aprova un decret llei que protegeix els menors davant les begudes energ\u00e8tiques\u00a0<\/a><\/h2>\n\n\n<div class=\"gb-container gb-container-3f03b7c3 date-reading-comments\">\n<p class=\"gb-headline gb-headline-6eed15ba gb-headline-text\"><time class=\"entry-date published\" datetime=\"2026-08-10T10:16:18+02:00\">10 agost 2026<\/time><\/p>\n\n\n<p class=\"gb-headline gb-headline-af6bfb2f gb-headline-text\">\u00b7<\/p>\n\n\n<div class=\"gb-container gb-container-c75f3255 reading-time-container\">\n4 minuts de lectura\n<\/div>\n\n\n<p class=\"gb-headline gb-headline-9d086f67 gb-headline-text\">\u00b7<\/p>\n\n\n<div class=\"gb-container gb-container-8b23b32f comments-count\">\n<p class=\"gb-headline gb-headline-12bcbb10 gb-headline-text\"><a href=\"https:\/\/gastronomicament.cat\/ca\/el-govern-de-les-illes-balears-aprova-un-decret-llei-que-protegeix-els-menors-davant-les-begudes-energetiques#respond\">0<\/a><\/p>\n\n\n<p class=\"gb-headline gb-headline-1cf0f5a5\"><span class=\"gb-icon\"><svg fill=\"currentColor\" xml:space=\"preserve\" viewBox=\"0 0 64 64\" xmlns:xlink=\"http:\/\/www.w3.org\/1999\/xlink\" xmlns=\"http:\/\/www.w3.org\/2000\/svg\" id=\"Layer_1\" version=\"1.0\"><g stroke-width=\"0\" id=\"SVGRepo_bgCarrier\"><\/g><g stroke-linejoin=\"round\" stroke-linecap=\"round\" id=\"SVGRepo_tracerCarrier\"><\/g><g id=\"SVGRepo_iconCarrier\"> <path d=\"M60,0H4C1.789,0,0,1.789,0,4v40c0,2.211,1.789,4,4,4h8v12 c0,1.617,0.973,3.078,2.469,3.695C14.965,63.902,15.484,64,16,64c1.039,0,2.062-0.406,2.828-1.172L33.656,48H60c2.211,0,4-1.789,4-4 V4C64,1.789,62.211,0,60,0z\" fill=\"currentColor\" clip-rule=\"evenodd\" fill-rule=\"evenodd\"><\/path> <\/g><\/svg><\/span><\/p>\n\n<\/div>\n<\/div>\n\n<div class=\"wp-block-post-excerpt\"><p class=\"wp-block-post-excerpt__excerpt\">La normativa tamb\u00e9 regula l\u2019\u00fas de l\u2019\u00f2xid nitr\u00f3s entre els joves <\/p><\/div><\/div>\n<\/div>\n\n<div class=\"gb-loop-item gb-loop-item-a53af792 archive-template-grid-item post-106496 post type-post status-publish format-standard has-post-thumbnail hentry category-actualitat category-reportatges-i-novetats\"><figure class=\"archive-featured-img wp-block-post-featured-image\"><img decoding=\"async\" width=\"1529\" height=\"688\" src=\"https:\/\/gastronomicament.cat\/wp-content\/uploads\/2026\/08\/Can-Prunera-pic.jpg\" class=\"attachment-post-thumbnail size-post-thumbnail wp-post-image\" alt=\"\" style=\"aspect-ratio:4\/3;width:100%;height:200px;object-fit:cover;\" srcset=\"https:\/\/gastronomicament.cat\/wp-content\/uploads\/2026\/08\/Can-Prunera-pic.jpg 1529w, https:\/\/gastronomicament.cat\/wp-content\/uploads\/2026\/08\/Can-Prunera-pic-300x135.jpg 300w, https:\/\/gastronomicament.cat\/wp-content\/uploads\/2026\/08\/Can-Prunera-pic-1024x461.jpg 1024w, https:\/\/gastronomicament.cat\/wp-content\/uploads\/2026\/08\/Can-Prunera-pic-768x346.jpg 768w\" sizes=\"(max-width: 1529px) 100vw, 1529px\" \/><\/figure>\n\n\n<div>\n<p class=\"gb-text gb-text-a18139bc\"><a href=\"https:\/\/gastronomicament.cat\/ca\/seccio\/actualitat\" rel=\"tag\">Actualitat<\/a> \/ <a href=\"https:\/\/gastronomicament.cat\/ca\/seccio\/actualitat\/reportatges-i-novetats\" rel=\"tag\">Reportatges i novetats<\/a><\/p>\n\n\n\n<h2 class=\"gb-text gb-text-f970a678 h4 is-style-underlined\"><a href=\"https:\/\/gastronomicament.cat\/ca\/santi-taura-i-tomeu-arbona-uniran-cuina-i-art-a-can-prunera\">Santi Taura i Tomeu Arbona uniran cuina i art a Can Prunera<\/a><\/h2>\n\n\n<div class=\"gb-container gb-container-3f03b7c3 date-reading-comments\">\n<p class=\"gb-headline gb-headline-6eed15ba gb-headline-text\"><time class=\"entry-date published\" datetime=\"2026-08-06T10:11:44+02:00\">6 agost 2026<\/time><\/p>\n\n\n<p class=\"gb-headline gb-headline-af6bfb2f gb-headline-text\">\u00b7<\/p>\n\n\n<div class=\"gb-container gb-container-c75f3255 reading-time-container\">\n1 minut de lectura\n<\/div>\n\n\n<p class=\"gb-headline gb-headline-9d086f67 gb-headline-text\">\u00b7<\/p>\n\n\n<div class=\"gb-container gb-container-8b23b32f comments-count\">\n<p class=\"gb-headline gb-headline-12bcbb10 gb-headline-text\"><a href=\"https:\/\/gastronomicament.cat\/ca\/santi-taura-i-tomeu-arbona-uniran-cuina-i-art-a-can-prunera#respond\">0<\/a><\/p>\n\n\n<p class=\"gb-headline gb-headline-1cf0f5a5\"><span class=\"gb-icon\"><svg fill=\"currentColor\" xml:space=\"preserve\" viewBox=\"0 0 64 64\" xmlns:xlink=\"http:\/\/www.w3.org\/1999\/xlink\" xmlns=\"http:\/\/www.w3.org\/2000\/svg\" id=\"Layer_1\" version=\"1.0\"><g stroke-width=\"0\" id=\"SVGRepo_bgCarrier\"><\/g><g stroke-linejoin=\"round\" stroke-linecap=\"round\" id=\"SVGRepo_tracerCarrier\"><\/g><g id=\"SVGRepo_iconCarrier\"> <path d=\"M60,0H4C1.789,0,0,1.789,0,4v40c0,2.211,1.789,4,4,4h8v12 c0,1.617,0.973,3.078,2.469,3.695C14.965,63.902,15.484,64,16,64c1.039,0,2.062-0.406,2.828-1.172L33.656,48H60c2.211,0,4-1.789,4-4 V4C64,1.789,62.211,0,60,0z\" fill=\"currentColor\" clip-rule=\"evenodd\" fill-rule=\"evenodd\"><\/path> <\/g><\/svg><\/span><\/p>\n\n<\/div>\n<\/div>\n\n<div class=\"wp-block-post-excerpt\"><p class=\"wp-block-post-excerpt__excerpt\">L&#8217;esdeveniment, organitzat per Chefs(in), oferir\u00e0 un men\u00fa per a 30 persones el pr\u00f2xim 18 de setembre <\/p><\/div><\/div>\n<\/div>\n\n<div class=\"gb-loop-item gb-loop-item-a53af792 archive-template-grid-item post-106482 post type-post status-publish format-gallery has-post-thumbnail hentry category-actualitat category-reportatges-i-novetats post_format-post-format-gallery\"><figure class=\"archive-featured-img wp-block-post-featured-image\"><img decoding=\"async\" width=\"1200\" height=\"806\" src=\"https:\/\/gastronomicament.cat\/wp-content\/uploads\/2026\/08\/La-Nostra-Mostra-Cala-Sant-Vicenc-Pollenca.jpg\" class=\"attachment-post-thumbnail size-post-thumbnail wp-post-image\" alt=\"\" style=\"aspect-ratio:4\/3;width:100%;height:200px;object-fit:cover;\" srcset=\"https:\/\/gastronomicament.cat\/wp-content\/uploads\/2026\/08\/La-Nostra-Mostra-Cala-Sant-Vicenc-Pollenca.jpg 1200w, https:\/\/gastronomicament.cat\/wp-content\/uploads\/2026\/08\/La-Nostra-Mostra-Cala-Sant-Vicenc-Pollenca-300x202.jpg 300w, https:\/\/gastronomicament.cat\/wp-content\/uploads\/2026\/08\/La-Nostra-Mostra-Cala-Sant-Vicenc-Pollenca-1024x688.jpg 1024w, https:\/\/gastronomicament.cat\/wp-content\/uploads\/2026\/08\/La-Nostra-Mostra-Cala-Sant-Vicenc-Pollenca-768x516.jpg 768w\" sizes=\"(max-width: 1200px) 100vw, 1200px\" \/><\/figure>\n\n\n<div>\n<p class=\"gb-text gb-text-a18139bc\"><a href=\"https:\/\/gastronomicament.cat\/ca\/seccio\/actualitat\" rel=\"tag\">Actualitat<\/a> \/ <a href=\"https:\/\/gastronomicament.cat\/ca\/seccio\/actualitat\/reportatges-i-novetats\" rel=\"tag\">Reportatges i novetats<\/a><\/p>\n\n\n\n<h2 class=\"gb-text gb-text-f970a678 h4 is-style-underlined\"><a href=\"https:\/\/gastronomicament.cat\/ca\/gastronomia-artesania-i-musica-a-la-nostra-mostra\">Gastronomia, artesania i m\u00fasica a La Nostra Mostra<\/a><\/h2>\n\n\n<div class=\"gb-container gb-container-3f03b7c3 date-reading-comments\">\n<p class=\"gb-headline gb-headline-6eed15ba gb-headline-text\"><time class=\"entry-date published\" datetime=\"2026-08-03T13:13:06+02:00\">3 agost 2026<\/time><\/p>\n\n\n<p class=\"gb-headline gb-headline-af6bfb2f gb-headline-text\">\u00b7<\/p>\n\n\n<div class=\"gb-container gb-container-c75f3255 reading-time-container\">\n2 minuts de lectura\n<\/div>\n\n\n<p class=\"gb-headline gb-headline-9d086f67 gb-headline-text\">\u00b7<\/p>\n\n\n<div class=\"gb-container gb-container-8b23b32f comments-count\">\n<p class=\"gb-headline gb-headline-12bcbb10 gb-headline-text\"><a href=\"https:\/\/gastronomicament.cat\/ca\/gastronomia-artesania-i-musica-a-la-nostra-mostra#respond\">0<\/a><\/p>\n\n\n<p class=\"gb-headline gb-headline-1cf0f5a5\"><span class=\"gb-icon\"><svg fill=\"currentColor\" xml:space=\"preserve\" viewBox=\"0 0 64 64\" xmlns:xlink=\"http:\/\/www.w3.org\/1999\/xlink\" xmlns=\"http:\/\/www.w3.org\/2000\/svg\" id=\"Layer_1\" version=\"1.0\"><g stroke-width=\"0\" id=\"SVGRepo_bgCarrier\"><\/g><g stroke-linejoin=\"round\" stroke-linecap=\"round\" id=\"SVGRepo_tracerCarrier\"><\/g><g id=\"SVGRepo_iconCarrier\"> <path d=\"M60,0H4C1.789,0,0,1.789,0,4v40c0,2.211,1.789,4,4,4h8v12 c0,1.617,0.973,3.078,2.469,3.695C14.965,63.902,15.484,64,16,64c1.039,0,2.062-0.406,2.828-1.172L33.656,48H60c2.211,0,4-1.789,4-4 V4C64,1.789,62.211,0,60,0z\" fill=\"currentColor\" clip-rule=\"evenodd\" fill-rule=\"evenodd\"><\/path> <\/g><\/svg><\/span><\/p>\n\n<\/div>\n<\/div>\n\n<div class=\"wp-block-post-excerpt\"><p class=\"wp-block-post-excerpt__excerpt\">La cita ser\u00e0 dia 9 d&#8217;agost a l\u2019antiga esgl\u00e9sia de Cala Sant Vicen\u00e7 <\/p><\/div><\/div>\n<\/div>\n\n<div class=\"gb-loop-item gb-loop-item-a53af792 archive-template-grid-item post-106430 post type-post status-publish format-standard has-post-thumbnail hentry category-actualitat category-reportatges-i-novetats\"><figure class=\"archive-featured-img wp-block-post-featured-image\"><img decoding=\"async\" width=\"2000\" height=\"1333\" src=\"https:\/\/gastronomicament.cat\/wp-content\/uploads\/2026\/07\/Ossos-i-aliments.jpg\" class=\"attachment-post-thumbnail size-post-thumbnail wp-post-image\" alt=\"\" style=\"aspect-ratio:4\/3;width:100%;height:200px;object-fit:cover;\" srcset=\"https:\/\/gastronomicament.cat\/wp-content\/uploads\/2026\/07\/Ossos-i-aliments.jpg 2000w, https:\/\/gastronomicament.cat\/wp-content\/uploads\/2026\/07\/Ossos-i-aliments-300x200.jpg 300w, https:\/\/gastronomicament.cat\/wp-content\/uploads\/2026\/07\/Ossos-i-aliments-1024x682.jpg 1024w, https:\/\/gastronomicament.cat\/wp-content\/uploads\/2026\/07\/Ossos-i-aliments-768x512.jpg 768w, https:\/\/gastronomicament.cat\/wp-content\/uploads\/2026\/07\/Ossos-i-aliments-1536x1024.jpg 1536w\" sizes=\"(max-width: 2000px) 100vw, 2000px\" \/><\/figure>\n\n\n<div>\n<p class=\"gb-text gb-text-a18139bc\"><a href=\"https:\/\/gastronomicament.cat\/ca\/seccio\/actualitat\" rel=\"tag\">Actualitat<\/a> \/ <a href=\"https:\/\/gastronomicament.cat\/ca\/seccio\/actualitat\/reportatges-i-novetats\" rel=\"tag\">Reportatges i novetats<\/a><\/p>\n\n\n\n<h2 class=\"gb-text gb-text-f970a678 h4 is-style-underlined\"><a href=\"https:\/\/gastronomicament.cat\/ca\/aliments-que-ajuden-a-mantenir-els-ossos-forts\">Aliments que ajuden a mantenir els ossos forts<\/a><\/h2>\n\n\n<div class=\"gb-container gb-container-3f03b7c3 date-reading-comments\">\n<p class=\"gb-headline gb-headline-6eed15ba gb-headline-text\"><time class=\"entry-date published\" datetime=\"2026-07-30T11:02:56+02:00\">30 juliol 2026<\/time><\/p>\n\n\n<p class=\"gb-headline gb-headline-af6bfb2f gb-headline-text\">\u00b7<\/p>\n\n\n<div class=\"gb-container gb-container-c75f3255 reading-time-container\">\n3 minuts de lectura\n<\/div>\n\n\n<p class=\"gb-headline gb-headline-9d086f67 gb-headline-text\">\u00b7<\/p>\n\n\n<div class=\"gb-container gb-container-8b23b32f comments-count\">\n<p class=\"gb-headline gb-headline-12bcbb10 gb-headline-text\"><a href=\"https:\/\/gastronomicament.cat\/ca\/aliments-que-ajuden-a-mantenir-els-ossos-forts#respond\">0<\/a><\/p>\n\n\n<p class=\"gb-headline gb-headline-1cf0f5a5\"><span class=\"gb-icon\"><svg fill=\"currentColor\" xml:space=\"preserve\" viewBox=\"0 0 64 64\" xmlns:xlink=\"http:\/\/www.w3.org\/1999\/xlink\" xmlns=\"http:\/\/www.w3.org\/2000\/svg\" id=\"Layer_1\" version=\"1.0\"><g stroke-width=\"0\" id=\"SVGRepo_bgCarrier\"><\/g><g stroke-linejoin=\"round\" stroke-linecap=\"round\" id=\"SVGRepo_tracerCarrier\"><\/g><g id=\"SVGRepo_iconCarrier\"> <path d=\"M60,0H4C1.789,0,0,1.789,0,4v40c0,2.211,1.789,4,4,4h8v12 c0,1.617,0.973,3.078,2.469,3.695C14.965,63.902,15.484,64,16,64c1.039,0,2.062-0.406,2.828-1.172L33.656,48H60c2.211,0,4-1.789,4-4 V4C64,1.789,62.211,0,60,0z\" fill=\"currentColor\" clip-rule=\"evenodd\" fill-rule=\"evenodd\"><\/path> <\/g><\/svg><\/span><\/p>\n\n<\/div>\n<\/div>\n\n<div class=\"wp-block-post-excerpt\"><p class=\"wp-block-post-excerpt__excerpt\">Con\u00e8ixer quins aliments aporten els nutrients necessaris \u00e9s una bona manera de cuidar l\u2019esquelet i prevenir problemes futurs <\/p><\/div><\/div>\n<\/div>\n\n<div class=\"gb-loop-item gb-loop-item-a53af792 archive-template-grid-item post-106424 post type-post status-publish format-standard has-post-thumbnail hentry category-actualitat category-reportatges-i-novetats\"><figure class=\"archive-featured-img wp-block-post-featured-image\"><img decoding=\"async\" width=\"885\" height=\"457\" src=\"https:\/\/gastronomicament.cat\/wp-content\/uploads\/2026\/07\/Can-Biel-Felip-Palma.jpg\" class=\"attachment-post-thumbnail size-post-thumbnail wp-post-image\" alt=\"\" style=\"aspect-ratio:4\/3;width:100%;height:200px;object-fit:cover;\" srcset=\"https:\/\/gastronomicament.cat\/wp-content\/uploads\/2026\/07\/Can-Biel-Felip-Palma.jpg 885w, https:\/\/gastronomicament.cat\/wp-content\/uploads\/2026\/07\/Can-Biel-Felip-Palma-300x155.jpg 300w, https:\/\/gastronomicament.cat\/wp-content\/uploads\/2026\/07\/Can-Biel-Felip-Palma-768x397.jpg 768w\" sizes=\"(max-width: 885px) 100vw, 885px\" \/><\/figure>\n\n\n<div>\n<p class=\"gb-text gb-text-a18139bc\"><a href=\"https:\/\/gastronomicament.cat\/ca\/seccio\/actualitat\" rel=\"tag\">Actualitat<\/a> \/ <a href=\"https:\/\/gastronomicament.cat\/ca\/seccio\/actualitat\/reportatges-i-novetats\" rel=\"tag\">Reportatges i novetats<\/a><\/p>\n\n\n\n<h2 class=\"gb-text gb-text-f970a678 h4 is-style-underlined\"><a href=\"https:\/\/gastronomicament.cat\/ca\/el-bar-can-biel-felip-de-palma-baixa-la-persiana-despres-de-mes-de-tres-decades-dhistoria\">El Bar Can Biel Felip de Palma baixa la persiana despr\u00e9s de m\u00e9s de tres d\u00e8cades d&#8217;hist\u00f2ria<\/a><\/h2>\n\n\n<div class=\"gb-container gb-container-3f03b7c3 date-reading-comments\">\n<p class=\"gb-headline gb-headline-6eed15ba gb-headline-text\"><time class=\"entry-date published\" datetime=\"2026-07-30T10:58:40+02:00\">30 juliol 2026<\/time><\/p>\n\n\n<p class=\"gb-headline gb-headline-af6bfb2f gb-headline-text\">\u00b7<\/p>\n\n\n<div class=\"gb-container gb-container-c75f3255 reading-time-container\">\n2 minuts de lectura\n<\/div>\n\n\n<p class=\"gb-headline gb-headline-9d086f67 gb-headline-text\">\u00b7<\/p>\n\n\n<div class=\"gb-container gb-container-8b23b32f comments-count\">\n<p class=\"gb-headline gb-headline-12bcbb10 gb-headline-text\"><a href=\"https:\/\/gastronomicament.cat\/ca\/el-bar-can-biel-felip-de-palma-baixa-la-persiana-despres-de-mes-de-tres-decades-dhistoria#respond\">0<\/a><\/p>\n\n\n<p class=\"gb-headline gb-headline-1cf0f5a5\"><span class=\"gb-icon\"><svg fill=\"currentColor\" xml:space=\"preserve\" viewBox=\"0 0 64 64\" xmlns:xlink=\"http:\/\/www.w3.org\/1999\/xlink\" xmlns=\"http:\/\/www.w3.org\/2000\/svg\" id=\"Layer_1\" version=\"1.0\"><g stroke-width=\"0\" id=\"SVGRepo_bgCarrier\"><\/g><g stroke-linejoin=\"round\" stroke-linecap=\"round\" id=\"SVGRepo_tracerCarrier\"><\/g><g id=\"SVGRepo_iconCarrier\"> <path d=\"M60,0H4C1.789,0,0,1.789,0,4v40c0,2.211,1.789,4,4,4h8v12 c0,1.617,0.973,3.078,2.469,3.695C14.965,63.902,15.484,64,16,64c1.039,0,2.062-0.406,2.828-1.172L33.656,48H60c2.211,0,4-1.789,4-4 V4C64,1.789,62.211,0,60,0z\" fill=\"currentColor\" clip-rule=\"evenodd\" fill-rule=\"evenodd\"><\/path> <\/g><\/svg><\/span><\/p>\n\n<\/div>\n<\/div>\n\n<div class=\"wp-block-post-excerpt\"><p class=\"wp-block-post-excerpt__excerpt\">L&#8217;emblem\u00e0tic local, referent indiscutible de la cuina tradicional mallorquina i del c\u00e8lebre variat, s&#8217;acomiada de la seva clientela fidel <\/p><\/div><\/div>\n<\/div>\n\n<div class=\"gb-loop-item gb-loop-item-a53af792 archive-template-grid-item post-106414 post type-post status-publish format-gallery has-post-thumbnail hentry category-actualitat category-reportatges-i-novetats post_format-post-format-gallery\"><figure class=\"archive-featured-img wp-block-post-featured-image\"><img decoding=\"async\" width=\"1080\" height=\"1080\" src=\"https:\/\/gastronomicament.cat\/wp-content\/uploads\/2026\/07\/Puig-pic-2.jpg\" class=\"attachment-post-thumbnail size-post-thumbnail wp-post-image\" alt=\"\" style=\"aspect-ratio:4\/3;width:100%;height:200px;object-fit:cover;\" srcset=\"https:\/\/gastronomicament.cat\/wp-content\/uploads\/2026\/07\/Puig-pic-2.jpg 1080w, https:\/\/gastronomicament.cat\/wp-content\/uploads\/2026\/07\/Puig-pic-2-300x300.jpg 300w, https:\/\/gastronomicament.cat\/wp-content\/uploads\/2026\/07\/Puig-pic-2-1024x1024.jpg 1024w, https:\/\/gastronomicament.cat\/wp-content\/uploads\/2026\/07\/Puig-pic-2-150x150.jpg 150w, https:\/\/gastronomicament.cat\/wp-content\/uploads\/2026\/07\/Puig-pic-2-768x768.jpg 768w\" sizes=\"(max-width: 1080px) 100vw, 1080px\" \/><\/figure>\n\n\n<div>\n<p class=\"gb-text gb-text-a18139bc\"><a href=\"https:\/\/gastronomicament.cat\/ca\/seccio\/actualitat\" rel=\"tag\">Actualitat<\/a> \/ <a href=\"https:\/\/gastronomicament.cat\/ca\/seccio\/actualitat\/reportatges-i-novetats\" rel=\"tag\">Reportatges i novetats<\/a><\/p>\n\n\n\n<h2 class=\"gb-text gb-text-f970a678 h4 is-style-underlined\"><a href=\"https:\/\/gastronomicament.cat\/ca\/begudes-puig-equipa-el-ciclista-mallorqui\">Begudes Puig equipa el ciclista mallorqu\u00ed<\/a><\/h2>\n\n\n<div class=\"gb-container gb-container-3f03b7c3 date-reading-comments\">\n<p class=\"gb-headline gb-headline-6eed15ba gb-headline-text\"><time class=\"entry-date published\" datetime=\"2026-07-30T10:36:13+02:00\">30 juliol 2026<\/time><\/p>\n\n\n<p class=\"gb-headline gb-headline-af6bfb2f gb-headline-text\">\u00b7<\/p>\n\n\n<div class=\"gb-container gb-container-c75f3255 reading-time-container\">\n2 minuts de lectura\n<\/div>\n\n\n<p class=\"gb-headline gb-headline-9d086f67 gb-headline-text\">\u00b7<\/p>\n\n\n<div class=\"gb-container gb-container-8b23b32f comments-count\">\n<p class=\"gb-headline gb-headline-12bcbb10 gb-headline-text\"><a href=\"https:\/\/gastronomicament.cat\/ca\/begudes-puig-equipa-el-ciclista-mallorqui#respond\">0<\/a><\/p>\n\n\n<p class=\"gb-headline gb-headline-1cf0f5a5\"><span class=\"gb-icon\"><svg fill=\"currentColor\" xml:space=\"preserve\" viewBox=\"0 0 64 64\" xmlns:xlink=\"http:\/\/www.w3.org\/1999\/xlink\" xmlns=\"http:\/\/www.w3.org\/2000\/svg\" id=\"Layer_1\" version=\"1.0\"><g stroke-width=\"0\" id=\"SVGRepo_bgCarrier\"><\/g><g stroke-linejoin=\"round\" stroke-linecap=\"round\" id=\"SVGRepo_tracerCarrier\"><\/g><g id=\"SVGRepo_iconCarrier\"> <path d=\"M60,0H4C1.789,0,0,1.789,0,4v40c0,2.211,1.789,4,4,4h8v12 c0,1.617,0.973,3.078,2.469,3.695C14.965,63.902,15.484,64,16,64c1.039,0,2.062-0.406,2.828-1.172L33.656,48H60c2.211,0,4-1.789,4-4 V4C64,1.789,62.211,0,60,0z\" fill=\"currentColor\" clip-rule=\"evenodd\" fill-rule=\"evenodd\"><\/path> <\/g><\/svg><\/span><\/p>\n\n<\/div>\n<\/div>\n\n<div class=\"wp-block-post-excerpt\"><p class=\"wp-block-post-excerpt__excerpt\">L\u2019empresa mallorquina reivindica el producte de quil\u00f2metre zero i el paisatge de les illes amb el llan\u00e7ament del seu mallot oficial <\/p><\/div><\/div>\n<\/div>\n\n<div class=\"gb-loop-item gb-loop-item-a53af792 archive-template-grid-item post-106402 post type-post status-publish format-standard has-post-thumbnail hentry category-actualitat category-reportatges-i-novetats\"><figure class=\"archive-featured-img wp-block-post-featured-image\"><img decoding=\"async\" width=\"1200\" height=\"675\" src=\"https:\/\/gastronomicament.cat\/wp-content\/uploads\/2026\/07\/Les-Grands-Buffets-Narbona-restaurant.jpg\" class=\"attachment-post-thumbnail size-post-thumbnail wp-post-image\" alt=\"\" style=\"aspect-ratio:4\/3;width:100%;height:200px;object-fit:cover;\" srcset=\"https:\/\/gastronomicament.cat\/wp-content\/uploads\/2026\/07\/Les-Grands-Buffets-Narbona-restaurant.jpg 1200w, https:\/\/gastronomicament.cat\/wp-content\/uploads\/2026\/07\/Les-Grands-Buffets-Narbona-restaurant-300x169.jpg 300w, https:\/\/gastronomicament.cat\/wp-content\/uploads\/2026\/07\/Les-Grands-Buffets-Narbona-restaurant-1024x576.jpg 1024w, https:\/\/gastronomicament.cat\/wp-content\/uploads\/2026\/07\/Les-Grands-Buffets-Narbona-restaurant-768x432.jpg 768w\" sizes=\"(max-width: 1200px) 100vw, 1200px\" \/><\/figure>\n\n\n<div>\n<p class=\"gb-text gb-text-a18139bc\"><a href=\"https:\/\/gastronomicament.cat\/ca\/seccio\/actualitat\" rel=\"tag\">Actualitat<\/a> \/ <a href=\"https:\/\/gastronomicament.cat\/ca\/seccio\/actualitat\/reportatges-i-novetats\" rel=\"tag\">Reportatges i novetats<\/a><\/p>\n\n\n\n<h2 class=\"gb-text gb-text-f970a678 h4 is-style-underlined\"><a href=\"https:\/\/gastronomicament.cat\/ca\/el-restaurant-occita-les-grands-buffets-ja-permet-reservar-en-catala\">El restaurant occit\u00e0 Les Grands Buffets ja permet reservar en catal\u00e0<\/a><\/h2>\n\n\n<div class=\"gb-container gb-container-3f03b7c3 date-reading-comments\">\n<p class=\"gb-headline gb-headline-6eed15ba gb-headline-text\"><time class=\"entry-date published\" datetime=\"2026-07-23T10:03:33+02:00\">23 juliol 2026<\/time><\/p>\n\n\n<p class=\"gb-headline gb-headline-af6bfb2f gb-headline-text\">\u00b7<\/p>\n\n\n<div class=\"gb-container gb-container-c75f3255 reading-time-container\">\n2 minuts de lectura\n<\/div>\n\n\n<p class=\"gb-headline gb-headline-9d086f67 gb-headline-text\">\u00b7<\/p>\n\n\n<div class=\"gb-container gb-container-8b23b32f comments-count\">\n<p class=\"gb-headline gb-headline-12bcbb10 gb-headline-text\"><a href=\"https:\/\/gastronomicament.cat\/ca\/el-restaurant-occita-les-grands-buffets-ja-permet-reservar-en-catala#respond\">0<\/a><\/p>\n\n\n<p class=\"gb-headline gb-headline-1cf0f5a5\"><span class=\"gb-icon\"><svg fill=\"currentColor\" xml:space=\"preserve\" viewBox=\"0 0 64 64\" xmlns:xlink=\"http:\/\/www.w3.org\/1999\/xlink\" xmlns=\"http:\/\/www.w3.org\/2000\/svg\" id=\"Layer_1\" version=\"1.0\"><g stroke-width=\"0\" id=\"SVGRepo_bgCarrier\"><\/g><g stroke-linejoin=\"round\" stroke-linecap=\"round\" id=\"SVGRepo_tracerCarrier\"><\/g><g id=\"SVGRepo_iconCarrier\"> <path d=\"M60,0H4C1.789,0,0,1.789,0,4v40c0,2.211,1.789,4,4,4h8v12 c0,1.617,0.973,3.078,2.469,3.695C14.965,63.902,15.484,64,16,64c1.039,0,2.062-0.406,2.828-1.172L33.656,48H60c2.211,0,4-1.789,4-4 V4C64,1.789,62.211,0,60,0z\" fill=\"currentColor\" clip-rule=\"evenodd\" fill-rule=\"evenodd\"><\/path> <\/g><\/svg><\/span><\/p>\n\n<\/div>\n<\/div>\n\n<div class=\"wp-block-post-excerpt\"><p class=\"wp-block-post-excerpt__excerpt\">L&#8217;establiment de Narbona fa un pas m\u00e9s en la seva relaci\u00f3 amb el p\u00fablic catal\u00e0 i incorpora el catal\u00e0 al seu sistema de reserves <\/p><\/div><\/div>\n<\/div>\n\n<div class=\"gb-loop-item gb-loop-item-a53af792 archive-template-grid-item post-106394 post type-post status-publish format-standard has-post-thumbnail hentry category-actualitat category-concursos-i-premis\"><figure class=\"archive-featured-img wp-block-post-featured-image\"><img decoding=\"async\" width=\"886\" height=\"550\" src=\"https:\/\/gastronomicament.cat\/wp-content\/uploads\/2026\/07\/Nomads-food-truk-UIB.jpeg\" class=\"attachment-post-thumbnail size-post-thumbnail wp-post-image\" alt=\"\" style=\"aspect-ratio:4\/3;width:100%;height:200px;object-fit:cover;\" srcset=\"https:\/\/gastronomicament.cat\/wp-content\/uploads\/2026\/07\/Nomads-food-truk-UIB.jpeg 886w, https:\/\/gastronomicament.cat\/wp-content\/uploads\/2026\/07\/Nomads-food-truk-UIB-300x186.jpeg 300w, https:\/\/gastronomicament.cat\/wp-content\/uploads\/2026\/07\/Nomads-food-truk-UIB-768x477.jpeg 768w\" sizes=\"(max-width: 886px) 100vw, 886px\" \/><\/figure>\n\n\n<div>\n<p class=\"gb-text gb-text-a18139bc\"><a href=\"https:\/\/gastronomicament.cat\/ca\/seccio\/actualitat\" rel=\"tag\">Actualitat<\/a> \/ <a href=\"https:\/\/gastronomicament.cat\/ca\/seccio\/actualitat\/concursos-i-premis\" rel=\"tag\">Concursos i premis<\/a><\/p>\n\n\n\n<h2 class=\"gb-text gb-text-f970a678 h4 is-style-underlined\"><a href=\"https:\/\/gastronomicament.cat\/ca\/el-projecte-de-food-truck-nomads-guanya-la-2a-edicio-dels-premis-joves-emprenedors-universitaris\">El projecte de\u00a0food truck\u00a0Nomad\u2019s guanya la 2a edici\u00f3 dels Premis Joves Emprenedors Universitaris\u00a0<\/a><\/h2>\n\n\n<div class=\"gb-container gb-container-3f03b7c3 date-reading-comments\">\n<p class=\"gb-headline gb-headline-6eed15ba gb-headline-text\"><time class=\"entry-date published\" datetime=\"2026-07-23T09:58:19+02:00\">23 juliol 2026<\/time><\/p>\n\n\n<p class=\"gb-headline gb-headline-af6bfb2f gb-headline-text\">\u00b7<\/p>\n\n\n<div class=\"gb-container gb-container-c75f3255 reading-time-container\">\n2 minuts de lectura\n<\/div>\n\n\n<p class=\"gb-headline gb-headline-9d086f67 gb-headline-text\">\u00b7<\/p>\n\n\n<div class=\"gb-container gb-container-8b23b32f comments-count\">\n<p class=\"gb-headline gb-headline-12bcbb10 gb-headline-text\"><a href=\"https:\/\/gastronomicament.cat\/ca\/el-projecte-de-food-truck-nomads-guanya-la-2a-edicio-dels-premis-joves-emprenedors-universitaris#respond\">0<\/a><\/p>\n\n\n<p class=\"gb-headline gb-headline-1cf0f5a5\"><span class=\"gb-icon\"><svg fill=\"currentColor\" xml:space=\"preserve\" viewBox=\"0 0 64 64\" xmlns:xlink=\"http:\/\/www.w3.org\/1999\/xlink\" xmlns=\"http:\/\/www.w3.org\/2000\/svg\" id=\"Layer_1\" version=\"1.0\"><g stroke-width=\"0\" id=\"SVGRepo_bgCarrier\"><\/g><g stroke-linejoin=\"round\" stroke-linecap=\"round\" id=\"SVGRepo_tracerCarrier\"><\/g><g id=\"SVGRepo_iconCarrier\"> <path d=\"M60,0H4C1.789,0,0,1.789,0,4v40c0,2.211,1.789,4,4,4h8v12 c0,1.617,0.973,3.078,2.469,3.695C14.965,63.902,15.484,64,16,64c1.039,0,2.062-0.406,2.828-1.172L33.656,48H60c2.211,0,4-1.789,4-4 V4C64,1.789,62.211,0,60,0z\" fill=\"currentColor\" clip-rule=\"evenodd\" fill-rule=\"evenodd\"><\/path> <\/g><\/svg><\/span><\/p>\n\n<\/div>\n<\/div>\n\n<div class=\"wp-block-post-excerpt\"><p class=\"wp-block-post-excerpt__excerpt\">La iniciativa, creada per alumnes de la Facultat de Turisme, ofereix una alternativa gastron\u00f2mica itinerant, econ\u00f2mica i tecnol\u00f2gica per al campus <\/p><\/div><\/div>\n<\/div>\n\n<div class=\"gb-loop-item gb-loop-item-a53af792 archive-template-grid-item post-106380 post type-post status-publish format-standard has-post-thumbnail hentry category-actualitat category-reportatges-i-novetats\"><figure class=\"archive-featured-img wp-block-post-featured-image\"><img decoding=\"async\" width=\"1065\" height=\"710\" src=\"https:\/\/gastronomicament.cat\/wp-content\/uploads\/2026\/07\/Unio-de-Pagesos-Mallorca-2026-producte-km0-quilometre-zero.jpg\" class=\"attachment-post-thumbnail size-post-thumbnail wp-post-image\" alt=\"\" style=\"aspect-ratio:4\/3;width:100%;height:200px;object-fit:cover;\" srcset=\"https:\/\/gastronomicament.cat\/wp-content\/uploads\/2026\/07\/Unio-de-Pagesos-Mallorca-2026-producte-km0-quilometre-zero.jpg 1065w, https:\/\/gastronomicament.cat\/wp-content\/uploads\/2026\/07\/Unio-de-Pagesos-Mallorca-2026-producte-km0-quilometre-zero-300x200.jpg 300w, https:\/\/gastronomicament.cat\/wp-content\/uploads\/2026\/07\/Unio-de-Pagesos-Mallorca-2026-producte-km0-quilometre-zero-1024x683.jpg 1024w, https:\/\/gastronomicament.cat\/wp-content\/uploads\/2026\/07\/Unio-de-Pagesos-Mallorca-2026-producte-km0-quilometre-zero-768x512.jpg 768w\" sizes=\"(max-width: 1065px) 100vw, 1065px\" \/><\/figure>\n\n\n<div>\n<p class=\"gb-text gb-text-a18139bc\"><a href=\"https:\/\/gastronomicament.cat\/ca\/seccio\/actualitat\" rel=\"tag\">Actualitat<\/a> \/ <a href=\"https:\/\/gastronomicament.cat\/ca\/seccio\/actualitat\/reportatges-i-novetats\" rel=\"tag\">Reportatges i novetats<\/a><\/p>\n\n\n\n<h2 class=\"gb-text gb-text-f970a678 h4 is-style-underlined\"><a href=\"https:\/\/gastronomicament.cat\/ca\/unio-de-pagesos-de-mallorca-denuncia-la-inaccio-del-consell-davant-lincompliment-de-la-llei-turistica-sobre-producte-local\">Uni\u00f3 de Pagesos de Mallorca denuncia la inacci\u00f3 del Consell davant l&#8217;incompliment de la llei tur\u00edstica sobre producte local<\/a><\/h2>\n\n\n<div class=\"gb-container gb-container-3f03b7c3 date-reading-comments\">\n<p class=\"gb-headline gb-headline-6eed15ba gb-headline-text\"><time class=\"entry-date published\" datetime=\"2026-07-22T10:49:02+02:00\">22 juliol 2026<\/time><\/p>\n\n\n<p class=\"gb-headline gb-headline-af6bfb2f gb-headline-text\">\u00b7<\/p>\n\n\n<div class=\"gb-container gb-container-c75f3255 reading-time-container\">\n2 minuts de lectura\n<\/div>\n\n\n<p class=\"gb-headline gb-headline-9d086f67 gb-headline-text\">\u00b7<\/p>\n\n\n<div class=\"gb-container gb-container-8b23b32f comments-count\">\n<p class=\"gb-headline gb-headline-12bcbb10 gb-headline-text\"><a href=\"https:\/\/gastronomicament.cat\/ca\/unio-de-pagesos-de-mallorca-denuncia-la-inaccio-del-consell-davant-lincompliment-de-la-llei-turistica-sobre-producte-local#respond\">0<\/a><\/p>\n\n\n<p class=\"gb-headline gb-headline-1cf0f5a5\"><span class=\"gb-icon\"><svg fill=\"currentColor\" xml:space=\"preserve\" viewBox=\"0 0 64 64\" xmlns:xlink=\"http:\/\/www.w3.org\/1999\/xlink\" xmlns=\"http:\/\/www.w3.org\/2000\/svg\" id=\"Layer_1\" version=\"1.0\"><g stroke-width=\"0\" id=\"SVGRepo_bgCarrier\"><\/g><g stroke-linejoin=\"round\" stroke-linecap=\"round\" id=\"SVGRepo_tracerCarrier\"><\/g><g id=\"SVGRepo_iconCarrier\"> <path d=\"M60,0H4C1.789,0,0,1.789,0,4v40c0,2.211,1.789,4,4,4h8v12 c0,1.617,0.973,3.078,2.469,3.695C14.965,63.902,15.484,64,16,64c1.039,0,2.062-0.406,2.828-1.172L33.656,48H60c2.211,0,4-1.789,4-4 V4C64,1.789,62.211,0,60,0z\" fill=\"currentColor\" clip-rule=\"evenodd\" fill-rule=\"evenodd\"><\/path> <\/g><\/svg><\/span><\/p>\n\n<\/div>\n<\/div>\n\n<div class=\"wp-block-post-excerpt\"><p class=\"wp-block-post-excerpt__excerpt\">L&#8217;organitzaci\u00f3 alerta que les vendes de fruita i verdura local han caigut un 30% des de gener i reclama sancions al sector tur\u00edstic per no complir la normativa <\/p><\/div><\/div>\n<\/div>\n\n<div class=\"gb-loop-item gb-loop-item-a53af792 archive-template-grid-item post-106344 post type-post status-publish format-gallery has-post-thumbnail hentry category-actualitat category-reportatges-i-novetats post_format-post-format-gallery\"><figure class=\"archive-featured-img wp-block-post-featured-image\"><img decoding=\"async\" width=\"1600\" height=\"1019\" src=\"https:\/\/gastronomicament.cat\/wp-content\/uploads\/2026\/07\/Alvaro-Salazar-Voro-Villa-Sofia-restaurant-1.jpg\" class=\"attachment-post-thumbnail size-post-thumbnail wp-post-image\" alt=\"\" style=\"aspect-ratio:4\/3;width:100%;height:200px;object-fit:cover;\" srcset=\"https:\/\/gastronomicament.cat\/wp-content\/uploads\/2026\/07\/Alvaro-Salazar-Voro-Villa-Sofia-restaurant-1.jpg 1600w, https:\/\/gastronomicament.cat\/wp-content\/uploads\/2026\/07\/Alvaro-Salazar-Voro-Villa-Sofia-restaurant-1-300x191.jpg 300w, https:\/\/gastronomicament.cat\/wp-content\/uploads\/2026\/07\/Alvaro-Salazar-Voro-Villa-Sofia-restaurant-1-1024x652.jpg 1024w, https:\/\/gastronomicament.cat\/wp-content\/uploads\/2026\/07\/Alvaro-Salazar-Voro-Villa-Sofia-restaurant-1-768x489.jpg 768w, https:\/\/gastronomicament.cat\/wp-content\/uploads\/2026\/07\/Alvaro-Salazar-Voro-Villa-Sofia-restaurant-1-1536x978.jpg 1536w\" sizes=\"(max-width: 1600px) 100vw, 1600px\" \/><\/figure>\n\n\n<div>\n<p class=\"gb-text gb-text-a18139bc\"><a href=\"https:\/\/gastronomicament.cat\/ca\/seccio\/actualitat\" rel=\"tag\">Actualitat<\/a> \/ <a href=\"https:\/\/gastronomicament.cat\/ca\/seccio\/actualitat\/reportatges-i-novetats\" rel=\"tag\">Reportatges i novetats<\/a><\/p>\n\n\n\n<h2 class=\"gb-text gb-text-f970a678 h4 is-style-underlined\"><a href=\"https:\/\/gastronomicament.cat\/ca\/el-xef-alvaro-salazar-crea-un-plat-exclusiu-per-al-restaurant-villa-sofia\">El xef \u00c1lvaro Salazar crea un plat exclusiu per al restaurant Villa Sofia<\/a><\/h2>\n\n\n<div class=\"gb-container gb-container-3f03b7c3 date-reading-comments\">\n<p class=\"gb-headline gb-headline-6eed15ba gb-headline-text\"><time class=\"entry-date published\" datetime=\"2026-07-16T10:31:06+02:00\">16 juliol 2026<\/time><\/p>\n\n\n<p class=\"gb-headline gb-headline-af6bfb2f gb-headline-text\">\u00b7<\/p>\n\n\n<div class=\"gb-container gb-container-c75f3255 reading-time-container\">\n2 minuts de lectura\n<\/div>\n\n\n<p class=\"gb-headline gb-headline-9d086f67 gb-headline-text\">\u00b7<\/p>\n\n\n<div class=\"gb-container gb-container-8b23b32f comments-count\">\n<p class=\"gb-headline gb-headline-12bcbb10 gb-headline-text\"><a href=\"https:\/\/gastronomicament.cat\/ca\/el-xef-alvaro-salazar-crea-un-plat-exclusiu-per-al-restaurant-villa-sofia#respond\">0<\/a><\/p>\n\n\n<p class=\"gb-headline gb-headline-1cf0f5a5\"><span class=\"gb-icon\"><svg fill=\"currentColor\" xml:space=\"preserve\" viewBox=\"0 0 64 64\" xmlns:xlink=\"http:\/\/www.w3.org\/1999\/xlink\" xmlns=\"http:\/\/www.w3.org\/2000\/svg\" id=\"Layer_1\" version=\"1.0\"><g stroke-width=\"0\" id=\"SVGRepo_bgCarrier\"><\/g><g stroke-linejoin=\"round\" stroke-linecap=\"round\" id=\"SVGRepo_tracerCarrier\"><\/g><g id=\"SVGRepo_iconCarrier\"> <path d=\"M60,0H4C1.789,0,0,1.789,0,4v40c0,2.211,1.789,4,4,4h8v12 c0,1.617,0.973,3.078,2.469,3.695C14.965,63.902,15.484,64,16,64c1.039,0,2.062-0.406,2.828-1.172L33.656,48H60c2.211,0,4-1.789,4-4 V4C64,1.789,62.211,0,60,0z\" fill=\"currentColor\" clip-rule=\"evenodd\" fill-rule=\"evenodd\"><\/path> <\/g><\/svg><\/span><\/p>\n\n<\/div>\n<\/div>\n\n<div class=\"wp-block-post-excerpt\"><p class=\"wp-block-post-excerpt__excerpt\">El restaurant d&#8217;inspiraci\u00f3 italomediter\u00e0nia incorpora a la carta estival una sopa de tom\u00e0tiga de ramellet i taronja de S\u00f3ller amb tel de gamba vermella <\/p><\/div><\/div>\n<\/div>\n\n<div class=\"gb-loop-item gb-loop-item-a53af792 archive-template-grid-item post-106314 post type-post status-publish format-gallery has-post-thumbnail hentry category-actualitat category-reportatges-i-novetats post_format-post-format-gallery\"><figure class=\"archive-featured-img wp-block-post-featured-image\"><img decoding=\"async\" width=\"2555\" height=\"1528\" src=\"https:\/\/gastronomicament.cat\/wp-content\/uploads\/2026\/07\/Jornada-de-Tastadors-Professionals-a-Mallorca-2026-2.jpg\" class=\"attachment-post-thumbnail size-post-thumbnail wp-post-image\" alt=\"\" style=\"aspect-ratio:4\/3;width:100%;height:200px;object-fit:cover;\" srcset=\"https:\/\/gastronomicament.cat\/wp-content\/uploads\/2026\/07\/Jornada-de-Tastadors-Professionals-a-Mallorca-2026-2.jpg 2555w, https:\/\/gastronomicament.cat\/wp-content\/uploads\/2026\/07\/Jornada-de-Tastadors-Professionals-a-Mallorca-2026-2-300x179.jpg 300w, https:\/\/gastronomicament.cat\/wp-content\/uploads\/2026\/07\/Jornada-de-Tastadors-Professionals-a-Mallorca-2026-2-1024x612.jpg 1024w, https:\/\/gastronomicament.cat\/wp-content\/uploads\/2026\/07\/Jornada-de-Tastadors-Professionals-a-Mallorca-2026-2-768x459.jpg 768w, https:\/\/gastronomicament.cat\/wp-content\/uploads\/2026\/07\/Jornada-de-Tastadors-Professionals-a-Mallorca-2026-2-1536x919.jpg 1536w, https:\/\/gastronomicament.cat\/wp-content\/uploads\/2026\/07\/Jornada-de-Tastadors-Professionals-a-Mallorca-2026-2-2048x1225.jpg 2048w\" sizes=\"(max-width: 2555px) 100vw, 2555px\" \/><\/figure>\n\n\n<div>\n<p class=\"gb-text gb-text-a18139bc\"><a href=\"https:\/\/gastronomicament.cat\/ca\/seccio\/actualitat\" rel=\"tag\">Actualitat<\/a> \/ <a href=\"https:\/\/gastronomicament.cat\/ca\/seccio\/actualitat\/reportatges-i-novetats\" rel=\"tag\">Reportatges i novetats<\/a><\/p>\n\n\n\n<h2 class=\"gb-text gb-text-f970a678 h4 is-style-underlined\"><a href=\"https:\/\/gastronomicament.cat\/ca\/vi-pernil-i-vermut-protagonitzen-la-quarta-jornada-de-tastadors-professionals-a-mallorca\">Vi, pernil i vermut protagonitzen la quarta Jornada de Tastadors Professionals a Mallorca<\/a><\/h2>\n\n\n<div class=\"gb-container gb-container-3f03b7c3 date-reading-comments\">\n<p class=\"gb-headline gb-headline-6eed15ba gb-headline-text\"><time class=\"entry-date published\" datetime=\"2026-07-16T10:05:33+02:00\">16 juliol 2026<\/time><\/p>\n\n\n<p class=\"gb-headline gb-headline-af6bfb2f gb-headline-text\">\u00b7<\/p>\n\n\n<div class=\"gb-container gb-container-c75f3255 reading-time-container\">\n2 minuts de lectura\n<\/div>\n\n\n<p class=\"gb-headline gb-headline-9d086f67 gb-headline-text\">\u00b7<\/p>\n\n\n<div class=\"gb-container gb-container-8b23b32f comments-count\">\n<p class=\"gb-headline gb-headline-12bcbb10 gb-headline-text\"><a href=\"https:\/\/gastronomicament.cat\/ca\/vi-pernil-i-vermut-protagonitzen-la-quarta-jornada-de-tastadors-professionals-a-mallorca#respond\">0<\/a><\/p>\n\n\n<p class=\"gb-headline gb-headline-1cf0f5a5\"><span class=\"gb-icon\"><svg fill=\"currentColor\" xml:space=\"preserve\" viewBox=\"0 0 64 64\" xmlns:xlink=\"http:\/\/www.w3.org\/1999\/xlink\" xmlns=\"http:\/\/www.w3.org\/2000\/svg\" id=\"Layer_1\" version=\"1.0\"><g stroke-width=\"0\" id=\"SVGRepo_bgCarrier\"><\/g><g stroke-linejoin=\"round\" stroke-linecap=\"round\" id=\"SVGRepo_tracerCarrier\"><\/g><g id=\"SVGRepo_iconCarrier\"> <path d=\"M60,0H4C1.789,0,0,1.789,0,4v40c0,2.211,1.789,4,4,4h8v12 c0,1.617,0.973,3.078,2.469,3.695C14.965,63.902,15.484,64,16,64c1.039,0,2.062-0.406,2.828-1.172L33.656,48H60c2.211,0,4-1.789,4-4 V4C64,1.789,62.211,0,60,0z\" fill=\"currentColor\" clip-rule=\"evenodd\" fill-rule=\"evenodd\"><\/path> <\/g><\/svg><\/span><\/p>\n\n<\/div>\n<\/div>\n\n<div class=\"wp-block-post-excerpt\"><p class=\"wp-block-post-excerpt__excerpt\">La trobada, impulsada per la IGP Sobrassada de Mallorca i les DO Binissalem i Pla i Llevant, va reunir 42 experts a Casa Esment per perfeccionar l&#8217;an\u00e0lisi sensorial. <\/p><\/div><\/div>\n<\/div>\n<\/div>\n\n\n<div class=\"gb-element-898c132f gb-query-loop-pagination archive-loop-pagination\">\n\n<nav class=\"gb-query-page-numbers-8b7fa0f6\"><span aria-current=\"page\" class=\"page-numbers current\">1<\/span>\n<a class=\"page-numbers\" href=\"?query-99873e22-page=2\">2<\/a>\n<a class=\"page-numbers\" href=\"?query-99873e22-page=3\">3<\/a>\n<a class=\"page-numbers\" href=\"?query-99873e22-page=4\">4<\/a>\n<span class=\"page-numbers dots\">&hellip;<\/span>\n<a class=\"page-numbers\" href=\"?query-99873e22-page=132\">132<\/a><\/nav>\n\n\n<a class=\"gb-text gb-text-6292382a\" href=\"\/ca\/wp-json\/wp\/v2\/pages\/93112?query-99873e22-page=2\">Seguent<\/a>\n<\/div>\n\n\n<\/div>\n\n<\/section><\/div>\n\n<div class=\"gb-grid-column gb-grid-column-f9c7fb77\"><aside class=\"gb-container gb-container-f9c7fb77\">\n<div class=\"wp-block-template-part\">\n<p class=\"is-style-default antetitulo wp-block-paragraph\">CERCAR<\/p>\n\n\n<form role=\"search\" method=\"get\" action=\"https:\/\/gastronomicament.cat\/ca\" style=\"margin-bottom:var(--wp--preset--spacing--large)\" class=\"wp-block-search__button-inside wp-block-search__icon-button wp-block-search\" ><label class=\"wp-block-search__label screen-reader-text\" for=\"wp-block-search__input-1\"  style=\"font-size: 15px\">Cercar<\/label><div class=\"wp-block-search__inside-wrapper\" ><input class=\"wp-block-search__input\" id=\"wp-block-search__input-1\" placeholder=\"Escriu aqui...\" value=\"\" type=\"search\" name=\"s\" required  style=\"font-size: 15px\"\/><button aria-label=\"Buscar\" class=\"wp-block-search__button has-icon wp-element-button\" type=\"submit\"  style=\"font-size: 15px\"><svg class=\"search-icon\" viewBox=\"0 0 24 24\" width=\"24\" height=\"24\">\n\t\t\t\t\t<path d=\"M13 5c-3.3 0-6 2.7-6 6 0 1.4.5 2.7 1.3 3.7l-3.8 3.8 1.1 1.1 3.8-3.8c1 .8 2.3 1.3 3.7 1.3 3.3 0 6-2.7 6-6S16.3 5 13 5zm0 10.5c-2.5 0-4.5-2-4.5-4.5s2-4.5 4.5-4.5 4.5 2 4.5 4.5-2 4.5-4.5 4.5z\"><\/path>\n\t\t\t\t<\/svg><\/button><\/div><\/form>\n\n\n<p class=\"is-style-default antetitulo wp-block-paragraph\">ESTIGUES AL DIA<\/p>\n\n\n<p class=\"has-small-font-size swt-hide-desktop swt-hide-tablet swt-hide-mobile wp-block-paragraph\"><strong>Cada setmana restaurants, receptes i l&rsquo;actualitat gastron&ograve;mica<\/strong><\/p>\n\n\n<form action=\"https:\/\/eepurl.com\/KYneD\" target=\"_blank\">\n<p>\n<strong style='font-size: clamp(14px, 1.6vw, 16px); line-height: 1.3;'>Cada setmana restaurants, receptes i l\u2019actualitat gastron\u00f2mica<\/strong>\n<\/p>\n<p>\n<input class='btn-is-style-fill' type=\"submit\" value=\"Subscriu-m'hi\">\n<\/p>\n<\/form>\n\n\n<div class=\"wp-block-buttons is-layout-flex wp-block-buttons-is-layout-flex\" style=\"margin-bottom:var(--wp--preset--spacing--medium)\"><div class=\"wp-block-button is-style-fill swt-hide-desktop swt-hide-tablet swt-hide-mobile\"><a class=\"wp-block-button__link wp-element-button\">Subscriu-m&#8217;hi<\/a><\/div>\n<\/div>\n\n\n\n<div class=\"wp-block-group sidebar-adds-container has-global-padding is-layout-constrained wp-block-group-is-layout-constrained\" style=\"margin-top:var(--wp--preset--spacing--x-small);margin-bottom:var(--wp--preset--spacing--medium);padding-top:var(--wp--preset--spacing--small);padding-bottom:var(--wp--preset--spacing--small)\">\n<div>\n<div class=\"podcast-box\">\n  <h2 class=\"podcast-title\">Escolta el M\u00f3n del Vi<\/h2>\n\n  <iframe src=\"https:\/\/www.ivoox.com\/player_es_podcast_1382363_zp_1.html\" width=\"100%\" height=\"400\" frameborder=\"0\" allowfullscreen=\"\" scrolling=\"no\" loading=\"lazy\" title=\"Reproductor de podcast de iVoox\">\n  <\/iframe>\n<\/div>\n<\/div>\n\n\n<div class=\"g g-2\">\n<div class=\"g-col b-2 a-47\"><iframe id=\"AMIC\" src=\"https:\/\/amic.media\/continguts\/campanya.php?id=2557\" name=\"AMIC\" width=\"300\" height=\"250\" frameborder=\"0\" marginwidth=\"0\" marginheight=\"0\" scrolling=\"No\" align=\"top\"><\/iframe><\/div>\n<\/div>\n<\/div>\n\n\n\n<p class=\"antetitulo actualitat-side wp-block-paragraph\" style=\"margin-bottom:0\">ACTUALITAT<\/p>\n\n\n\n<ul class=\"wp-block-list no-bullets\">\n<li><a href=\"https:\/\/gastronomicament.cat\/seccio\/inici\" data-type=\"page\" data-id=\"92565\">Portada<\/a><\/li>\n\n\n\n<li><a href=\"https:\/\/gastronomicament.cat\/seccio\/actualitat\/fires-i-rutes\" data-type=\"page\" data-id=\"92565\">Fires i rutes<\/a><\/li>\n\n\n\n<li><a href=\"https:\/\/gastronomicament.cat\/seccio\/actualitat\/concursos-i-premis\" data-type=\"page\" data-id=\"92565\">Concursos i premis<\/a><\/li>\n\n\n\n<li><a href=\"https:\/\/gastronomicament.cat\/seccio\/actualitat\/cursos-i-tallers\" data-type=\"page\" data-id=\"92565\">Cursos i tallers<\/a><\/li>\n\n\n\n<li><a href=\"https:\/\/gastronomicament.cat\/seccio\/actualitat\/reportatges-i-novetats\" data-type=\"page\" data-id=\"92565\">Reportatges i novetats<\/a><\/li>\n\n\n\n<li><a href=\"https:\/\/gastronomicament.cat\/seccio\/actualitat\/quin-berenar\" data-type=\"page\" data-id=\"92565\">Quin berenar<\/a><\/li>\n<\/ul>\n\n\n\n<p class=\"antetitulo wp-block-paragraph\">EL M\u00c9S VIST DEL DIA <\/p>\n\n\n<div class=\"popular-posts\">\n<ul class='no-bullets popular-posts-list'>\n<li>\n            <a\n                href=\"https:\/\/gastronomicament.cat\/ca\/diecisiete-grados-comenca-la-temporada-de-calcots\"><img decoding=\"async\" width=\"150\" height=\"150\" src=\"https:\/\/gastronomicament.cat\/wp-content\/uploads\/2026\/01\/Calcots-Diecisiete-Grados-150x150.jpg\" class=\"attachment-thumbnail size-thumbnail wp-post-image\" alt=\"\" \/><\/a><\/p>\n<div class=\"popular-content\">\n                <a\n                    href=\"https:\/\/gastronomicament.cat\/ca\/diecisiete-grados-comenca-la-temporada-de-calcots\">Diecisiete Grados comen\u00e7a&hellip;<\/a><br \/>\n                <span class=\"popular-post-meta\"><br \/>\n                    a                    <span class=\"popular-category\"><br \/>\n                                                <a href=\" https:\/\/gastronomicament.cat\/ca\/seccio\/actualitat \"><br \/>\n                            Actualitat                        <\/a><br \/>\n                    <\/span><br \/>\n                <\/span>\n            <\/div>\n<\/li>\n<li>\n            <a\n                href=\"https:\/\/gastronomicament.cat\/ca\/que-significa-lexpressio-bocato-di-cardenale-i-de-que-va-sorgir-2\"><img decoding=\"async\" width=\"150\" height=\"150\" src=\"https:\/\/gastronomicament.cat\/wp-content\/uploads\/2025\/10\/Bocato-de-cardinale-150x150.jpg\" class=\"attachment-thumbnail size-thumbnail wp-post-image\" alt=\"\" \/><\/a><\/p>\n<div class=\"popular-content\">\n                <a\n                    href=\"https:\/\/gastronomicament.cat\/ca\/que-significa-lexpressio-bocato-di-cardenale-i-de-que-va-sorgir-2\">Qu\u00e8 significa l&#8217;expressi\u00f3&hellip;<\/a><br \/>\n                <span class=\"popular-post-meta\"><br \/>\n                    a                    <span class=\"popular-category\"><br \/>\n                                                <a href=\" https:\/\/gastronomicament.cat\/ca\/seccio\/actualitat \"><br \/>\n                            Actualitat                        <\/a><br \/>\n                    <\/span><br \/>\n                <\/span>\n            <\/div>\n<\/li>\n<li>\n            <a\n                href=\"https:\/\/gastronomicament.cat\/ca\/menorca-al-plat-celebra-la-seva-13a-edicio-per-promocionar-la-cuina-tradicional-i-el-producte-local\"><img decoding=\"async\" width=\"150\" height=\"150\" src=\"https:\/\/gastronomicament.cat\/wp-content\/uploads\/2026\/05\/Menorca-en-el-plato-2026_xxss_-150x150.jpg\" class=\"attachment-thumbnail size-thumbnail wp-post-image\" alt=\"\" \/><\/a><\/p>\n<div class=\"popular-content\">\n                <a\n                    href=\"https:\/\/gastronomicament.cat\/ca\/menorca-al-plat-celebra-la-seva-13a-edicio-per-promocionar-la-cuina-tradicional-i-el-producte-local\">Menorca al Plat&hellip;<\/a><br \/>\n                <span class=\"popular-post-meta\"><br \/>\n                    a                    <span class=\"popular-category\"><br \/>\n                                                <a href=\" https:\/\/gastronomicament.cat\/ca\/seccio\/actualitat \"><br \/>\n                            Actualitat                        <\/a><br \/>\n                    <\/span><br \/>\n                <\/span>\n            <\/div>\n<\/li>\n<li>\n            <a\n                href=\"https:\/\/gastronomicament.cat\/ca\/la-nit-del-vi-dinca-arriba-aquest-dissabte-amb-grans-expectatives-dassistents-2\"><img decoding=\"async\" width=\"150\" height=\"150\" src=\"https:\/\/gastronomicament.cat\/wp-content\/uploads\/2025\/10\/1000237031-150x150.jpg\" class=\"attachment-thumbnail size-thumbnail wp-post-image\" alt=\"\" \/><\/a><\/p>\n<div class=\"popular-content\">\n                <a\n                    href=\"https:\/\/gastronomicament.cat\/ca\/la-nit-del-vi-dinca-arriba-aquest-dissabte-amb-grans-expectatives-dassistents-2\">La Nit del&hellip;<\/a><br \/>\n                <span class=\"popular-post-meta\"><br \/>\n                    a                    <span class=\"popular-category\"><br \/>\n                                                <a href=\" https:\/\/gastronomicament.cat\/ca\/seccio\/actualitat \"><br \/>\n                            Actualitat                        <\/a><br \/>\n                    <\/span><br \/>\n                <\/span>\n            <\/div>\n<\/li>\n<li>\n            <a\n                href=\"https:\/\/gastronomicament.cat\/ca\/be-palma-torna-al-parc-de-la-mar-del-29-dabril-al-3-de-maig\"><img decoding=\"async\" width=\"150\" height=\"150\" src=\"https:\/\/gastronomicament.cat\/wp-content\/uploads\/2026\/04\/Be-Palma-2026-150x150.jpg\" class=\"attachment-thumbnail size-thumbnail wp-post-image\" alt=\"\" \/><\/a><\/p>\n<div class=\"popular-content\">\n                <a\n                    href=\"https:\/\/gastronomicament.cat\/ca\/be-palma-torna-al-parc-de-la-mar-del-29-dabril-al-3-de-maig\">Be Palma torna&hellip;<\/a><br \/>\n                <span class=\"popular-post-meta\"><br \/>\n                    a                    <span class=\"popular-category\"><br \/>\n                                                <a href=\" https:\/\/gastronomicament.cat\/ca\/seccio\/actualitat \"><br \/>\n                            Actualitat                        <\/a><br \/>\n                    <\/span><br \/>\n                <\/span>\n            <\/div>\n<\/li>\n<li>\n            <a\n                href=\"https:\/\/gastronomicament.cat\/ca\/alaro-cuina-amb-bolets-torna-laposta-per-la-gastronomia\"><img decoding=\"async\" width=\"150\" height=\"150\" src=\"https:\/\/gastronomicament.cat\/wp-content\/uploads\/2025\/11\/Alaro-Cuina-amb-Bolets-2025-150x150.jpg\" class=\"attachment-thumbnail size-thumbnail wp-post-image\" alt=\"\" \/><\/a><\/p>\n<div class=\"popular-content\">\n                <a\n                    href=\"https:\/\/gastronomicament.cat\/ca\/alaro-cuina-amb-bolets-torna-laposta-per-la-gastronomia\">Alar\u00f3 cuina amb&hellip;<\/a><br \/>\n                <span class=\"popular-post-meta\"><br \/>\n                    a                    <span class=\"popular-category\"><br \/>\n                                                <a href=\" https:\/\/gastronomicament.cat\/ca\/seccio\/actualitat \"><br \/>\n                            Actualitat                        <\/a><br \/>\n                    <\/span><br \/>\n                <\/span>\n            <\/div>\n<\/li>\n<li>\n            <a\n                href=\"https:\/\/gastronomicament.cat\/ca\/el-govern-fomenta-locupacio-en-el-sector-de-la-forneria-amb-una-borsa-de-feina\"><img decoding=\"async\" width=\"150\" height=\"150\" src=\"https:\/\/gastronomicament.cat\/wp-content\/uploads\/2026\/06\/Forners-Illes-Balears-CAIB-150x150.jpg\" class=\"attachment-thumbnail size-thumbnail wp-post-image\" alt=\"\" \/><\/a><\/p>\n<div class=\"popular-content\">\n                <a\n                    href=\"https:\/\/gastronomicament.cat\/ca\/el-govern-fomenta-locupacio-en-el-sector-de-la-forneria-amb-una-borsa-de-feina\">El Govern fomenta&hellip;<\/a><br \/>\n                <span class=\"popular-post-meta\"><br \/>\n                    a                    <span class=\"popular-category\"><br \/>\n                                                <a href=\" https:\/\/gastronomicament.cat\/ca\/seccio\/actualitat \"><br \/>\n                            Actualitat                        <\/a><br \/>\n                    <\/span><br \/>\n                <\/span>\n            <\/div>\n<\/li>\n<li>\n            <a\n                href=\"https:\/\/gastronomicament.cat\/ca\/les-coses-son-com-son-la-nova-campanya-per-reivindicar-el-producte-ecologic-balear\"><img decoding=\"async\" width=\"150\" height=\"150\" src=\"https:\/\/gastronomicament.cat\/wp-content\/uploads\/2025\/12\/Mercat-ecologic-Mallorca-1-150x150.jpg\" class=\"attachment-thumbnail size-thumbnail wp-post-image\" alt=\"\" \/><\/a><\/p>\n<div class=\"popular-content\">\n                <a\n                    href=\"https:\/\/gastronomicament.cat\/ca\/les-coses-son-com-son-la-nova-campanya-per-reivindicar-el-producte-ecologic-balear\">&#8216;Les coses s\u00f3n&hellip;<\/a><br \/>\n                <span class=\"popular-post-meta\"><br \/>\n                    a                    <span class=\"popular-category\"><br \/>\n                                                <a href=\" https:\/\/gastronomicament.cat\/ca\/seccio\/actualitat \"><br \/>\n                            Actualitat                        <\/a><br \/>\n                    <\/span><br \/>\n                <\/span>\n            <\/div>\n<\/li>\n<li>\n            <a\n                href=\"https:\/\/gastronomicament.cat\/ca\/festival-dhamburgueses-a-sa-comuna-de-lloret\"><img decoding=\"async\" width=\"150\" height=\"150\" src=\"https:\/\/gastronomicament.cat\/wp-content\/uploads\/2025\/11\/Burgers-sa-Comuna-Lloret-Peccata-Minuta-2025-2-150x150.jpg\" class=\"attachment-thumbnail size-thumbnail wp-post-image\" alt=\"\" \/><\/a><\/p>\n<div class=\"popular-content\">\n                <a\n                    href=\"https:\/\/gastronomicament.cat\/ca\/festival-dhamburgueses-a-sa-comuna-de-lloret\">Festival d&#8217;hamburgueses a&hellip;<\/a><br \/>\n                <span class=\"popular-post-meta\"><br \/>\n                    a                    <span class=\"popular-category\"><br \/>\n                                                <a href=\" https:\/\/gastronomicament.cat\/ca\/seccio\/actualitat \"><br \/>\n                            Actualitat                        <\/a><br \/>\n                    <\/span><br \/>\n                <\/span>\n            <\/div>\n<\/li>\n<li>\n            <a\n                href=\"https:\/\/gastronomicament.cat\/ca\/el-gluhwein-el-vi-calent-especiat-que-beuen-als-paisos-europeus\"><img decoding=\"async\" width=\"150\" height=\"150\" src=\"https:\/\/gastronomicament.cat\/wp-content\/uploads\/2025\/12\/El-terme-gluhwein-beguda-bebida-europa-150x150.jpg\" class=\"attachment-thumbnail size-thumbnail wp-post-image\" alt=\"\" \/><\/a><\/p>\n<div class=\"popular-content\">\n                <a\n                    href=\"https:\/\/gastronomicament.cat\/ca\/el-gluhwein-el-vi-calent-especiat-que-beuen-als-paisos-europeus\">El gl\u00fchwein: el&hellip;<\/a><br \/>\n                <span class=\"popular-post-meta\"><br \/>\n                    a                    <span class=\"popular-category\"><br \/>\n                                                <a href=\" https:\/\/gastronomicament.cat\/ca\/seccio\/actualitat \"><br \/>\n                            Actualitat                        <\/a><br \/>\n                    <\/span><br \/>\n                <\/span>\n            <\/div>\n<\/li>\n<\/ul>\n<\/div>\n<\/div>\n<\/aside><\/div>\n<\/div>\n<\/div>\n<\/div>","protected":false},"excerpt":{"rendered":"<p>Restaurants Receptes Actualitat<\/p>\n","protected":false},"author":103,"featured_media":0,"parent":0,"menu_order":0,"comment_status":"closed","ping_status":"closed","template":"","meta":{"_acf_changed":false,"_swt_meta_header_display":false,"_swt_meta_footer_display":false,"_swt_meta_site_title_display":false,"_swt_meta_sticky_header":false,"_swt_meta_transparent_header":false,"footnotes":""},"coauthors":[2174],"class_list":["post-93112","page","type-page","status-publish","hentry"],"acf":{"selected_post_entry":null},"yoast_head":"<!-- This site is optimized with the Yoast SEO plugin v28.3 - https:\/\/yoast.com\/product\/yoast-seo-wordpress\/ -->\n<title>Inici - Gastron\u00f2micament<\/title>\n<meta name=\"description\" content=\"Inici {{post_date}} {{term_list tax:category|sep: \/ }} {{post_title link:post}} {{post_excerpt}} Restaurants Receptes {{post_excerpt length:20|useTheme}}\" \/>\n<meta name=\"robots\" content=\"index, follow, max-snippet:-1, max-image-preview:large, max-video-preview:-1\" \/>\n<link rel=\"canonical\" href=\"https:\/\/gastronomicament.cat\/ca\" \/>\n<meta property=\"og:locale\" content=\"ca_ES\" \/>\n<meta property=\"og:type\" content=\"article\" \/>\n<meta property=\"og:title\" content=\"Inici - Gastron\u00f2micament\" \/>\n<meta property=\"og:description\" content=\"Inici {{post_date}} {{term_list tax:category|sep: \/ }} {{post_title link:post}} {{post_excerpt}} Restaurants Receptes {{post_excerpt length:20|useTheme}}\" \/>\n<meta property=\"og:url\" content=\"https:\/\/gastronomicament.cat\/ca\" \/>\n<meta property=\"og:site_name\" content=\"Gastron\u00f2micament\" \/>\n<meta property=\"article:modified_time\" content=\"2026-06-16T09:57:50+00:00\" \/>\n<meta name=\"twitter:card\" content=\"summary_large_image\" \/>\n<meta name=\"twitter:site\" content=\"@gastronomicamen\" \/>\n<meta name=\"twitter:label1\" content=\"Est. reading time\" \/>\n\t<meta name=\"twitter:data1\" content=\"1 minute\" \/>\n\t<meta name=\"twitter:label2\" content=\"Written by\" \/>\n\t<meta name=\"twitter:data2\" content=\"Marco\" \/>\n<script type=\"application\/ld+json\" class=\"yoast-schema-graph\">{\"@context\":\"https:\\\/\\\/schema.org\",\"@graph\":[{\"@type\":\"WebPage\",\"@id\":\"https:\\\/\\\/gastronomicament.cat\\\/ca\",\"url\":\"https:\\\/\\\/gastronomicament.cat\\\/ca\",\"name\":\"Inici - Gastron\u00f2micament\",\"isPartOf\":{\"@id\":\"https:\\\/\\\/gastronomicament.cat\\\/es\\\/#website\"},\"datePublished\":\"2024-12-18T09:28:21+00:00\",\"dateModified\":\"2026-06-16T09:57:50+00:00\",\"description\":\"Inici {{post_date}} {{term_list tax:category|sep: \\\/ }} {{post_title link:post}} {{post_excerpt}} Restaurants Receptes {{post_excerpt length:20|useTheme}}\",\"inLanguage\":\"ca-ES\",\"potentialAction\":[{\"@type\":\"ReadAction\",\"target\":[\"https:\\\/\\\/gastronomicament.cat\\\/ca\"]}]},{\"@type\":\"WebSite\",\"@id\":\"https:\\\/\\\/gastronomicament.cat\\\/es\\\/#website\",\"url\":\"https:\\\/\\\/gastronomicament.cat\\\/es\\\/\",\"name\":\"Gastron\u00f2micament\",\"description\":\"Portal de restaurants, receptes i actualitat gastron\u00f2mica\",\"publisher\":{\"@id\":\"https:\\\/\\\/gastronomicament.cat\\\/es\\\/#organization\"},\"potentialAction\":[{\"@type\":\"SearchAction\",\"target\":{\"@type\":\"EntryPoint\",\"urlTemplate\":\"https:\\\/\\\/gastronomicament.cat\\\/es\\\/?s={search_term_string}\"},\"query-input\":{\"@type\":\"PropertyValueSpecification\",\"valueRequired\":true,\"valueName\":\"search_term_string\"}}],\"inLanguage\":\"ca-ES\"},{\"@type\":\"Organization\",\"@id\":\"https:\\\/\\\/gastronomicament.cat\\\/es\\\/#organization\",\"name\":\"Gastron\u00f2micament\",\"url\":\"https:\\\/\\\/gastronomicament.cat\\\/es\\\/\",\"logo\":{\"@type\":\"ImageObject\",\"inLanguage\":\"ca-ES\",\"@id\":\"https:\\\/\\\/gastronomicament.cat\\\/es\\\/#\\\/schema\\\/logo\\\/image\\\/\",\"url\":\"https:\\\/\\\/gastronomicament.cat\\\/wp-content\\\/uploads\\\/2016\\\/09\\\/header-logo.jpg\",\"contentUrl\":\"https:\\\/\\\/gastronomicament.cat\\\/wp-content\\\/uploads\\\/2016\\\/09\\\/header-logo.jpg\",\"width\":277,\"height\":39,\"caption\":\"Gastron\u00f2micament\"},\"image\":{\"@id\":\"https:\\\/\\\/gastronomicament.cat\\\/es\\\/#\\\/schema\\\/logo\\\/image\\\/\"},\"sameAs\":[\"https:\\\/\\\/x.com\\\/gastronomicamen\"]}]}<\/script>\n<!-- \/ Yoast SEO plugin. -->","yoast_head_json":{"title":"Inici - Gastron\u00f2micament","description":"Inici {{post_date}} {{term_list tax:category|sep: \/ }} {{post_title link:post}} {{post_excerpt}} Restaurants Receptes {{post_excerpt length:20|useTheme}}","robots":{"index":"index","follow":"follow","max-snippet":"max-snippet:-1","max-image-preview":"max-image-preview:large","max-video-preview":"max-video-preview:-1"},"canonical":"https:\/\/gastronomicament.cat\/ca","og_locale":"ca_ES","og_type":"article","og_title":"Inici - Gastron\u00f2micament","og_description":"Inici {{post_date}} {{term_list tax:category|sep: \/ }} {{post_title link:post}} {{post_excerpt}} Restaurants Receptes {{post_excerpt length:20|useTheme}}","og_url":"https:\/\/gastronomicament.cat\/ca","og_site_name":"Gastron\u00f2micament","article_modified_time":"2026-06-16T09:57:50+00:00","twitter_card":"summary_large_image","twitter_site":"@gastronomicamen","twitter_misc":{"Est. reading time":"1 minute","Written by":"Marco"},"schema":{"@context":"https:\/\/schema.org","@graph":[{"@type":"WebPage","@id":"https:\/\/gastronomicament.cat\/ca","url":"https:\/\/gastronomicament.cat\/ca","name":"Inici - Gastron\u00f2micament","isPartOf":{"@id":"https:\/\/gastronomicament.cat\/es\/#website"},"datePublished":"2024-12-18T09:28:21+00:00","dateModified":"2026-06-16T09:57:50+00:00","description":"Inici {{post_date}} {{term_list tax:category|sep: \/ }} {{post_title link:post}} {{post_excerpt}} Restaurants Receptes {{post_excerpt length:20|useTheme}}","inLanguage":"ca-ES","potentialAction":[{"@type":"ReadAction","target":["https:\/\/gastronomicament.cat\/ca"]}]},{"@type":"WebSite","@id":"https:\/\/gastronomicament.cat\/es\/#website","url":"https:\/\/gastronomicament.cat\/es\/","name":"Gastron\u00f2micament","description":"Portal de restaurants, receptes i actualitat gastron\u00f2mica","publisher":{"@id":"https:\/\/gastronomicament.cat\/es\/#organization"},"potentialAction":[{"@type":"SearchAction","target":{"@type":"EntryPoint","urlTemplate":"https:\/\/gastronomicament.cat\/es\/?s={search_term_string}"},"query-input":{"@type":"PropertyValueSpecification","valueRequired":true,"valueName":"search_term_string"}}],"inLanguage":"ca-ES"},{"@type":"Organization","@id":"https:\/\/gastronomicament.cat\/es\/#organization","name":"Gastron\u00f2micament","url":"https:\/\/gastronomicament.cat\/es\/","logo":{"@type":"ImageObject","inLanguage":"ca-ES","@id":"https:\/\/gastronomicament.cat\/es\/#\/schema\/logo\/image\/","url":"https:\/\/gastronomicament.cat\/wp-content\/uploads\/2016\/09\/header-logo.jpg","contentUrl":"https:\/\/gastronomicament.cat\/wp-content\/uploads\/2016\/09\/header-logo.jpg","width":277,"height":39,"caption":"Gastron\u00f2micament"},"image":{"@id":"https:\/\/gastronomicament.cat\/es\/#\/schema\/logo\/image\/"},"sameAs":["https:\/\/x.com\/gastronomicamen"]}]}},"_links":{"self":[{"href":"https:\/\/gastronomicament.cat\/ca\/wp-json\/wp\/v2\/pages\/93112","targetHints":{"allow":["GET"]}}],"collection":[{"href":"https:\/\/gastronomicament.cat\/ca\/wp-json\/wp\/v2\/pages"}],"about":[{"href":"https:\/\/gastronomicament.cat\/ca\/wp-json\/wp\/v2\/types\/page"}],"author":[{"embeddable":true,"href":"https:\/\/gastronomicament.cat\/ca\/wp-json\/wp\/v2\/users\/103"}],"replies":[{"embeddable":true,"href":"https:\/\/gastronomicament.cat\/ca\/wp-json\/wp\/v2\/comments?post=93112"}],"version-history":[{"count":0,"href":"https:\/\/gastronomicament.cat\/ca\/wp-json\/wp\/v2\/pages\/93112\/revisions"}],"wp:attachment":[{"href":"https:\/\/gastronomicament.cat\/ca\/wp-json\/wp\/v2\/media?parent=93112"}],"wp:term":[{"taxonomy":"author","embeddable":true,"href":"https:\/\/gastronomicament.cat\/ca\/wp-json\/wp\/v2\/coauthors?post=93112"}],"curies":[{"name":"wp","href":"https:\/\/api.w.org\/{rel}","templated":true}]}}