{"id":1460,"date":"2012-03-14T10:35:14","date_gmt":"2012-03-14T10:35:14","guid":{"rendered":"http:\/\/anardetapes.cat\/restaurantsmallorca\/?p=1460"},"modified":"2023-10-06T12:09:20","modified_gmt":"2023-10-06T10:09:20","slug":"restaurant-hereveta-porreres","status":"publish","type":"restaurant","link":"https:\/\/gastronomicament.cat\/ca\/restaurant\/restaurant-hereveta-porreres","title":{"rendered":"N&#8217;Hereveta"},"content":{"rendered":"<p>Sorprenent, agradable i fresquet. Aix\u00ed \u00e9s el restaurant n&#8217;Hereveta de Porreres.<\/p>\n<p>Us ofereix\u00a0 <strong>men\u00fas<\/strong> de migdia, de referencia a tota la zona de Porreres per la seva varietat, sempre 3 primers, 3 segons i postres casolanes.\u00a0 S\u00f3n equilibrats en la composici\u00f3 dels plats, com tamb\u00e9 en l&#8217;opci\u00f3 vegetariana de men\u00fa, tot per un bon preu: 9,50 \u20ac.<\/p>\n<p>I quan fosqueja, preparen una carta de tapes, pizzes, wraps, ensalades bon\u00edssimes. \u00a0 Es troba dins el Parc de n&#8217;Hereveta,\u00a0 un entorn ideal per gaudir de l&#8217;aire, fel verd y del bon estar.<\/p>\n<p>D\u2019entre les seves especialitats hi\u00a0 trobareu les <strong>pizzes<\/strong>, com la porrerenca (d&#8217;albercocs secs i sobrassada) o l&#8217;\u00edndia (de pollastre i curri).\u00a0 Tamb\u00e9 us soprendran les\u00a0<strong>tapes<\/strong>, com els pebres del piquillo farcits de peix amb beixamel de porros o l&#8217;humus casol\u00e0; sense oblidar les ensalades, com la de formatge de cabra a la planxa, la italiana amb pasta, la grega&#8230;<\/p>\n<p>Els <strong>wraps<\/strong> tamb\u00e9 hi s\u00f3n presents: una de les mossegades m\u00e9s fresques per aquesta nova temporada, us enganxaran!<\/p>\n<p>De <strong>c\u00f2ctels<\/strong>, deixau-vos sorprendre pel daikiri d\u2019albercocs (fruit caracter\u00edstic de Porreres), els mojitos o les pinyes col\u00b7lades! Com tamb\u00e9 pels seus caf\u00e8s especials; caf\u00e8 Brasil (fred amb coco i rom) caf\u00e8 morroco (caf\u00e8 de coctelera amb herba-sana i pell de llimona), et.<\/p>\n<p>Hi organitzen <strong>concerts<\/strong> sovint, els cap de setmana de jazz, swing, bossa, molt recomanable per passar vetlades a la fresa!<\/p>\n<p>I\u00a0 si encara en vols m\u00e9s, hi trobareu dues seleccions petites per\u00f2 ben proposades! La de <strong>vins<\/strong>: mallorquins (Son Bordils, Armero i Adrover, Can Feliu&#8230;) i la de <strong>cervesses<\/strong> des de la Voll Damm a l&#8217;Alhambra, la Hoegarden, passant per la Leffe i Franciscaner.<!--more--><\/p>\n","protected":false},"excerpt":{"rendered":"<p>Sorprenent, agradable i fresquet. Aix\u00ed \u00e9s el restaurant n&#8217;Hereveta de Porreres. Us ofereix\u00a0 men\u00fas de migdia, de referencia a tota la zona de Porreres per la seva varietat, sempre 3 primers, 3 segons i postres casolanes.\u00a0 S\u00f3n equilibrats en la composici\u00f3 dels plats, com tamb\u00e9 en l&#8217;opci\u00f3 vegetariana de men\u00fa, tot per un bon preu: [&hellip;]<\/p>\n","protected":false},"author":1,"featured_media":7932,"menu_order":0,"comment_status":"open","ping_status":"closed","template":"","format":"gallery","meta":{"_acf_changed":false,"_swt_meta_header_display":false,"_swt_meta_footer_display":false,"_swt_meta_site_title_display":false,"_swt_meta_sticky_header":false,"_swt_meta_transparent_header":false,"direccio":"Cam\u00ed de Marina, s\/n","telefon":"971 64 76 09","web":"","horari":"[:ca]Dimarts horabaixa tancat[:en]Closed on Tuesday afternoon","preumitja":"10-20 euros","observacions":"","footnotes":""},"categories":[1],"destacatper":[544],"especialitat":[565,542],"localitat":[40,661],"coauthors":[],"class_list":["post-1460","restaurant","type-restaurant","status-publish","format-gallery","has-post-thumbnail","hentry","category-restaurants","destacatper-menu-del-dia","especialitat-cuina-creativa","especialitat-pizzes-i-pasta","localitat-pla","localitat-porreres","preu-entre-10-i-20-euros"],"acf":{"gallery":null,"home_date":{"home_begin_date":null,"home_end_date":null}},"yoast_head":"<!-- This site is optimized with the Yoast SEO plugin v27.4 - https:\/\/yoast.com\/product\/yoast-seo-wordpress\/ -->\n<title>Restaurant n&#039;Hereveta. Porreres<\/title>\n<meta name=\"description\" content=\"Restaurant parc de n&#039;Hereveta. Porreres \/ Restaurante parque de n&#039;Hereveta. Porreres\" \/>\n<meta name=\"robots\" content=\"index, follow, max-snippet:-1, max-image-preview:large, max-video-preview:-1\" \/>\n<link rel=\"canonical\" href=\"https:\/\/gastronomicament.cat\/ca\/restaurant\/restaurant-hereveta-porreres\" \/>\n<meta property=\"og:locale\" content=\"ca_ES\" \/>\n<meta property=\"og:type\" content=\"article\" \/>\n<meta property=\"og:title\" content=\"Restaurant n&#039;Hereveta. Porreres\" \/>\n<meta property=\"og:description\" content=\"Restaurant parc de n&#039;Hereveta. Porreres \/ Restaurante parque de n&#039;Hereveta. Porreres\" \/>\n<meta property=\"og:url\" content=\"https:\/\/gastronomicament.cat\/ca\/restaurant\/restaurant-hereveta-porreres\" \/>\n<meta property=\"og:site_name\" content=\"Gastron\u00f2micament\" \/>\n<meta property=\"article:modified_time\" content=\"2023-10-06T10:09:20+00:00\" \/>\n<meta property=\"og:image\" content=\"https:\/\/gastronomicament.cat\/wp-content\/uploads\/2012\/03\/Ide\/Ideal-per-passar-hi-una-estona-a-gust.jpg\" \/>\n\t<meta property=\"og:image:width\" content=\"640\" \/>\n\t<meta property=\"og:image:height\" content=\"360\" \/>\n\t<meta property=\"og:image:type\" content=\"image\/jpeg\" \/>\n<meta name=\"twitter:card\" content=\"summary_large_image\" \/>\n<meta name=\"twitter:site\" content=\"@gastronomicamen\" \/>\n<meta name=\"twitter:label1\" content=\"Est. reading time\" \/>\n\t<meta name=\"twitter:data1\" content=\"1 minute\" \/>\n\t<meta name=\"twitter:label2\" content=\"Written by\" \/>\n\t<meta name=\"twitter:data2\" content=\"Redacci\u00f3\" \/>\n<script type=\"application\/ld+json\" class=\"yoast-schema-graph\">{\"@context\":\"https:\\\/\\\/schema.org\",\"@graph\":[{\"@type\":\"WebPage\",\"@id\":\"https:\\\/\\\/gastronomicament.cat\\\/ca\\\/restaurant\\\/restaurant-hereveta-porreres\",\"url\":\"https:\\\/\\\/gastronomicament.cat\\\/ca\\\/restaurant\\\/restaurant-hereveta-porreres\",\"name\":\"Restaurant n'Hereveta. Porreres\",\"isPartOf\":{\"@id\":\"https:\\\/\\\/gastronomicament.cat\\\/ca\\\/#website\"},\"primaryImageOfPage\":{\"@id\":\"https:\\\/\\\/gastronomicament.cat\\\/ca\\\/restaurant\\\/restaurant-hereveta-porreres#primaryimage\"},\"image\":{\"@id\":\"https:\\\/\\\/gastronomicament.cat\\\/ca\\\/restaurant\\\/restaurant-hereveta-porreres#primaryimage\"},\"thumbnailUrl\":\"https:\\\/\\\/gastronomicament.cat\\\/wp-content\\\/uploads\\\/2012\\\/03\\\/Ide\\\/Ideal-per-passar-hi-una-estona-a-gust.jpg\",\"datePublished\":\"2012-03-14T10:35:14+00:00\",\"dateModified\":\"2023-10-06T10:09:20+00:00\",\"description\":\"Restaurant parc de n'Hereveta. Porreres \\\/ Restaurante parque de n'Hereveta. Porreres\",\"breadcrumb\":{\"@id\":\"https:\\\/\\\/gastronomicament.cat\\\/ca\\\/restaurant\\\/restaurant-hereveta-porreres#breadcrumb\"},\"inLanguage\":\"ca-ES\",\"potentialAction\":[{\"@type\":\"ReadAction\",\"target\":[\"https:\\\/\\\/gastronomicament.cat\\\/ca\\\/restaurant\\\/restaurant-hereveta-porreres\"]}]},{\"@type\":\"ImageObject\",\"inLanguage\":\"ca-ES\",\"@id\":\"https:\\\/\\\/gastronomicament.cat\\\/ca\\\/restaurant\\\/restaurant-hereveta-porreres#primaryimage\",\"url\":\"https:\\\/\\\/gastronomicament.cat\\\/wp-content\\\/uploads\\\/2012\\\/03\\\/Ide\\\/Ideal-per-passar-hi-una-estona-a-gust.jpg\",\"contentUrl\":\"https:\\\/\\\/gastronomicament.cat\\\/wp-content\\\/uploads\\\/2012\\\/03\\\/Ide\\\/Ideal-per-passar-hi-una-estona-a-gust.jpg\",\"width\":640,\"height\":360},{\"@type\":\"BreadcrumbList\",\"@id\":\"https:\\\/\\\/gastronomicament.cat\\\/ca\\\/restaurant\\\/restaurant-hereveta-porreres#breadcrumb\",\"itemListElement\":[{\"@type\":\"ListItem\",\"position\":1,\"name\":\"Restaurants\",\"item\":\"https:\\\/\\\/gastronomicament.cat\\\/ca\\\/restaurants\"},{\"@type\":\"ListItem\",\"position\":2,\"name\":\"N&#8217;Hereveta\"}]},{\"@type\":\"WebSite\",\"@id\":\"https:\\\/\\\/gastronomicament.cat\\\/ca\\\/#website\",\"url\":\"https:\\\/\\\/gastronomicament.cat\\\/ca\\\/\",\"name\":\"Gastron\u00f2micament\",\"description\":\"Portal de restaurants, receptes i actualitat gastron\u00f2mica\",\"publisher\":{\"@id\":\"https:\\\/\\\/gastronomicament.cat\\\/ca\\\/#organization\"},\"potentialAction\":[{\"@type\":\"SearchAction\",\"target\":{\"@type\":\"EntryPoint\",\"urlTemplate\":\"https:\\\/\\\/gastronomicament.cat\\\/ca\\\/?s={search_term_string}\"},\"query-input\":{\"@type\":\"PropertyValueSpecification\",\"valueRequired\":true,\"valueName\":\"search_term_string\"}}],\"inLanguage\":\"ca-ES\"},{\"@type\":\"Organization\",\"@id\":\"https:\\\/\\\/gastronomicament.cat\\\/ca\\\/#organization\",\"name\":\"Gastron\u00f2micament\",\"url\":\"https:\\\/\\\/gastronomicament.cat\\\/ca\\\/\",\"logo\":{\"@type\":\"ImageObject\",\"inLanguage\":\"ca-ES\",\"@id\":\"https:\\\/\\\/gastronomicament.cat\\\/ca\\\/#\\\/schema\\\/logo\\\/image\\\/\",\"url\":\"https:\\\/\\\/gastronomicament.cat\\\/wp-content\\\/uploads\\\/2016\\\/09\\\/header-logo.jpg\",\"contentUrl\":\"https:\\\/\\\/gastronomicament.cat\\\/wp-content\\\/uploads\\\/2016\\\/09\\\/header-logo.jpg\",\"width\":277,\"height\":39,\"caption\":\"Gastron\u00f2micament\"},\"image\":{\"@id\":\"https:\\\/\\\/gastronomicament.cat\\\/ca\\\/#\\\/schema\\\/logo\\\/image\\\/\"},\"sameAs\":[\"https:\\\/\\\/x.com\\\/gastronomicamen\"]}]}<\/script>\n<!-- \/ Yoast SEO plugin. -->","yoast_head_json":{"title":"Restaurant n'Hereveta. Porreres","description":"Restaurant parc de n'Hereveta. Porreres \/ Restaurante parque de n'Hereveta. Porreres","robots":{"index":"index","follow":"follow","max-snippet":"max-snippet:-1","max-image-preview":"max-image-preview:large","max-video-preview":"max-video-preview:-1"},"canonical":"https:\/\/gastronomicament.cat\/ca\/restaurant\/restaurant-hereveta-porreres","og_locale":"ca_ES","og_type":"article","og_title":"Restaurant n'Hereveta. Porreres","og_description":"Restaurant parc de n'Hereveta. Porreres \/ Restaurante parque de n'Hereveta. Porreres","og_url":"https:\/\/gastronomicament.cat\/ca\/restaurant\/restaurant-hereveta-porreres","og_site_name":"Gastron\u00f2micament","article_modified_time":"2023-10-06T10:09:20+00:00","og_image":[{"width":640,"height":360,"url":"https:\/\/gastronomicament.cat\/wp-content\/uploads\/2012\/03\/Ide\/Ideal-per-passar-hi-una-estona-a-gust.jpg","type":"image\/jpeg"}],"twitter_card":"summary_large_image","twitter_site":"@gastronomicamen","twitter_misc":{"Est. reading time":"1 minute","Written by":"Redacci\u00f3"},"schema":{"@context":"https:\/\/schema.org","@graph":[{"@type":"WebPage","@id":"https:\/\/gastronomicament.cat\/ca\/restaurant\/restaurant-hereveta-porreres","url":"https:\/\/gastronomicament.cat\/ca\/restaurant\/restaurant-hereveta-porreres","name":"Restaurant n'Hereveta. Porreres","isPartOf":{"@id":"https:\/\/gastronomicament.cat\/ca\/#website"},"primaryImageOfPage":{"@id":"https:\/\/gastronomicament.cat\/ca\/restaurant\/restaurant-hereveta-porreres#primaryimage"},"image":{"@id":"https:\/\/gastronomicament.cat\/ca\/restaurant\/restaurant-hereveta-porreres#primaryimage"},"thumbnailUrl":"https:\/\/gastronomicament.cat\/wp-content\/uploads\/2012\/03\/Ide\/Ideal-per-passar-hi-una-estona-a-gust.jpg","datePublished":"2012-03-14T10:35:14+00:00","dateModified":"2023-10-06T10:09:20+00:00","description":"Restaurant parc de n'Hereveta. Porreres \/ Restaurante parque de n'Hereveta. Porreres","breadcrumb":{"@id":"https:\/\/gastronomicament.cat\/ca\/restaurant\/restaurant-hereveta-porreres#breadcrumb"},"inLanguage":"ca-ES","potentialAction":[{"@type":"ReadAction","target":["https:\/\/gastronomicament.cat\/ca\/restaurant\/restaurant-hereveta-porreres"]}]},{"@type":"ImageObject","inLanguage":"ca-ES","@id":"https:\/\/gastronomicament.cat\/ca\/restaurant\/restaurant-hereveta-porreres#primaryimage","url":"https:\/\/gastronomicament.cat\/wp-content\/uploads\/2012\/03\/Ide\/Ideal-per-passar-hi-una-estona-a-gust.jpg","contentUrl":"https:\/\/gastronomicament.cat\/wp-content\/uploads\/2012\/03\/Ide\/Ideal-per-passar-hi-una-estona-a-gust.jpg","width":640,"height":360},{"@type":"BreadcrumbList","@id":"https:\/\/gastronomicament.cat\/ca\/restaurant\/restaurant-hereveta-porreres#breadcrumb","itemListElement":[{"@type":"ListItem","position":1,"name":"Restaurants","item":"https:\/\/gastronomicament.cat\/ca\/restaurants"},{"@type":"ListItem","position":2,"name":"N&#8217;Hereveta"}]},{"@type":"WebSite","@id":"https:\/\/gastronomicament.cat\/ca\/#website","url":"https:\/\/gastronomicament.cat\/ca\/","name":"Gastron\u00f2micament","description":"Portal de restaurants, receptes i actualitat gastron\u00f2mica","publisher":{"@id":"https:\/\/gastronomicament.cat\/ca\/#organization"},"potentialAction":[{"@type":"SearchAction","target":{"@type":"EntryPoint","urlTemplate":"https:\/\/gastronomicament.cat\/ca\/?s={search_term_string}"},"query-input":{"@type":"PropertyValueSpecification","valueRequired":true,"valueName":"search_term_string"}}],"inLanguage":"ca-ES"},{"@type":"Organization","@id":"https:\/\/gastronomicament.cat\/ca\/#organization","name":"Gastron\u00f2micament","url":"https:\/\/gastronomicament.cat\/ca\/","logo":{"@type":"ImageObject","inLanguage":"ca-ES","@id":"https:\/\/gastronomicament.cat\/ca\/#\/schema\/logo\/image\/","url":"https:\/\/gastronomicament.cat\/wp-content\/uploads\/2016\/09\/header-logo.jpg","contentUrl":"https:\/\/gastronomicament.cat\/wp-content\/uploads\/2016\/09\/header-logo.jpg","width":277,"height":39,"caption":"Gastron\u00f2micament"},"image":{"@id":"https:\/\/gastronomicament.cat\/ca\/#\/schema\/logo\/image\/"},"sameAs":["https:\/\/x.com\/gastronomicamen"]}]}},"_links":{"self":[{"href":"https:\/\/gastronomicament.cat\/ca\/wp-json\/wp\/v2\/restaurant\/1460","targetHints":{"allow":["GET"]}}],"collection":[{"href":"https:\/\/gastronomicament.cat\/ca\/wp-json\/wp\/v2\/restaurant"}],"about":[{"href":"https:\/\/gastronomicament.cat\/ca\/wp-json\/wp\/v2\/types\/restaurant"}],"author":[{"embeddable":true,"href":"https:\/\/gastronomicament.cat\/ca\/wp-json\/wp\/v2\/users\/1"}],"replies":[{"embeddable":true,"href":"https:\/\/gastronomicament.cat\/ca\/wp-json\/wp\/v2\/comments?post=1460"}],"version-history":[{"count":0,"href":"https:\/\/gastronomicament.cat\/ca\/wp-json\/wp\/v2\/restaurant\/1460\/revisions"}],"wp:featuredmedia":[{"embeddable":true,"href":"https:\/\/gastronomicament.cat\/ca\/wp-json\/wp\/v2\/media\/7932"}],"wp:attachment":[{"href":"https:\/\/gastronomicament.cat\/ca\/wp-json\/wp\/v2\/media?parent=1460"}],"wp:term":[{"taxonomy":"category","embeddable":true,"href":"https:\/\/gastronomicament.cat\/ca\/wp-json\/wp\/v2\/categories?post=1460"},{"taxonomy":"destacatper","embeddable":true,"href":"https:\/\/gastronomicament.cat\/ca\/wp-json\/wp\/v2\/destacatper?post=1460"},{"taxonomy":"especialitat","embeddable":true,"href":"https:\/\/gastronomicament.cat\/ca\/wp-json\/wp\/v2\/especialitat?post=1460"},{"taxonomy":"localitat","embeddable":true,"href":"https:\/\/gastronomicament.cat\/ca\/wp-json\/wp\/v2\/localitat?post=1460"},{"taxonomy":"author","embeddable":true,"href":"https:\/\/gastronomicament.cat\/ca\/wp-json\/wp\/v2\/coauthors?post=1460"}],"curies":[{"name":"wp","href":"https:\/\/api.w.org\/{rel}","templated":true}]}}