{"id":77530,"date":"2022-08-03T12:53:54","date_gmt":"2022-08-03T10:53:54","guid":{"rendered":"https:\/\/gastronomicament.cat\/?post_type=restaurant&#038;p=77530"},"modified":"2024-08-28T10:39:51","modified_gmt":"2024-08-28T08:39:51","slug":"bananas-son-baulo","status":"publish","type":"restaurant","link":"https:\/\/gastronomicament.cat\/ca\/restaurant\/bananas-son-baulo","title":{"rendered":"Bananas Son Baul\u00f3"},"content":{"rendered":"<p>El <strong>restaurant Bananas de Son Baul\u00f3<\/strong> \u00e9s un dels establiments amb hist\u00f2ria de la zona de <strong>Can Picafort<\/strong>. Dinar o sopar amb els peus dins l\u2019arena amb la mar ben al davant \u00e9s un dels atractius d\u2019aquesta guingueta, on hi destaca el bon servei al client i la qualitat dels plats, elaborats pel cuiner <strong>Pere Barcel\u00f3<\/strong>.<\/p>\n<p>Els arrossos secs s\u00f3n l\u2019especialitat, per\u00f2 tamb\u00e9 hi destaquen altres propostes com ara les crestes japoneses (giozes) de cap-roig, les croquetes de botifarr\u00f3, els musclos de roca amb salsa de tom\u00e0tiga de ramellet, l&#8217;escabetx d\u2019aranya, els tacos de llu\u00e7 marinat amb ceba envinagrada i maionesa de pebres fermentats, entre d&#8217;altres. Tamb\u00e9 usen el popular xarop d\u2019en Gori, una mescla feta segons la recepta de la can\u00e7\u00f3 del grup Ossifar, amb palo, cassalla i herbes amb la qual maceren alguns peixos, com ara la mussola.<\/p>\n<p>De postres, hi trobareu gelat de llorer, cardenal del Forn de Baix (Lloseta), brownie de garrova, a m\u00e9s d\u2019altres propostes dolces.<\/p>\n<p>Cada vespre hi sol haver concert de m\u00fasica en viu, excepte el dilluns que \u00e9s el dia de descans del personal.<\/p>\n<p><strong>Un establiment amb hist\u00f2ria<\/strong><\/p>\n<p>D\u2019en\u00e7\u00e0 el 1985 la fam\u00edlia Castell\u00f3 regenta el Bananas, un nom que prov\u00e9 del bar que <strong>Toni Castell\u00f3<\/strong> va obrir el 1978 a Can Picafort, una \u00e8poca en qu\u00e8 es publicitava Mallorca a base de noms tropicals. El 2015, el seu fill, Xisco, va entrar a fer feina al negoci i el 2021 ha iniciat una traject\u00f2ria nova, amb <strong>Daniel Go\u00e7alves<\/strong> com a responsable de sala, i amb <strong>Armand Gonz\u00e1lez<\/strong>, a la gesti\u00f3 de reserves. Aquest equip de professionals aposta per diferenciar-se de la compet\u00e8ncia amb arrossos originals, croquetes bones i diferents de la resta, sempre amb la qualitat per bandera. Per aix\u00f2 compren el peix al Mercat d\u2019Inca, usen <strong>Arr\u00f2s Grif<\/strong> de sa Pobla, ofereixen kombutxa feta a Llub\u00ed, aposten pel vi de Mallorca i els embotits de <strong>Cas Sereno<\/strong> (Inca), com tamb\u00e9 pels musclos de Menorca.<\/p>\n<p><strong>Xisco Castell\u00f3<\/strong> tamb\u00e9 explica que han incorporat plats curiosos i amb hist\u00f2ria, com la rajada amb sa\u00efm vermell, t\u00e0peres i llimona servida amb una crumble de sobrassada, que est\u00e0 inspirat en el receptari de Son Moragues (Valldemossa), que pertany a la fam\u00edlia de la seva esposa i que s\u00f3n els hereus de l\u2019<strong>Arxiduc Llu\u00eds Salvador<\/strong>.<\/p>\n","protected":false},"excerpt":{"rendered":"<p>El\u00a0restaurant Bananas de Son Baul\u00f3\u00a0\u00e9s un dels establiments amb hist\u00f2ria de la zona de\u00a0Can Picafort. Els&hellip;<\/p>\n","protected":false},"author":1,"featured_media":77539,"menu_order":0,"comment_status":"open","ping_status":"closed","template":"","format":"gallery","meta":{"_acf_changed":false,"_swt_meta_header_display":false,"_swt_meta_footer_display":false,"_swt_meta_site_title_display":false,"_swt_meta_sticky_header":false,"_swt_meta_transparent_header":false,"direccio":"Carrer Marina, 48\r\n","telefon":"971 85 03 26","web":"","horari":"[:ca]Obert de dimarts a diumenge [:en]Open from Tuesday to Sunday[:es]Abierto de martes a domingo[:de]Ge\u00f6ffnet von Dienstag bis Sonntag\r\n","preumitja":"","observacions":"","footnotes":""},"categories":[1],"destacatper":[753,703,979],"especialitat":[553],"localitat":[603,788,40,2063],"coauthors":[2053],"class_list":["post-77530","restaurant","type-restaurant","status-publish","format-gallery","has-post-thumbnail","hentry","category-restaurants","destacatper-beach-club","destacatper-celebracions-i-grups","destacatper-local-amb-carta-en-catala","especialitat-arrosseria","localitat-can-picafort","localitat-mallorca","localitat-pla","localitat-santa-margalida","preu-entre-20-i-30-euros"],"acf":{"gallery":null,"home_date":{"home_begin_date":null,"home_end_date":null}},"yoast_head":"<!-- This site is optimized with the Yoast SEO plugin v27.4 - https:\/\/yoast.com\/product\/yoast-seo-wordpress\/ -->\n<title>Bananas Son Baul\u00f3 - Gastron\u00f2micament<\/title>\n<meta name=\"robots\" content=\"index, follow, max-snippet:-1, max-image-preview:large, max-video-preview:-1\" \/>\n<link rel=\"canonical\" href=\"https:\/\/gastronomicament.cat\/ca\/restaurant\/bananas-son-baulo\" \/>\n<meta property=\"og:locale\" content=\"ca_ES\" \/>\n<meta property=\"og:type\" content=\"article\" \/>\n<meta property=\"og:title\" content=\"Bananas Son Baul\u00f3 - Gastron\u00f2micament\" \/>\n<meta property=\"og:description\" content=\"El\u00a0restaurant Bananas de Son Baul\u00f3\u00a0\u00e9s un dels establiments amb hist\u00f2ria de la zona de\u00a0Can Picafort. Els&hellip;\" \/>\n<meta property=\"og:url\" content=\"https:\/\/gastronomicament.cat\/ca\/restaurant\/bananas-son-baulo\" \/>\n<meta property=\"og:site_name\" content=\"Gastron\u00f2micament\" \/>\n<meta property=\"article:modified_time\" content=\"2024-08-28T08:39:51+00:00\" \/>\n<meta property=\"og:image\" content=\"https:\/\/gastronomicament.cat\/wp-content\/uploads\/2022\/08\/Bananas-Son-Baulo-Can-Picafort.jpg\" \/>\n\t<meta property=\"og:image:width\" content=\"1800\" \/>\n\t<meta property=\"og:image:height\" content=\"1200\" \/>\n\t<meta property=\"og:image:type\" content=\"image\/jpeg\" \/>\n<meta name=\"twitter:card\" content=\"summary_large_image\" \/>\n<meta name=\"twitter:site\" content=\"@gastronomicamen\" \/>\n<meta name=\"twitter:label1\" content=\"Est. reading time\" \/>\n\t<meta name=\"twitter:data1\" content=\"3 minutes\" \/>\n\t<meta name=\"twitter:label2\" content=\"Written by\" \/>\n\t<meta name=\"twitter:data2\" content=\"Redacci\u00f3\" \/>\n<script type=\"application\/ld+json\" class=\"yoast-schema-graph\">{\"@context\":\"https:\\\/\\\/schema.org\",\"@graph\":[{\"@type\":\"WebPage\",\"@id\":\"https:\\\/\\\/gastronomicament.cat\\\/ca\\\/restaurant\\\/bananas-son-baulo\",\"url\":\"https:\\\/\\\/gastronomicament.cat\\\/ca\\\/restaurant\\\/bananas-son-baulo\",\"name\":\"Bananas Son Baul\u00f3 - Gastron\u00f2micament\",\"isPartOf\":{\"@id\":\"https:\\\/\\\/gastronomicament.cat\\\/ca\\\/#website\"},\"primaryImageOfPage\":{\"@id\":\"https:\\\/\\\/gastronomicament.cat\\\/ca\\\/restaurant\\\/bananas-son-baulo#primaryimage\"},\"image\":{\"@id\":\"https:\\\/\\\/gastronomicament.cat\\\/ca\\\/restaurant\\\/bananas-son-baulo#primaryimage\"},\"thumbnailUrl\":\"https:\\\/\\\/gastronomicament.cat\\\/wp-content\\\/uploads\\\/2022\\\/08\\\/Bananas-Son-Baulo-Can-Picafort.jpg\",\"datePublished\":\"2022-08-03T10:53:54+00:00\",\"dateModified\":\"2024-08-28T08:39:51+00:00\",\"breadcrumb\":{\"@id\":\"https:\\\/\\\/gastronomicament.cat\\\/ca\\\/restaurant\\\/bananas-son-baulo#breadcrumb\"},\"inLanguage\":\"ca-ES\",\"potentialAction\":[{\"@type\":\"ReadAction\",\"target\":[\"https:\\\/\\\/gastronomicament.cat\\\/ca\\\/restaurant\\\/bananas-son-baulo\"]}]},{\"@type\":\"ImageObject\",\"inLanguage\":\"ca-ES\",\"@id\":\"https:\\\/\\\/gastronomicament.cat\\\/ca\\\/restaurant\\\/bananas-son-baulo#primaryimage\",\"url\":\"https:\\\/\\\/gastronomicament.cat\\\/wp-content\\\/uploads\\\/2022\\\/08\\\/Bananas-Son-Baulo-Can-Picafort.jpg\",\"contentUrl\":\"https:\\\/\\\/gastronomicament.cat\\\/wp-content\\\/uploads\\\/2022\\\/08\\\/Bananas-Son-Baulo-Can-Picafort.jpg\",\"width\":1800,\"height\":1200},{\"@type\":\"BreadcrumbList\",\"@id\":\"https:\\\/\\\/gastronomicament.cat\\\/ca\\\/restaurant\\\/bananas-son-baulo#breadcrumb\",\"itemListElement\":[{\"@type\":\"ListItem\",\"position\":1,\"name\":\"Restaurants\",\"item\":\"https:\\\/\\\/gastronomicament.cat\\\/ca\\\/restaurants\"},{\"@type\":\"ListItem\",\"position\":2,\"name\":\"Bananas Son Baul\u00f3\"}]},{\"@type\":\"WebSite\",\"@id\":\"https:\\\/\\\/gastronomicament.cat\\\/ca\\\/#website\",\"url\":\"https:\\\/\\\/gastronomicament.cat\\\/ca\\\/\",\"name\":\"Gastron\u00f2micament\",\"description\":\"Portal de restaurants, receptes i actualitat gastron\u00f2mica\",\"publisher\":{\"@id\":\"https:\\\/\\\/gastronomicament.cat\\\/ca\\\/#organization\"},\"potentialAction\":[{\"@type\":\"SearchAction\",\"target\":{\"@type\":\"EntryPoint\",\"urlTemplate\":\"https:\\\/\\\/gastronomicament.cat\\\/ca\\\/?s={search_term_string}\"},\"query-input\":{\"@type\":\"PropertyValueSpecification\",\"valueRequired\":true,\"valueName\":\"search_term_string\"}}],\"inLanguage\":\"ca-ES\"},{\"@type\":\"Organization\",\"@id\":\"https:\\\/\\\/gastronomicament.cat\\\/ca\\\/#organization\",\"name\":\"Gastron\u00f2micament\",\"url\":\"https:\\\/\\\/gastronomicament.cat\\\/ca\\\/\",\"logo\":{\"@type\":\"ImageObject\",\"inLanguage\":\"ca-ES\",\"@id\":\"https:\\\/\\\/gastronomicament.cat\\\/ca\\\/#\\\/schema\\\/logo\\\/image\\\/\",\"url\":\"https:\\\/\\\/gastronomicament.cat\\\/wp-content\\\/uploads\\\/2016\\\/09\\\/header-logo.jpg\",\"contentUrl\":\"https:\\\/\\\/gastronomicament.cat\\\/wp-content\\\/uploads\\\/2016\\\/09\\\/header-logo.jpg\",\"width\":277,\"height\":39,\"caption\":\"Gastron\u00f2micament\"},\"image\":{\"@id\":\"https:\\\/\\\/gastronomicament.cat\\\/ca\\\/#\\\/schema\\\/logo\\\/image\\\/\"},\"sameAs\":[\"https:\\\/\\\/x.com\\\/gastronomicamen\"]}]}<\/script>\n<!-- \/ Yoast SEO plugin. -->","yoast_head_json":{"title":"Bananas Son Baul\u00f3 - Gastron\u00f2micament","robots":{"index":"index","follow":"follow","max-snippet":"max-snippet:-1","max-image-preview":"max-image-preview:large","max-video-preview":"max-video-preview:-1"},"canonical":"https:\/\/gastronomicament.cat\/ca\/restaurant\/bananas-son-baulo","og_locale":"ca_ES","og_type":"article","og_title":"Bananas Son Baul\u00f3 - Gastron\u00f2micament","og_description":"El\u00a0restaurant Bananas de Son Baul\u00f3\u00a0\u00e9s un dels establiments amb hist\u00f2ria de la zona de\u00a0Can Picafort. Els&hellip;","og_url":"https:\/\/gastronomicament.cat\/ca\/restaurant\/bananas-son-baulo","og_site_name":"Gastron\u00f2micament","article_modified_time":"2024-08-28T08:39:51+00:00","og_image":[{"width":1800,"height":1200,"url":"https:\/\/gastronomicament.cat\/wp-content\/uploads\/2022\/08\/Bananas-Son-Baulo-Can-Picafort.jpg","type":"image\/jpeg"}],"twitter_card":"summary_large_image","twitter_site":"@gastronomicamen","twitter_misc":{"Est. reading time":"3 minutes","Written by":"Redacci\u00f3"},"schema":{"@context":"https:\/\/schema.org","@graph":[{"@type":"WebPage","@id":"https:\/\/gastronomicament.cat\/ca\/restaurant\/bananas-son-baulo","url":"https:\/\/gastronomicament.cat\/ca\/restaurant\/bananas-son-baulo","name":"Bananas Son Baul\u00f3 - Gastron\u00f2micament","isPartOf":{"@id":"https:\/\/gastronomicament.cat\/ca\/#website"},"primaryImageOfPage":{"@id":"https:\/\/gastronomicament.cat\/ca\/restaurant\/bananas-son-baulo#primaryimage"},"image":{"@id":"https:\/\/gastronomicament.cat\/ca\/restaurant\/bananas-son-baulo#primaryimage"},"thumbnailUrl":"https:\/\/gastronomicament.cat\/wp-content\/uploads\/2022\/08\/Bananas-Son-Baulo-Can-Picafort.jpg","datePublished":"2022-08-03T10:53:54+00:00","dateModified":"2024-08-28T08:39:51+00:00","breadcrumb":{"@id":"https:\/\/gastronomicament.cat\/ca\/restaurant\/bananas-son-baulo#breadcrumb"},"inLanguage":"ca-ES","potentialAction":[{"@type":"ReadAction","target":["https:\/\/gastronomicament.cat\/ca\/restaurant\/bananas-son-baulo"]}]},{"@type":"ImageObject","inLanguage":"ca-ES","@id":"https:\/\/gastronomicament.cat\/ca\/restaurant\/bananas-son-baulo#primaryimage","url":"https:\/\/gastronomicament.cat\/wp-content\/uploads\/2022\/08\/Bananas-Son-Baulo-Can-Picafort.jpg","contentUrl":"https:\/\/gastronomicament.cat\/wp-content\/uploads\/2022\/08\/Bananas-Son-Baulo-Can-Picafort.jpg","width":1800,"height":1200},{"@type":"BreadcrumbList","@id":"https:\/\/gastronomicament.cat\/ca\/restaurant\/bananas-son-baulo#breadcrumb","itemListElement":[{"@type":"ListItem","position":1,"name":"Restaurants","item":"https:\/\/gastronomicament.cat\/ca\/restaurants"},{"@type":"ListItem","position":2,"name":"Bananas Son Baul\u00f3"}]},{"@type":"WebSite","@id":"https:\/\/gastronomicament.cat\/ca\/#website","url":"https:\/\/gastronomicament.cat\/ca\/","name":"Gastron\u00f2micament","description":"Portal de restaurants, receptes i actualitat gastron\u00f2mica","publisher":{"@id":"https:\/\/gastronomicament.cat\/ca\/#organization"},"potentialAction":[{"@type":"SearchAction","target":{"@type":"EntryPoint","urlTemplate":"https:\/\/gastronomicament.cat\/ca\/?s={search_term_string}"},"query-input":{"@type":"PropertyValueSpecification","valueRequired":true,"valueName":"search_term_string"}}],"inLanguage":"ca-ES"},{"@type":"Organization","@id":"https:\/\/gastronomicament.cat\/ca\/#organization","name":"Gastron\u00f2micament","url":"https:\/\/gastronomicament.cat\/ca\/","logo":{"@type":"ImageObject","inLanguage":"ca-ES","@id":"https:\/\/gastronomicament.cat\/ca\/#\/schema\/logo\/image\/","url":"https:\/\/gastronomicament.cat\/wp-content\/uploads\/2016\/09\/header-logo.jpg","contentUrl":"https:\/\/gastronomicament.cat\/wp-content\/uploads\/2016\/09\/header-logo.jpg","width":277,"height":39,"caption":"Gastron\u00f2micament"},"image":{"@id":"https:\/\/gastronomicament.cat\/ca\/#\/schema\/logo\/image\/"},"sameAs":["https:\/\/x.com\/gastronomicamen"]}]}},"_links":{"self":[{"href":"https:\/\/gastronomicament.cat\/ca\/wp-json\/wp\/v2\/restaurant\/77530","targetHints":{"allow":["GET"]}}],"collection":[{"href":"https:\/\/gastronomicament.cat\/ca\/wp-json\/wp\/v2\/restaurant"}],"about":[{"href":"https:\/\/gastronomicament.cat\/ca\/wp-json\/wp\/v2\/types\/restaurant"}],"author":[{"embeddable":true,"href":"https:\/\/gastronomicament.cat\/ca\/wp-json\/wp\/v2\/users\/1"}],"replies":[{"embeddable":true,"href":"https:\/\/gastronomicament.cat\/ca\/wp-json\/wp\/v2\/comments?post=77530"}],"version-history":[{"count":0,"href":"https:\/\/gastronomicament.cat\/ca\/wp-json\/wp\/v2\/restaurant\/77530\/revisions"}],"wp:featuredmedia":[{"embeddable":true,"href":"https:\/\/gastronomicament.cat\/ca\/wp-json\/wp\/v2\/media\/77539"}],"wp:attachment":[{"href":"https:\/\/gastronomicament.cat\/ca\/wp-json\/wp\/v2\/media?parent=77530"}],"wp:term":[{"taxonomy":"category","embeddable":true,"href":"https:\/\/gastronomicament.cat\/ca\/wp-json\/wp\/v2\/categories?post=77530"},{"taxonomy":"destacatper","embeddable":true,"href":"https:\/\/gastronomicament.cat\/ca\/wp-json\/wp\/v2\/destacatper?post=77530"},{"taxonomy":"especialitat","embeddable":true,"href":"https:\/\/gastronomicament.cat\/ca\/wp-json\/wp\/v2\/especialitat?post=77530"},{"taxonomy":"localitat","embeddable":true,"href":"https:\/\/gastronomicament.cat\/ca\/wp-json\/wp\/v2\/localitat?post=77530"},{"taxonomy":"author","embeddable":true,"href":"https:\/\/gastronomicament.cat\/ca\/wp-json\/wp\/v2\/coauthors?post=77530"}],"curies":[{"name":"wp","href":"https:\/\/api.w.org\/{rel}","templated":true}]}}