{"version":"1.0","provider_name":"Gastron\u00f2micament","provider_url":"https:\/\/gastronomicament.cat\/de","author_name":"Redacci\u00f3","author_url":"https:\/\/gastronomicament.cat\/de\/author\/admin","title":"Caf\u00e8s Llofriu tancar\u00e0 la hist\u00f2rica botiga de Palma - Gastron\u00f2micament","type":"rich","width":600,"height":338,"html":"<blockquote class=\"wp-embedded-content\" data-secret=\"av00pRwnGV\"><a href=\"https:\/\/gastronomicament.cat\/de\/cafes-llofriu-tancara-la-historica-botiga-de-palma\">Caf\u00e8s Llofriu tancar\u00e0 la hist\u00f2rica botiga de Palma<\/a><\/blockquote><iframe sandbox=\"allow-scripts\" security=\"restricted\" src=\"https:\/\/gastronomicament.cat\/de\/cafes-llofriu-tancara-la-historica-botiga-de-palma\/embed#?secret=av00pRwnGV\" width=\"600\" height=\"338\" title=\"&#8222;Caf\u00e8s Llofriu tancar\u00e0 la hist\u00f2rica botiga de Palma&#8220; &#8211; Gastron\u00f2micament\" data-secret=\"av00pRwnGV\" frameborder=\"0\" marginwidth=\"0\" marginheight=\"0\" scrolling=\"no\" class=\"wp-embedded-content\"><\/iframe><script>\n\/*! This file is auto-generated *\/\n!function(d,l){\"use strict\";l.querySelector&&d.addEventListener&&\"undefined\"!=typeof URL&&(d.wp=d.wp||{},d.wp.receiveEmbedMessage||(d.wp.receiveEmbedMessage=function(e){var t=e.data;if((t||t.secret||t.message||t.value)&&!\/[^a-zA-Z0-9]\/.test(t.secret)){for(var s,r,n,a=l.querySelectorAll('iframe[data-secret=\"'+t.secret+'\"]'),o=l.querySelectorAll('blockquote[data-secret=\"'+t.secret+'\"]'),c=new RegExp(\"^https?:$\",\"i\"),i=0;i<o.length;i++)o[i].style.display=\"none\";for(i=0;i<a.length;i++)s=a[i],e.source===s.contentWindow&&(s.removeAttribute(\"style\"),\"height\"===t.message?(1e3<(r=parseInt(t.value,10))?r=1e3:~~r<200&&(r=200),s.height=r):\"link\"===t.message&&(r=new URL(s.getAttribute(\"src\")),n=new URL(t.value),c.test(n.protocol))&&n.host===r.host&&l.activeElement===s&&(d.top.location.href=t.value))}},d.addEventListener(\"message\",d.wp.receiveEmbedMessage,!1),l.addEventListener(\"DOMContentLoaded\",function(){for(var e,t,s=l.querySelectorAll(\"iframe.wp-embedded-content\"),r=0;r<s.length;r++)(t=(e=s[r]).getAttribute(\"data-secret\"))||(t=Math.random().toString(36).substring(2,12),e.src+=\"#?secret=\"+t,e.setAttribute(\"data-secret\",t)),e.contentWindow.postMessage({message:\"ready\",secret:t},\"*\")},!1)))}(window,document);\n\/\/# sourceURL=https:\/\/gastronomicament.cat\/wp-includes\/js\/wp-embed.min.js\n<\/script>\n","thumbnail_url":"https:\/\/gastronomicament.cat\/wp-content\/uploads\/2019\/02\/Caf\u00e9s-Llofriu-Palma-tanca.jpg","thumbnail_width":1200,"thumbnail_height":800,"description":"Caf\u00e8s Llofriu tancar\u00e0 la hist\u00f2rica botiga de Palma Actualitat, Reportatges i novetats La m\u00edtica i hist\u00f2rica botiga de Palma Caf\u00e8s Llofriu tancar\u00e0 les portes d'aqu\u00ed uns mesos, molt segurament quan arribi l'estiu. Ara b\u00e9, no ho fa definitivament, sin\u00f3 que es trasllada al Mercat de l'Olivar."}