{"version":"1.0","provider_name":"Gastron\u00f2micament","provider_url":"https:\/\/gastronomicament.cat\/de","author_name":"Redacci\u00f3","author_url":"https:\/\/gastronomicament.cat\/de\/author\/admin","title":"Comen\u00e7a la Mostra Gastron\u00f2mica d'Algaida - Gastron\u00f2micament","type":"rich","width":600,"height":338,"html":"<blockquote class=\"wp-embedded-content\" data-secret=\"joQHrhC6ja\"><a href=\"https:\/\/gastronomicament.cat\/de\/comenca-la-mostra-gastronomica-dalgaida\">Comen\u00e7a la Mostra Gastron\u00f2mica d&#8217;Algaida<\/a><\/blockquote><iframe sandbox=\"allow-scripts\" security=\"restricted\" src=\"https:\/\/gastronomicament.cat\/de\/comenca-la-mostra-gastronomica-dalgaida\/embed#?secret=joQHrhC6ja\" width=\"600\" height=\"338\" title=\"&#8222;Comen\u00e7a la Mostra Gastron\u00f2mica d&#8217;Algaida&#8220; &#8211; Gastron\u00f2micament\" data-secret=\"joQHrhC6ja\" frameborder=\"0\" marginwidth=\"0\" marginheight=\"0\" scrolling=\"no\" class=\"wp-embedded-content\"><\/iframe><script>\n\/*! This file is auto-generated *\/\n!function(d,l){\"use strict\";l.querySelector&&d.addEventListener&&\"undefined\"!=typeof URL&&(d.wp=d.wp||{},d.wp.receiveEmbedMessage||(d.wp.receiveEmbedMessage=function(e){var t=e.data;if((t||t.secret||t.message||t.value)&&!\/[^a-zA-Z0-9]\/.test(t.secret)){for(var s,r,n,a=l.querySelectorAll('iframe[data-secret=\"'+t.secret+'\"]'),o=l.querySelectorAll('blockquote[data-secret=\"'+t.secret+'\"]'),c=new RegExp(\"^https?:$\",\"i\"),i=0;i<o.length;i++)o[i].style.display=\"none\";for(i=0;i<a.length;i++)s=a[i],e.source===s.contentWindow&&(s.removeAttribute(\"style\"),\"height\"===t.message?(1e3<(r=parseInt(t.value,10))?r=1e3:~~r<200&&(r=200),s.height=r):\"link\"===t.message&&(r=new URL(s.getAttribute(\"src\")),n=new URL(t.value),c.test(n.protocol))&&n.host===r.host&&l.activeElement===s&&(d.top.location.href=t.value))}},d.addEventListener(\"message\",d.wp.receiveEmbedMessage,!1),l.addEventListener(\"DOMContentLoaded\",function(){for(var e,t,s=l.querySelectorAll(\"iframe.wp-embedded-content\"),r=0;r<s.length;r++)(t=(e=s[r]).getAttribute(\"data-secret\"))||(t=Math.random().toString(36).substring(2,12),e.src+=\"#?secret=\"+t,e.setAttribute(\"data-secret\",t)),e.contentWindow.postMessage({message:\"ready\",secret:t},\"*\")},!1)))}(window,document);\n\/\/# sourceURL=https:\/\/gastronomicament.cat\/wp-includes\/js\/wp-embed.min.js\n<\/script>\n","thumbnail_url":"https:\/\/gastronomicament.cat\/wp-content\/uploads\/2020\/10\/Mostra-Gastronomica-Algaida-2020-menus.jpg","thumbnail_width":763,"thumbnail_height":443,"description":"Comen\u00e7a la Mostra Gastron\u00f2mica d'Algaida Actualitat, Fires i rutes Durant 10 dies teniu l'oportunitat de gaudir dels millors plats que es cuinen a Algaida. Els\u00a0vuit restaurants\u00a0destacats del municipi oferiran del\u00a023 d'octubfre\u00a0a l'1 de novembre, men\u00fas especials"}