{"version":"1.0","provider_name":"Gastron\u00f2micament","provider_url":"https:\/\/gastronomicament.cat\/de","author_name":"Redacci\u00f3","author_url":"https:\/\/gastronomicament.cat\/de\/author\/admin","title":"IV edici\u00f3 dels Tasts Gastron\u00f2mics","type":"rich","width":600,"height":338,"html":"<blockquote class=\"wp-embedded-content\" data-secret=\"LTFbxPI023\"><a href=\"https:\/\/gastronomicament.cat\/de\/tasts-gastronomics-2014\">IV edici\u00f3 dels Tasts Gastron\u00f2mics<\/a><\/blockquote><iframe sandbox=\"allow-scripts\" security=\"restricted\" src=\"https:\/\/gastronomicament.cat\/de\/tasts-gastronomics-2014\/embed#?secret=LTFbxPI023\" width=\"600\" height=\"338\" title=\"&#8222;IV edici\u00f3 dels Tasts Gastron\u00f2mics&#8220; &#8211; Gastron\u00f2micament\" data-secret=\"LTFbxPI023\" frameborder=\"0\" marginwidth=\"0\" marginheight=\"0\" scrolling=\"no\" class=\"wp-embedded-content\"><\/iframe><script>\n\/*! This file is auto-generated *\/\n!function(d,l){\"use strict\";l.querySelector&&d.addEventListener&&\"undefined\"!=typeof URL&&(d.wp=d.wp||{},d.wp.receiveEmbedMessage||(d.wp.receiveEmbedMessage=function(e){var t=e.data;if((t||t.secret||t.message||t.value)&&!\/[^a-zA-Z0-9]\/.test(t.secret)){for(var s,r,n,a=l.querySelectorAll('iframe[data-secret=\"'+t.secret+'\"]'),o=l.querySelectorAll('blockquote[data-secret=\"'+t.secret+'\"]'),c=new RegExp(\"^https?:$\",\"i\"),i=0;i<o.length;i++)o[i].style.display=\"none\";for(i=0;i<a.length;i++)s=a[i],e.source===s.contentWindow&&(s.removeAttribute(\"style\"),\"height\"===t.message?(1e3<(r=parseInt(t.value,10))?r=1e3:~~r<200&&(r=200),s.height=r):\"link\"===t.message&&(r=new URL(s.getAttribute(\"src\")),n=new URL(t.value),c.test(n.protocol))&&n.host===r.host&&l.activeElement===s&&(d.top.location.href=t.value))}},d.addEventListener(\"message\",d.wp.receiveEmbedMessage,!1),l.addEventListener(\"DOMContentLoaded\",function(){for(var e,t,s=l.querySelectorAll(\"iframe.wp-embedded-content\"),r=0;r<s.length;r++)(t=(e=s[r]).getAttribute(\"data-secret\"))||(t=Math.random().toString(36).substring(2,12),e.src+=\"#?secret=\"+t,e.setAttribute(\"data-secret\",t)),e.contentWindow.postMessage({message:\"ready\",secret:t},\"*\")},!1)))}(window,document);\n\/\/# sourceURL=https:\/\/gastronomicament.cat\/wp-includes\/js\/wp-embed.min.js\n<\/script>\n","thumbnail_url":"https:\/\/gastronomicament.cat\/wp-content\/uploads\/2014\/01\/tasts-2014-640.jpg","thumbnail_width":640,"thumbnail_height":300,"description":"IV edici\u00f3 dels Tasts Gastron\u00f2mics. Embotits Munar, Cervesa Galilea, Vins Jaume de Puntir\u00f3, Formatges Burguera, Productes de Consell, Sermita, Can Verdura Viticultors, Gelats Valls, Caf\u00e8 Bay, Oli de Jornets, Celler Son Bordils, Caf\u00e8s Rico, Pep Lemon, Oli Sa Roqueta, Can Vidalet, Cervesa Mayurqa, Oli Son Barbassa, Mel Son Gravot, Celler sa Rota, Antigues Neules i Galletes Gori de Muro."}