{"id":72592,"date":"2013-08-21T10:56:09","date_gmt":"2013-08-21T08:56:09","guid":{"rendered":"https:\/\/gastronomicament.cat\/recepta\/gelat-de-vainilla-amb-cookies-sense-ou"},"modified":"2013-08-21T10:56:09","modified_gmt":"2013-08-21T08:56:09","slug":"gelat-de-vainilla-amb-cookies-sense-ou","status":"publish","type":"recepta","link":"https:\/\/gastronomicament.cat\/de\/recepta\/gelat-de-vainilla-amb-cookies-sense-ou","title":{"rendered":"Gelat de vainilla amb cookies (sense ou!)"},"content":{"rendered":"<p><strong>Ingredients<\/strong><br \/>\n<em>Per als trossos de cookies<\/em>:<\/p>\n<ul>\n<li>60 g de farina<\/li>\n<li>35 g de sucre mor\u00e8<\/li>\n<li>40 g de sucre blanc<\/li>\n<li>30 g de mantega<\/li>\n<li>1 culleradeta d&#8217;extracte de vainilla<\/li>\n<li>30 ml d&#8217;aigua<\/li>\n<li>2 cullerades de gotes de xocolata<\/li>\n<\/ul>\n<p><em>Per al gelat<\/em>:<\/p>\n<ul>\n<li>475 ml nata per muntar (35% o m\u00e9s de mat\u00e8ria grassa)<\/li>\n<li>475 ml nata per cuinar ( 18% mat\u00e8ria grassa)<\/li>\n<li>2 o 3 cullerades de vainilla en pasta o extracte de vainilla<\/li>\n<li>100 g de sucre<\/li>\n<li>100 g de gotes de xocolata<\/li>\n<\/ul>\n<p><strong>Elaboraci\u00f3<\/strong><br \/>\n<em>Per als trossets de cookies<\/em>:<br \/>\nBatem la mantega amb el sucre mor\u00e8 i blanc.<br \/>\nHi incorporem l&#8217;aigua i l&#8217;extracte o pasta de vainilla.<br \/>\nHo continuam batent, i hi incorporem la farina i finalment els xips de xocolata.<br \/>\nAgafem la massa, fem una bola amb ella i la fiquem al congelador unes 3 hores abans de posar a fer el gelat a la geladora ( jo la vaig deixar tota la nit)<\/p>\n<p><em>Per al gelat<\/em>:<br \/>\nHo batem tot junt molt b\u00e9 i ho refrigerem unes 3 hores o m\u00e9s.<br \/>\nDespr\u00e9s d&#8217;aquest per\u00edode de temps, li afegim la bola de massa que hav\u00edem fet, tallada en trossets.<br \/>\nEl posem a a la geladora ) i deixem que es faci.<\/p>\n","protected":false},"excerpt":{"rendered":"<p>Pel trossets de cookies: Batem la mantega amb el sucre mor\u00e8 i blanc.<\/p>\n","protected":false},"author":66,"featured_media":49994,"menu_order":0,"comment_status":"open","ping_status":"closed","template":"","format":"standard","meta":{"_acf_changed":false,"_swt_meta_header_display":false,"_swt_meta_footer_display":false,"_swt_meta_site_title_display":false,"_swt_meta_sticky_header":false,"_swt_meta_transparent_header":false,"footnotes":""},"categories":[1490],"concurs-mossegades":[766],"dificultat":[1494],"ingredient":[1930],"plat":[1493],"preu-per-racio":[],"receptes-tematiques":[],"temps-de-preparacio":[1495],"coauthors":[],"class_list":["post-72592","recepta","type-recepta","status-publish","format-standard","has-post-thumbnail","hentry","category-receptes-de","concurs_receptes_mossegades-concurs-receptes-agost-2013","dificultat-baixa-de","ingredient-gelats-de","plat-postres-de","temps_de_preparacio-entre-30-i-60-minutes-de"],"acf":{"gallery":null,"home_date":{"home_begin_date":null,"home_end_date":null}},"yoast_head":"<!-- This site is optimized with the Yoast SEO plugin v27.4 - https:\/\/yoast.com\/product\/yoast-seo-wordpress\/ -->\n<title>Gelat de vainilla amb cookies (sense ou!)<\/title>\n<meta name=\"description\" content=\"Gelat de vainilla amb cookies (sense ou!) \/ Helado de vainilla con cookies (sin huevo)\" \/>\n<meta name=\"robots\" content=\"index, follow, max-snippet:-1, max-image-preview:large, max-video-preview:-1\" \/>\n<link rel=\"canonical\" href=\"https:\/\/gastronomicament.cat\/de\/recepta\/gelat-de-vainilla-amb-cookies-sense-ou\" \/>\n<meta property=\"og:locale\" content=\"de_DE\" \/>\n<meta property=\"og:type\" content=\"article\" \/>\n<meta property=\"og:title\" content=\"Gelat de vainilla amb cookies (sense ou!)\" \/>\n<meta property=\"og:description\" content=\"Gelat de vainilla amb cookies (sense ou!) \/ Helado de vainilla con cookies (sin huevo)\" \/>\n<meta property=\"og:url\" content=\"https:\/\/gastronomicament.cat\/de\/recepta\/gelat-de-vainilla-amb-cookies-sense-ou\" \/>\n<meta property=\"og:site_name\" content=\"Gastron\u00f2micament\" \/>\n<meta property=\"og:image\" content=\"https:\/\/gastronomicament.cat\/wp-content\/uploads\/2013\/08\/gelat.jpeg\" \/>\n\t<meta property=\"og:image:width\" content=\"1440\" \/>\n\t<meta property=\"og:image:height\" content=\"1801\" \/>\n\t<meta property=\"og:image:type\" content=\"image\/jpeg\" \/>\n<meta name=\"twitter:card\" content=\"summary_large_image\" \/>\n<meta name=\"twitter:site\" content=\"@gastronomicamen\" \/>\n<meta name=\"twitter:label1\" content=\"Gesch\u00e4tzte Lesezeit\" \/>\n\t<meta name=\"twitter:data1\" content=\"1\u00a0Minute\" \/>\n\t<meta name=\"twitter:label2\" content=\"Written by\" \/>\n\t<meta name=\"twitter:data2\" content=\"Aloma\" \/>\n<script type=\"application\/ld+json\" class=\"yoast-schema-graph\">{\"@context\":\"https:\\\/\\\/schema.org\",\"@graph\":[{\"@type\":\"WebPage\",\"@id\":\"https:\\\/\\\/gastronomicament.cat\\\/de\\\/recepta\\\/gelat-de-vainilla-amb-cookies-sense-ou\",\"url\":\"https:\\\/\\\/gastronomicament.cat\\\/de\\\/recepta\\\/gelat-de-vainilla-amb-cookies-sense-ou\",\"name\":\"Gelat de vainilla amb cookies (sense ou!)\",\"isPartOf\":{\"@id\":\"https:\\\/\\\/gastronomicament.cat\\\/de\\\/#website\"},\"primaryImageOfPage\":{\"@id\":\"https:\\\/\\\/gastronomicament.cat\\\/de\\\/recepta\\\/gelat-de-vainilla-amb-cookies-sense-ou#primaryimage\"},\"image\":{\"@id\":\"https:\\\/\\\/gastronomicament.cat\\\/de\\\/recepta\\\/gelat-de-vainilla-amb-cookies-sense-ou#primaryimage\"},\"thumbnailUrl\":\"https:\\\/\\\/gastronomicament.cat\\\/wp-content\\\/uploads\\\/2013\\\/08\\\/gelat.jpeg\",\"datePublished\":\"2013-08-21T08:56:09+00:00\",\"description\":\"Gelat de vainilla amb cookies (sense ou!) \\\/ Helado de vainilla con cookies (sin huevo)\",\"breadcrumb\":{\"@id\":\"https:\\\/\\\/gastronomicament.cat\\\/de\\\/recepta\\\/gelat-de-vainilla-amb-cookies-sense-ou#breadcrumb\"},\"inLanguage\":\"de\",\"potentialAction\":[{\"@type\":\"ReadAction\",\"target\":[\"https:\\\/\\\/gastronomicament.cat\\\/de\\\/recepta\\\/gelat-de-vainilla-amb-cookies-sense-ou\"]}]},{\"@type\":\"ImageObject\",\"inLanguage\":\"de\",\"@id\":\"https:\\\/\\\/gastronomicament.cat\\\/de\\\/recepta\\\/gelat-de-vainilla-amb-cookies-sense-ou#primaryimage\",\"url\":\"https:\\\/\\\/gastronomicament.cat\\\/wp-content\\\/uploads\\\/2013\\\/08\\\/gelat.jpeg\",\"contentUrl\":\"https:\\\/\\\/gastronomicament.cat\\\/wp-content\\\/uploads\\\/2013\\\/08\\\/gelat.jpeg\",\"width\":1440,\"height\":1801},{\"@type\":\"BreadcrumbList\",\"@id\":\"https:\\\/\\\/gastronomicament.cat\\\/de\\\/recepta\\\/gelat-de-vainilla-amb-cookies-sense-ou#breadcrumb\",\"itemListElement\":[{\"@type\":\"ListItem\",\"position\":1,\"name\":\"Receptes\",\"item\":\"https:\\\/\\\/gastronomicament.cat\\\/de\\\/receptes\"},{\"@type\":\"ListItem\",\"position\":2,\"name\":\"Gelat de vainilla amb cookies (sense ou!)\"}]},{\"@type\":\"WebSite\",\"@id\":\"https:\\\/\\\/gastronomicament.cat\\\/de\\\/#website\",\"url\":\"https:\\\/\\\/gastronomicament.cat\\\/de\\\/\",\"name\":\"Gastron\u00f2micament\",\"description\":\"Portal de restaurants, receptes i actualitat gastron\u00f2mica\",\"publisher\":{\"@id\":\"https:\\\/\\\/gastronomicament.cat\\\/de\\\/#organization\"},\"potentialAction\":[{\"@type\":\"SearchAction\",\"target\":{\"@type\":\"EntryPoint\",\"urlTemplate\":\"https:\\\/\\\/gastronomicament.cat\\\/de\\\/?s={search_term_string}\"},\"query-input\":{\"@type\":\"PropertyValueSpecification\",\"valueRequired\":true,\"valueName\":\"search_term_string\"}}],\"inLanguage\":\"de\"},{\"@type\":\"Organization\",\"@id\":\"https:\\\/\\\/gastronomicament.cat\\\/de\\\/#organization\",\"name\":\"Gastron\u00f2micament\",\"url\":\"https:\\\/\\\/gastronomicament.cat\\\/de\\\/\",\"logo\":{\"@type\":\"ImageObject\",\"inLanguage\":\"de\",\"@id\":\"https:\\\/\\\/gastronomicament.cat\\\/de\\\/#\\\/schema\\\/logo\\\/image\\\/\",\"url\":\"https:\\\/\\\/gastronomicament.cat\\\/wp-content\\\/uploads\\\/2016\\\/09\\\/header-logo.jpg\",\"contentUrl\":\"https:\\\/\\\/gastronomicament.cat\\\/wp-content\\\/uploads\\\/2016\\\/09\\\/header-logo.jpg\",\"width\":277,\"height\":39,\"caption\":\"Gastron\u00f2micament\"},\"image\":{\"@id\":\"https:\\\/\\\/gastronomicament.cat\\\/de\\\/#\\\/schema\\\/logo\\\/image\\\/\"},\"sameAs\":[\"https:\\\/\\\/x.com\\\/gastronomicamen\"]}]}<\/script>\n<!-- \/ Yoast SEO plugin. -->","yoast_head_json":{"title":"Gelat de vainilla amb cookies (sense ou!)","description":"Gelat de vainilla amb cookies (sense ou!) \/ Helado de vainilla con cookies (sin huevo)","robots":{"index":"index","follow":"follow","max-snippet":"max-snippet:-1","max-image-preview":"max-image-preview:large","max-video-preview":"max-video-preview:-1"},"canonical":"https:\/\/gastronomicament.cat\/de\/recepta\/gelat-de-vainilla-amb-cookies-sense-ou","og_locale":"de_DE","og_type":"article","og_title":"Gelat de vainilla amb cookies (sense ou!)","og_description":"Gelat de vainilla amb cookies (sense ou!) \/ Helado de vainilla con cookies (sin huevo)","og_url":"https:\/\/gastronomicament.cat\/de\/recepta\/gelat-de-vainilla-amb-cookies-sense-ou","og_site_name":"Gastron\u00f2micament","og_image":[{"width":1440,"height":1801,"url":"https:\/\/gastronomicament.cat\/wp-content\/uploads\/2013\/08\/gelat.jpeg","type":"image\/jpeg"}],"twitter_card":"summary_large_image","twitter_site":"@gastronomicamen","twitter_misc":{"Gesch\u00e4tzte Lesezeit":"1\u00a0Minute","Written by":"Aloma"},"schema":{"@context":"https:\/\/schema.org","@graph":[{"@type":"WebPage","@id":"https:\/\/gastronomicament.cat\/de\/recepta\/gelat-de-vainilla-amb-cookies-sense-ou","url":"https:\/\/gastronomicament.cat\/de\/recepta\/gelat-de-vainilla-amb-cookies-sense-ou","name":"Gelat de vainilla amb cookies (sense ou!)","isPartOf":{"@id":"https:\/\/gastronomicament.cat\/de\/#website"},"primaryImageOfPage":{"@id":"https:\/\/gastronomicament.cat\/de\/recepta\/gelat-de-vainilla-amb-cookies-sense-ou#primaryimage"},"image":{"@id":"https:\/\/gastronomicament.cat\/de\/recepta\/gelat-de-vainilla-amb-cookies-sense-ou#primaryimage"},"thumbnailUrl":"https:\/\/gastronomicament.cat\/wp-content\/uploads\/2013\/08\/gelat.jpeg","datePublished":"2013-08-21T08:56:09+00:00","description":"Gelat de vainilla amb cookies (sense ou!) \/ Helado de vainilla con cookies (sin huevo)","breadcrumb":{"@id":"https:\/\/gastronomicament.cat\/de\/recepta\/gelat-de-vainilla-amb-cookies-sense-ou#breadcrumb"},"inLanguage":"de","potentialAction":[{"@type":"ReadAction","target":["https:\/\/gastronomicament.cat\/de\/recepta\/gelat-de-vainilla-amb-cookies-sense-ou"]}]},{"@type":"ImageObject","inLanguage":"de","@id":"https:\/\/gastronomicament.cat\/de\/recepta\/gelat-de-vainilla-amb-cookies-sense-ou#primaryimage","url":"https:\/\/gastronomicament.cat\/wp-content\/uploads\/2013\/08\/gelat.jpeg","contentUrl":"https:\/\/gastronomicament.cat\/wp-content\/uploads\/2013\/08\/gelat.jpeg","width":1440,"height":1801},{"@type":"BreadcrumbList","@id":"https:\/\/gastronomicament.cat\/de\/recepta\/gelat-de-vainilla-amb-cookies-sense-ou#breadcrumb","itemListElement":[{"@type":"ListItem","position":1,"name":"Receptes","item":"https:\/\/gastronomicament.cat\/de\/receptes"},{"@type":"ListItem","position":2,"name":"Gelat de vainilla amb cookies (sense ou!)"}]},{"@type":"WebSite","@id":"https:\/\/gastronomicament.cat\/de\/#website","url":"https:\/\/gastronomicament.cat\/de\/","name":"Gastron\u00f2micament","description":"Portal de restaurants, receptes i actualitat gastron\u00f2mica","publisher":{"@id":"https:\/\/gastronomicament.cat\/de\/#organization"},"potentialAction":[{"@type":"SearchAction","target":{"@type":"EntryPoint","urlTemplate":"https:\/\/gastronomicament.cat\/de\/?s={search_term_string}"},"query-input":{"@type":"PropertyValueSpecification","valueRequired":true,"valueName":"search_term_string"}}],"inLanguage":"de"},{"@type":"Organization","@id":"https:\/\/gastronomicament.cat\/de\/#organization","name":"Gastron\u00f2micament","url":"https:\/\/gastronomicament.cat\/de\/","logo":{"@type":"ImageObject","inLanguage":"de","@id":"https:\/\/gastronomicament.cat\/de\/#\/schema\/logo\/image\/","url":"https:\/\/gastronomicament.cat\/wp-content\/uploads\/2016\/09\/header-logo.jpg","contentUrl":"https:\/\/gastronomicament.cat\/wp-content\/uploads\/2016\/09\/header-logo.jpg","width":277,"height":39,"caption":"Gastron\u00f2micament"},"image":{"@id":"https:\/\/gastronomicament.cat\/de\/#\/schema\/logo\/image\/"},"sameAs":["https:\/\/x.com\/gastronomicamen"]}]}},"_links":{"self":[{"href":"https:\/\/gastronomicament.cat\/de\/wp-json\/wp\/v2\/recepta\/72592","targetHints":{"allow":["GET"]}}],"collection":[{"href":"https:\/\/gastronomicament.cat\/de\/wp-json\/wp\/v2\/recepta"}],"about":[{"href":"https:\/\/gastronomicament.cat\/de\/wp-json\/wp\/v2\/types\/recepta"}],"author":[{"embeddable":true,"href":"https:\/\/gastronomicament.cat\/de\/wp-json\/wp\/v2\/users\/66"}],"replies":[{"embeddable":true,"href":"https:\/\/gastronomicament.cat\/de\/wp-json\/wp\/v2\/comments?post=72592"}],"version-history":[{"count":0,"href":"https:\/\/gastronomicament.cat\/de\/wp-json\/wp\/v2\/recepta\/72592\/revisions"}],"wp:featuredmedia":[{"embeddable":true,"href":"https:\/\/gastronomicament.cat\/de\/wp-json\/wp\/v2\/media\/49994"}],"wp:attachment":[{"href":"https:\/\/gastronomicament.cat\/de\/wp-json\/wp\/v2\/media?parent=72592"}],"wp:term":[{"taxonomy":"category","embeddable":true,"href":"https:\/\/gastronomicament.cat\/de\/wp-json\/wp\/v2\/categories?post=72592"},{"taxonomy":"concurs_receptes_mossegades","embeddable":true,"href":"https:\/\/gastronomicament.cat\/de\/wp-json\/wp\/v2\/concurs-mossegades?post=72592"},{"taxonomy":"dificultat","embeddable":true,"href":"https:\/\/gastronomicament.cat\/de\/wp-json\/wp\/v2\/dificultat?post=72592"},{"taxonomy":"ingredient","embeddable":true,"href":"https:\/\/gastronomicament.cat\/de\/wp-json\/wp\/v2\/ingredient?post=72592"},{"taxonomy":"plat","embeddable":true,"href":"https:\/\/gastronomicament.cat\/de\/wp-json\/wp\/v2\/plat?post=72592"},{"taxonomy":"preu_per_racio","embeddable":true,"href":"https:\/\/gastronomicament.cat\/de\/wp-json\/wp\/v2\/preu-per-racio?post=72592"},{"taxonomy":"tematica","embeddable":true,"href":"https:\/\/gastronomicament.cat\/de\/wp-json\/wp\/v2\/receptes-tematiques?post=72592"},{"taxonomy":"temps_de_preparacio","embeddable":true,"href":"https:\/\/gastronomicament.cat\/de\/wp-json\/wp\/v2\/temps-de-preparacio?post=72592"},{"taxonomy":"author","embeddable":true,"href":"https:\/\/gastronomicament.cat\/de\/wp-json\/wp\/v2\/coauthors?post=72592"}],"curies":[{"name":"wp","href":"https:\/\/api.w.org\/{rel}","templated":true}]}}