{"id":54173,"date":"2016-02-15T02:12:32","date_gmt":"2016-02-15T01:12:32","guid":{"rendered":"https:\/\/gastronomicament.cat\/restaurant\/pastisseria-moll"},"modified":"2023-10-05T09:24:46","modified_gmt":"2023-10-05T07:24:46","slug":"pastisseria-moll","status":"publish","type":"restaurant","link":"https:\/\/gastronomicament.cat\/de\/restaurant\/pastisseria-moll","title":{"rendered":"Pastisseria Moll [TANCAT]"},"content":{"rendered":"<p style=\"text-align: center;\"><strong>[TANCAT \/ CERRADO \/ CLOSED]<\/strong><\/p>\n<p>La Pastisseria Moll de Ciutadella de Menorca \u00e9s un temple de del\u00edcies dolces.<\/p>\n<p dir=\"ltr\">Una pastisseria d&#8217;autor encap\u00e7alada per Lloren\u00e7 Coll Moll, la quarta generaci\u00f3 de sucrers i pastissers de la fam\u00edlia Moll a Ciutadella.<\/p>\n<p dir=\"ltr\">Hi trobareu el past\u00eds Laia, una tartaleta amb crem\u00f3s de xocolata, mandarina i mousse de taronja. La Bomba, una mousse de vainilla pralin\u00e9 d&#8217;avellana. El cardinal (el fan red\u00f3), com tamb\u00e9 productes t\u00edpics de Menorca:\u00a0Pastissets, ensa\u00efmades, carquinyols, crespells (o crespellets), merengues (que es cuinen a 170\u00ba durant 12 minuts), etc.<\/p>\n<p dir=\"ltr\">Tamb\u00e9 hi fan el past\u00eds anomenat Textures, un cruixent de neula amb mousse del 70% cacau i flam. O l&#8217;\u00d2pera, una del\u00edcia de xocolata amb pols d&#8217;or pur.<\/p>\n<p dir=\"ltr\">Ara b\u00e9, un dels m\u00e9s sol\u00b7licitats a la Pastisseria Moll de Ciutadella \u00e9s el past\u00eds conegut com S\u00e0lvia. Es tracta d&#8217;un macar\u00f3 semicruixent d&#8217;ametla i nous, que duu tamb\u00e9 una mousse de caramel\u00b7lo, poma caramel\u00b7litzada i albercoc i crema de vainilla <em>chiboust.<\/em><\/p>\n<p dir=\"ltr\">S\u00f3n t\u00edpics de la Pastisseria Moll els caramels de mel, elaborats amb un sistema antic, que feia el seu padr\u00ed de Lloren\u00e7.<\/p>\n<p dir=\"ltr\">Lloren\u00e7 Coll Moll de la Pastisseria Moll va ser guardonat amb el Premi Millor Reboster \/ Pastisser 2015 per l\u2019Associaci\u00f3 de Periodistes i Escriptors Gastron\u00f2mics de les Illes Balears.<\/p>\n<p><!--more--><\/p>\n","protected":false},"excerpt":{"rendered":"<p>[TANCAT \/ CERRADO \/ CLOSED] La Pastisseria Moll de Ciutadella de Menorca \u00e9s un temple de del\u00edcies dolces. Una pastisseria d&#8217;autor encap\u00e7alada per Lloren\u00e7 Coll Moll, la quarta generaci\u00f3 de sucrers i pastissers de la fam\u00edlia Moll a Ciutadella. Hi trobareu el past\u00eds Laia, una tartaleta amb crem\u00f3s de xocolata, mandarina i mousse de taronja. [&hellip;]<\/p>\n","protected":false},"author":1,"featured_media":54175,"menu_order":0,"comment_status":"open","ping_status":"closed","template":"","format":"gallery","meta":{"_acf_changed":false,"_swt_meta_header_display":false,"_swt_meta_footer_display":false,"_swt_meta_site_title_display":false,"_swt_meta_sticky_header":false,"_swt_meta_transparent_header":false,"direccio":"Carrer del Roser, 1","telefon":"971 38 10 85","web":"www.facebook.com\/pastisseriamoll","horari":"[:ca]Obert de dilluns a diumenge[:en]Open from Monday to Sunday[:es]Abierto de lunes a domingo[:de]Ge\u00f6ffnet: Monntag-Sonntag","preumitja":"2-15","observacions":"","footnotes":""},"categories":[1029,1445],"destacatper":[],"especialitat":[],"localitat":[],"coauthors":[2053],"class_list":["post-54173","restaurant","type-restaurant","status-publish","format-gallery","has-post-thumbnail","hentry","category-restaurants-es-de","category-tancat-de"],"acf":{"gallery":null,"home_date":{"home_begin_date":null,"home_end_date":null}},"yoast_head":"<!-- This site is optimized with the Yoast SEO plugin v27.4 - https:\/\/yoast.com\/product\/yoast-seo-wordpress\/ -->\n<title>Pastisseria Moll Ciutadella Menorca<\/title>\n<meta name=\"description\" content=\"Pastisseria Moll Ciutadella Menorca\" \/>\n<meta name=\"robots\" content=\"index, follow, max-snippet:-1, max-image-preview:large, max-video-preview:-1\" \/>\n<link rel=\"canonical\" href=\"https:\/\/gastronomicament.cat\/de\/restaurant\/pastisseria-moll\" \/>\n<meta property=\"og:locale\" content=\"de_DE\" \/>\n<meta property=\"og:type\" content=\"article\" \/>\n<meta property=\"og:title\" content=\"Pastisseria Moll Ciutadella Menorca\" \/>\n<meta property=\"og:description\" content=\"Pastisseria Moll Ciutadella Menorca\" \/>\n<meta property=\"og:url\" content=\"https:\/\/gastronomicament.cat\/de\/restaurant\/pastisseria-moll\" \/>\n<meta property=\"og:site_name\" content=\"Gastron\u00f2micament\" \/>\n<meta property=\"article:modified_time\" content=\"2023-10-05T07:24:46+00:00\" \/>\n<meta property=\"og:image\" content=\"https:\/\/gastronomicament.cat\/wp-content\/uploads\/2016\/02\/pastisseria-moll-ciutadella-menorca.jpg\" \/>\n\t<meta property=\"og:image:width\" content=\"1800\" \/>\n\t<meta property=\"og:image:height\" content=\"1350\" \/>\n\t<meta property=\"og:image:type\" content=\"image\/jpeg\" \/>\n<meta name=\"twitter:card\" content=\"summary_large_image\" \/>\n<meta name=\"twitter:site\" content=\"@gastronomicamen\" \/>\n<meta name=\"twitter:label1\" content=\"Gesch\u00e4tzte Lesezeit\" \/>\n\t<meta name=\"twitter:data1\" content=\"2\u00a0Minuten\" \/>\n\t<meta name=\"twitter:label2\" content=\"Written by\" \/>\n\t<meta name=\"twitter:data2\" content=\"Redacci\u00f3\" \/>\n<script type=\"application\/ld+json\" class=\"yoast-schema-graph\">{\"@context\":\"https:\\\/\\\/schema.org\",\"@graph\":[{\"@type\":\"WebPage\",\"@id\":\"https:\\\/\\\/gastronomicament.cat\\\/de\\\/restaurant\\\/pastisseria-moll\",\"url\":\"https:\\\/\\\/gastronomicament.cat\\\/de\\\/restaurant\\\/pastisseria-moll\",\"name\":\"Pastisseria Moll Ciutadella Menorca\",\"isPartOf\":{\"@id\":\"https:\\\/\\\/gastronomicament.cat\\\/de\\\/#website\"},\"primaryImageOfPage\":{\"@id\":\"https:\\\/\\\/gastronomicament.cat\\\/de\\\/restaurant\\\/pastisseria-moll#primaryimage\"},\"image\":{\"@id\":\"https:\\\/\\\/gastronomicament.cat\\\/de\\\/restaurant\\\/pastisseria-moll#primaryimage\"},\"thumbnailUrl\":\"https:\\\/\\\/gastronomicament.cat\\\/wp-content\\\/uploads\\\/2016\\\/02\\\/pastisseria-moll-ciutadella-menorca.jpg\",\"datePublished\":\"2016-02-15T01:12:32+00:00\",\"dateModified\":\"2023-10-05T07:24:46+00:00\",\"description\":\"Pastisseria Moll Ciutadella Menorca\",\"breadcrumb\":{\"@id\":\"https:\\\/\\\/gastronomicament.cat\\\/de\\\/restaurant\\\/pastisseria-moll#breadcrumb\"},\"inLanguage\":\"de\",\"potentialAction\":[{\"@type\":\"ReadAction\",\"target\":[\"https:\\\/\\\/gastronomicament.cat\\\/de\\\/restaurant\\\/pastisseria-moll\"]}]},{\"@type\":\"ImageObject\",\"inLanguage\":\"de\",\"@id\":\"https:\\\/\\\/gastronomicament.cat\\\/de\\\/restaurant\\\/pastisseria-moll#primaryimage\",\"url\":\"https:\\\/\\\/gastronomicament.cat\\\/wp-content\\\/uploads\\\/2016\\\/02\\\/pastisseria-moll-ciutadella-menorca.jpg\",\"contentUrl\":\"https:\\\/\\\/gastronomicament.cat\\\/wp-content\\\/uploads\\\/2016\\\/02\\\/pastisseria-moll-ciutadella-menorca.jpg\",\"width\":1800,\"height\":1350},{\"@type\":\"BreadcrumbList\",\"@id\":\"https:\\\/\\\/gastronomicament.cat\\\/de\\\/restaurant\\\/pastisseria-moll#breadcrumb\",\"itemListElement\":[{\"@type\":\"ListItem\",\"position\":1,\"name\":\"Restaurants\",\"item\":\"https:\\\/\\\/gastronomicament.cat\\\/de\\\/restaurants\"},{\"@type\":\"ListItem\",\"position\":2,\"name\":\"Pastisseria Moll [TANCAT]\"}]},{\"@type\":\"WebSite\",\"@id\":\"https:\\\/\\\/gastronomicament.cat\\\/de\\\/#website\",\"url\":\"https:\\\/\\\/gastronomicament.cat\\\/de\\\/\",\"name\":\"Gastron\u00f2micament\",\"description\":\"Portal de restaurants, receptes i actualitat gastron\u00f2mica\",\"publisher\":{\"@id\":\"https:\\\/\\\/gastronomicament.cat\\\/de\\\/#organization\"},\"potentialAction\":[{\"@type\":\"SearchAction\",\"target\":{\"@type\":\"EntryPoint\",\"urlTemplate\":\"https:\\\/\\\/gastronomicament.cat\\\/de\\\/?s={search_term_string}\"},\"query-input\":{\"@type\":\"PropertyValueSpecification\",\"valueRequired\":true,\"valueName\":\"search_term_string\"}}],\"inLanguage\":\"de\"},{\"@type\":\"Organization\",\"@id\":\"https:\\\/\\\/gastronomicament.cat\\\/de\\\/#organization\",\"name\":\"Gastron\u00f2micament\",\"url\":\"https:\\\/\\\/gastronomicament.cat\\\/de\\\/\",\"logo\":{\"@type\":\"ImageObject\",\"inLanguage\":\"de\",\"@id\":\"https:\\\/\\\/gastronomicament.cat\\\/de\\\/#\\\/schema\\\/logo\\\/image\\\/\",\"url\":\"https:\\\/\\\/gastronomicament.cat\\\/wp-content\\\/uploads\\\/2016\\\/09\\\/header-logo.jpg\",\"contentUrl\":\"https:\\\/\\\/gastronomicament.cat\\\/wp-content\\\/uploads\\\/2016\\\/09\\\/header-logo.jpg\",\"width\":277,\"height\":39,\"caption\":\"Gastron\u00f2micament\"},\"image\":{\"@id\":\"https:\\\/\\\/gastronomicament.cat\\\/de\\\/#\\\/schema\\\/logo\\\/image\\\/\"},\"sameAs\":[\"https:\\\/\\\/x.com\\\/gastronomicamen\"]}]}<\/script>\n<!-- \/ Yoast SEO plugin. -->","yoast_head_json":{"title":"Pastisseria Moll Ciutadella Menorca","description":"Pastisseria Moll Ciutadella Menorca","robots":{"index":"index","follow":"follow","max-snippet":"max-snippet:-1","max-image-preview":"max-image-preview:large","max-video-preview":"max-video-preview:-1"},"canonical":"https:\/\/gastronomicament.cat\/de\/restaurant\/pastisseria-moll","og_locale":"de_DE","og_type":"article","og_title":"Pastisseria Moll Ciutadella Menorca","og_description":"Pastisseria Moll Ciutadella Menorca","og_url":"https:\/\/gastronomicament.cat\/de\/restaurant\/pastisseria-moll","og_site_name":"Gastron\u00f2micament","article_modified_time":"2023-10-05T07:24:46+00:00","og_image":[{"width":1800,"height":1350,"url":"https:\/\/gastronomicament.cat\/wp-content\/uploads\/2016\/02\/pastisseria-moll-ciutadella-menorca.jpg","type":"image\/jpeg"}],"twitter_card":"summary_large_image","twitter_site":"@gastronomicamen","twitter_misc":{"Gesch\u00e4tzte Lesezeit":"2\u00a0Minuten","Written by":"Redacci\u00f3"},"schema":{"@context":"https:\/\/schema.org","@graph":[{"@type":"WebPage","@id":"https:\/\/gastronomicament.cat\/de\/restaurant\/pastisseria-moll","url":"https:\/\/gastronomicament.cat\/de\/restaurant\/pastisseria-moll","name":"Pastisseria Moll Ciutadella Menorca","isPartOf":{"@id":"https:\/\/gastronomicament.cat\/de\/#website"},"primaryImageOfPage":{"@id":"https:\/\/gastronomicament.cat\/de\/restaurant\/pastisseria-moll#primaryimage"},"image":{"@id":"https:\/\/gastronomicament.cat\/de\/restaurant\/pastisseria-moll#primaryimage"},"thumbnailUrl":"https:\/\/gastronomicament.cat\/wp-content\/uploads\/2016\/02\/pastisseria-moll-ciutadella-menorca.jpg","datePublished":"2016-02-15T01:12:32+00:00","dateModified":"2023-10-05T07:24:46+00:00","description":"Pastisseria Moll Ciutadella Menorca","breadcrumb":{"@id":"https:\/\/gastronomicament.cat\/de\/restaurant\/pastisseria-moll#breadcrumb"},"inLanguage":"de","potentialAction":[{"@type":"ReadAction","target":["https:\/\/gastronomicament.cat\/de\/restaurant\/pastisseria-moll"]}]},{"@type":"ImageObject","inLanguage":"de","@id":"https:\/\/gastronomicament.cat\/de\/restaurant\/pastisseria-moll#primaryimage","url":"https:\/\/gastronomicament.cat\/wp-content\/uploads\/2016\/02\/pastisseria-moll-ciutadella-menorca.jpg","contentUrl":"https:\/\/gastronomicament.cat\/wp-content\/uploads\/2016\/02\/pastisseria-moll-ciutadella-menorca.jpg","width":1800,"height":1350},{"@type":"BreadcrumbList","@id":"https:\/\/gastronomicament.cat\/de\/restaurant\/pastisseria-moll#breadcrumb","itemListElement":[{"@type":"ListItem","position":1,"name":"Restaurants","item":"https:\/\/gastronomicament.cat\/de\/restaurants"},{"@type":"ListItem","position":2,"name":"Pastisseria Moll [TANCAT]"}]},{"@type":"WebSite","@id":"https:\/\/gastronomicament.cat\/de\/#website","url":"https:\/\/gastronomicament.cat\/de\/","name":"Gastron\u00f2micament","description":"Portal de restaurants, receptes i actualitat gastron\u00f2mica","publisher":{"@id":"https:\/\/gastronomicament.cat\/de\/#organization"},"potentialAction":[{"@type":"SearchAction","target":{"@type":"EntryPoint","urlTemplate":"https:\/\/gastronomicament.cat\/de\/?s={search_term_string}"},"query-input":{"@type":"PropertyValueSpecification","valueRequired":true,"valueName":"search_term_string"}}],"inLanguage":"de"},{"@type":"Organization","@id":"https:\/\/gastronomicament.cat\/de\/#organization","name":"Gastron\u00f2micament","url":"https:\/\/gastronomicament.cat\/de\/","logo":{"@type":"ImageObject","inLanguage":"de","@id":"https:\/\/gastronomicament.cat\/de\/#\/schema\/logo\/image\/","url":"https:\/\/gastronomicament.cat\/wp-content\/uploads\/2016\/09\/header-logo.jpg","contentUrl":"https:\/\/gastronomicament.cat\/wp-content\/uploads\/2016\/09\/header-logo.jpg","width":277,"height":39,"caption":"Gastron\u00f2micament"},"image":{"@id":"https:\/\/gastronomicament.cat\/de\/#\/schema\/logo\/image\/"},"sameAs":["https:\/\/x.com\/gastronomicamen"]}]}},"_links":{"self":[{"href":"https:\/\/gastronomicament.cat\/de\/wp-json\/wp\/v2\/restaurant\/54173","targetHints":{"allow":["GET"]}}],"collection":[{"href":"https:\/\/gastronomicament.cat\/de\/wp-json\/wp\/v2\/restaurant"}],"about":[{"href":"https:\/\/gastronomicament.cat\/de\/wp-json\/wp\/v2\/types\/restaurant"}],"author":[{"embeddable":true,"href":"https:\/\/gastronomicament.cat\/de\/wp-json\/wp\/v2\/users\/1"}],"replies":[{"embeddable":true,"href":"https:\/\/gastronomicament.cat\/de\/wp-json\/wp\/v2\/comments?post=54173"}],"version-history":[{"count":0,"href":"https:\/\/gastronomicament.cat\/de\/wp-json\/wp\/v2\/restaurant\/54173\/revisions"}],"wp:featuredmedia":[{"embeddable":true,"href":"https:\/\/gastronomicament.cat\/de\/wp-json\/wp\/v2\/media\/54175"}],"wp:attachment":[{"href":"https:\/\/gastronomicament.cat\/de\/wp-json\/wp\/v2\/media?parent=54173"}],"wp:term":[{"taxonomy":"category","embeddable":true,"href":"https:\/\/gastronomicament.cat\/de\/wp-json\/wp\/v2\/categories?post=54173"},{"taxonomy":"destacatper","embeddable":true,"href":"https:\/\/gastronomicament.cat\/de\/wp-json\/wp\/v2\/destacatper?post=54173"},{"taxonomy":"especialitat","embeddable":true,"href":"https:\/\/gastronomicament.cat\/de\/wp-json\/wp\/v2\/especialitat?post=54173"},{"taxonomy":"localitat","embeddable":true,"href":"https:\/\/gastronomicament.cat\/de\/wp-json\/wp\/v2\/localitat?post=54173"},{"taxonomy":"author","embeddable":true,"href":"https:\/\/gastronomicament.cat\/de\/wp-json\/wp\/v2\/coauthors?post=54173"}],"curies":[{"name":"wp","href":"https:\/\/api.w.org\/{rel}","templated":true}]}}