{"id":54226,"date":"2015-12-03T19:42:20","date_gmt":"2015-12-03T18:42:20","guid":{"rendered":"https:\/\/gastronomicament.cat\/restaurant\/restaurant-tomeu-lassio-de-lloseta"},"modified":"2023-10-05T10:02:45","modified_gmt":"2023-10-05T08:02:45","slug":"restaurant-tomeu-lassio-de-lloseta","status":"publish","type":"restaurant","link":"https:\/\/gastronomicament.cat\/de\/restaurant\/restaurant-tomeu-lassio-de-lloseta","title":{"rendered":"Restaurant Tomeu Lassio de Lloseta"},"content":{"rendered":"<p>Al\u00a0 <strong>restaurant Tomeu Lassio de Lloseta<\/strong>, hi trobareu una proposta suculenta i selecta amb <strong>toc d&#8217;autor<\/strong>, basada en la <strong>cuina mallorquina, el producte local i de temporada<\/strong>. Tomeu Lassio coneix els aliments perqu\u00e8 prov\u00e9 de tradici\u00f3 pagesa (a ca seva tenen gallines, porcs, conills, ametlers, sembren horta i tenen safr\u00e0).<\/p>\n<p>Es form\u00e0 a l&#8217;Escola d&#8217;Hoteleria de les Illes Balears, a l&#8217;Hotel Son Brull amb Joan Marc, Santi Taura i tamb\u00e9 al restaurant Sa Taparera de Llub\u00ed.<\/p>\n<p>Hi hem tastat plats com: <strong>cocarroi fregit amb sa\u00efm vermell<\/strong> (amb pasta brick), sopes de marisc, <strong>d\u00e9ntol al forn amb allioli de la padrina<\/strong> (amb moraduix, bledes, espinacs i julivert), llom de vedella amb salsa de carn i de pebres torrats i <strong>crema cremada amb escuma de canyella<\/strong>. Tot servit en format de <strong>men\u00fa<\/strong>.<\/p>\n<p>El local ha estat tamb\u00e9 la casa de cuiners de renom com Joan Carrossa i Santi Taura. De fet, aquest espai era antigament el Celler de Can Carrossa, un dels espais m\u00e9s emblem\u00e0tics de Lloseta. Per cert, la silueta dels pares d&#8217;en Tomeu Lassio donen la benvinguda als comensals, tot un gest d&#8217;agra\u00efment envers el suport de la seva fam\u00edlia i un convit a degustar una proposta casolana feta amb amor.<\/p>\n<p>Les pintures de l&#8216;<strong>artista<\/strong> <strong>Joana Santamans<\/strong> decoren can Tomeu Lassio amb <strong>productes frescs i de la terra<\/strong>, uns aliments que defineixen la seva cuina.<\/p>\n<p>Es recomana reservar amb antelaci\u00f3.<!--more--><\/p>\n","protected":false},"excerpt":{"rendered":"<p>Hi trobareu una proposta selecta amb toc d&#8217;autor, basada en la cuina mallorquina.<\/p>\n","protected":false},"author":1,"featured_media":54228,"menu_order":0,"comment_status":"open","ping_status":"closed","template":"","format":"gallery","meta":{"_acf_changed":false,"_swt_meta_header_display":false,"_swt_meta_footer_display":false,"_swt_meta_site_title_display":false,"_swt_meta_sticky_header":false,"_swt_meta_transparent_header":false,"direccio":"C\/ de Guillem Santandreu, 38","telefon":"971 51 43 80","web":"","horari":"[:ca]Diumenge tancat [:en]Closed on Sunday [:es]Domingo cerrado [:de]Sonntag geschlossen","preumitja":"25-35 euros","observacions":"","footnotes":""},"categories":[1029],"destacatper":[1119],"especialitat":[1099,1060],"localitat":[1451,1033,1101],"coauthors":[],"class_list":["post-54226","restaurant","type-restaurant","status-publish","format-gallery","has-post-thumbnail","hentry","category-restaurants-es-de","destacatper-romantic-de","especialitat-cuina-mallorquina-de","especialitat-cuina-selecta-de","localitat-lloseta-de","localitat-mallorca-de","localitat-raiguer-de","preu-entre-20-i-30-euros-de","preu-mes-de-30-euros-de"],"acf":{"gallery":null,"home_date":{"home_begin_date":null,"home_end_date":null}},"yoast_head":"<!-- This site is optimized with the Yoast SEO plugin v27.4 - https:\/\/yoast.com\/product\/yoast-seo-wordpress\/ -->\n<title>Restaurant Tomeu Lassio de Lloseta<\/title>\n<meta name=\"description\" content=\"Restaurant Tomeu Lassio de Lloseta\" \/>\n<meta name=\"robots\" content=\"index, follow, max-snippet:-1, max-image-preview:large, max-video-preview:-1\" \/>\n<link rel=\"canonical\" href=\"https:\/\/gastronomicament.cat\/de\/restaurant\/restaurant-tomeu-lassio-de-lloseta\" \/>\n<meta property=\"og:locale\" content=\"de_DE\" \/>\n<meta property=\"og:type\" content=\"article\" \/>\n<meta property=\"og:title\" content=\"Restaurant Tomeu Lassio de Lloseta\" \/>\n<meta property=\"og:description\" content=\"Restaurant Tomeu Lassio de Lloseta\" \/>\n<meta property=\"og:url\" content=\"https:\/\/gastronomicament.cat\/de\/restaurant\/restaurant-tomeu-lassio-de-lloseta\" \/>\n<meta property=\"og:site_name\" content=\"Gastron\u00f2micament\" \/>\n<meta property=\"article:modified_time\" content=\"2023-10-05T08:02:45+00:00\" \/>\n<meta property=\"og:image\" content=\"https:\/\/gastronomicament.cat\/wp-content\/uploads\/2015\/12\/sergi-morro-i-tomeu-lassio-restaurant-lloseta-cuina-selecta.jpg\" \/>\n\t<meta property=\"og:image:width\" content=\"1800\" \/>\n\t<meta property=\"og:image:height\" content=\"1350\" \/>\n\t<meta property=\"og:image:type\" content=\"image\/jpeg\" \/>\n<meta name=\"twitter:card\" content=\"summary_large_image\" \/>\n<meta name=\"twitter:site\" content=\"@gastronomicamen\" \/>\n<meta name=\"twitter:label1\" content=\"Gesch\u00e4tzte Lesezeit\" \/>\n\t<meta name=\"twitter:data1\" content=\"1\u00a0Minute\" \/>\n\t<meta name=\"twitter:label2\" content=\"Written by\" \/>\n\t<meta name=\"twitter:data2\" content=\"Redacci\u00f3\" \/>\n<script type=\"application\/ld+json\" class=\"yoast-schema-graph\">{\"@context\":\"https:\\\/\\\/schema.org\",\"@graph\":[{\"@type\":\"WebPage\",\"@id\":\"https:\\\/\\\/gastronomicament.cat\\\/de\\\/restaurant\\\/restaurant-tomeu-lassio-de-lloseta\",\"url\":\"https:\\\/\\\/gastronomicament.cat\\\/de\\\/restaurant\\\/restaurant-tomeu-lassio-de-lloseta\",\"name\":\"Restaurant Tomeu Lassio de Lloseta\",\"isPartOf\":{\"@id\":\"https:\\\/\\\/gastronomicament.cat\\\/de\\\/#website\"},\"primaryImageOfPage\":{\"@id\":\"https:\\\/\\\/gastronomicament.cat\\\/de\\\/restaurant\\\/restaurant-tomeu-lassio-de-lloseta#primaryimage\"},\"image\":{\"@id\":\"https:\\\/\\\/gastronomicament.cat\\\/de\\\/restaurant\\\/restaurant-tomeu-lassio-de-lloseta#primaryimage\"},\"thumbnailUrl\":\"https:\\\/\\\/gastronomicament.cat\\\/wp-content\\\/uploads\\\/2015\\\/12\\\/sergi-morro-i-tomeu-lassio-restaurant-lloseta-cuina-selecta.jpg\",\"datePublished\":\"2015-12-03T18:42:20+00:00\",\"dateModified\":\"2023-10-05T08:02:45+00:00\",\"description\":\"Restaurant Tomeu Lassio de Lloseta\",\"breadcrumb\":{\"@id\":\"https:\\\/\\\/gastronomicament.cat\\\/de\\\/restaurant\\\/restaurant-tomeu-lassio-de-lloseta#breadcrumb\"},\"inLanguage\":\"de\",\"potentialAction\":[{\"@type\":\"ReadAction\",\"target\":[\"https:\\\/\\\/gastronomicament.cat\\\/de\\\/restaurant\\\/restaurant-tomeu-lassio-de-lloseta\"]}]},{\"@type\":\"ImageObject\",\"inLanguage\":\"de\",\"@id\":\"https:\\\/\\\/gastronomicament.cat\\\/de\\\/restaurant\\\/restaurant-tomeu-lassio-de-lloseta#primaryimage\",\"url\":\"https:\\\/\\\/gastronomicament.cat\\\/wp-content\\\/uploads\\\/2015\\\/12\\\/sergi-morro-i-tomeu-lassio-restaurant-lloseta-cuina-selecta.jpg\",\"contentUrl\":\"https:\\\/\\\/gastronomicament.cat\\\/wp-content\\\/uploads\\\/2015\\\/12\\\/sergi-morro-i-tomeu-lassio-restaurant-lloseta-cuina-selecta.jpg\",\"width\":1800,\"height\":1350},{\"@type\":\"BreadcrumbList\",\"@id\":\"https:\\\/\\\/gastronomicament.cat\\\/de\\\/restaurant\\\/restaurant-tomeu-lassio-de-lloseta#breadcrumb\",\"itemListElement\":[{\"@type\":\"ListItem\",\"position\":1,\"name\":\"Restaurants\",\"item\":\"https:\\\/\\\/gastronomicament.cat\\\/de\\\/restaurants\"},{\"@type\":\"ListItem\",\"position\":2,\"name\":\"Restaurant Tomeu Lassio de Lloseta\"}]},{\"@type\":\"WebSite\",\"@id\":\"https:\\\/\\\/gastronomicament.cat\\\/de\\\/#website\",\"url\":\"https:\\\/\\\/gastronomicament.cat\\\/de\\\/\",\"name\":\"Gastron\u00f2micament\",\"description\":\"Portal de restaurants, receptes i actualitat gastron\u00f2mica\",\"publisher\":{\"@id\":\"https:\\\/\\\/gastronomicament.cat\\\/de\\\/#organization\"},\"potentialAction\":[{\"@type\":\"SearchAction\",\"target\":{\"@type\":\"EntryPoint\",\"urlTemplate\":\"https:\\\/\\\/gastronomicament.cat\\\/de\\\/?s={search_term_string}\"},\"query-input\":{\"@type\":\"PropertyValueSpecification\",\"valueRequired\":true,\"valueName\":\"search_term_string\"}}],\"inLanguage\":\"de\"},{\"@type\":\"Organization\",\"@id\":\"https:\\\/\\\/gastronomicament.cat\\\/de\\\/#organization\",\"name\":\"Gastron\u00f2micament\",\"url\":\"https:\\\/\\\/gastronomicament.cat\\\/de\\\/\",\"logo\":{\"@type\":\"ImageObject\",\"inLanguage\":\"de\",\"@id\":\"https:\\\/\\\/gastronomicament.cat\\\/de\\\/#\\\/schema\\\/logo\\\/image\\\/\",\"url\":\"https:\\\/\\\/gastronomicament.cat\\\/wp-content\\\/uploads\\\/2016\\\/09\\\/header-logo.jpg\",\"contentUrl\":\"https:\\\/\\\/gastronomicament.cat\\\/wp-content\\\/uploads\\\/2016\\\/09\\\/header-logo.jpg\",\"width\":277,\"height\":39,\"caption\":\"Gastron\u00f2micament\"},\"image\":{\"@id\":\"https:\\\/\\\/gastronomicament.cat\\\/de\\\/#\\\/schema\\\/logo\\\/image\\\/\"},\"sameAs\":[\"https:\\\/\\\/x.com\\\/gastronomicamen\"]}]}<\/script>\n<!-- \/ Yoast SEO plugin. -->","yoast_head_json":{"title":"Restaurant Tomeu Lassio de Lloseta","description":"Restaurant Tomeu Lassio de Lloseta","robots":{"index":"index","follow":"follow","max-snippet":"max-snippet:-1","max-image-preview":"max-image-preview:large","max-video-preview":"max-video-preview:-1"},"canonical":"https:\/\/gastronomicament.cat\/de\/restaurant\/restaurant-tomeu-lassio-de-lloseta","og_locale":"de_DE","og_type":"article","og_title":"Restaurant Tomeu Lassio de Lloseta","og_description":"Restaurant Tomeu Lassio de Lloseta","og_url":"https:\/\/gastronomicament.cat\/de\/restaurant\/restaurant-tomeu-lassio-de-lloseta","og_site_name":"Gastron\u00f2micament","article_modified_time":"2023-10-05T08:02:45+00:00","og_image":[{"width":1800,"height":1350,"url":"https:\/\/gastronomicament.cat\/wp-content\/uploads\/2015\/12\/sergi-morro-i-tomeu-lassio-restaurant-lloseta-cuina-selecta.jpg","type":"image\/jpeg"}],"twitter_card":"summary_large_image","twitter_site":"@gastronomicamen","twitter_misc":{"Gesch\u00e4tzte Lesezeit":"1\u00a0Minute","Written by":"Redacci\u00f3"},"schema":{"@context":"https:\/\/schema.org","@graph":[{"@type":"WebPage","@id":"https:\/\/gastronomicament.cat\/de\/restaurant\/restaurant-tomeu-lassio-de-lloseta","url":"https:\/\/gastronomicament.cat\/de\/restaurant\/restaurant-tomeu-lassio-de-lloseta","name":"Restaurant Tomeu Lassio de Lloseta","isPartOf":{"@id":"https:\/\/gastronomicament.cat\/de\/#website"},"primaryImageOfPage":{"@id":"https:\/\/gastronomicament.cat\/de\/restaurant\/restaurant-tomeu-lassio-de-lloseta#primaryimage"},"image":{"@id":"https:\/\/gastronomicament.cat\/de\/restaurant\/restaurant-tomeu-lassio-de-lloseta#primaryimage"},"thumbnailUrl":"https:\/\/gastronomicament.cat\/wp-content\/uploads\/2015\/12\/sergi-morro-i-tomeu-lassio-restaurant-lloseta-cuina-selecta.jpg","datePublished":"2015-12-03T18:42:20+00:00","dateModified":"2023-10-05T08:02:45+00:00","description":"Restaurant Tomeu Lassio de Lloseta","breadcrumb":{"@id":"https:\/\/gastronomicament.cat\/de\/restaurant\/restaurant-tomeu-lassio-de-lloseta#breadcrumb"},"inLanguage":"de","potentialAction":[{"@type":"ReadAction","target":["https:\/\/gastronomicament.cat\/de\/restaurant\/restaurant-tomeu-lassio-de-lloseta"]}]},{"@type":"ImageObject","inLanguage":"de","@id":"https:\/\/gastronomicament.cat\/de\/restaurant\/restaurant-tomeu-lassio-de-lloseta#primaryimage","url":"https:\/\/gastronomicament.cat\/wp-content\/uploads\/2015\/12\/sergi-morro-i-tomeu-lassio-restaurant-lloseta-cuina-selecta.jpg","contentUrl":"https:\/\/gastronomicament.cat\/wp-content\/uploads\/2015\/12\/sergi-morro-i-tomeu-lassio-restaurant-lloseta-cuina-selecta.jpg","width":1800,"height":1350},{"@type":"BreadcrumbList","@id":"https:\/\/gastronomicament.cat\/de\/restaurant\/restaurant-tomeu-lassio-de-lloseta#breadcrumb","itemListElement":[{"@type":"ListItem","position":1,"name":"Restaurants","item":"https:\/\/gastronomicament.cat\/de\/restaurants"},{"@type":"ListItem","position":2,"name":"Restaurant Tomeu Lassio de Lloseta"}]},{"@type":"WebSite","@id":"https:\/\/gastronomicament.cat\/de\/#website","url":"https:\/\/gastronomicament.cat\/de\/","name":"Gastron\u00f2micament","description":"Portal de restaurants, receptes i actualitat gastron\u00f2mica","publisher":{"@id":"https:\/\/gastronomicament.cat\/de\/#organization"},"potentialAction":[{"@type":"SearchAction","target":{"@type":"EntryPoint","urlTemplate":"https:\/\/gastronomicament.cat\/de\/?s={search_term_string}"},"query-input":{"@type":"PropertyValueSpecification","valueRequired":true,"valueName":"search_term_string"}}],"inLanguage":"de"},{"@type":"Organization","@id":"https:\/\/gastronomicament.cat\/de\/#organization","name":"Gastron\u00f2micament","url":"https:\/\/gastronomicament.cat\/de\/","logo":{"@type":"ImageObject","inLanguage":"de","@id":"https:\/\/gastronomicament.cat\/de\/#\/schema\/logo\/image\/","url":"https:\/\/gastronomicament.cat\/wp-content\/uploads\/2016\/09\/header-logo.jpg","contentUrl":"https:\/\/gastronomicament.cat\/wp-content\/uploads\/2016\/09\/header-logo.jpg","width":277,"height":39,"caption":"Gastron\u00f2micament"},"image":{"@id":"https:\/\/gastronomicament.cat\/de\/#\/schema\/logo\/image\/"},"sameAs":["https:\/\/x.com\/gastronomicamen"]}]}},"_links":{"self":[{"href":"https:\/\/gastronomicament.cat\/de\/wp-json\/wp\/v2\/restaurant\/54226","targetHints":{"allow":["GET"]}}],"collection":[{"href":"https:\/\/gastronomicament.cat\/de\/wp-json\/wp\/v2\/restaurant"}],"about":[{"href":"https:\/\/gastronomicament.cat\/de\/wp-json\/wp\/v2\/types\/restaurant"}],"author":[{"embeddable":true,"href":"https:\/\/gastronomicament.cat\/de\/wp-json\/wp\/v2\/users\/1"}],"replies":[{"embeddable":true,"href":"https:\/\/gastronomicament.cat\/de\/wp-json\/wp\/v2\/comments?post=54226"}],"version-history":[{"count":0,"href":"https:\/\/gastronomicament.cat\/de\/wp-json\/wp\/v2\/restaurant\/54226\/revisions"}],"wp:featuredmedia":[{"embeddable":true,"href":"https:\/\/gastronomicament.cat\/de\/wp-json\/wp\/v2\/media\/54228"}],"wp:attachment":[{"href":"https:\/\/gastronomicament.cat\/de\/wp-json\/wp\/v2\/media?parent=54226"}],"wp:term":[{"taxonomy":"category","embeddable":true,"href":"https:\/\/gastronomicament.cat\/de\/wp-json\/wp\/v2\/categories?post=54226"},{"taxonomy":"destacatper","embeddable":true,"href":"https:\/\/gastronomicament.cat\/de\/wp-json\/wp\/v2\/destacatper?post=54226"},{"taxonomy":"especialitat","embeddable":true,"href":"https:\/\/gastronomicament.cat\/de\/wp-json\/wp\/v2\/especialitat?post=54226"},{"taxonomy":"localitat","embeddable":true,"href":"https:\/\/gastronomicament.cat\/de\/wp-json\/wp\/v2\/localitat?post=54226"},{"taxonomy":"author","embeddable":true,"href":"https:\/\/gastronomicament.cat\/de\/wp-json\/wp\/v2\/coauthors?post=54226"}],"curies":[{"name":"wp","href":"https:\/\/api.w.org\/{rel}","templated":true}]}}