{"id":54548,"date":"2014-11-28T02:01:43","date_gmt":"2014-11-28T01:01:43","guid":{"rendered":"https:\/\/gastronomicament.cat\/restaurant\/restaurant-vegetaria-bon-lloc-de-palma"},"modified":"2023-10-05T10:23:32","modified_gmt":"2023-10-05T08:23:32","slug":"restaurant-vegetaria-bon-lloc-de-palma","status":"publish","type":"restaurant","link":"https:\/\/gastronomicament.cat\/de\/restaurant\/restaurant-vegetaria-bon-lloc-de-palma","title":{"rendered":"Restaurant vegetari\u00e0 Bon Lloc de Palma [TANCAT]"},"content":{"rendered":"<p style=\"text-align: center;\"><strong>[TANCAT]<\/strong><\/p>\n<p>Aquest establiment va ser el primer restaurant vegetari\u00e0 de Palma, fundat el 1978. Actualment \u00e9s un referent en cuina vegana a Mallorca<\/p>\n<p>Al restaurant vegetari\u00e0 Bon Lloc de Palma hi trobareu propostes diferents i sorprenents. A migdia hi trobareu men\u00fa, mentre que al vespre hi fan diferentes especialitats. Hi hem tastat el canel\u00f3 cru amb pesto, formatge a base d&#8217;anacard, xampinyons i beixamel (tamb\u00e9 a base d&#8217;anacard). Tamb\u00e9 hi fan cusc\u00fas amb verdures, arr\u00f2s liban\u00e8s amb ratatouille, crema de fonoll, etc.<\/p>\n<p>Les postres s\u00f3n sorprenents com les textures de xocolata i avellana o el past\u00eds de pastanaga\u00a0 i formatge (a base de soja) o les merengas de regalesia.<\/p>\n<p>Tamb\u00e9 fan cursos de cuina vegana oberts a tothom.<!--more--><\/p>\n","protected":false},"excerpt":{"rendered":"<p>[TANCAT] Aquest establiment va ser el primer restaurant vegetari\u00e0 de Palma, fundat el 1978. Actualment \u00e9s un referent en cuina vegana a Mallorca Al restaurant vegetari\u00e0 Bon Lloc de Palma hi trobareu propostes diferents i sorprenents. A migdia hi trobareu men\u00fa, mentre que al vespre hi fan diferentes especialitats. Hi hem tastat el canel\u00f3 cru [&hellip;]<\/p>\n","protected":false},"author":1,"featured_media":53312,"menu_order":0,"comment_status":"open","ping_status":"closed","template":"","format":"gallery","meta":{"_acf_changed":false,"_swt_meta_header_display":false,"_swt_meta_footer_display":false,"_swt_meta_site_title_display":false,"_swt_meta_sticky_header":false,"_swt_meta_transparent_header":false,"direccio":"Carrer de Sant Feliu, 7. Palma","telefon":"971 71 86 17","web":"www.bonllocrestaurant.com","horari":"[:ca]Obert de dilluns a dissabte migdia. Dijous, divendres i dissabte obert al vespre[:en]Open from Monday to Saturday midday. Thrusday, Friday and Saturday nitght [:es]Abierto de lunes a s\u00e1bado mediod\u00eda. Jueves, viernes y s\u00e1bado por la noche.","preumitja":"15-25 euros","observacions":"","footnotes":""},"categories":[1029,1445],"destacatper":[],"especialitat":[],"localitat":[],"coauthors":[],"class_list":["post-54548","restaurant","type-restaurant","status-publish","format-gallery","has-post-thumbnail","hentry","category-restaurants-es-de","category-tancat-de"],"acf":{"gallery":null,"home_date":{"home_begin_date":null,"home_end_date":null}},"yoast_head":"<!-- This site is optimized with the Yoast SEO plugin v27.4 - https:\/\/yoast.com\/product\/yoast-seo-wordpress\/ -->\n<title>Restaurant vegetari\u00e0 Bon Lloc de Palma<\/title>\n<meta name=\"description\" content=\"Restaurant vegetari\u00e0 Bon Lloc de Palma\" \/>\n<meta name=\"robots\" content=\"index, follow, max-snippet:-1, max-image-preview:large, max-video-preview:-1\" \/>\n<link rel=\"canonical\" href=\"https:\/\/gastronomicament.cat\/de\/restaurant\/restaurant-vegetaria-bon-lloc-de-palma\" \/>\n<meta property=\"og:locale\" content=\"de_DE\" \/>\n<meta property=\"og:type\" content=\"article\" \/>\n<meta property=\"og:title\" content=\"Restaurant vegetari\u00e0 Bon Lloc de Palma\" \/>\n<meta property=\"og:description\" content=\"Restaurant vegetari\u00e0 Bon Lloc de Palma\" \/>\n<meta property=\"og:url\" content=\"https:\/\/gastronomicament.cat\/de\/restaurant\/restaurant-vegetaria-bon-lloc-de-palma\" \/>\n<meta property=\"og:site_name\" content=\"Gastron\u00f2micament\" \/>\n<meta property=\"article:modified_time\" content=\"2023-10-05T08:23:32+00:00\" \/>\n<meta property=\"og:image\" content=\"https:\/\/gastronomicament.cat\/wp-content\/uploads\/2014\/11\/restaurant-vegetaria-bon-lloc-palma.jpg\" \/>\n\t<meta property=\"og:image:width\" content=\"1800\" \/>\n\t<meta property=\"og:image:height\" content=\"1196\" \/>\n\t<meta property=\"og:image:type\" content=\"image\/jpeg\" \/>\n<meta name=\"twitter:card\" content=\"summary_large_image\" \/>\n<meta name=\"twitter:site\" content=\"@gastronomicamen\" \/>\n<meta name=\"twitter:label1\" content=\"Gesch\u00e4tzte Lesezeit\" \/>\n\t<meta name=\"twitter:data1\" content=\"1\u00a0Minute\" \/>\n\t<meta name=\"twitter:label2\" content=\"Written by\" \/>\n\t<meta name=\"twitter:data2\" content=\"Redacci\u00f3\" \/>\n<script type=\"application\/ld+json\" class=\"yoast-schema-graph\">{\"@context\":\"https:\\\/\\\/schema.org\",\"@graph\":[{\"@type\":\"WebPage\",\"@id\":\"https:\\\/\\\/gastronomicament.cat\\\/de\\\/restaurant\\\/restaurant-vegetaria-bon-lloc-de-palma\",\"url\":\"https:\\\/\\\/gastronomicament.cat\\\/de\\\/restaurant\\\/restaurant-vegetaria-bon-lloc-de-palma\",\"name\":\"Restaurant vegetari\u00e0 Bon Lloc de Palma\",\"isPartOf\":{\"@id\":\"https:\\\/\\\/gastronomicament.cat\\\/de\\\/#website\"},\"primaryImageOfPage\":{\"@id\":\"https:\\\/\\\/gastronomicament.cat\\\/de\\\/restaurant\\\/restaurant-vegetaria-bon-lloc-de-palma#primaryimage\"},\"image\":{\"@id\":\"https:\\\/\\\/gastronomicament.cat\\\/de\\\/restaurant\\\/restaurant-vegetaria-bon-lloc-de-palma#primaryimage\"},\"thumbnailUrl\":\"https:\\\/\\\/gastronomicament.cat\\\/wp-content\\\/uploads\\\/2014\\\/11\\\/restaurant-vegetaria-bon-lloc-palma.jpg\",\"datePublished\":\"2014-11-28T01:01:43+00:00\",\"dateModified\":\"2023-10-05T08:23:32+00:00\",\"description\":\"Restaurant vegetari\u00e0 Bon Lloc de Palma\",\"breadcrumb\":{\"@id\":\"https:\\\/\\\/gastronomicament.cat\\\/de\\\/restaurant\\\/restaurant-vegetaria-bon-lloc-de-palma#breadcrumb\"},\"inLanguage\":\"de\",\"potentialAction\":[{\"@type\":\"ReadAction\",\"target\":[\"https:\\\/\\\/gastronomicament.cat\\\/de\\\/restaurant\\\/restaurant-vegetaria-bon-lloc-de-palma\"]}]},{\"@type\":\"ImageObject\",\"inLanguage\":\"de\",\"@id\":\"https:\\\/\\\/gastronomicament.cat\\\/de\\\/restaurant\\\/restaurant-vegetaria-bon-lloc-de-palma#primaryimage\",\"url\":\"https:\\\/\\\/gastronomicament.cat\\\/wp-content\\\/uploads\\\/2014\\\/11\\\/restaurant-vegetaria-bon-lloc-palma.jpg\",\"contentUrl\":\"https:\\\/\\\/gastronomicament.cat\\\/wp-content\\\/uploads\\\/2014\\\/11\\\/restaurant-vegetaria-bon-lloc-palma.jpg\",\"width\":1800,\"height\":1196},{\"@type\":\"BreadcrumbList\",\"@id\":\"https:\\\/\\\/gastronomicament.cat\\\/de\\\/restaurant\\\/restaurant-vegetaria-bon-lloc-de-palma#breadcrumb\",\"itemListElement\":[{\"@type\":\"ListItem\",\"position\":1,\"name\":\"Restaurants\",\"item\":\"https:\\\/\\\/gastronomicament.cat\\\/de\\\/restaurants\"},{\"@type\":\"ListItem\",\"position\":2,\"name\":\"Restaurant vegetari\u00e0 Bon Lloc de Palma [TANCAT]\"}]},{\"@type\":\"WebSite\",\"@id\":\"https:\\\/\\\/gastronomicament.cat\\\/de\\\/#website\",\"url\":\"https:\\\/\\\/gastronomicament.cat\\\/de\\\/\",\"name\":\"Gastron\u00f2micament\",\"description\":\"Portal de restaurants, receptes i actualitat gastron\u00f2mica\",\"publisher\":{\"@id\":\"https:\\\/\\\/gastronomicament.cat\\\/de\\\/#organization\"},\"potentialAction\":[{\"@type\":\"SearchAction\",\"target\":{\"@type\":\"EntryPoint\",\"urlTemplate\":\"https:\\\/\\\/gastronomicament.cat\\\/de\\\/?s={search_term_string}\"},\"query-input\":{\"@type\":\"PropertyValueSpecification\",\"valueRequired\":true,\"valueName\":\"search_term_string\"}}],\"inLanguage\":\"de\"},{\"@type\":\"Organization\",\"@id\":\"https:\\\/\\\/gastronomicament.cat\\\/de\\\/#organization\",\"name\":\"Gastron\u00f2micament\",\"url\":\"https:\\\/\\\/gastronomicament.cat\\\/de\\\/\",\"logo\":{\"@type\":\"ImageObject\",\"inLanguage\":\"de\",\"@id\":\"https:\\\/\\\/gastronomicament.cat\\\/de\\\/#\\\/schema\\\/logo\\\/image\\\/\",\"url\":\"https:\\\/\\\/gastronomicament.cat\\\/wp-content\\\/uploads\\\/2016\\\/09\\\/header-logo.jpg\",\"contentUrl\":\"https:\\\/\\\/gastronomicament.cat\\\/wp-content\\\/uploads\\\/2016\\\/09\\\/header-logo.jpg\",\"width\":277,\"height\":39,\"caption\":\"Gastron\u00f2micament\"},\"image\":{\"@id\":\"https:\\\/\\\/gastronomicament.cat\\\/de\\\/#\\\/schema\\\/logo\\\/image\\\/\"},\"sameAs\":[\"https:\\\/\\\/x.com\\\/gastronomicamen\"]}]}<\/script>\n<!-- \/ Yoast SEO plugin. -->","yoast_head_json":{"title":"Restaurant vegetari\u00e0 Bon Lloc de Palma","description":"Restaurant vegetari\u00e0 Bon Lloc de Palma","robots":{"index":"index","follow":"follow","max-snippet":"max-snippet:-1","max-image-preview":"max-image-preview:large","max-video-preview":"max-video-preview:-1"},"canonical":"https:\/\/gastronomicament.cat\/de\/restaurant\/restaurant-vegetaria-bon-lloc-de-palma","og_locale":"de_DE","og_type":"article","og_title":"Restaurant vegetari\u00e0 Bon Lloc de Palma","og_description":"Restaurant vegetari\u00e0 Bon Lloc de Palma","og_url":"https:\/\/gastronomicament.cat\/de\/restaurant\/restaurant-vegetaria-bon-lloc-de-palma","og_site_name":"Gastron\u00f2micament","article_modified_time":"2023-10-05T08:23:32+00:00","og_image":[{"width":1800,"height":1196,"url":"https:\/\/gastronomicament.cat\/wp-content\/uploads\/2014\/11\/restaurant-vegetaria-bon-lloc-palma.jpg","type":"image\/jpeg"}],"twitter_card":"summary_large_image","twitter_site":"@gastronomicamen","twitter_misc":{"Gesch\u00e4tzte Lesezeit":"1\u00a0Minute","Written by":"Redacci\u00f3"},"schema":{"@context":"https:\/\/schema.org","@graph":[{"@type":"WebPage","@id":"https:\/\/gastronomicament.cat\/de\/restaurant\/restaurant-vegetaria-bon-lloc-de-palma","url":"https:\/\/gastronomicament.cat\/de\/restaurant\/restaurant-vegetaria-bon-lloc-de-palma","name":"Restaurant vegetari\u00e0 Bon Lloc de Palma","isPartOf":{"@id":"https:\/\/gastronomicament.cat\/de\/#website"},"primaryImageOfPage":{"@id":"https:\/\/gastronomicament.cat\/de\/restaurant\/restaurant-vegetaria-bon-lloc-de-palma#primaryimage"},"image":{"@id":"https:\/\/gastronomicament.cat\/de\/restaurant\/restaurant-vegetaria-bon-lloc-de-palma#primaryimage"},"thumbnailUrl":"https:\/\/gastronomicament.cat\/wp-content\/uploads\/2014\/11\/restaurant-vegetaria-bon-lloc-palma.jpg","datePublished":"2014-11-28T01:01:43+00:00","dateModified":"2023-10-05T08:23:32+00:00","description":"Restaurant vegetari\u00e0 Bon Lloc de Palma","breadcrumb":{"@id":"https:\/\/gastronomicament.cat\/de\/restaurant\/restaurant-vegetaria-bon-lloc-de-palma#breadcrumb"},"inLanguage":"de","potentialAction":[{"@type":"ReadAction","target":["https:\/\/gastronomicament.cat\/de\/restaurant\/restaurant-vegetaria-bon-lloc-de-palma"]}]},{"@type":"ImageObject","inLanguage":"de","@id":"https:\/\/gastronomicament.cat\/de\/restaurant\/restaurant-vegetaria-bon-lloc-de-palma#primaryimage","url":"https:\/\/gastronomicament.cat\/wp-content\/uploads\/2014\/11\/restaurant-vegetaria-bon-lloc-palma.jpg","contentUrl":"https:\/\/gastronomicament.cat\/wp-content\/uploads\/2014\/11\/restaurant-vegetaria-bon-lloc-palma.jpg","width":1800,"height":1196},{"@type":"BreadcrumbList","@id":"https:\/\/gastronomicament.cat\/de\/restaurant\/restaurant-vegetaria-bon-lloc-de-palma#breadcrumb","itemListElement":[{"@type":"ListItem","position":1,"name":"Restaurants","item":"https:\/\/gastronomicament.cat\/de\/restaurants"},{"@type":"ListItem","position":2,"name":"Restaurant vegetari\u00e0 Bon Lloc de Palma [TANCAT]"}]},{"@type":"WebSite","@id":"https:\/\/gastronomicament.cat\/de\/#website","url":"https:\/\/gastronomicament.cat\/de\/","name":"Gastron\u00f2micament","description":"Portal de restaurants, receptes i actualitat gastron\u00f2mica","publisher":{"@id":"https:\/\/gastronomicament.cat\/de\/#organization"},"potentialAction":[{"@type":"SearchAction","target":{"@type":"EntryPoint","urlTemplate":"https:\/\/gastronomicament.cat\/de\/?s={search_term_string}"},"query-input":{"@type":"PropertyValueSpecification","valueRequired":true,"valueName":"search_term_string"}}],"inLanguage":"de"},{"@type":"Organization","@id":"https:\/\/gastronomicament.cat\/de\/#organization","name":"Gastron\u00f2micament","url":"https:\/\/gastronomicament.cat\/de\/","logo":{"@type":"ImageObject","inLanguage":"de","@id":"https:\/\/gastronomicament.cat\/de\/#\/schema\/logo\/image\/","url":"https:\/\/gastronomicament.cat\/wp-content\/uploads\/2016\/09\/header-logo.jpg","contentUrl":"https:\/\/gastronomicament.cat\/wp-content\/uploads\/2016\/09\/header-logo.jpg","width":277,"height":39,"caption":"Gastron\u00f2micament"},"image":{"@id":"https:\/\/gastronomicament.cat\/de\/#\/schema\/logo\/image\/"},"sameAs":["https:\/\/x.com\/gastronomicamen"]}]}},"_links":{"self":[{"href":"https:\/\/gastronomicament.cat\/de\/wp-json\/wp\/v2\/restaurant\/54548","targetHints":{"allow":["GET"]}}],"collection":[{"href":"https:\/\/gastronomicament.cat\/de\/wp-json\/wp\/v2\/restaurant"}],"about":[{"href":"https:\/\/gastronomicament.cat\/de\/wp-json\/wp\/v2\/types\/restaurant"}],"author":[{"embeddable":true,"href":"https:\/\/gastronomicament.cat\/de\/wp-json\/wp\/v2\/users\/1"}],"replies":[{"embeddable":true,"href":"https:\/\/gastronomicament.cat\/de\/wp-json\/wp\/v2\/comments?post=54548"}],"version-history":[{"count":0,"href":"https:\/\/gastronomicament.cat\/de\/wp-json\/wp\/v2\/restaurant\/54548\/revisions"}],"wp:featuredmedia":[{"embeddable":true,"href":"https:\/\/gastronomicament.cat\/de\/wp-json\/wp\/v2\/media\/53312"}],"wp:attachment":[{"href":"https:\/\/gastronomicament.cat\/de\/wp-json\/wp\/v2\/media?parent=54548"}],"wp:term":[{"taxonomy":"category","embeddable":true,"href":"https:\/\/gastronomicament.cat\/de\/wp-json\/wp\/v2\/categories?post=54548"},{"taxonomy":"destacatper","embeddable":true,"href":"https:\/\/gastronomicament.cat\/de\/wp-json\/wp\/v2\/destacatper?post=54548"},{"taxonomy":"especialitat","embeddable":true,"href":"https:\/\/gastronomicament.cat\/de\/wp-json\/wp\/v2\/especialitat?post=54548"},{"taxonomy":"localitat","embeddable":true,"href":"https:\/\/gastronomicament.cat\/de\/wp-json\/wp\/v2\/localitat?post=54548"},{"taxonomy":"author","embeddable":true,"href":"https:\/\/gastronomicament.cat\/de\/wp-json\/wp\/v2\/coauthors?post=54548"}],"curies":[{"name":"wp","href":"https:\/\/api.w.org\/{rel}","templated":true}]}}