{"id":71647,"date":"2014-03-19T23:20:12","date_gmt":"2014-03-19T22:20:12","guid":{"rendered":"https:\/\/gastronomicament.cat\/restaurant\/restaurant-el-palau-vell-sant-andreu-de-la-barca"},"modified":"2023-10-05T10:37:38","modified_gmt":"2023-10-05T08:37:38","slug":"restaurant-el-palau-vell-sant-andreu-de-la-barca","status":"publish","type":"restaurant","link":"https:\/\/gastronomicament.cat\/de\/restaurant\/restaurant-el-palau-vell-sant-andreu-de-la-barca","title":{"rendered":"Restaurant El Palau Vell"},"content":{"rendered":"<p>Situat en una casa senyorial del s.XIX, el Palau Vell est\u00e0 al seu servei, desde 1997, fent-lo sentir com a casa seva. Des d&#8217;esmorzars diaris fins a sopars a la carta, sempre treballant per oferir la millor qualitat-preu.<\/p>\n<h4>Plats caracter\u00edstics del restaurant El Palau Vell<\/h4>\n<p>Bacall\u00e0 a la brasa amb patates trencades i mussolina d\u2019allioli<\/p>\n<p>Bacall\u00e0 a la mel de mil flors amb verdures saltejades<\/p>\n<p>Creps farcits de pollastre de ra\u00e7a Pota blava a la catalana amb prunes i pinyons<\/p>\n<p>Canelons tradicionals de carn<\/p>\n<p>Cargols a la llauna estil \u201cPalau Vell\u201d<!--more--><\/p>\n","protected":false},"excerpt":{"rendered":"<p>Situat en una casa senyorial del s.XIX, el Palau Vell est\u00e0 al seu servei, desde 1997, fent-lo sentir com a casa seva. Des d&#8217;esmorzars diaris fins a sopars a la carta, sempre treballant per oferir la millor qualitat-preu. Plats caracter\u00edstics del restaurant El Palau Vell Bacall\u00e0 a la brasa amb patates trencades i mussolina d\u2019allioli [&hellip;]<\/p>\n","protected":false},"author":81,"featured_media":51543,"menu_order":0,"comment_status":"open","ping_status":"closed","template":"","format":"gallery","meta":{"_acf_changed":false,"_swt_meta_header_display":false,"_swt_meta_footer_display":false,"_swt_meta_site_title_display":false,"_swt_meta_sticky_header":false,"_swt_meta_transparent_header":false,"direccio":"Carrer Carretera de Barcelona, 6, 08740 Sant Andreu de la Barca, Barcelona","telefon":"936532015","web":"www.elpalauvell.com","horari":"[:ca]De 9 a 17h; de 20,30 a 23h. Descans setmanal: Obert cada dia. Vacances: Tres setmanes a l'agost. [:en]De 9 a 17h; de 20,30 a 23h. Descans setmanal: Obert cada dia. Vacances: Tres setmanes a l'agost. [:es]De 9 a 17h; de 20,30 a 23h. Descanso semanal: Abierto todos los dias. Vacaciones: Tres semanas en agosto.","preumitja":"35 euros","observacions":"[:ca]Descans setmanal: Obert cada dia Vacances: Tres setmanes a l'agost[:en]Weekly rest: Obert cada dia Holidays: Tres setmanes a l'agost[:es]Descanso semanal: Abierto todos los dias Vacaciones: Tres semanas en agosto","footnotes":""},"categories":[1029],"destacatper":[],"especialitat":[1285],"localitat":[1287,1822],"coauthors":[],"class_list":["post-71647","restaurant","type-restaurant","status-publish","format-gallery","has-post-thumbnail","hentry","category-restaurants-es-de","especialitat-cuina-catalana-es-de","localitat-catalunya-es-de","localitat-sant-andreu-de-la-barca-de"],"acf":{"gallery":null,"home_date":{"home_begin_date":null,"home_end_date":null}},"yoast_head":"<!-- This site is optimized with the Yoast SEO plugin v27.4 - https:\/\/yoast.com\/product\/yoast-seo-wordpress\/ -->\n<title>Restaurant El Palau Vell. Sant Andreu de la Barca<\/title>\n<meta name=\"description\" content=\"Restaurant El Palau Vell. Sant Andreu de la Barca - Restaurante El Palau Vell. Sant Andreu de la Barca\" \/>\n<meta name=\"robots\" content=\"index, follow, max-snippet:-1, max-image-preview:large, max-video-preview:-1\" \/>\n<link rel=\"canonical\" href=\"https:\/\/gastronomicament.cat\/de\/restaurant\/restaurant-el-palau-vell-sant-andreu-de-la-barca\" \/>\n<meta property=\"og:locale\" content=\"de_DE\" \/>\n<meta property=\"og:type\" content=\"article\" \/>\n<meta property=\"og:title\" content=\"Restaurant El Palau Vell. Sant Andreu de la Barca\" \/>\n<meta property=\"og:description\" content=\"Restaurant El Palau Vell. Sant Andreu de la Barca - Restaurante El Palau Vell. Sant Andreu de la Barca\" \/>\n<meta property=\"og:url\" content=\"https:\/\/gastronomicament.cat\/de\/restaurant\/restaurant-el-palau-vell-sant-andreu-de-la-barca\" \/>\n<meta property=\"og:site_name\" content=\"Gastron\u00f2micament\" \/>\n<meta property=\"article:modified_time\" content=\"2023-10-05T08:37:38+00:00\" \/>\n<meta property=\"og:image\" content=\"https:\/\/gastronomicament.cat\/wp-content\/uploads\/2014\/02\/cache_fa__ana_restaurant_hii_540x390.jpg\" \/>\n\t<meta property=\"og:image:width\" content=\"540\" \/>\n\t<meta property=\"og:image:height\" content=\"390\" \/>\n\t<meta property=\"og:image:type\" content=\"image\/jpeg\" \/>\n<meta name=\"twitter:card\" content=\"summary_large_image\" \/>\n<meta name=\"twitter:site\" content=\"@gastronomicamen\" \/>\n<meta name=\"twitter:label1\" content=\"Written by\" \/>\n\t<meta name=\"twitter:data1\" content=\"Fundaci\u00f3 Institut Catal\u00e0 de la Cuina i de la Cultura Gastron\u00f2mica\" \/>\n<script type=\"application\/ld+json\" class=\"yoast-schema-graph\">{\"@context\":\"https:\\\/\\\/schema.org\",\"@graph\":[{\"@type\":\"WebPage\",\"@id\":\"https:\\\/\\\/gastronomicament.cat\\\/de\\\/restaurant\\\/restaurant-el-palau-vell-sant-andreu-de-la-barca\",\"url\":\"https:\\\/\\\/gastronomicament.cat\\\/de\\\/restaurant\\\/restaurant-el-palau-vell-sant-andreu-de-la-barca\",\"name\":\"Restaurant El Palau Vell. Sant Andreu de la Barca\",\"isPartOf\":{\"@id\":\"https:\\\/\\\/gastronomicament.cat\\\/de\\\/#website\"},\"primaryImageOfPage\":{\"@id\":\"https:\\\/\\\/gastronomicament.cat\\\/de\\\/restaurant\\\/restaurant-el-palau-vell-sant-andreu-de-la-barca#primaryimage\"},\"image\":{\"@id\":\"https:\\\/\\\/gastronomicament.cat\\\/de\\\/restaurant\\\/restaurant-el-palau-vell-sant-andreu-de-la-barca#primaryimage\"},\"thumbnailUrl\":\"https:\\\/\\\/gastronomicament.cat\\\/wp-content\\\/uploads\\\/2014\\\/02\\\/cache_fa__ana_restaurant_hii_540x390.jpg\",\"datePublished\":\"2014-03-19T22:20:12+00:00\",\"dateModified\":\"2023-10-05T08:37:38+00:00\",\"description\":\"Restaurant El Palau Vell. Sant Andreu de la Barca - Restaurante El Palau Vell. Sant Andreu de la Barca\",\"breadcrumb\":{\"@id\":\"https:\\\/\\\/gastronomicament.cat\\\/de\\\/restaurant\\\/restaurant-el-palau-vell-sant-andreu-de-la-barca#breadcrumb\"},\"inLanguage\":\"de\",\"potentialAction\":[{\"@type\":\"ReadAction\",\"target\":[\"https:\\\/\\\/gastronomicament.cat\\\/de\\\/restaurant\\\/restaurant-el-palau-vell-sant-andreu-de-la-barca\"]}]},{\"@type\":\"ImageObject\",\"inLanguage\":\"de\",\"@id\":\"https:\\\/\\\/gastronomicament.cat\\\/de\\\/restaurant\\\/restaurant-el-palau-vell-sant-andreu-de-la-barca#primaryimage\",\"url\":\"https:\\\/\\\/gastronomicament.cat\\\/wp-content\\\/uploads\\\/2014\\\/02\\\/cache_fa__ana_restaurant_hii_540x390.jpg\",\"contentUrl\":\"https:\\\/\\\/gastronomicament.cat\\\/wp-content\\\/uploads\\\/2014\\\/02\\\/cache_fa__ana_restaurant_hii_540x390.jpg\",\"width\":540,\"height\":390},{\"@type\":\"BreadcrumbList\",\"@id\":\"https:\\\/\\\/gastronomicament.cat\\\/de\\\/restaurant\\\/restaurant-el-palau-vell-sant-andreu-de-la-barca#breadcrumb\",\"itemListElement\":[{\"@type\":\"ListItem\",\"position\":1,\"name\":\"Restaurants\",\"item\":\"https:\\\/\\\/gastronomicament.cat\\\/de\\\/restaurants\"},{\"@type\":\"ListItem\",\"position\":2,\"name\":\"Restaurant El Palau Vell\"}]},{\"@type\":\"WebSite\",\"@id\":\"https:\\\/\\\/gastronomicament.cat\\\/de\\\/#website\",\"url\":\"https:\\\/\\\/gastronomicament.cat\\\/de\\\/\",\"name\":\"Gastron\u00f2micament\",\"description\":\"Portal de restaurants, receptes i actualitat gastron\u00f2mica\",\"publisher\":{\"@id\":\"https:\\\/\\\/gastronomicament.cat\\\/de\\\/#organization\"},\"potentialAction\":[{\"@type\":\"SearchAction\",\"target\":{\"@type\":\"EntryPoint\",\"urlTemplate\":\"https:\\\/\\\/gastronomicament.cat\\\/de\\\/?s={search_term_string}\"},\"query-input\":{\"@type\":\"PropertyValueSpecification\",\"valueRequired\":true,\"valueName\":\"search_term_string\"}}],\"inLanguage\":\"de\"},{\"@type\":\"Organization\",\"@id\":\"https:\\\/\\\/gastronomicament.cat\\\/de\\\/#organization\",\"name\":\"Gastron\u00f2micament\",\"url\":\"https:\\\/\\\/gastronomicament.cat\\\/de\\\/\",\"logo\":{\"@type\":\"ImageObject\",\"inLanguage\":\"de\",\"@id\":\"https:\\\/\\\/gastronomicament.cat\\\/de\\\/#\\\/schema\\\/logo\\\/image\\\/\",\"url\":\"https:\\\/\\\/gastronomicament.cat\\\/wp-content\\\/uploads\\\/2016\\\/09\\\/header-logo.jpg\",\"contentUrl\":\"https:\\\/\\\/gastronomicament.cat\\\/wp-content\\\/uploads\\\/2016\\\/09\\\/header-logo.jpg\",\"width\":277,\"height\":39,\"caption\":\"Gastron\u00f2micament\"},\"image\":{\"@id\":\"https:\\\/\\\/gastronomicament.cat\\\/de\\\/#\\\/schema\\\/logo\\\/image\\\/\"},\"sameAs\":[\"https:\\\/\\\/x.com\\\/gastronomicamen\"]}]}<\/script>\n<!-- \/ Yoast SEO plugin. -->","yoast_head_json":{"title":"Restaurant El Palau Vell. Sant Andreu de la Barca","description":"Restaurant El Palau Vell. Sant Andreu de la Barca - Restaurante El Palau Vell. Sant Andreu de la Barca","robots":{"index":"index","follow":"follow","max-snippet":"max-snippet:-1","max-image-preview":"max-image-preview:large","max-video-preview":"max-video-preview:-1"},"canonical":"https:\/\/gastronomicament.cat\/de\/restaurant\/restaurant-el-palau-vell-sant-andreu-de-la-barca","og_locale":"de_DE","og_type":"article","og_title":"Restaurant El Palau Vell. Sant Andreu de la Barca","og_description":"Restaurant El Palau Vell. Sant Andreu de la Barca - Restaurante El Palau Vell. Sant Andreu de la Barca","og_url":"https:\/\/gastronomicament.cat\/de\/restaurant\/restaurant-el-palau-vell-sant-andreu-de-la-barca","og_site_name":"Gastron\u00f2micament","article_modified_time":"2023-10-05T08:37:38+00:00","og_image":[{"width":540,"height":390,"url":"https:\/\/gastronomicament.cat\/wp-content\/uploads\/2014\/02\/cache_fa__ana_restaurant_hii_540x390.jpg","type":"image\/jpeg"}],"twitter_card":"summary_large_image","twitter_site":"@gastronomicamen","twitter_misc":{"Written by":"Fundaci\u00f3 Institut Catal\u00e0 de la Cuina i de la Cultura Gastron\u00f2mica"},"schema":{"@context":"https:\/\/schema.org","@graph":[{"@type":"WebPage","@id":"https:\/\/gastronomicament.cat\/de\/restaurant\/restaurant-el-palau-vell-sant-andreu-de-la-barca","url":"https:\/\/gastronomicament.cat\/de\/restaurant\/restaurant-el-palau-vell-sant-andreu-de-la-barca","name":"Restaurant El Palau Vell. Sant Andreu de la Barca","isPartOf":{"@id":"https:\/\/gastronomicament.cat\/de\/#website"},"primaryImageOfPage":{"@id":"https:\/\/gastronomicament.cat\/de\/restaurant\/restaurant-el-palau-vell-sant-andreu-de-la-barca#primaryimage"},"image":{"@id":"https:\/\/gastronomicament.cat\/de\/restaurant\/restaurant-el-palau-vell-sant-andreu-de-la-barca#primaryimage"},"thumbnailUrl":"https:\/\/gastronomicament.cat\/wp-content\/uploads\/2014\/02\/cache_fa__ana_restaurant_hii_540x390.jpg","datePublished":"2014-03-19T22:20:12+00:00","dateModified":"2023-10-05T08:37:38+00:00","description":"Restaurant El Palau Vell. Sant Andreu de la Barca - Restaurante El Palau Vell. Sant Andreu de la Barca","breadcrumb":{"@id":"https:\/\/gastronomicament.cat\/de\/restaurant\/restaurant-el-palau-vell-sant-andreu-de-la-barca#breadcrumb"},"inLanguage":"de","potentialAction":[{"@type":"ReadAction","target":["https:\/\/gastronomicament.cat\/de\/restaurant\/restaurant-el-palau-vell-sant-andreu-de-la-barca"]}]},{"@type":"ImageObject","inLanguage":"de","@id":"https:\/\/gastronomicament.cat\/de\/restaurant\/restaurant-el-palau-vell-sant-andreu-de-la-barca#primaryimage","url":"https:\/\/gastronomicament.cat\/wp-content\/uploads\/2014\/02\/cache_fa__ana_restaurant_hii_540x390.jpg","contentUrl":"https:\/\/gastronomicament.cat\/wp-content\/uploads\/2014\/02\/cache_fa__ana_restaurant_hii_540x390.jpg","width":540,"height":390},{"@type":"BreadcrumbList","@id":"https:\/\/gastronomicament.cat\/de\/restaurant\/restaurant-el-palau-vell-sant-andreu-de-la-barca#breadcrumb","itemListElement":[{"@type":"ListItem","position":1,"name":"Restaurants","item":"https:\/\/gastronomicament.cat\/de\/restaurants"},{"@type":"ListItem","position":2,"name":"Restaurant El Palau Vell"}]},{"@type":"WebSite","@id":"https:\/\/gastronomicament.cat\/de\/#website","url":"https:\/\/gastronomicament.cat\/de\/","name":"Gastron\u00f2micament","description":"Portal de restaurants, receptes i actualitat gastron\u00f2mica","publisher":{"@id":"https:\/\/gastronomicament.cat\/de\/#organization"},"potentialAction":[{"@type":"SearchAction","target":{"@type":"EntryPoint","urlTemplate":"https:\/\/gastronomicament.cat\/de\/?s={search_term_string}"},"query-input":{"@type":"PropertyValueSpecification","valueRequired":true,"valueName":"search_term_string"}}],"inLanguage":"de"},{"@type":"Organization","@id":"https:\/\/gastronomicament.cat\/de\/#organization","name":"Gastron\u00f2micament","url":"https:\/\/gastronomicament.cat\/de\/","logo":{"@type":"ImageObject","inLanguage":"de","@id":"https:\/\/gastronomicament.cat\/de\/#\/schema\/logo\/image\/","url":"https:\/\/gastronomicament.cat\/wp-content\/uploads\/2016\/09\/header-logo.jpg","contentUrl":"https:\/\/gastronomicament.cat\/wp-content\/uploads\/2016\/09\/header-logo.jpg","width":277,"height":39,"caption":"Gastron\u00f2micament"},"image":{"@id":"https:\/\/gastronomicament.cat\/de\/#\/schema\/logo\/image\/"},"sameAs":["https:\/\/x.com\/gastronomicamen"]}]}},"_links":{"self":[{"href":"https:\/\/gastronomicament.cat\/de\/wp-json\/wp\/v2\/restaurant\/71647","targetHints":{"allow":["GET"]}}],"collection":[{"href":"https:\/\/gastronomicament.cat\/de\/wp-json\/wp\/v2\/restaurant"}],"about":[{"href":"https:\/\/gastronomicament.cat\/de\/wp-json\/wp\/v2\/types\/restaurant"}],"author":[{"embeddable":true,"href":"https:\/\/gastronomicament.cat\/de\/wp-json\/wp\/v2\/users\/81"}],"replies":[{"embeddable":true,"href":"https:\/\/gastronomicament.cat\/de\/wp-json\/wp\/v2\/comments?post=71647"}],"version-history":[{"count":0,"href":"https:\/\/gastronomicament.cat\/de\/wp-json\/wp\/v2\/restaurant\/71647\/revisions"}],"wp:featuredmedia":[{"embeddable":true,"href":"https:\/\/gastronomicament.cat\/de\/wp-json\/wp\/v2\/media\/51543"}],"wp:attachment":[{"href":"https:\/\/gastronomicament.cat\/de\/wp-json\/wp\/v2\/media?parent=71647"}],"wp:term":[{"taxonomy":"category","embeddable":true,"href":"https:\/\/gastronomicament.cat\/de\/wp-json\/wp\/v2\/categories?post=71647"},{"taxonomy":"destacatper","embeddable":true,"href":"https:\/\/gastronomicament.cat\/de\/wp-json\/wp\/v2\/destacatper?post=71647"},{"taxonomy":"especialitat","embeddable":true,"href":"https:\/\/gastronomicament.cat\/de\/wp-json\/wp\/v2\/especialitat?post=71647"},{"taxonomy":"localitat","embeddable":true,"href":"https:\/\/gastronomicament.cat\/de\/wp-json\/wp\/v2\/localitat?post=71647"},{"taxonomy":"author","embeddable":true,"href":"https:\/\/gastronomicament.cat\/de\/wp-json\/wp\/v2\/coauthors?post=71647"}],"curies":[{"name":"wp","href":"https:\/\/api.w.org\/{rel}","templated":true}]}}