{"id":73250,"date":"2013-03-15T00:08:17","date_gmt":"2013-03-14T23:08:17","guid":{"rendered":"https:\/\/gastronomicament.cat\/restaurant\/restaurant-sa-cuina-de-naina"},"modified":"2023-10-05T10:46:29","modified_gmt":"2023-10-05T08:46:29","slug":"restaurant-sa-cuina-de-naina","status":"publish","type":"restaurant","link":"https:\/\/gastronomicament.cat\/de\/restaurant\/restaurant-sa-cuina-de-naina","title":{"rendered":"Sa Cuina de n&#8217;Aina"},"content":{"rendered":"<p style=\"text-align: justify;\">El bon menjar \u00e9s reconeix per la fidelitat dels clients. Al restaurant Sa Cuina de n&#8217;Aina, hi trobareu una clientela enamorada del seu talent. D&#8217;en\u00e7\u00e0 el 1995, n&#8217;Aina Carbonell ofereix plats sincers de cuina mallorquina i selecta com el gall de Sant Pere amb verdures saltades, bra\u00e7 de me al forn, magret d&#8217;\u00e0nec amb fruita del bosc o el bescuit glac\u00e9 d&#8217;avellana amb xocolata calenta. Cal destacar la selecci\u00f3 de vins, amb una carta il\u00b7lustrativa amb notes sobre el vi.<\/p>\n<p style=\"text-align: justify;\">El restaurant es divideix en dues plantes i una terrasseta interior molt agradable.<\/p>\n","protected":false},"excerpt":{"rendered":"<p>El bon menjar \u00e9s reconeix per la fidelitat dels clients. Al restaurant Sa Cuina de n&#8217;Aina, hi trobareu una clientela enamorada del seu talent. D&#8217;en\u00e7\u00e0 el 1995, n&#8217;Aina Carbonell ofereix plats sincers de cuina mallorquina i selecta com el gall de Sant Pere amb verdures saltades, bra\u00e7 de me al forn, magret d&#8217;\u00e0nec amb fruita [&hellip;]<\/p>\n","protected":false},"author":1,"featured_media":49098,"menu_order":0,"comment_status":"open","ping_status":"closed","template":"","format":"gallery","meta":{"_acf_changed":false,"_swt_meta_header_display":false,"_swt_meta_footer_display":false,"_swt_meta_site_title_display":false,"_swt_meta_sticky_header":false,"_swt_meta_transparent_header":false,"direccio":"Carrer del Rafal, 31","telefon":"971 87 29 92","web":"www.sacuinadenaina.com","horari":"[:ca]Dilluns i dimarts tancat [:en]Closed on Monday and Tuesday","preumitja":"25-35 euros","observacions":"","footnotes":""},"categories":[1029],"destacatper":[1102,1119],"especialitat":[1099,1060],"localitat":[1322,1862],"coauthors":[],"class_list":["post-73250","restaurant","type-restaurant","status-publish","format-gallery","has-post-thumbnail","hentry","category-restaurants-es-de","destacatper-celebracions-i-grups-de","destacatper-romantic-de","especialitat-cuina-mallorquina-de","especialitat-cuina-selecta-de","localitat-pla-de","localitat-sencelles-de","preu-entre-20-i-30-euros-de"],"acf":{"gallery":null,"home_date":{"home_begin_date":null,"home_end_date":null}},"yoast_head":"<!-- This site is optimized with the Yoast SEO plugin v27.4 - https:\/\/yoast.com\/product\/yoast-seo-wordpress\/ -->\n<title>Restaurant sa Cuina de n&#039;Aina. Sencelles<\/title>\n<meta name=\"description\" content=\"Restaurant sa Cuina de n&#039;Aina. Sencelles \/ Restaurante sa Cuina de n&#039;Aina \/ Sa Cuina de nAina\" \/>\n<meta name=\"robots\" content=\"index, follow, max-snippet:-1, max-image-preview:large, max-video-preview:-1\" \/>\n<link rel=\"canonical\" href=\"https:\/\/gastronomicament.cat\/de\/restaurant\/restaurant-sa-cuina-de-naina\" \/>\n<meta property=\"og:locale\" content=\"de_DE\" \/>\n<meta property=\"og:type\" content=\"article\" \/>\n<meta property=\"og:title\" content=\"Restaurant sa Cuina de n&#039;Aina. Sencelles\" \/>\n<meta property=\"og:description\" content=\"Restaurant sa Cuina de n&#039;Aina. Sencelles \/ Restaurante sa Cuina de n&#039;Aina \/ Sa Cuina de nAina\" \/>\n<meta property=\"og:url\" content=\"https:\/\/gastronomicament.cat\/de\/restaurant\/restaurant-sa-cuina-de-naina\" \/>\n<meta property=\"og:site_name\" content=\"Gastron\u00f2micament\" \/>\n<meta property=\"article:modified_time\" content=\"2023-10-05T08:46:29+00:00\" \/>\n<meta property=\"og:image\" content=\"https:\/\/gastronomicament.cat\/wp-content\/uploads\/2013\/03\/Bes\/Bescuit-glac\u00e9-davellana-amb-xocolata-calenta.jpg\" \/>\n\t<meta property=\"og:image:width\" content=\"1800\" \/>\n\t<meta property=\"og:image:height\" content=\"1197\" \/>\n\t<meta property=\"og:image:type\" content=\"image\/jpeg\" \/>\n<meta name=\"twitter:card\" content=\"summary_large_image\" \/>\n<meta name=\"twitter:site\" content=\"@gastronomicamen\" \/>\n<meta name=\"twitter:label1\" content=\"Written by\" \/>\n\t<meta name=\"twitter:data1\" content=\"Redacci\u00f3\" \/>\n<script type=\"application\/ld+json\" class=\"yoast-schema-graph\">{\"@context\":\"https:\\\/\\\/schema.org\",\"@graph\":[{\"@type\":\"WebPage\",\"@id\":\"https:\\\/\\\/gastronomicament.cat\\\/de\\\/restaurant\\\/restaurant-sa-cuina-de-naina\",\"url\":\"https:\\\/\\\/gastronomicament.cat\\\/de\\\/restaurant\\\/restaurant-sa-cuina-de-naina\",\"name\":\"Restaurant sa Cuina de n'Aina. Sencelles\",\"isPartOf\":{\"@id\":\"https:\\\/\\\/gastronomicament.cat\\\/de\\\/#website\"},\"primaryImageOfPage\":{\"@id\":\"https:\\\/\\\/gastronomicament.cat\\\/de\\\/restaurant\\\/restaurant-sa-cuina-de-naina#primaryimage\"},\"image\":{\"@id\":\"https:\\\/\\\/gastronomicament.cat\\\/de\\\/restaurant\\\/restaurant-sa-cuina-de-naina#primaryimage\"},\"thumbnailUrl\":\"https:\\\/\\\/gastronomicament.cat\\\/wp-content\\\/uploads\\\/2013\\\/03\\\/Bes\\\/Bescuit-glac\u00e9-davellana-amb-xocolata-calenta.jpg\",\"datePublished\":\"2013-03-14T23:08:17+00:00\",\"dateModified\":\"2023-10-05T08:46:29+00:00\",\"description\":\"Restaurant sa Cuina de n'Aina. Sencelles \\\/ Restaurante sa Cuina de n'Aina \\\/ Sa Cuina de nAina\",\"breadcrumb\":{\"@id\":\"https:\\\/\\\/gastronomicament.cat\\\/de\\\/restaurant\\\/restaurant-sa-cuina-de-naina#breadcrumb\"},\"inLanguage\":\"de\",\"potentialAction\":[{\"@type\":\"ReadAction\",\"target\":[\"https:\\\/\\\/gastronomicament.cat\\\/de\\\/restaurant\\\/restaurant-sa-cuina-de-naina\"]}]},{\"@type\":\"ImageObject\",\"inLanguage\":\"de\",\"@id\":\"https:\\\/\\\/gastronomicament.cat\\\/de\\\/restaurant\\\/restaurant-sa-cuina-de-naina#primaryimage\",\"url\":\"https:\\\/\\\/gastronomicament.cat\\\/wp-content\\\/uploads\\\/2013\\\/03\\\/Bes\\\/Bescuit-glac\u00e9-davellana-amb-xocolata-calenta.jpg\",\"contentUrl\":\"https:\\\/\\\/gastronomicament.cat\\\/wp-content\\\/uploads\\\/2013\\\/03\\\/Bes\\\/Bescuit-glac\u00e9-davellana-amb-xocolata-calenta.jpg\",\"width\":1800,\"height\":1197},{\"@type\":\"BreadcrumbList\",\"@id\":\"https:\\\/\\\/gastronomicament.cat\\\/de\\\/restaurant\\\/restaurant-sa-cuina-de-naina#breadcrumb\",\"itemListElement\":[{\"@type\":\"ListItem\",\"position\":1,\"name\":\"Restaurants\",\"item\":\"https:\\\/\\\/gastronomicament.cat\\\/de\\\/restaurants\"},{\"@type\":\"ListItem\",\"position\":2,\"name\":\"Sa Cuina de n&#8217;Aina\"}]},{\"@type\":\"WebSite\",\"@id\":\"https:\\\/\\\/gastronomicament.cat\\\/de\\\/#website\",\"url\":\"https:\\\/\\\/gastronomicament.cat\\\/de\\\/\",\"name\":\"Gastron\u00f2micament\",\"description\":\"Portal de restaurants, receptes i actualitat gastron\u00f2mica\",\"publisher\":{\"@id\":\"https:\\\/\\\/gastronomicament.cat\\\/de\\\/#organization\"},\"potentialAction\":[{\"@type\":\"SearchAction\",\"target\":{\"@type\":\"EntryPoint\",\"urlTemplate\":\"https:\\\/\\\/gastronomicament.cat\\\/de\\\/?s={search_term_string}\"},\"query-input\":{\"@type\":\"PropertyValueSpecification\",\"valueRequired\":true,\"valueName\":\"search_term_string\"}}],\"inLanguage\":\"de\"},{\"@type\":\"Organization\",\"@id\":\"https:\\\/\\\/gastronomicament.cat\\\/de\\\/#organization\",\"name\":\"Gastron\u00f2micament\",\"url\":\"https:\\\/\\\/gastronomicament.cat\\\/de\\\/\",\"logo\":{\"@type\":\"ImageObject\",\"inLanguage\":\"de\",\"@id\":\"https:\\\/\\\/gastronomicament.cat\\\/de\\\/#\\\/schema\\\/logo\\\/image\\\/\",\"url\":\"https:\\\/\\\/gastronomicament.cat\\\/wp-content\\\/uploads\\\/2016\\\/09\\\/header-logo.jpg\",\"contentUrl\":\"https:\\\/\\\/gastronomicament.cat\\\/wp-content\\\/uploads\\\/2016\\\/09\\\/header-logo.jpg\",\"width\":277,\"height\":39,\"caption\":\"Gastron\u00f2micament\"},\"image\":{\"@id\":\"https:\\\/\\\/gastronomicament.cat\\\/de\\\/#\\\/schema\\\/logo\\\/image\\\/\"},\"sameAs\":[\"https:\\\/\\\/x.com\\\/gastronomicamen\"]}]}<\/script>\n<!-- \/ Yoast SEO plugin. -->","yoast_head_json":{"title":"Restaurant sa Cuina de n'Aina. Sencelles","description":"Restaurant sa Cuina de n'Aina. Sencelles \/ Restaurante sa Cuina de n'Aina \/ Sa Cuina de nAina","robots":{"index":"index","follow":"follow","max-snippet":"max-snippet:-1","max-image-preview":"max-image-preview:large","max-video-preview":"max-video-preview:-1"},"canonical":"https:\/\/gastronomicament.cat\/de\/restaurant\/restaurant-sa-cuina-de-naina","og_locale":"de_DE","og_type":"article","og_title":"Restaurant sa Cuina de n'Aina. Sencelles","og_description":"Restaurant sa Cuina de n'Aina. Sencelles \/ Restaurante sa Cuina de n'Aina \/ Sa Cuina de nAina","og_url":"https:\/\/gastronomicament.cat\/de\/restaurant\/restaurant-sa-cuina-de-naina","og_site_name":"Gastron\u00f2micament","article_modified_time":"2023-10-05T08:46:29+00:00","og_image":[{"width":1800,"height":1197,"url":"https:\/\/gastronomicament.cat\/wp-content\/uploads\/2013\/03\/Bes\/Bescuit-glac\u00e9-davellana-amb-xocolata-calenta.jpg","type":"image\/jpeg"}],"twitter_card":"summary_large_image","twitter_site":"@gastronomicamen","twitter_misc":{"Written by":"Redacci\u00f3"},"schema":{"@context":"https:\/\/schema.org","@graph":[{"@type":"WebPage","@id":"https:\/\/gastronomicament.cat\/de\/restaurant\/restaurant-sa-cuina-de-naina","url":"https:\/\/gastronomicament.cat\/de\/restaurant\/restaurant-sa-cuina-de-naina","name":"Restaurant sa Cuina de n'Aina. Sencelles","isPartOf":{"@id":"https:\/\/gastronomicament.cat\/de\/#website"},"primaryImageOfPage":{"@id":"https:\/\/gastronomicament.cat\/de\/restaurant\/restaurant-sa-cuina-de-naina#primaryimage"},"image":{"@id":"https:\/\/gastronomicament.cat\/de\/restaurant\/restaurant-sa-cuina-de-naina#primaryimage"},"thumbnailUrl":"https:\/\/gastronomicament.cat\/wp-content\/uploads\/2013\/03\/Bes\/Bescuit-glac\u00e9-davellana-amb-xocolata-calenta.jpg","datePublished":"2013-03-14T23:08:17+00:00","dateModified":"2023-10-05T08:46:29+00:00","description":"Restaurant sa Cuina de n'Aina. Sencelles \/ Restaurante sa Cuina de n'Aina \/ Sa Cuina de nAina","breadcrumb":{"@id":"https:\/\/gastronomicament.cat\/de\/restaurant\/restaurant-sa-cuina-de-naina#breadcrumb"},"inLanguage":"de","potentialAction":[{"@type":"ReadAction","target":["https:\/\/gastronomicament.cat\/de\/restaurant\/restaurant-sa-cuina-de-naina"]}]},{"@type":"ImageObject","inLanguage":"de","@id":"https:\/\/gastronomicament.cat\/de\/restaurant\/restaurant-sa-cuina-de-naina#primaryimage","url":"https:\/\/gastronomicament.cat\/wp-content\/uploads\/2013\/03\/Bes\/Bescuit-glac\u00e9-davellana-amb-xocolata-calenta.jpg","contentUrl":"https:\/\/gastronomicament.cat\/wp-content\/uploads\/2013\/03\/Bes\/Bescuit-glac\u00e9-davellana-amb-xocolata-calenta.jpg","width":1800,"height":1197},{"@type":"BreadcrumbList","@id":"https:\/\/gastronomicament.cat\/de\/restaurant\/restaurant-sa-cuina-de-naina#breadcrumb","itemListElement":[{"@type":"ListItem","position":1,"name":"Restaurants","item":"https:\/\/gastronomicament.cat\/de\/restaurants"},{"@type":"ListItem","position":2,"name":"Sa Cuina de n&#8217;Aina"}]},{"@type":"WebSite","@id":"https:\/\/gastronomicament.cat\/de\/#website","url":"https:\/\/gastronomicament.cat\/de\/","name":"Gastron\u00f2micament","description":"Portal de restaurants, receptes i actualitat gastron\u00f2mica","publisher":{"@id":"https:\/\/gastronomicament.cat\/de\/#organization"},"potentialAction":[{"@type":"SearchAction","target":{"@type":"EntryPoint","urlTemplate":"https:\/\/gastronomicament.cat\/de\/?s={search_term_string}"},"query-input":{"@type":"PropertyValueSpecification","valueRequired":true,"valueName":"search_term_string"}}],"inLanguage":"de"},{"@type":"Organization","@id":"https:\/\/gastronomicament.cat\/de\/#organization","name":"Gastron\u00f2micament","url":"https:\/\/gastronomicament.cat\/de\/","logo":{"@type":"ImageObject","inLanguage":"de","@id":"https:\/\/gastronomicament.cat\/de\/#\/schema\/logo\/image\/","url":"https:\/\/gastronomicament.cat\/wp-content\/uploads\/2016\/09\/header-logo.jpg","contentUrl":"https:\/\/gastronomicament.cat\/wp-content\/uploads\/2016\/09\/header-logo.jpg","width":277,"height":39,"caption":"Gastron\u00f2micament"},"image":{"@id":"https:\/\/gastronomicament.cat\/de\/#\/schema\/logo\/image\/"},"sameAs":["https:\/\/x.com\/gastronomicamen"]}]}},"_links":{"self":[{"href":"https:\/\/gastronomicament.cat\/de\/wp-json\/wp\/v2\/restaurant\/73250","targetHints":{"allow":["GET"]}}],"collection":[{"href":"https:\/\/gastronomicament.cat\/de\/wp-json\/wp\/v2\/restaurant"}],"about":[{"href":"https:\/\/gastronomicament.cat\/de\/wp-json\/wp\/v2\/types\/restaurant"}],"author":[{"embeddable":true,"href":"https:\/\/gastronomicament.cat\/de\/wp-json\/wp\/v2\/users\/1"}],"replies":[{"embeddable":true,"href":"https:\/\/gastronomicament.cat\/de\/wp-json\/wp\/v2\/comments?post=73250"}],"version-history":[{"count":0,"href":"https:\/\/gastronomicament.cat\/de\/wp-json\/wp\/v2\/restaurant\/73250\/revisions"}],"wp:featuredmedia":[{"embeddable":true,"href":"https:\/\/gastronomicament.cat\/de\/wp-json\/wp\/v2\/media\/49098"}],"wp:attachment":[{"href":"https:\/\/gastronomicament.cat\/de\/wp-json\/wp\/v2\/media?parent=73250"}],"wp:term":[{"taxonomy":"category","embeddable":true,"href":"https:\/\/gastronomicament.cat\/de\/wp-json\/wp\/v2\/categories?post=73250"},{"taxonomy":"destacatper","embeddable":true,"href":"https:\/\/gastronomicament.cat\/de\/wp-json\/wp\/v2\/destacatper?post=73250"},{"taxonomy":"especialitat","embeddable":true,"href":"https:\/\/gastronomicament.cat\/de\/wp-json\/wp\/v2\/especialitat?post=73250"},{"taxonomy":"localitat","embeddable":true,"href":"https:\/\/gastronomicament.cat\/de\/wp-json\/wp\/v2\/localitat?post=73250"},{"taxonomy":"author","embeddable":true,"href":"https:\/\/gastronomicament.cat\/de\/wp-json\/wp\/v2\/coauthors?post=73250"}],"curies":[{"name":"wp","href":"https:\/\/api.w.org\/{rel}","templated":true}]}}