{"id":73414,"date":"2013-02-01T12:46:41","date_gmt":"2013-02-01T11:46:41","guid":{"rendered":"https:\/\/gastronomicament.cat\/restaurant\/restaurant-moli-2-palma"},"modified":"2023-10-05T10:47:37","modified_gmt":"2023-10-05T08:47:37","slug":"restaurant-moli-2-palma","status":"publish","type":"restaurant","link":"https:\/\/gastronomicament.cat\/de\/restaurant\/restaurant-moli-2-palma","title":{"rendered":"Restaurant Mol\u00ed 2 [TANCAT]"},"content":{"rendered":"<p style=\"text-align: center;\"><strong>[TANCAT]<\/strong><\/p>\n<p style=\"text-align: justify;\">Hi trobareu dos tipus de cuina, una m\u00e9s informal i una de m\u00e9s elaborada. D&#8217;una banda hi fan plats d&#8217;estil Calif\u00f2rnia, de tipus tex-mex amb plats com les fajitas, els natxos o les ensalades.<\/p>\n<p style=\"text-align: justify;\">Tamb\u00e9 hi fan plats de cuina mediterr\u00e0nia, com la paella. De fet, el seu cuiner el nigeri\u00e0 Paul Enabulele comenta que la m\u00e9s bona \u00e9s la de llam\u00e0ntil. Tamb\u00e9 cuina el gall de Sant Pere acompanyat d&#8217;unes exquisides anelles de ceba, com tamb\u00e9 prepara propostes m\u00e9s ex\u00f2tiques com les broquetes de llagostins arrebossats amb coco acompanyats de salsa de mel i mostassa.<\/p>\n<p style=\"text-align: justify;\">Aquesta combinaci\u00f3 de menjar fa que el restaurant Mol\u00ed 2 de Palma sigui un lloc ideal tant per celebrar-hi una vetllada especial com un \u00e0pat familiar.<\/p>\n<p style=\"text-align: justify;\">De postres us recomanam el seu particular brownie, servit en copa.<\/p>\n<p style=\"text-align: justify;\">Per cert, cal destacar les diferents propostes econ\u00f2miques i bones que fan als seus clients.<\/p>\n<p><!--more--><\/p>\n","protected":false},"excerpt":{"rendered":"<p>[TANCAT] Hi trobareu dos tipus de cuina, una m\u00e9s informal i una de m\u00e9s elaborada. D&#8217;una banda hi fan plats d&#8217;estil Calif\u00f2rnia, de tipus tex-mex amb plats com les fajitas, els natxos o les ensalades. Tamb\u00e9 hi fan plats de cuina mediterr\u00e0nia, com la paella. De fet, el seu cuiner el nigeri\u00e0 Paul Enabulele comenta [&hellip;]<\/p>\n","protected":false},"author":1,"featured_media":49646,"menu_order":0,"comment_status":"open","ping_status":"closed","template":"","format":"gallery","meta":{"_acf_changed":false,"_swt_meta_header_display":false,"_swt_meta_footer_display":false,"_swt_meta_site_title_display":false,"_swt_meta_sticky_header":false,"_swt_meta_transparent_header":false,"direccio":"Carrer de la Ind\u00fastria. Mol\u00ed 2. Palma","telefon":"971 28 87 16","web":"","horari":"[:ca]Obert de dilluns a diumenge[:en] Open from Monday to Sunday","preumitja":"12-20 euros","observacions":"","footnotes":""},"categories":[1029,1445],"destacatper":[],"especialitat":[],"localitat":[],"coauthors":[],"class_list":["post-73414","restaurant","type-restaurant","status-publish","format-gallery","has-post-thumbnail","hentry","category-restaurants-es-de","category-tancat-de"],"acf":{"gallery":null,"home_date":{"home_begin_date":null,"home_end_date":null}},"yoast_head":"<!-- This site is optimized with the Yoast SEO plugin v27.4 - https:\/\/yoast.com\/product\/yoast-seo-wordpress\/ -->\n<title>Restaurant Mol\u00ed 2. Palma<\/title>\n<meta name=\"description\" content=\"Restaurant Mol\u00ed 2. Palma \/ Restaurante Molino 2. Palma\" \/>\n<meta name=\"robots\" content=\"index, follow, max-snippet:-1, max-image-preview:large, max-video-preview:-1\" \/>\n<link rel=\"canonical\" href=\"https:\/\/gastronomicament.cat\/de\/restaurant\/restaurant-moli-2-palma\" \/>\n<meta property=\"og:locale\" content=\"de_DE\" \/>\n<meta property=\"og:type\" content=\"article\" \/>\n<meta property=\"og:title\" content=\"Restaurant Mol\u00ed 2. Palma\" \/>\n<meta property=\"og:description\" content=\"Restaurant Mol\u00ed 2. Palma \/ Restaurante Molino 2. Palma\" \/>\n<meta property=\"og:url\" content=\"https:\/\/gastronomicament.cat\/de\/restaurant\/restaurant-moli-2-palma\" \/>\n<meta property=\"og:site_name\" content=\"Gastron\u00f2micament\" \/>\n<meta property=\"article:modified_time\" content=\"2023-10-05T08:47:37+00:00\" \/>\n<meta property=\"og:image\" content=\"https:\/\/gastronomicament.cat\/wp-content\/uploads\/2013\/06\/Fa-ganes-menjar-hi1.jpg\" \/>\n\t<meta property=\"og:image:width\" content=\"1800\" \/>\n\t<meta property=\"og:image:height\" content=\"1196\" \/>\n\t<meta property=\"og:image:type\" content=\"image\/jpeg\" \/>\n<meta name=\"twitter:card\" content=\"summary_large_image\" \/>\n<meta name=\"twitter:site\" content=\"@gastronomicamen\" \/>\n<meta name=\"twitter:label1\" content=\"Gesch\u00e4tzte Lesezeit\" \/>\n\t<meta name=\"twitter:data1\" content=\"1\u00a0Minute\" \/>\n\t<meta name=\"twitter:label2\" content=\"Written by\" \/>\n\t<meta name=\"twitter:data2\" content=\"Redacci\u00f3\" \/>\n<script type=\"application\/ld+json\" class=\"yoast-schema-graph\">{\"@context\":\"https:\\\/\\\/schema.org\",\"@graph\":[{\"@type\":\"WebPage\",\"@id\":\"https:\\\/\\\/gastronomicament.cat\\\/de\\\/restaurant\\\/restaurant-moli-2-palma\",\"url\":\"https:\\\/\\\/gastronomicament.cat\\\/de\\\/restaurant\\\/restaurant-moli-2-palma\",\"name\":\"Restaurant Mol\u00ed 2. Palma\",\"isPartOf\":{\"@id\":\"https:\\\/\\\/gastronomicament.cat\\\/de\\\/#website\"},\"primaryImageOfPage\":{\"@id\":\"https:\\\/\\\/gastronomicament.cat\\\/de\\\/restaurant\\\/restaurant-moli-2-palma#primaryimage\"},\"image\":{\"@id\":\"https:\\\/\\\/gastronomicament.cat\\\/de\\\/restaurant\\\/restaurant-moli-2-palma#primaryimage\"},\"thumbnailUrl\":\"https:\\\/\\\/gastronomicament.cat\\\/wp-content\\\/uploads\\\/2013\\\/06\\\/Fa-ganes-menjar-hi1.jpg\",\"datePublished\":\"2013-02-01T11:46:41+00:00\",\"dateModified\":\"2023-10-05T08:47:37+00:00\",\"description\":\"Restaurant Mol\u00ed 2. Palma \\\/ Restaurante Molino 2. Palma\",\"breadcrumb\":{\"@id\":\"https:\\\/\\\/gastronomicament.cat\\\/de\\\/restaurant\\\/restaurant-moli-2-palma#breadcrumb\"},\"inLanguage\":\"de\",\"potentialAction\":[{\"@type\":\"ReadAction\",\"target\":[\"https:\\\/\\\/gastronomicament.cat\\\/de\\\/restaurant\\\/restaurant-moli-2-palma\"]}]},{\"@type\":\"ImageObject\",\"inLanguage\":\"de\",\"@id\":\"https:\\\/\\\/gastronomicament.cat\\\/de\\\/restaurant\\\/restaurant-moli-2-palma#primaryimage\",\"url\":\"https:\\\/\\\/gastronomicament.cat\\\/wp-content\\\/uploads\\\/2013\\\/06\\\/Fa-ganes-menjar-hi1.jpg\",\"contentUrl\":\"https:\\\/\\\/gastronomicament.cat\\\/wp-content\\\/uploads\\\/2013\\\/06\\\/Fa-ganes-menjar-hi1.jpg\",\"width\":1800,\"height\":1196},{\"@type\":\"BreadcrumbList\",\"@id\":\"https:\\\/\\\/gastronomicament.cat\\\/de\\\/restaurant\\\/restaurant-moli-2-palma#breadcrumb\",\"itemListElement\":[{\"@type\":\"ListItem\",\"position\":1,\"name\":\"Restaurants\",\"item\":\"https:\\\/\\\/gastronomicament.cat\\\/de\\\/restaurants\"},{\"@type\":\"ListItem\",\"position\":2,\"name\":\"Restaurant Mol\u00ed 2 [TANCAT]\"}]},{\"@type\":\"WebSite\",\"@id\":\"https:\\\/\\\/gastronomicament.cat\\\/de\\\/#website\",\"url\":\"https:\\\/\\\/gastronomicament.cat\\\/de\\\/\",\"name\":\"Gastron\u00f2micament\",\"description\":\"Portal de restaurants, receptes i actualitat gastron\u00f2mica\",\"publisher\":{\"@id\":\"https:\\\/\\\/gastronomicament.cat\\\/de\\\/#organization\"},\"potentialAction\":[{\"@type\":\"SearchAction\",\"target\":{\"@type\":\"EntryPoint\",\"urlTemplate\":\"https:\\\/\\\/gastronomicament.cat\\\/de\\\/?s={search_term_string}\"},\"query-input\":{\"@type\":\"PropertyValueSpecification\",\"valueRequired\":true,\"valueName\":\"search_term_string\"}}],\"inLanguage\":\"de\"},{\"@type\":\"Organization\",\"@id\":\"https:\\\/\\\/gastronomicament.cat\\\/de\\\/#organization\",\"name\":\"Gastron\u00f2micament\",\"url\":\"https:\\\/\\\/gastronomicament.cat\\\/de\\\/\",\"logo\":{\"@type\":\"ImageObject\",\"inLanguage\":\"de\",\"@id\":\"https:\\\/\\\/gastronomicament.cat\\\/de\\\/#\\\/schema\\\/logo\\\/image\\\/\",\"url\":\"https:\\\/\\\/gastronomicament.cat\\\/wp-content\\\/uploads\\\/2016\\\/09\\\/header-logo.jpg\",\"contentUrl\":\"https:\\\/\\\/gastronomicament.cat\\\/wp-content\\\/uploads\\\/2016\\\/09\\\/header-logo.jpg\",\"width\":277,\"height\":39,\"caption\":\"Gastron\u00f2micament\"},\"image\":{\"@id\":\"https:\\\/\\\/gastronomicament.cat\\\/de\\\/#\\\/schema\\\/logo\\\/image\\\/\"},\"sameAs\":[\"https:\\\/\\\/x.com\\\/gastronomicamen\"]}]}<\/script>\n<!-- \/ Yoast SEO plugin. -->","yoast_head_json":{"title":"Restaurant Mol\u00ed 2. Palma","description":"Restaurant Mol\u00ed 2. Palma \/ Restaurante Molino 2. Palma","robots":{"index":"index","follow":"follow","max-snippet":"max-snippet:-1","max-image-preview":"max-image-preview:large","max-video-preview":"max-video-preview:-1"},"canonical":"https:\/\/gastronomicament.cat\/de\/restaurant\/restaurant-moli-2-palma","og_locale":"de_DE","og_type":"article","og_title":"Restaurant Mol\u00ed 2. Palma","og_description":"Restaurant Mol\u00ed 2. Palma \/ Restaurante Molino 2. Palma","og_url":"https:\/\/gastronomicament.cat\/de\/restaurant\/restaurant-moli-2-palma","og_site_name":"Gastron\u00f2micament","article_modified_time":"2023-10-05T08:47:37+00:00","og_image":[{"width":1800,"height":1196,"url":"https:\/\/gastronomicament.cat\/wp-content\/uploads\/2013\/06\/Fa-ganes-menjar-hi1.jpg","type":"image\/jpeg"}],"twitter_card":"summary_large_image","twitter_site":"@gastronomicamen","twitter_misc":{"Gesch\u00e4tzte Lesezeit":"1\u00a0Minute","Written by":"Redacci\u00f3"},"schema":{"@context":"https:\/\/schema.org","@graph":[{"@type":"WebPage","@id":"https:\/\/gastronomicament.cat\/de\/restaurant\/restaurant-moli-2-palma","url":"https:\/\/gastronomicament.cat\/de\/restaurant\/restaurant-moli-2-palma","name":"Restaurant Mol\u00ed 2. Palma","isPartOf":{"@id":"https:\/\/gastronomicament.cat\/de\/#website"},"primaryImageOfPage":{"@id":"https:\/\/gastronomicament.cat\/de\/restaurant\/restaurant-moli-2-palma#primaryimage"},"image":{"@id":"https:\/\/gastronomicament.cat\/de\/restaurant\/restaurant-moli-2-palma#primaryimage"},"thumbnailUrl":"https:\/\/gastronomicament.cat\/wp-content\/uploads\/2013\/06\/Fa-ganes-menjar-hi1.jpg","datePublished":"2013-02-01T11:46:41+00:00","dateModified":"2023-10-05T08:47:37+00:00","description":"Restaurant Mol\u00ed 2. Palma \/ Restaurante Molino 2. Palma","breadcrumb":{"@id":"https:\/\/gastronomicament.cat\/de\/restaurant\/restaurant-moli-2-palma#breadcrumb"},"inLanguage":"de","potentialAction":[{"@type":"ReadAction","target":["https:\/\/gastronomicament.cat\/de\/restaurant\/restaurant-moli-2-palma"]}]},{"@type":"ImageObject","inLanguage":"de","@id":"https:\/\/gastronomicament.cat\/de\/restaurant\/restaurant-moli-2-palma#primaryimage","url":"https:\/\/gastronomicament.cat\/wp-content\/uploads\/2013\/06\/Fa-ganes-menjar-hi1.jpg","contentUrl":"https:\/\/gastronomicament.cat\/wp-content\/uploads\/2013\/06\/Fa-ganes-menjar-hi1.jpg","width":1800,"height":1196},{"@type":"BreadcrumbList","@id":"https:\/\/gastronomicament.cat\/de\/restaurant\/restaurant-moli-2-palma#breadcrumb","itemListElement":[{"@type":"ListItem","position":1,"name":"Restaurants","item":"https:\/\/gastronomicament.cat\/de\/restaurants"},{"@type":"ListItem","position":2,"name":"Restaurant Mol\u00ed 2 [TANCAT]"}]},{"@type":"WebSite","@id":"https:\/\/gastronomicament.cat\/de\/#website","url":"https:\/\/gastronomicament.cat\/de\/","name":"Gastron\u00f2micament","description":"Portal de restaurants, receptes i actualitat gastron\u00f2mica","publisher":{"@id":"https:\/\/gastronomicament.cat\/de\/#organization"},"potentialAction":[{"@type":"SearchAction","target":{"@type":"EntryPoint","urlTemplate":"https:\/\/gastronomicament.cat\/de\/?s={search_term_string}"},"query-input":{"@type":"PropertyValueSpecification","valueRequired":true,"valueName":"search_term_string"}}],"inLanguage":"de"},{"@type":"Organization","@id":"https:\/\/gastronomicament.cat\/de\/#organization","name":"Gastron\u00f2micament","url":"https:\/\/gastronomicament.cat\/de\/","logo":{"@type":"ImageObject","inLanguage":"de","@id":"https:\/\/gastronomicament.cat\/de\/#\/schema\/logo\/image\/","url":"https:\/\/gastronomicament.cat\/wp-content\/uploads\/2016\/09\/header-logo.jpg","contentUrl":"https:\/\/gastronomicament.cat\/wp-content\/uploads\/2016\/09\/header-logo.jpg","width":277,"height":39,"caption":"Gastron\u00f2micament"},"image":{"@id":"https:\/\/gastronomicament.cat\/de\/#\/schema\/logo\/image\/"},"sameAs":["https:\/\/x.com\/gastronomicamen"]}]}},"_links":{"self":[{"href":"https:\/\/gastronomicament.cat\/de\/wp-json\/wp\/v2\/restaurant\/73414","targetHints":{"allow":["GET"]}}],"collection":[{"href":"https:\/\/gastronomicament.cat\/de\/wp-json\/wp\/v2\/restaurant"}],"about":[{"href":"https:\/\/gastronomicament.cat\/de\/wp-json\/wp\/v2\/types\/restaurant"}],"author":[{"embeddable":true,"href":"https:\/\/gastronomicament.cat\/de\/wp-json\/wp\/v2\/users\/1"}],"replies":[{"embeddable":true,"href":"https:\/\/gastronomicament.cat\/de\/wp-json\/wp\/v2\/comments?post=73414"}],"version-history":[{"count":0,"href":"https:\/\/gastronomicament.cat\/de\/wp-json\/wp\/v2\/restaurant\/73414\/revisions"}],"wp:featuredmedia":[{"embeddable":true,"href":"https:\/\/gastronomicament.cat\/de\/wp-json\/wp\/v2\/media\/49646"}],"wp:attachment":[{"href":"https:\/\/gastronomicament.cat\/de\/wp-json\/wp\/v2\/media?parent=73414"}],"wp:term":[{"taxonomy":"category","embeddable":true,"href":"https:\/\/gastronomicament.cat\/de\/wp-json\/wp\/v2\/categories?post=73414"},{"taxonomy":"destacatper","embeddable":true,"href":"https:\/\/gastronomicament.cat\/de\/wp-json\/wp\/v2\/destacatper?post=73414"},{"taxonomy":"especialitat","embeddable":true,"href":"https:\/\/gastronomicament.cat\/de\/wp-json\/wp\/v2\/especialitat?post=73414"},{"taxonomy":"localitat","embeddable":true,"href":"https:\/\/gastronomicament.cat\/de\/wp-json\/wp\/v2\/localitat?post=73414"},{"taxonomy":"author","embeddable":true,"href":"https:\/\/gastronomicament.cat\/de\/wp-json\/wp\/v2\/coauthors?post=73414"}],"curies":[{"name":"wp","href":"https:\/\/api.w.org\/{rel}","templated":true}]}}