{"id":73703,"date":"2012-09-18T15:38:27","date_gmt":"2012-09-18T13:38:27","guid":{"rendered":"https:\/\/gastronomicament.cat\/restaurant\/bar-mayorga-biniamar"},"modified":"2024-11-26T11:38:55","modified_gmt":"2024-11-26T10:38:55","slug":"bar-mayorga-biniamar","status":"publish","type":"restaurant","link":"https:\/\/gastronomicament.cat\/de\/restaurant\/bar-mayorga-biniamar","title":{"rendered":"Bar Mayorga"},"content":{"rendered":"<p style=\"text-align: justify;\">Es troba situat al centre del petit poble de Biniamar (Selva). El Bar Mayorga t\u00e9 un estil r\u00fastic i es divideix en petites sales per a sopars \u00edntims o menjars per a grups. Els dematins hi fan berenars de tapes, (<em>callos<\/em>, llengua, frit de matances, frit mallorqu\u00ed, potons) a m\u00e9s de pambolis. Els plats s\u00f3n abundants i molt bons. Els migdies, hi fan men\u00fa, tot i que tamb\u00e9 es pot menjar a la carta. Cal destacar plats com bacall\u00e0 al forn o amb salsa, el bra\u00e7 de me, la s\u00edpia o l&#8217;entrecot. Tambe fan hamburgueses i sandvitxos. Els preus s\u00f3n molt asequibles.<\/p>\n<div style=\"text-align: justify;\">El regenten els germans Mayorga, molts amables i atents: en Jos\u00e9 i en Salvador serveixen a la barra i menjador, mentre que la seva germana n&#8217;\u00e9s la cuinera.<\/div>\n<div style=\"text-align: justify;\"><\/div>\n<div style=\"text-align: justify;\"><\/div>\n<div style=\"text-align: right;\"><strong>Ressenya feta per<\/strong>:<\/div>\n<div style=\"text-align: right;\"><img decoding=\"async\" class=\"alignnone\" title=\"Suau i Coramet\" src=\"http:\/\/gastronomicament.cat\/restaurantsmallorca\/wp-content\/uploads\/2012\/09\/suau-i-coramet.jpg\" alt=\"\" width=\"250\" height=\"188\" \/><\/div>\n<div style=\"text-align: right;\">Antoni Gelabert Coramet<\/div>\n<div style=\"text-align: right;\">(acompanyat d&#8217;en Suau)<\/div>\n","protected":false},"excerpt":{"rendered":"<p>El regenten els germans Mayorga, molts amables i atents<\/p>\n","protected":false},"author":19,"featured_media":48158,"menu_order":0,"comment_status":"closed","ping_status":"closed","template":"","format":"gallery","meta":{"_acf_changed":false,"_swt_meta_header_display":false,"_swt_meta_footer_display":false,"_swt_meta_site_title_display":false,"_swt_meta_sticky_header":false,"_swt_meta_transparent_header":false,"direccio":"Pla\u00e7a Major, 3","telefon":"971514060","web":"","horari":"[:ca]Obert de dimarts a diumenge[:en]Open Tuesday to Sunday","preumitja":"10-20 euros","observacions":"","footnotes":""},"categories":[1029],"destacatper":[],"especialitat":[1133,1099,1052],"localitat":[1963,1101],"coauthors":[2060],"class_list":["post-73703","restaurant","type-restaurant","status-publish","format-gallery","has-post-thumbnail","hentry","category-restaurants-es-de","especialitat-cafeteria-de","especialitat-cuina-mallorquina-de","especialitat-tapes-de","localitat-biniamar-de","localitat-raiguer-de","preu-entre-10-i-20-euros-de"],"acf":{"gallery":null,"home_date":{"home_begin_date":null,"home_end_date":null}},"yoast_head":"<!-- This site is optimized with the Yoast SEO plugin v27.4 - https:\/\/yoast.com\/product\/yoast-seo-wordpress\/ -->\n<title>Bar Mayorga<\/title>\n<meta name=\"description\" content=\"Bar Mayorga \/ Restaurant a Biniamar \/ Restaurante en Biniamar \/ Biniamar Restaurant \/ Cuina mallorquina \/ Cocina mallorquina \/ Majorcan Cusine\" \/>\n<meta name=\"robots\" content=\"index, follow, max-snippet:-1, max-image-preview:large, max-video-preview:-1\" \/>\n<link rel=\"canonical\" href=\"https:\/\/gastronomicament.cat\/de\/restaurant\/bar-mayorga-biniamar\" \/>\n<meta property=\"og:locale\" content=\"de_DE\" \/>\n<meta property=\"og:type\" content=\"article\" \/>\n<meta property=\"og:title\" content=\"Bar Mayorga\" \/>\n<meta property=\"og:description\" content=\"Bar Mayorga \/ Restaurant a Biniamar \/ Restaurante en Biniamar \/ Biniamar Restaurant \/ Cuina mallorquina \/ Cocina mallorquina \/ Majorcan Cusine\" \/>\n<meta property=\"og:url\" content=\"https:\/\/gastronomicament.cat\/de\/restaurant\/bar-mayorga-biniamar\" \/>\n<meta property=\"og:site_name\" content=\"Gastron\u00f2micament\" \/>\n<meta property=\"article:modified_time\" content=\"2024-11-26T10:38:55+00:00\" \/>\n<meta property=\"og:image\" content=\"https:\/\/gastronomicament.cat\/wp-content\/uploads\/2012\/09\/Bar-Mayorga-biniamar2.jpg\" \/>\n\t<meta property=\"og:image:width\" content=\"816\" \/>\n\t<meta property=\"og:image:height\" content=\"612\" \/>\n\t<meta property=\"og:image:type\" content=\"image\/jpeg\" \/>\n<meta name=\"twitter:card\" content=\"summary_large_image\" \/>\n<meta name=\"twitter:site\" content=\"@gastronomicamen\" \/>\n<meta name=\"twitter:label1\" content=\"Gesch\u00e4tzte Lesezeit\" \/>\n\t<meta name=\"twitter:data1\" content=\"1\u00a0Minute\" \/>\n\t<meta name=\"twitter:label2\" content=\"Written by\" \/>\n\t<meta name=\"twitter:data2\" content=\"antonigelabert\" \/>\n<script type=\"application\/ld+json\" class=\"yoast-schema-graph\">{\"@context\":\"https:\\\/\\\/schema.org\",\"@graph\":[{\"@type\":\"WebPage\",\"@id\":\"https:\\\/\\\/gastronomicament.cat\\\/de\\\/restaurant\\\/bar-mayorga-biniamar\",\"url\":\"https:\\\/\\\/gastronomicament.cat\\\/de\\\/restaurant\\\/bar-mayorga-biniamar\",\"name\":\"Bar Mayorga\",\"isPartOf\":{\"@id\":\"https:\\\/\\\/gastronomicament.cat\\\/de\\\/#website\"},\"primaryImageOfPage\":{\"@id\":\"https:\\\/\\\/gastronomicament.cat\\\/de\\\/restaurant\\\/bar-mayorga-biniamar#primaryimage\"},\"image\":{\"@id\":\"https:\\\/\\\/gastronomicament.cat\\\/de\\\/restaurant\\\/bar-mayorga-biniamar#primaryimage\"},\"thumbnailUrl\":\"https:\\\/\\\/gastronomicament.cat\\\/wp-content\\\/uploads\\\/2012\\\/09\\\/Bar-Mayorga-biniamar2.jpg\",\"datePublished\":\"2012-09-18T13:38:27+00:00\",\"dateModified\":\"2024-11-26T10:38:55+00:00\",\"description\":\"Bar Mayorga \\\/ Restaurant a Biniamar \\\/ Restaurante en Biniamar \\\/ Biniamar Restaurant \\\/ Cuina mallorquina \\\/ Cocina mallorquina \\\/ Majorcan Cusine\",\"breadcrumb\":{\"@id\":\"https:\\\/\\\/gastronomicament.cat\\\/de\\\/restaurant\\\/bar-mayorga-biniamar#breadcrumb\"},\"inLanguage\":\"de\",\"potentialAction\":[{\"@type\":\"ReadAction\",\"target\":[\"https:\\\/\\\/gastronomicament.cat\\\/de\\\/restaurant\\\/bar-mayorga-biniamar\"]}]},{\"@type\":\"ImageObject\",\"inLanguage\":\"de\",\"@id\":\"https:\\\/\\\/gastronomicament.cat\\\/de\\\/restaurant\\\/bar-mayorga-biniamar#primaryimage\",\"url\":\"https:\\\/\\\/gastronomicament.cat\\\/wp-content\\\/uploads\\\/2012\\\/09\\\/Bar-Mayorga-biniamar2.jpg\",\"contentUrl\":\"https:\\\/\\\/gastronomicament.cat\\\/wp-content\\\/uploads\\\/2012\\\/09\\\/Bar-Mayorga-biniamar2.jpg\",\"width\":816,\"height\":612},{\"@type\":\"BreadcrumbList\",\"@id\":\"https:\\\/\\\/gastronomicament.cat\\\/de\\\/restaurant\\\/bar-mayorga-biniamar#breadcrumb\",\"itemListElement\":[{\"@type\":\"ListItem\",\"position\":1,\"name\":\"Restaurants\",\"item\":\"https:\\\/\\\/gastronomicament.cat\\\/de\\\/restaurants\"},{\"@type\":\"ListItem\",\"position\":2,\"name\":\"Bar Mayorga\"}]},{\"@type\":\"WebSite\",\"@id\":\"https:\\\/\\\/gastronomicament.cat\\\/de\\\/#website\",\"url\":\"https:\\\/\\\/gastronomicament.cat\\\/de\\\/\",\"name\":\"Gastron\u00f2micament\",\"description\":\"Portal de restaurants, receptes i actualitat gastron\u00f2mica\",\"publisher\":{\"@id\":\"https:\\\/\\\/gastronomicament.cat\\\/de\\\/#organization\"},\"potentialAction\":[{\"@type\":\"SearchAction\",\"target\":{\"@type\":\"EntryPoint\",\"urlTemplate\":\"https:\\\/\\\/gastronomicament.cat\\\/de\\\/?s={search_term_string}\"},\"query-input\":{\"@type\":\"PropertyValueSpecification\",\"valueRequired\":true,\"valueName\":\"search_term_string\"}}],\"inLanguage\":\"de\"},{\"@type\":\"Organization\",\"@id\":\"https:\\\/\\\/gastronomicament.cat\\\/de\\\/#organization\",\"name\":\"Gastron\u00f2micament\",\"url\":\"https:\\\/\\\/gastronomicament.cat\\\/de\\\/\",\"logo\":{\"@type\":\"ImageObject\",\"inLanguage\":\"de\",\"@id\":\"https:\\\/\\\/gastronomicament.cat\\\/de\\\/#\\\/schema\\\/logo\\\/image\\\/\",\"url\":\"https:\\\/\\\/gastronomicament.cat\\\/wp-content\\\/uploads\\\/2016\\\/09\\\/header-logo.jpg\",\"contentUrl\":\"https:\\\/\\\/gastronomicament.cat\\\/wp-content\\\/uploads\\\/2016\\\/09\\\/header-logo.jpg\",\"width\":277,\"height\":39,\"caption\":\"Gastron\u00f2micament\"},\"image\":{\"@id\":\"https:\\\/\\\/gastronomicament.cat\\\/de\\\/#\\\/schema\\\/logo\\\/image\\\/\"},\"sameAs\":[\"https:\\\/\\\/x.com\\\/gastronomicamen\"]}]}<\/script>\n<!-- \/ Yoast SEO plugin. -->","yoast_head_json":{"title":"Bar Mayorga","description":"Bar Mayorga \/ Restaurant a Biniamar \/ Restaurante en Biniamar \/ Biniamar Restaurant \/ Cuina mallorquina \/ Cocina mallorquina \/ Majorcan Cusine","robots":{"index":"index","follow":"follow","max-snippet":"max-snippet:-1","max-image-preview":"max-image-preview:large","max-video-preview":"max-video-preview:-1"},"canonical":"https:\/\/gastronomicament.cat\/de\/restaurant\/bar-mayorga-biniamar","og_locale":"de_DE","og_type":"article","og_title":"Bar Mayorga","og_description":"Bar Mayorga \/ Restaurant a Biniamar \/ Restaurante en Biniamar \/ Biniamar Restaurant \/ Cuina mallorquina \/ Cocina mallorquina \/ Majorcan Cusine","og_url":"https:\/\/gastronomicament.cat\/de\/restaurant\/bar-mayorga-biniamar","og_site_name":"Gastron\u00f2micament","article_modified_time":"2024-11-26T10:38:55+00:00","og_image":[{"width":816,"height":612,"url":"https:\/\/gastronomicament.cat\/wp-content\/uploads\/2012\/09\/Bar-Mayorga-biniamar2.jpg","type":"image\/jpeg"}],"twitter_card":"summary_large_image","twitter_site":"@gastronomicamen","twitter_misc":{"Gesch\u00e4tzte Lesezeit":"1\u00a0Minute","Written by":"antonigelabert"},"schema":{"@context":"https:\/\/schema.org","@graph":[{"@type":"WebPage","@id":"https:\/\/gastronomicament.cat\/de\/restaurant\/bar-mayorga-biniamar","url":"https:\/\/gastronomicament.cat\/de\/restaurant\/bar-mayorga-biniamar","name":"Bar Mayorga","isPartOf":{"@id":"https:\/\/gastronomicament.cat\/de\/#website"},"primaryImageOfPage":{"@id":"https:\/\/gastronomicament.cat\/de\/restaurant\/bar-mayorga-biniamar#primaryimage"},"image":{"@id":"https:\/\/gastronomicament.cat\/de\/restaurant\/bar-mayorga-biniamar#primaryimage"},"thumbnailUrl":"https:\/\/gastronomicament.cat\/wp-content\/uploads\/2012\/09\/Bar-Mayorga-biniamar2.jpg","datePublished":"2012-09-18T13:38:27+00:00","dateModified":"2024-11-26T10:38:55+00:00","description":"Bar Mayorga \/ Restaurant a Biniamar \/ Restaurante en Biniamar \/ Biniamar Restaurant \/ Cuina mallorquina \/ Cocina mallorquina \/ Majorcan Cusine","breadcrumb":{"@id":"https:\/\/gastronomicament.cat\/de\/restaurant\/bar-mayorga-biniamar#breadcrumb"},"inLanguage":"de","potentialAction":[{"@type":"ReadAction","target":["https:\/\/gastronomicament.cat\/de\/restaurant\/bar-mayorga-biniamar"]}]},{"@type":"ImageObject","inLanguage":"de","@id":"https:\/\/gastronomicament.cat\/de\/restaurant\/bar-mayorga-biniamar#primaryimage","url":"https:\/\/gastronomicament.cat\/wp-content\/uploads\/2012\/09\/Bar-Mayorga-biniamar2.jpg","contentUrl":"https:\/\/gastronomicament.cat\/wp-content\/uploads\/2012\/09\/Bar-Mayorga-biniamar2.jpg","width":816,"height":612},{"@type":"BreadcrumbList","@id":"https:\/\/gastronomicament.cat\/de\/restaurant\/bar-mayorga-biniamar#breadcrumb","itemListElement":[{"@type":"ListItem","position":1,"name":"Restaurants","item":"https:\/\/gastronomicament.cat\/de\/restaurants"},{"@type":"ListItem","position":2,"name":"Bar Mayorga"}]},{"@type":"WebSite","@id":"https:\/\/gastronomicament.cat\/de\/#website","url":"https:\/\/gastronomicament.cat\/de\/","name":"Gastron\u00f2micament","description":"Portal de restaurants, receptes i actualitat gastron\u00f2mica","publisher":{"@id":"https:\/\/gastronomicament.cat\/de\/#organization"},"potentialAction":[{"@type":"SearchAction","target":{"@type":"EntryPoint","urlTemplate":"https:\/\/gastronomicament.cat\/de\/?s={search_term_string}"},"query-input":{"@type":"PropertyValueSpecification","valueRequired":true,"valueName":"search_term_string"}}],"inLanguage":"de"},{"@type":"Organization","@id":"https:\/\/gastronomicament.cat\/de\/#organization","name":"Gastron\u00f2micament","url":"https:\/\/gastronomicament.cat\/de\/","logo":{"@type":"ImageObject","inLanguage":"de","@id":"https:\/\/gastronomicament.cat\/de\/#\/schema\/logo\/image\/","url":"https:\/\/gastronomicament.cat\/wp-content\/uploads\/2016\/09\/header-logo.jpg","contentUrl":"https:\/\/gastronomicament.cat\/wp-content\/uploads\/2016\/09\/header-logo.jpg","width":277,"height":39,"caption":"Gastron\u00f2micament"},"image":{"@id":"https:\/\/gastronomicament.cat\/de\/#\/schema\/logo\/image\/"},"sameAs":["https:\/\/x.com\/gastronomicamen"]}]}},"_links":{"self":[{"href":"https:\/\/gastronomicament.cat\/de\/wp-json\/wp\/v2\/restaurant\/73703","targetHints":{"allow":["GET"]}}],"collection":[{"href":"https:\/\/gastronomicament.cat\/de\/wp-json\/wp\/v2\/restaurant"}],"about":[{"href":"https:\/\/gastronomicament.cat\/de\/wp-json\/wp\/v2\/types\/restaurant"}],"author":[{"embeddable":true,"href":"https:\/\/gastronomicament.cat\/de\/wp-json\/wp\/v2\/users\/19"}],"replies":[{"embeddable":true,"href":"https:\/\/gastronomicament.cat\/de\/wp-json\/wp\/v2\/comments?post=73703"}],"version-history":[{"count":0,"href":"https:\/\/gastronomicament.cat\/de\/wp-json\/wp\/v2\/restaurant\/73703\/revisions"}],"wp:featuredmedia":[{"embeddable":true,"href":"https:\/\/gastronomicament.cat\/de\/wp-json\/wp\/v2\/media\/48158"}],"wp:attachment":[{"href":"https:\/\/gastronomicament.cat\/de\/wp-json\/wp\/v2\/media?parent=73703"}],"wp:term":[{"taxonomy":"category","embeddable":true,"href":"https:\/\/gastronomicament.cat\/de\/wp-json\/wp\/v2\/categories?post=73703"},{"taxonomy":"destacatper","embeddable":true,"href":"https:\/\/gastronomicament.cat\/de\/wp-json\/wp\/v2\/destacatper?post=73703"},{"taxonomy":"especialitat","embeddable":true,"href":"https:\/\/gastronomicament.cat\/de\/wp-json\/wp\/v2\/especialitat?post=73703"},{"taxonomy":"localitat","embeddable":true,"href":"https:\/\/gastronomicament.cat\/de\/wp-json\/wp\/v2\/localitat?post=73703"},{"taxonomy":"author","embeddable":true,"href":"https:\/\/gastronomicament.cat\/de\/wp-json\/wp\/v2\/coauthors?post=73703"}],"curies":[{"name":"wp","href":"https:\/\/api.w.org\/{rel}","templated":true}]}}