{"id":99947,"date":"2025-10-07T08:29:38","date_gmt":"2025-10-07T06:29:38","guid":{"rendered":"https:\/\/web2025.gastronomicament.cat\/restaurant\/ca-na-miquela-de-ses-teuleres"},"modified":"2026-04-11T17:21:54","modified_gmt":"2026-04-11T15:21:54","slug":"ca-na-miquela-de-ses-teuleres","status":"publish","type":"restaurant","link":"https:\/\/gastronomicament.cat\/de\/restaurant\/ca-na-miquela-de-ses-teuleres","title":{"rendered":"Ca na Miquela de ses Teuleres"},"content":{"rendered":"\n<div class=\"wp-block-group restaurant-details-box rest-details-pattern has-grey-background-color has-background has-global-padding is-content-justification-left is-layout-constrained wp-container-core-group-is-layout-41b612d4 wp-block-group-is-layout-constrained\" style=\"padding-top:25px;padding-right:25px;padding-bottom:25px;padding-left:25px\"><p class=\"gb-headline gb-headline-3dded019 rest-details-especialitats gb-headline-text\"><span class=\"post-term-item term-cuina-mallorquina\"><a href=\"https:\/\/gastronomicament.cat\/ca\/especialitat\/cuina-mallorquina\">Cuina mallorquina<\/a><\/span><\/p>\n\n\n<p class=\"rest-details-direccio\"><\/p>\n\n\n<p class=\"gb-headline gb-headline-63fd819b rest-details-localitats gb-headline-text\"><span class=\"post-term-item term-mallorca\"><a href=\"https:\/\/gastronomicament.cat\/ca\/localitat\/mallorca\">Mallorca<\/a><\/span> \/ <span class=\"post-term-item term-pla\"><a href=\"https:\/\/gastronomicament.cat\/ca\/localitat\/pla\">Pla<\/a><\/span><\/p>\n\n<p class=\"gb-headline gb-headline-39d5f36d rest-details-destacat gb-headline-text\"><span class=\"post-term-item term-celebracions-i-grups\"><a href=\"https:\/\/gastronomicament.cat\/ca\/destacatper\/celebracions-i-grups\">Celebracions i grups<\/a><\/span> \/ <span class=\"post-term-item term-local-amb-carta-en-catala\"><a href=\"https:\/\/gastronomicament.cat\/ca\/destacatper\/local-amb-carta-en-catala\">Local amb carta en catal\u00e0<\/a><\/span> \/ <span class=\"post-term-item term-menu-del-dia\"><a href=\"https:\/\/gastronomicament.cat\/ca\/destacatper\/menu-del-dia\">Men\u00fa del dia<\/a><\/span><\/p>\n\n\n<p class=\"rest-details-telefon\"><\/p>\n\n\n\n<p class=\"rest-details-web\"><\/p>\n\n\n\n<p class=\"rest-details-preu\"><\/p>\n\n\n\n\n\n<p class=\"rest-details-observacions\"><\/p>\n<\/div>\n\n\n\n<p>El restaurant&nbsp;<strong>Ca na Miquela de&nbsp;ses Teuleres<\/strong>&nbsp;de Vilafranca de Bonany \u00e9s un establiment on podeu&nbsp;<strong>menjar b\u00e9 i a bon preu<\/strong>. Solen fer men\u00fa del dia de dimarts a dissabte i fan plats a la carta cada diumenge.<\/p>\n\n\n\n<p>El&nbsp;<strong>local&nbsp;<\/strong>\u00e9s&nbsp;<strong>espai\u00f3s&nbsp;<\/strong>i tamb\u00e9 tenen una bona terrassa exterior. Tot i que no tenen un aparcament gaire gros, podeu deixar el vostre vehicle a prop del restaurant.<\/p>\n\n\n\n<p>El restaurant Ca na Miquela de Vilafranca destaca per fer plats de&nbsp;<strong>cuina mallorquina<\/strong>, com ara frit de matances, arr\u00f2s brut, espatla de me rostida, guatleres torrades, bacall\u00e0 fregit amb salsa de tom\u00e0tiga, llengua amb t\u00e0peres, frit de marisc, tacons, canonge torrat, pa amb oli, frit de freixura, porcella, a m\u00e9s d&#8217;altres propostes, com ara galtes de porc amb salsa, hamburgueses, piteres farcides de marisc, amanides i calamar arrebossat.&nbsp;<strong>La carta \u00e9s molt variada<\/strong>.<\/p>\n\n\n\n<p>Divendres i dissabte tenen tot el dia obert, mentre que de diumenge a dijous solen obrir del mat\u00ed fins les 17 hores. Tamb\u00e9 \u00e9s un bon lloc per anar-hi a berenar.<\/p>\n","protected":false},"excerpt":{"rendered":"<p>El restaurant Ca na Miquela de Vilafranca destaca per fer plats de\u00a0cuina mallorquina<\/p>\n","protected":false},"author":1,"featured_media":99949,"menu_order":0,"comment_status":"open","ping_status":"open","template":"wp-custom-template-restaurante-nuevo","format":"gallery","meta":{"_acf_changed":false,"_swt_meta_header_display":false,"_swt_meta_footer_display":false,"_swt_meta_site_title_display":false,"_swt_meta_sticky_header":false,"_swt_meta_transparent_header":false,"direccio":"","telefon":"","web":"","horari":"","preumitja":"","observacions":"","footnotes":""},"categories":[1],"destacatper":[703,979,544],"especialitat":[539],"localitat":[788,40],"coauthors":[2053],"class_list":["post-99947","restaurant","type-restaurant","status-publish","format-gallery","has-post-thumbnail","hentry","category-restaurants","destacatper-celebracions-i-grups","destacatper-local-amb-carta-en-catala","destacatper-menu-del-dia","especialitat-cuina-mallorquina","localitat-mallorca","localitat-pla","preu-entre-10-i-20-euros"],"acf":{"gallery":[99949,99989,99957,99976,99969,99973],"home_date":{"home_begin_date":null,"home_end_date":null}},"yoast_head":"<!-- This site is optimized with the Yoast SEO plugin v27.4 - https:\/\/yoast.com\/product\/yoast-seo-wordpress\/ -->\n<title>Ca na Miquela de ses Teuleres - Gastron\u00f2micament<\/title>\n<meta name=\"robots\" content=\"index, follow, max-snippet:-1, max-image-preview:large, max-video-preview:-1\" \/>\n<link rel=\"canonical\" href=\"https:\/\/gastronomicament.cat\/de\/restaurant\/ca-na-miquela-de-ses-teuleres\" \/>\n<meta property=\"og:locale\" content=\"de_DE\" \/>\n<meta property=\"og:type\" content=\"article\" \/>\n<meta property=\"og:title\" content=\"Ca na Miquela de ses Teuleres - Gastron\u00f2micament\" \/>\n<meta property=\"og:description\" content=\"El restaurant Ca na Miquela de Vilafranca destaca per fer plats de\u00a0cuina mallorquina\" \/>\n<meta property=\"og:url\" content=\"https:\/\/gastronomicament.cat\/de\/restaurant\/ca-na-miquela-de-ses-teuleres\" \/>\n<meta property=\"og:site_name\" content=\"Gastron\u00f2micament\" \/>\n<meta property=\"article:modified_time\" content=\"2026-04-11T15:21:54+00:00\" \/>\n<meta property=\"og:image\" content=\"https:\/\/gastronomicament.cat\/wp-content\/uploads\/2025\/10\/Arros-brut-Ca-na-Miquela-Vilafranca.jpg\" \/>\n\t<meta property=\"og:image:width\" content=\"2000\" \/>\n\t<meta property=\"og:image:height\" content=\"982\" \/>\n\t<meta property=\"og:image:type\" content=\"image\/jpeg\" \/>\n<meta name=\"twitter:card\" content=\"summary_large_image\" \/>\n<meta name=\"twitter:site\" content=\"@gastronomicamen\" \/>\n<meta name=\"twitter:label1\" content=\"Gesch\u00e4tzte Lesezeit\" \/>\n\t<meta name=\"twitter:data1\" content=\"2\u00a0Minuten\" \/>\n\t<meta name=\"twitter:label2\" content=\"Written by\" \/>\n\t<meta name=\"twitter:data2\" content=\"Redacci\u00f3\" \/>\n<script type=\"application\/ld+json\" class=\"yoast-schema-graph\">{\"@context\":\"https:\\\/\\\/schema.org\",\"@graph\":[{\"@type\":\"WebPage\",\"@id\":\"https:\\\/\\\/gastronomicament.cat\\\/de\\\/restaurant\\\/ca-na-miquela-de-ses-teuleres\",\"url\":\"https:\\\/\\\/gastronomicament.cat\\\/de\\\/restaurant\\\/ca-na-miquela-de-ses-teuleres\",\"name\":\"Ca na Miquela de ses Teuleres - Gastron\u00f2micament\",\"isPartOf\":{\"@id\":\"https:\\\/\\\/gastronomicament.cat\\\/de\\\/#website\"},\"primaryImageOfPage\":{\"@id\":\"https:\\\/\\\/gastronomicament.cat\\\/de\\\/restaurant\\\/ca-na-miquela-de-ses-teuleres#primaryimage\"},\"image\":{\"@id\":\"https:\\\/\\\/gastronomicament.cat\\\/de\\\/restaurant\\\/ca-na-miquela-de-ses-teuleres#primaryimage\"},\"thumbnailUrl\":\"https:\\\/\\\/gastronomicament.cat\\\/wp-content\\\/uploads\\\/2025\\\/10\\\/Arros-brut-Ca-na-Miquela-Vilafranca.jpg\",\"datePublished\":\"2025-10-07T06:29:38+00:00\",\"dateModified\":\"2026-04-11T15:21:54+00:00\",\"breadcrumb\":{\"@id\":\"https:\\\/\\\/gastronomicament.cat\\\/de\\\/restaurant\\\/ca-na-miquela-de-ses-teuleres#breadcrumb\"},\"inLanguage\":\"de\",\"potentialAction\":[{\"@type\":\"ReadAction\",\"target\":[\"https:\\\/\\\/gastronomicament.cat\\\/de\\\/restaurant\\\/ca-na-miquela-de-ses-teuleres\"]}]},{\"@type\":\"ImageObject\",\"inLanguage\":\"de\",\"@id\":\"https:\\\/\\\/gastronomicament.cat\\\/de\\\/restaurant\\\/ca-na-miquela-de-ses-teuleres#primaryimage\",\"url\":\"https:\\\/\\\/gastronomicament.cat\\\/wp-content\\\/uploads\\\/2025\\\/10\\\/Arros-brut-Ca-na-Miquela-Vilafranca.jpg\",\"contentUrl\":\"https:\\\/\\\/gastronomicament.cat\\\/wp-content\\\/uploads\\\/2025\\\/10\\\/Arros-brut-Ca-na-Miquela-Vilafranca.jpg\",\"width\":2000,\"height\":982},{\"@type\":\"BreadcrumbList\",\"@id\":\"https:\\\/\\\/gastronomicament.cat\\\/de\\\/restaurant\\\/ca-na-miquela-de-ses-teuleres#breadcrumb\",\"itemListElement\":[{\"@type\":\"ListItem\",\"position\":1,\"name\":\"Restaurants\",\"item\":\"https:\\\/\\\/gastronomicament.cat\\\/de\\\/restaurants\"},{\"@type\":\"ListItem\",\"position\":2,\"name\":\"Ca na Miquela de ses Teuleres\"}]},{\"@type\":\"WebSite\",\"@id\":\"https:\\\/\\\/gastronomicament.cat\\\/de\\\/#website\",\"url\":\"https:\\\/\\\/gastronomicament.cat\\\/de\\\/\",\"name\":\"Gastron\u00f2micament\",\"description\":\"Portal de restaurants, receptes i actualitat gastron\u00f2mica\",\"publisher\":{\"@id\":\"https:\\\/\\\/gastronomicament.cat\\\/de\\\/#organization\"},\"potentialAction\":[{\"@type\":\"SearchAction\",\"target\":{\"@type\":\"EntryPoint\",\"urlTemplate\":\"https:\\\/\\\/gastronomicament.cat\\\/de\\\/?s={search_term_string}\"},\"query-input\":{\"@type\":\"PropertyValueSpecification\",\"valueRequired\":true,\"valueName\":\"search_term_string\"}}],\"inLanguage\":\"de\"},{\"@type\":\"Organization\",\"@id\":\"https:\\\/\\\/gastronomicament.cat\\\/de\\\/#organization\",\"name\":\"Gastron\u00f2micament\",\"url\":\"https:\\\/\\\/gastronomicament.cat\\\/de\\\/\",\"logo\":{\"@type\":\"ImageObject\",\"inLanguage\":\"de\",\"@id\":\"https:\\\/\\\/gastronomicament.cat\\\/de\\\/#\\\/schema\\\/logo\\\/image\\\/\",\"url\":\"https:\\\/\\\/gastronomicament.cat\\\/wp-content\\\/uploads\\\/2016\\\/09\\\/header-logo.jpg\",\"contentUrl\":\"https:\\\/\\\/gastronomicament.cat\\\/wp-content\\\/uploads\\\/2016\\\/09\\\/header-logo.jpg\",\"width\":277,\"height\":39,\"caption\":\"Gastron\u00f2micament\"},\"image\":{\"@id\":\"https:\\\/\\\/gastronomicament.cat\\\/de\\\/#\\\/schema\\\/logo\\\/image\\\/\"},\"sameAs\":[\"https:\\\/\\\/x.com\\\/gastronomicamen\"]}]}<\/script>\n<!-- \/ Yoast SEO plugin. -->","yoast_head_json":{"title":"Ca na Miquela de ses Teuleres - Gastron\u00f2micament","robots":{"index":"index","follow":"follow","max-snippet":"max-snippet:-1","max-image-preview":"max-image-preview:large","max-video-preview":"max-video-preview:-1"},"canonical":"https:\/\/gastronomicament.cat\/de\/restaurant\/ca-na-miquela-de-ses-teuleres","og_locale":"de_DE","og_type":"article","og_title":"Ca na Miquela de ses Teuleres - Gastron\u00f2micament","og_description":"El restaurant Ca na Miquela de Vilafranca destaca per fer plats de\u00a0cuina mallorquina","og_url":"https:\/\/gastronomicament.cat\/de\/restaurant\/ca-na-miquela-de-ses-teuleres","og_site_name":"Gastron\u00f2micament","article_modified_time":"2026-04-11T15:21:54+00:00","og_image":[{"width":2000,"height":982,"url":"https:\/\/gastronomicament.cat\/wp-content\/uploads\/2025\/10\/Arros-brut-Ca-na-Miquela-Vilafranca.jpg","type":"image\/jpeg"}],"twitter_card":"summary_large_image","twitter_site":"@gastronomicamen","twitter_misc":{"Gesch\u00e4tzte Lesezeit":"2\u00a0Minuten","Written by":"Redacci\u00f3"},"schema":{"@context":"https:\/\/schema.org","@graph":[{"@type":"WebPage","@id":"https:\/\/gastronomicament.cat\/de\/restaurant\/ca-na-miquela-de-ses-teuleres","url":"https:\/\/gastronomicament.cat\/de\/restaurant\/ca-na-miquela-de-ses-teuleres","name":"Ca na Miquela de ses Teuleres - Gastron\u00f2micament","isPartOf":{"@id":"https:\/\/gastronomicament.cat\/de\/#website"},"primaryImageOfPage":{"@id":"https:\/\/gastronomicament.cat\/de\/restaurant\/ca-na-miquela-de-ses-teuleres#primaryimage"},"image":{"@id":"https:\/\/gastronomicament.cat\/de\/restaurant\/ca-na-miquela-de-ses-teuleres#primaryimage"},"thumbnailUrl":"https:\/\/gastronomicament.cat\/wp-content\/uploads\/2025\/10\/Arros-brut-Ca-na-Miquela-Vilafranca.jpg","datePublished":"2025-10-07T06:29:38+00:00","dateModified":"2026-04-11T15:21:54+00:00","breadcrumb":{"@id":"https:\/\/gastronomicament.cat\/de\/restaurant\/ca-na-miquela-de-ses-teuleres#breadcrumb"},"inLanguage":"de","potentialAction":[{"@type":"ReadAction","target":["https:\/\/gastronomicament.cat\/de\/restaurant\/ca-na-miquela-de-ses-teuleres"]}]},{"@type":"ImageObject","inLanguage":"de","@id":"https:\/\/gastronomicament.cat\/de\/restaurant\/ca-na-miquela-de-ses-teuleres#primaryimage","url":"https:\/\/gastronomicament.cat\/wp-content\/uploads\/2025\/10\/Arros-brut-Ca-na-Miquela-Vilafranca.jpg","contentUrl":"https:\/\/gastronomicament.cat\/wp-content\/uploads\/2025\/10\/Arros-brut-Ca-na-Miquela-Vilafranca.jpg","width":2000,"height":982},{"@type":"BreadcrumbList","@id":"https:\/\/gastronomicament.cat\/de\/restaurant\/ca-na-miquela-de-ses-teuleres#breadcrumb","itemListElement":[{"@type":"ListItem","position":1,"name":"Restaurants","item":"https:\/\/gastronomicament.cat\/de\/restaurants"},{"@type":"ListItem","position":2,"name":"Ca na Miquela de ses Teuleres"}]},{"@type":"WebSite","@id":"https:\/\/gastronomicament.cat\/de\/#website","url":"https:\/\/gastronomicament.cat\/de\/","name":"Gastron\u00f2micament","description":"Portal de restaurants, receptes i actualitat gastron\u00f2mica","publisher":{"@id":"https:\/\/gastronomicament.cat\/de\/#organization"},"potentialAction":[{"@type":"SearchAction","target":{"@type":"EntryPoint","urlTemplate":"https:\/\/gastronomicament.cat\/de\/?s={search_term_string}"},"query-input":{"@type":"PropertyValueSpecification","valueRequired":true,"valueName":"search_term_string"}}],"inLanguage":"de"},{"@type":"Organization","@id":"https:\/\/gastronomicament.cat\/de\/#organization","name":"Gastron\u00f2micament","url":"https:\/\/gastronomicament.cat\/de\/","logo":{"@type":"ImageObject","inLanguage":"de","@id":"https:\/\/gastronomicament.cat\/de\/#\/schema\/logo\/image\/","url":"https:\/\/gastronomicament.cat\/wp-content\/uploads\/2016\/09\/header-logo.jpg","contentUrl":"https:\/\/gastronomicament.cat\/wp-content\/uploads\/2016\/09\/header-logo.jpg","width":277,"height":39,"caption":"Gastron\u00f2micament"},"image":{"@id":"https:\/\/gastronomicament.cat\/de\/#\/schema\/logo\/image\/"},"sameAs":["https:\/\/x.com\/gastronomicamen"]}]}},"_links":{"self":[{"href":"https:\/\/gastronomicament.cat\/de\/wp-json\/wp\/v2\/restaurant\/99947","targetHints":{"allow":["GET"]}}],"collection":[{"href":"https:\/\/gastronomicament.cat\/de\/wp-json\/wp\/v2\/restaurant"}],"about":[{"href":"https:\/\/gastronomicament.cat\/de\/wp-json\/wp\/v2\/types\/restaurant"}],"author":[{"embeddable":true,"href":"https:\/\/gastronomicament.cat\/de\/wp-json\/wp\/v2\/users\/1"}],"replies":[{"embeddable":true,"href":"https:\/\/gastronomicament.cat\/de\/wp-json\/wp\/v2\/comments?post=99947"}],"version-history":[{"count":0,"href":"https:\/\/gastronomicament.cat\/de\/wp-json\/wp\/v2\/restaurant\/99947\/revisions"}],"acf:attachment":[{"embeddable":true,"href":"https:\/\/gastronomicament.cat\/de\/wp-json\/wp\/v2\/media\/99973"},{"embeddable":true,"href":"https:\/\/gastronomicament.cat\/de\/wp-json\/wp\/v2\/media\/99969"},{"embeddable":true,"href":"https:\/\/gastronomicament.cat\/de\/wp-json\/wp\/v2\/media\/99976"},{"embeddable":true,"href":"https:\/\/gastronomicament.cat\/de\/wp-json\/wp\/v2\/media\/99957"},{"embeddable":true,"href":"https:\/\/gastronomicament.cat\/de\/wp-json\/wp\/v2\/media\/99989"},{"embeddable":true,"href":"https:\/\/gastronomicament.cat\/de\/wp-json\/wp\/v2\/media\/99949"}],"wp:featuredmedia":[{"embeddable":true,"href":"https:\/\/gastronomicament.cat\/de\/wp-json\/wp\/v2\/media\/99949"}],"wp:attachment":[{"href":"https:\/\/gastronomicament.cat\/de\/wp-json\/wp\/v2\/media?parent=99947"}],"wp:term":[{"taxonomy":"category","embeddable":true,"href":"https:\/\/gastronomicament.cat\/de\/wp-json\/wp\/v2\/categories?post=99947"},{"taxonomy":"destacatper","embeddable":true,"href":"https:\/\/gastronomicament.cat\/de\/wp-json\/wp\/v2\/destacatper?post=99947"},{"taxonomy":"especialitat","embeddable":true,"href":"https:\/\/gastronomicament.cat\/de\/wp-json\/wp\/v2\/especialitat?post=99947"},{"taxonomy":"localitat","embeddable":true,"href":"https:\/\/gastronomicament.cat\/de\/wp-json\/wp\/v2\/localitat?post=99947"},{"taxonomy":"author","embeddable":true,"href":"https:\/\/gastronomicament.cat\/de\/wp-json\/wp\/v2\/coauthors?post=99947"}],"curies":[{"name":"wp","href":"https:\/\/api.w.org\/{rel}","templated":true}]}}