{"id":72831,"date":"2013-06-14T02:01:25","date_gmt":"2013-06-14T00:01:25","guid":{"rendered":"https:\/\/gastronomicament.cat\/alimentacio\/licor-sermita"},"modified":"2013-06-14T02:01:25","modified_gmt":"2013-06-14T00:01:25","slug":"licor-sermita","status":"publish","type":"alimentacio","link":"https:\/\/gastronomicament.cat\/en\/alimentacio\/licor-sermita","title":{"rendered":"Licor Sermita"},"content":{"rendered":"<p><strong>Adre\u00e7a: <\/strong>Carrer Miramar, 7. Palma.<br \/>\n<strong>Tel<\/strong>.:\u00a0<a href=\"tel:656588123\">656 58 81 23<\/a><br \/>\n<strong>Web<\/strong>:\u00a0<a title=\"Licor Sermita\" href=\"http:\/\/www.sermita.es\">www.sermita.es<\/a><\/p>\n<p>Artesania, tradici\u00f3 i recuperaci\u00f3 de la tradici\u00f3 mallorquina. Aix\u00ed es pot definir la passi\u00f3 amb la qual Pere Muntaner ha recuperat els licors tradicionals de Mallorca.<\/p>\n<blockquote>\n<p style=\"text-align: center;\">UN LICOR BO I TRADICIONAL FET AMB FLORS DE CAMAMIL\u00b7LA I CLOVELLES DE LLIMONA ECOL\u00d2GIQUES<\/p>\n<\/blockquote>\n<p>Despr\u00e9s d&#8217;anys d&#8217;investigar, tant en documents antics familiar com en el saber popular dels mallorquins, Pere Muntaner ha aconseguit obsequiar-nos amb\u00a0una beguda d&#8217;extraordin\u00e0ria qualitat, amb un toc amarg, caracter\u00edstic de la camamil\u00b7la de Mallorca.<\/p>\n<p>El licor Sermita \u00e9s bo i original. Est\u00e0 fet a Sencelles, un bell poble de Mallorca, a partir d&#8217;una llarga maceraci\u00f3 de flors de camamil\u00b7la i clovelles de llimona ecol\u00f2giques amb un an\u00eds seleccionat.<\/p>\n<h4 style=\"text-align: left;\"><strong>Premsa<\/strong><\/h4>\n<p style=\"text-align: left;\"><strong><\/strong>(<em>clicau les imatges per augmentar-les<\/em>)<strong><br \/>\n<\/strong><\/p>\n<p><a href=\"http:\/\/gastronomicament.cat\/wp-content\/uploads\/2013\/06\/Mallorca-Zeitung.jpg\" target=\"_blank\" rel=\"noopener\"><img decoding=\"async\" class=\"alignnone alignleft\" style=\"margin-top: 3px; margin-bottom: 3px;\" title=\"Mallorca Zeitung\" src=\"http:\/\/gastronomicament.cat\/wp-content\/uploads\/2013\/06\/Mallorca-Zeitung.jpg\" alt=\"\" width=\"133\" height=\"200\" \/><\/a><a href=\"http:\/\/gastronomicament.cat\/wp-content\/uploads\/2013\/06\/Ultima-Hora11.jpg\" target=\"_blank\" rel=\"noopener\"><img decoding=\"async\" class=\"alignnone alignleft\" style=\"margin-top: 3px; margin-bottom: 3px;\" title=\"Ultima Hora\" src=\"http:\/\/gastronomicament.cat\/wp-content\/uploads\/2013\/06\/Ultima-Hora11.jpg\" alt=\"\" width=\"150\" height=\"114\" \/><\/a><a href=\"http:\/\/gastronomicament.cat\/wp-content\/uploads\/2013\/06\/Diario-de-Mallorca2.jpg\" target=\"_blank\" rel=\"noopener\"><img decoding=\"async\" class=\"alignleft\" style=\"margin-top: 3px; margin-bottom: 3px;\" title=\"Reportatge al Diario de Mallorca\" src=\"http:\/\/gastronomicament.cat\/wp-content\/uploads\/2013\/06\/Diario-de-Mallorca2.jpg\" alt=\"\" width=\"138\" height=\"200\" \/><\/a><a href=\"http:\/\/gastronomicament.cat\/wp-content\/uploads\/2013\/06\/Revista-sa-Sella-1.jpg\" target=\"_blank\" rel=\"noopener\"><img decoding=\"async\" class=\"alignnone alignleft\" style=\"margin-top: 3px; margin-bottom: 3px;\" title=\"Revista sa Sella 1\" src=\"http:\/\/gastronomicament.cat\/wp-content\/uploads\/2013\/06\/Revista-sa-Sella-1.jpg\" alt=\"\" width=\"141\" height=\"200\" \/><\/a><a href=\"http:\/\/gastronomicament.cat\/wp-content\/uploads\/2013\/06\/Revista-sa-Sella-2.jpg\" target=\"_blank\" rel=\"noopener\"><img decoding=\"async\" class=\"alignnone alignleft\" style=\"margin-top: 2px; margin-bottom: 2px;\" title=\"Revista sa Sella 2\" src=\"http:\/\/gastronomicament.cat\/wp-content\/uploads\/2013\/06\/Revista-sa-Sella-2.jpg\" alt=\"\" width=\"150\" height=\"130\" \/><\/a><a href=\"http:\/\/gastronomicament.cat\/wp-content\/uploads\/2013\/06\/Mallorca-Zeitung-2013.jpg\" target=\"_blank\" rel=\"noopener\"><img decoding=\"async\" class=\"alignnone\" style=\"margin: 3px;\" title=\"Mallorca Zeitung 2013\" src=\"http:\/\/gastronomicament.cat\/wp-content\/uploads\/2013\/06\/Mallorca-Zeitung-2013.jpg\" alt=\"\" height=\"200\" \/><\/a><!--more--><\/p>\n","protected":false},"excerpt":{"rendered":"<p>Artesania, tradici\u00f3 i recuperaci\u00f3 de la tradici\u00f3 mallorquina. Aix\u00ed es pot definir la passi\u00f3 amb la&hellip;<\/p>\n","protected":false},"author":1,"featured_media":49621,"menu_order":0,"comment_status":"open","ping_status":"closed","template":"","format":"gallery","meta":{"_acf_changed":false,"_swt_meta_header_display":false,"_swt_meta_footer_display":false,"_swt_meta_site_title_display":false,"_swt_meta_sticky_header":false,"_swt_meta_transparent_header":false,"footnotes":""},"categories":[1541],"empresa":[763],"tipus-producte":[1830],"coauthors":[],"class_list":["post-72831","alimentacio","type-alimentacio","status-publish","format-gallery","has-post-thumbnail","hentry","category-alimentacio-en","empresa-sermita","tipus_producte-beguda-en"],"acf":{"gallery":null,"home_date":{"home_begin_date":null,"home_end_date":null}},"yoast_head":"<!-- This site is optimized with the Yoast SEO plugin v27.4 - https:\/\/yoast.com\/product\/yoast-seo-wordpress\/ -->\n<title>Licor Sermita<\/title>\n<meta name=\"description\" content=\"Licor Sermita. Beguda de camamil\u00b7la, tradicional de Mallorca \/ Bebida de manzanilla, tradicional de Mallorca \/ Kamillenlik\u00f6r wird in Mallorca \/ Traditional camomile liquor from Mallorca\" \/>\n<meta name=\"robots\" content=\"index, follow, max-snippet:-1, max-image-preview:large, max-video-preview:-1\" \/>\n<link rel=\"canonical\" href=\"https:\/\/gastronomicament.cat\/en\/alimentacio\/licor-sermita\" \/>\n<meta property=\"og:locale\" content=\"en_US\" \/>\n<meta property=\"og:type\" content=\"article\" \/>\n<meta property=\"og:title\" content=\"Licor Sermita\" \/>\n<meta property=\"og:description\" content=\"Licor Sermita. Beguda de camamil\u00b7la, tradicional de Mallorca \/ Bebida de manzanilla, tradicional de Mallorca \/ Kamillenlik\u00f6r wird in Mallorca \/ Traditional camomile liquor from Mallorca\" \/>\n<meta property=\"og:url\" content=\"https:\/\/gastronomicament.cat\/en\/alimentacio\/licor-sermita\" \/>\n<meta property=\"og:site_name\" content=\"Gastron\u00f2micament\" \/>\n<meta property=\"og:image\" content=\"https:\/\/gastronomicament.cat\/wp-content\/uploads\/2013\/06\/Un-licor-fet-al-camp.jpg\" \/>\n\t<meta property=\"og:image:width\" content=\"1500\" \/>\n\t<meta property=\"og:image:height\" content=\"1000\" \/>\n\t<meta property=\"og:image:type\" content=\"image\/jpeg\" \/>\n<meta name=\"twitter:card\" content=\"summary_large_image\" \/>\n<meta name=\"twitter:site\" content=\"@gastronomicamen\" \/>\n<meta name=\"twitter:label1\" content=\"Est. reading time\" \/>\n\t<meta name=\"twitter:data1\" content=\"1 minute\" \/>\n\t<meta name=\"twitter:label2\" content=\"Written by\" \/>\n\t<meta name=\"twitter:data2\" content=\"Redacci\u00f3\" \/>\n<script type=\"application\/ld+json\" class=\"yoast-schema-graph\">{\"@context\":\"https:\\\/\\\/schema.org\",\"@graph\":[{\"@type\":\"WebPage\",\"@id\":\"https:\\\/\\\/gastronomicament.cat\\\/en\\\/alimentacio\\\/licor-sermita\",\"url\":\"https:\\\/\\\/gastronomicament.cat\\\/en\\\/alimentacio\\\/licor-sermita\",\"name\":\"Licor Sermita\",\"isPartOf\":{\"@id\":\"https:\\\/\\\/gastronomicament.cat\\\/en\\\/#website\"},\"primaryImageOfPage\":{\"@id\":\"https:\\\/\\\/gastronomicament.cat\\\/en\\\/alimentacio\\\/licor-sermita#primaryimage\"},\"image\":{\"@id\":\"https:\\\/\\\/gastronomicament.cat\\\/en\\\/alimentacio\\\/licor-sermita#primaryimage\"},\"thumbnailUrl\":\"https:\\\/\\\/gastronomicament.cat\\\/wp-content\\\/uploads\\\/2013\\\/06\\\/Un-licor-fet-al-camp.jpg\",\"datePublished\":\"2013-06-14T00:01:25+00:00\",\"description\":\"Licor Sermita. Beguda de camamil\u00b7la, tradicional de Mallorca \\\/ Bebida de manzanilla, tradicional de Mallorca \\\/ Kamillenlik\u00f6r wird in Mallorca \\\/ Traditional camomile liquor from Mallorca\",\"breadcrumb\":{\"@id\":\"https:\\\/\\\/gastronomicament.cat\\\/en\\\/alimentacio\\\/licor-sermita#breadcrumb\"},\"inLanguage\":\"en-US\",\"potentialAction\":[{\"@type\":\"ReadAction\",\"target\":[\"https:\\\/\\\/gastronomicament.cat\\\/en\\\/alimentacio\\\/licor-sermita\"]}]},{\"@type\":\"ImageObject\",\"inLanguage\":\"en-US\",\"@id\":\"https:\\\/\\\/gastronomicament.cat\\\/en\\\/alimentacio\\\/licor-sermita#primaryimage\",\"url\":\"https:\\\/\\\/gastronomicament.cat\\\/wp-content\\\/uploads\\\/2013\\\/06\\\/Un-licor-fet-al-camp.jpg\",\"contentUrl\":\"https:\\\/\\\/gastronomicament.cat\\\/wp-content\\\/uploads\\\/2013\\\/06\\\/Un-licor-fet-al-camp.jpg\",\"width\":1500,\"height\":1000},{\"@type\":\"BreadcrumbList\",\"@id\":\"https:\\\/\\\/gastronomicament.cat\\\/en\\\/alimentacio\\\/licor-sermita#breadcrumb\",\"itemListElement\":[{\"@type\":\"ListItem\",\"position\":1,\"name\":\"Alimentaci\u00f3\",\"item\":\"https:\\\/\\\/gastronomicament.cat\\\/en\\\/cercador-alimentacio\"},{\"@type\":\"ListItem\",\"position\":2,\"name\":\"Licor Sermita\"}]},{\"@type\":\"WebSite\",\"@id\":\"https:\\\/\\\/gastronomicament.cat\\\/en\\\/#website\",\"url\":\"https:\\\/\\\/gastronomicament.cat\\\/en\\\/\",\"name\":\"Gastron\u00f2micament\",\"description\":\"Portal de restaurants, receptes i actualitat gastron\u00f2mica\",\"publisher\":{\"@id\":\"https:\\\/\\\/gastronomicament.cat\\\/en\\\/#organization\"},\"potentialAction\":[{\"@type\":\"SearchAction\",\"target\":{\"@type\":\"EntryPoint\",\"urlTemplate\":\"https:\\\/\\\/gastronomicament.cat\\\/en\\\/?s={search_term_string}\"},\"query-input\":{\"@type\":\"PropertyValueSpecification\",\"valueRequired\":true,\"valueName\":\"search_term_string\"}}],\"inLanguage\":\"en-US\"},{\"@type\":\"Organization\",\"@id\":\"https:\\\/\\\/gastronomicament.cat\\\/en\\\/#organization\",\"name\":\"Gastron\u00f2micament\",\"url\":\"https:\\\/\\\/gastronomicament.cat\\\/en\\\/\",\"logo\":{\"@type\":\"ImageObject\",\"inLanguage\":\"en-US\",\"@id\":\"https:\\\/\\\/gastronomicament.cat\\\/en\\\/#\\\/schema\\\/logo\\\/image\\\/\",\"url\":\"https:\\\/\\\/gastronomicament.cat\\\/wp-content\\\/uploads\\\/2016\\\/09\\\/header-logo.jpg\",\"contentUrl\":\"https:\\\/\\\/gastronomicament.cat\\\/wp-content\\\/uploads\\\/2016\\\/09\\\/header-logo.jpg\",\"width\":277,\"height\":39,\"caption\":\"Gastron\u00f2micament\"},\"image\":{\"@id\":\"https:\\\/\\\/gastronomicament.cat\\\/en\\\/#\\\/schema\\\/logo\\\/image\\\/\"},\"sameAs\":[\"https:\\\/\\\/x.com\\\/gastronomicamen\"]}]}<\/script>\n<!-- \/ Yoast SEO plugin. -->","yoast_head_json":{"title":"Licor Sermita","description":"Licor Sermita. Beguda de camamil\u00b7la, tradicional de Mallorca \/ Bebida de manzanilla, tradicional de Mallorca \/ Kamillenlik\u00f6r wird in Mallorca \/ Traditional camomile liquor from Mallorca","robots":{"index":"index","follow":"follow","max-snippet":"max-snippet:-1","max-image-preview":"max-image-preview:large","max-video-preview":"max-video-preview:-1"},"canonical":"https:\/\/gastronomicament.cat\/en\/alimentacio\/licor-sermita","og_locale":"en_US","og_type":"article","og_title":"Licor Sermita","og_description":"Licor Sermita. Beguda de camamil\u00b7la, tradicional de Mallorca \/ Bebida de manzanilla, tradicional de Mallorca \/ Kamillenlik\u00f6r wird in Mallorca \/ Traditional camomile liquor from Mallorca","og_url":"https:\/\/gastronomicament.cat\/en\/alimentacio\/licor-sermita","og_site_name":"Gastron\u00f2micament","og_image":[{"width":1500,"height":1000,"url":"https:\/\/gastronomicament.cat\/wp-content\/uploads\/2013\/06\/Un-licor-fet-al-camp.jpg","type":"image\/jpeg"}],"twitter_card":"summary_large_image","twitter_site":"@gastronomicamen","twitter_misc":{"Est. reading time":"1 minute","Written by":"Redacci\u00f3"},"schema":{"@context":"https:\/\/schema.org","@graph":[{"@type":"WebPage","@id":"https:\/\/gastronomicament.cat\/en\/alimentacio\/licor-sermita","url":"https:\/\/gastronomicament.cat\/en\/alimentacio\/licor-sermita","name":"Licor Sermita","isPartOf":{"@id":"https:\/\/gastronomicament.cat\/en\/#website"},"primaryImageOfPage":{"@id":"https:\/\/gastronomicament.cat\/en\/alimentacio\/licor-sermita#primaryimage"},"image":{"@id":"https:\/\/gastronomicament.cat\/en\/alimentacio\/licor-sermita#primaryimage"},"thumbnailUrl":"https:\/\/gastronomicament.cat\/wp-content\/uploads\/2013\/06\/Un-licor-fet-al-camp.jpg","datePublished":"2013-06-14T00:01:25+00:00","description":"Licor Sermita. Beguda de camamil\u00b7la, tradicional de Mallorca \/ Bebida de manzanilla, tradicional de Mallorca \/ Kamillenlik\u00f6r wird in Mallorca \/ Traditional camomile liquor from Mallorca","breadcrumb":{"@id":"https:\/\/gastronomicament.cat\/en\/alimentacio\/licor-sermita#breadcrumb"},"inLanguage":"en-US","potentialAction":[{"@type":"ReadAction","target":["https:\/\/gastronomicament.cat\/en\/alimentacio\/licor-sermita"]}]},{"@type":"ImageObject","inLanguage":"en-US","@id":"https:\/\/gastronomicament.cat\/en\/alimentacio\/licor-sermita#primaryimage","url":"https:\/\/gastronomicament.cat\/wp-content\/uploads\/2013\/06\/Un-licor-fet-al-camp.jpg","contentUrl":"https:\/\/gastronomicament.cat\/wp-content\/uploads\/2013\/06\/Un-licor-fet-al-camp.jpg","width":1500,"height":1000},{"@type":"BreadcrumbList","@id":"https:\/\/gastronomicament.cat\/en\/alimentacio\/licor-sermita#breadcrumb","itemListElement":[{"@type":"ListItem","position":1,"name":"Alimentaci\u00f3","item":"https:\/\/gastronomicament.cat\/en\/cercador-alimentacio"},{"@type":"ListItem","position":2,"name":"Licor Sermita"}]},{"@type":"WebSite","@id":"https:\/\/gastronomicament.cat\/en\/#website","url":"https:\/\/gastronomicament.cat\/en\/","name":"Gastron\u00f2micament","description":"Portal de restaurants, receptes i actualitat gastron\u00f2mica","publisher":{"@id":"https:\/\/gastronomicament.cat\/en\/#organization"},"potentialAction":[{"@type":"SearchAction","target":{"@type":"EntryPoint","urlTemplate":"https:\/\/gastronomicament.cat\/en\/?s={search_term_string}"},"query-input":{"@type":"PropertyValueSpecification","valueRequired":true,"valueName":"search_term_string"}}],"inLanguage":"en-US"},{"@type":"Organization","@id":"https:\/\/gastronomicament.cat\/en\/#organization","name":"Gastron\u00f2micament","url":"https:\/\/gastronomicament.cat\/en\/","logo":{"@type":"ImageObject","inLanguage":"en-US","@id":"https:\/\/gastronomicament.cat\/en\/#\/schema\/logo\/image\/","url":"https:\/\/gastronomicament.cat\/wp-content\/uploads\/2016\/09\/header-logo.jpg","contentUrl":"https:\/\/gastronomicament.cat\/wp-content\/uploads\/2016\/09\/header-logo.jpg","width":277,"height":39,"caption":"Gastron\u00f2micament"},"image":{"@id":"https:\/\/gastronomicament.cat\/en\/#\/schema\/logo\/image\/"},"sameAs":["https:\/\/x.com\/gastronomicamen"]}]}},"_links":{"self":[{"href":"https:\/\/gastronomicament.cat\/en\/wp-json\/wp\/v2\/alimentacio\/72831","targetHints":{"allow":["GET"]}}],"collection":[{"href":"https:\/\/gastronomicament.cat\/en\/wp-json\/wp\/v2\/alimentacio"}],"about":[{"href":"https:\/\/gastronomicament.cat\/en\/wp-json\/wp\/v2\/types\/alimentacio"}],"author":[{"embeddable":true,"href":"https:\/\/gastronomicament.cat\/en\/wp-json\/wp\/v2\/users\/1"}],"replies":[{"embeddable":true,"href":"https:\/\/gastronomicament.cat\/en\/wp-json\/wp\/v2\/comments?post=72831"}],"version-history":[{"count":0,"href":"https:\/\/gastronomicament.cat\/en\/wp-json\/wp\/v2\/alimentacio\/72831\/revisions"}],"wp:featuredmedia":[{"embeddable":true,"href":"https:\/\/gastronomicament.cat\/en\/wp-json\/wp\/v2\/media\/49621"}],"wp:attachment":[{"href":"https:\/\/gastronomicament.cat\/en\/wp-json\/wp\/v2\/media?parent=72831"}],"wp:term":[{"taxonomy":"category","embeddable":true,"href":"https:\/\/gastronomicament.cat\/en\/wp-json\/wp\/v2\/categories?post=72831"},{"taxonomy":"empresa","embeddable":true,"href":"https:\/\/gastronomicament.cat\/en\/wp-json\/wp\/v2\/empresa?post=72831"},{"taxonomy":"tipus_producte","embeddable":true,"href":"https:\/\/gastronomicament.cat\/en\/wp-json\/wp\/v2\/tipus-producte?post=72831"},{"taxonomy":"author","embeddable":true,"href":"https:\/\/gastronomicament.cat\/en\/wp-json\/wp\/v2\/coauthors?post=72831"}],"curies":[{"name":"wp","href":"https:\/\/api.w.org\/{rel}","templated":true}]}}