{"id":71244,"date":"2014-07-23T13:45:56","date_gmt":"2014-07-23T11:45:56","guid":{"rendered":"https:\/\/gastronomicament.cat\/recepta\/carpaccio-de-carabasso"},"modified":"2014-07-23T13:45:56","modified_gmt":"2014-07-23T11:45:56","slug":"carpaccio-de-carabasso","status":"publish","type":"recepta","link":"https:\/\/gastronomicament.cat\/en\/recepta\/carpaccio-de-carabasso","title":{"rendered":"Carpaccio de carabass\u00f3"},"content":{"rendered":"<p><strong>Ingredients<\/strong>:<strong><br \/>\n<\/strong><em>Per a 4 persones<\/em><\/p>\n<ul>\n<li>2 carabassons<\/li>\n<li>4 tom\u00e0tigues seques<\/li>\n<li>tres cullerades de formatge parmes\u00e0<\/li>\n<li>llenques de formatge parmes\u00e0<\/li>\n<li>50 g d\u2019oli d\u2019oliva verge<\/li>\n<li>el suc de \u00bd llimona<\/li>\n<li>unes braquetes d\u2019alfabeguera<\/li>\n<li>sal<\/li>\n<li>un grapat de pinyons torrats<\/li>\n<li>un grapat de fulles de ruca<\/li>\n<\/ul>\n<p><strong>Preparaci\u00f3<\/strong>:<\/p>\n<p>Unes hores abans, rentau els carabassons i feis-ne rodanxes molt primes amb una mandolina. Ruixau-les amb suc de llimona.<\/p>\n<p>Netejau l\u2019alfabeguera i triturau-la amb l\u2019oli. Afegiu-hi un poc de sal i el parmes\u00e0 ratllat. Regau les rodanxes de carabass\u00f3 amb aquest oli. Remenau-ho amb les mans i deixau-ho macerar durant unes quantes hores dins la gelera.<\/p>\n<p>Per muntar els plats, posau un llit de carabass\u00f3, distribu\u00efu per damunt la tom\u00e0tiga seca trossejada, els pinyons, les fulles de ruca i les llenques de parmes\u00e0. Regau-ho amb el suc de la maceraci\u00f3.<\/p>\n","protected":false},"excerpt":{"rendered":"<p>Unes hores abans, rentau els carabassons i feis-ne rodanxes molt primes amb una mandolina. Ruixau-les amb&hellip;<\/p>\n","protected":false},"author":16,"featured_media":52931,"menu_order":0,"comment_status":"open","ping_status":"closed","template":"","format":"standard","meta":{"_acf_changed":false,"_swt_meta_header_display":false,"_swt_meta_footer_display":false,"_swt_meta_site_title_display":false,"_swt_meta_sticky_header":false,"_swt_meta_transparent_header":false,"footnotes":""},"categories":[1499],"concurs-mossegades":[],"dificultat":[1503],"ingredient":[1539],"plat":[1562],"preu-per-racio":[1688],"receptes-tematiques":[1531],"temps-de-preparacio":[1519],"coauthors":[],"class_list":["post-71244","recepta","type-recepta","status-publish","format-standard","has-post-thumbnail","hentry","category-receptes-en","dificultat-baixa-en","ingredient-verdures-i-hortalisses-en","plat-entrant-en","preu_per_racio-menys-de-2-euros-en","tematica-receptes-estiu-en","temps_de_preparacio-mes-de-2-hores-en"],"acf":{"gallery":null,"home_date":{"home_begin_date":null,"home_end_date":null}},"yoast_head":"<!-- This site is optimized with the Yoast SEO plugin v27.4 - https:\/\/yoast.com\/product\/yoast-seo-wordpress\/ -->\n<title>Carpaccio de carabass\u00f3 - Carpaccio de calabac\u00edn<\/title>\n<meta name=\"description\" content=\"Recepta Carpaccio de carabass\u00f3 - Receta Carpaccio de calabac\u00edn - Recepta Carpaccio de carabass\u00ed\" \/>\n<meta name=\"robots\" content=\"index, follow, max-snippet:-1, max-image-preview:large, max-video-preview:-1\" \/>\n<link rel=\"canonical\" href=\"https:\/\/gastronomicament.cat\/en\/recepta\/carpaccio-de-carabasso\" \/>\n<meta property=\"og:locale\" content=\"en_US\" \/>\n<meta property=\"og:type\" content=\"article\" \/>\n<meta property=\"og:title\" content=\"Carpaccio de carabass\u00f3 - Carpaccio de calabac\u00edn\" \/>\n<meta property=\"og:description\" content=\"Recepta Carpaccio de carabass\u00f3 - Receta Carpaccio de calabac\u00edn - Recepta Carpaccio de carabass\u00ed\" \/>\n<meta property=\"og:url\" content=\"https:\/\/gastronomicament.cat\/en\/recepta\/carpaccio-de-carabasso\" \/>\n<meta property=\"og:site_name\" content=\"Gastron\u00f2micament\" \/>\n<meta property=\"og:image\" content=\"https:\/\/gastronomicament.cat\/wp-content\/uploads\/2014\/07\/recepta-carpaccio-de-carabasso.jpg\" \/>\n\t<meta property=\"og:image:width\" content=\"800\" \/>\n\t<meta property=\"og:image:height\" content=\"534\" \/>\n\t<meta property=\"og:image:type\" content=\"image\/jpeg\" \/>\n<meta name=\"twitter:card\" content=\"summary_large_image\" \/>\n<meta name=\"twitter:site\" content=\"@gastronomicamen\" \/>\n<meta name=\"twitter:label1\" content=\"Est. reading time\" \/>\n\t<meta name=\"twitter:data1\" content=\"1 minute\" \/>\n\t<meta name=\"twitter:label2\" content=\"Written by\" \/>\n\t<meta name=\"twitter:data2\" content=\"Bojos per la Cuina\" \/>\n<script type=\"application\/ld+json\" class=\"yoast-schema-graph\">{\"@context\":\"https:\\\/\\\/schema.org\",\"@graph\":[{\"@type\":\"WebPage\",\"@id\":\"https:\\\/\\\/gastronomicament.cat\\\/en\\\/recepta\\\/carpaccio-de-carabasso\",\"url\":\"https:\\\/\\\/gastronomicament.cat\\\/en\\\/recepta\\\/carpaccio-de-carabasso\",\"name\":\"Carpaccio de carabass\u00f3 - Carpaccio de calabac\u00edn\",\"isPartOf\":{\"@id\":\"https:\\\/\\\/gastronomicament.cat\\\/en\\\/#website\"},\"primaryImageOfPage\":{\"@id\":\"https:\\\/\\\/gastronomicament.cat\\\/en\\\/recepta\\\/carpaccio-de-carabasso#primaryimage\"},\"image\":{\"@id\":\"https:\\\/\\\/gastronomicament.cat\\\/en\\\/recepta\\\/carpaccio-de-carabasso#primaryimage\"},\"thumbnailUrl\":\"https:\\\/\\\/gastronomicament.cat\\\/wp-content\\\/uploads\\\/2014\\\/07\\\/recepta-carpaccio-de-carabasso.jpg\",\"datePublished\":\"2014-07-23T11:45:56+00:00\",\"description\":\"Recepta Carpaccio de carabass\u00f3 - Receta Carpaccio de calabac\u00edn - Recepta Carpaccio de carabass\u00ed\",\"breadcrumb\":{\"@id\":\"https:\\\/\\\/gastronomicament.cat\\\/en\\\/recepta\\\/carpaccio-de-carabasso#breadcrumb\"},\"inLanguage\":\"en-US\",\"potentialAction\":[{\"@type\":\"ReadAction\",\"target\":[\"https:\\\/\\\/gastronomicament.cat\\\/en\\\/recepta\\\/carpaccio-de-carabasso\"]}]},{\"@type\":\"ImageObject\",\"inLanguage\":\"en-US\",\"@id\":\"https:\\\/\\\/gastronomicament.cat\\\/en\\\/recepta\\\/carpaccio-de-carabasso#primaryimage\",\"url\":\"https:\\\/\\\/gastronomicament.cat\\\/wp-content\\\/uploads\\\/2014\\\/07\\\/recepta-carpaccio-de-carabasso.jpg\",\"contentUrl\":\"https:\\\/\\\/gastronomicament.cat\\\/wp-content\\\/uploads\\\/2014\\\/07\\\/recepta-carpaccio-de-carabasso.jpg\",\"width\":800,\"height\":534},{\"@type\":\"BreadcrumbList\",\"@id\":\"https:\\\/\\\/gastronomicament.cat\\\/en\\\/recepta\\\/carpaccio-de-carabasso#breadcrumb\",\"itemListElement\":[{\"@type\":\"ListItem\",\"position\":1,\"name\":\"Receptes\",\"item\":\"https:\\\/\\\/gastronomicament.cat\\\/en\\\/receptes\"},{\"@type\":\"ListItem\",\"position\":2,\"name\":\"Carpaccio de carabass\u00f3\"}]},{\"@type\":\"WebSite\",\"@id\":\"https:\\\/\\\/gastronomicament.cat\\\/en\\\/#website\",\"url\":\"https:\\\/\\\/gastronomicament.cat\\\/en\\\/\",\"name\":\"Gastron\u00f2micament\",\"description\":\"Portal de restaurants, receptes i actualitat gastron\u00f2mica\",\"publisher\":{\"@id\":\"https:\\\/\\\/gastronomicament.cat\\\/en\\\/#organization\"},\"potentialAction\":[{\"@type\":\"SearchAction\",\"target\":{\"@type\":\"EntryPoint\",\"urlTemplate\":\"https:\\\/\\\/gastronomicament.cat\\\/en\\\/?s={search_term_string}\"},\"query-input\":{\"@type\":\"PropertyValueSpecification\",\"valueRequired\":true,\"valueName\":\"search_term_string\"}}],\"inLanguage\":\"en-US\"},{\"@type\":\"Organization\",\"@id\":\"https:\\\/\\\/gastronomicament.cat\\\/en\\\/#organization\",\"name\":\"Gastron\u00f2micament\",\"url\":\"https:\\\/\\\/gastronomicament.cat\\\/en\\\/\",\"logo\":{\"@type\":\"ImageObject\",\"inLanguage\":\"en-US\",\"@id\":\"https:\\\/\\\/gastronomicament.cat\\\/en\\\/#\\\/schema\\\/logo\\\/image\\\/\",\"url\":\"https:\\\/\\\/gastronomicament.cat\\\/wp-content\\\/uploads\\\/2016\\\/09\\\/header-logo.jpg\",\"contentUrl\":\"https:\\\/\\\/gastronomicament.cat\\\/wp-content\\\/uploads\\\/2016\\\/09\\\/header-logo.jpg\",\"width\":277,\"height\":39,\"caption\":\"Gastron\u00f2micament\"},\"image\":{\"@id\":\"https:\\\/\\\/gastronomicament.cat\\\/en\\\/#\\\/schema\\\/logo\\\/image\\\/\"},\"sameAs\":[\"https:\\\/\\\/x.com\\\/gastronomicamen\"]}]}<\/script>\n<!-- \/ Yoast SEO plugin. -->","yoast_head_json":{"title":"Carpaccio de carabass\u00f3 - Carpaccio de calabac\u00edn","description":"Recepta Carpaccio de carabass\u00f3 - Receta Carpaccio de calabac\u00edn - Recepta Carpaccio de carabass\u00ed","robots":{"index":"index","follow":"follow","max-snippet":"max-snippet:-1","max-image-preview":"max-image-preview:large","max-video-preview":"max-video-preview:-1"},"canonical":"https:\/\/gastronomicament.cat\/en\/recepta\/carpaccio-de-carabasso","og_locale":"en_US","og_type":"article","og_title":"Carpaccio de carabass\u00f3 - Carpaccio de calabac\u00edn","og_description":"Recepta Carpaccio de carabass\u00f3 - Receta Carpaccio de calabac\u00edn - Recepta Carpaccio de carabass\u00ed","og_url":"https:\/\/gastronomicament.cat\/en\/recepta\/carpaccio-de-carabasso","og_site_name":"Gastron\u00f2micament","og_image":[{"width":800,"height":534,"url":"https:\/\/gastronomicament.cat\/wp-content\/uploads\/2014\/07\/recepta-carpaccio-de-carabasso.jpg","type":"image\/jpeg"}],"twitter_card":"summary_large_image","twitter_site":"@gastronomicamen","twitter_misc":{"Est. reading time":"1 minute","Written by":"Bojos per la Cuina"},"schema":{"@context":"https:\/\/schema.org","@graph":[{"@type":"WebPage","@id":"https:\/\/gastronomicament.cat\/en\/recepta\/carpaccio-de-carabasso","url":"https:\/\/gastronomicament.cat\/en\/recepta\/carpaccio-de-carabasso","name":"Carpaccio de carabass\u00f3 - Carpaccio de calabac\u00edn","isPartOf":{"@id":"https:\/\/gastronomicament.cat\/en\/#website"},"primaryImageOfPage":{"@id":"https:\/\/gastronomicament.cat\/en\/recepta\/carpaccio-de-carabasso#primaryimage"},"image":{"@id":"https:\/\/gastronomicament.cat\/en\/recepta\/carpaccio-de-carabasso#primaryimage"},"thumbnailUrl":"https:\/\/gastronomicament.cat\/wp-content\/uploads\/2014\/07\/recepta-carpaccio-de-carabasso.jpg","datePublished":"2014-07-23T11:45:56+00:00","description":"Recepta Carpaccio de carabass\u00f3 - Receta Carpaccio de calabac\u00edn - Recepta Carpaccio de carabass\u00ed","breadcrumb":{"@id":"https:\/\/gastronomicament.cat\/en\/recepta\/carpaccio-de-carabasso#breadcrumb"},"inLanguage":"en-US","potentialAction":[{"@type":"ReadAction","target":["https:\/\/gastronomicament.cat\/en\/recepta\/carpaccio-de-carabasso"]}]},{"@type":"ImageObject","inLanguage":"en-US","@id":"https:\/\/gastronomicament.cat\/en\/recepta\/carpaccio-de-carabasso#primaryimage","url":"https:\/\/gastronomicament.cat\/wp-content\/uploads\/2014\/07\/recepta-carpaccio-de-carabasso.jpg","contentUrl":"https:\/\/gastronomicament.cat\/wp-content\/uploads\/2014\/07\/recepta-carpaccio-de-carabasso.jpg","width":800,"height":534},{"@type":"BreadcrumbList","@id":"https:\/\/gastronomicament.cat\/en\/recepta\/carpaccio-de-carabasso#breadcrumb","itemListElement":[{"@type":"ListItem","position":1,"name":"Receptes","item":"https:\/\/gastronomicament.cat\/en\/receptes"},{"@type":"ListItem","position":2,"name":"Carpaccio de carabass\u00f3"}]},{"@type":"WebSite","@id":"https:\/\/gastronomicament.cat\/en\/#website","url":"https:\/\/gastronomicament.cat\/en\/","name":"Gastron\u00f2micament","description":"Portal de restaurants, receptes i actualitat gastron\u00f2mica","publisher":{"@id":"https:\/\/gastronomicament.cat\/en\/#organization"},"potentialAction":[{"@type":"SearchAction","target":{"@type":"EntryPoint","urlTemplate":"https:\/\/gastronomicament.cat\/en\/?s={search_term_string}"},"query-input":{"@type":"PropertyValueSpecification","valueRequired":true,"valueName":"search_term_string"}}],"inLanguage":"en-US"},{"@type":"Organization","@id":"https:\/\/gastronomicament.cat\/en\/#organization","name":"Gastron\u00f2micament","url":"https:\/\/gastronomicament.cat\/en\/","logo":{"@type":"ImageObject","inLanguage":"en-US","@id":"https:\/\/gastronomicament.cat\/en\/#\/schema\/logo\/image\/","url":"https:\/\/gastronomicament.cat\/wp-content\/uploads\/2016\/09\/header-logo.jpg","contentUrl":"https:\/\/gastronomicament.cat\/wp-content\/uploads\/2016\/09\/header-logo.jpg","width":277,"height":39,"caption":"Gastron\u00f2micament"},"image":{"@id":"https:\/\/gastronomicament.cat\/en\/#\/schema\/logo\/image\/"},"sameAs":["https:\/\/x.com\/gastronomicamen"]}]}},"_links":{"self":[{"href":"https:\/\/gastronomicament.cat\/en\/wp-json\/wp\/v2\/recepta\/71244","targetHints":{"allow":["GET"]}}],"collection":[{"href":"https:\/\/gastronomicament.cat\/en\/wp-json\/wp\/v2\/recepta"}],"about":[{"href":"https:\/\/gastronomicament.cat\/en\/wp-json\/wp\/v2\/types\/recepta"}],"author":[{"embeddable":true,"href":"https:\/\/gastronomicament.cat\/en\/wp-json\/wp\/v2\/users\/16"}],"replies":[{"embeddable":true,"href":"https:\/\/gastronomicament.cat\/en\/wp-json\/wp\/v2\/comments?post=71244"}],"version-history":[{"count":0,"href":"https:\/\/gastronomicament.cat\/en\/wp-json\/wp\/v2\/recepta\/71244\/revisions"}],"wp:featuredmedia":[{"embeddable":true,"href":"https:\/\/gastronomicament.cat\/en\/wp-json\/wp\/v2\/media\/52931"}],"wp:attachment":[{"href":"https:\/\/gastronomicament.cat\/en\/wp-json\/wp\/v2\/media?parent=71244"}],"wp:term":[{"taxonomy":"category","embeddable":true,"href":"https:\/\/gastronomicament.cat\/en\/wp-json\/wp\/v2\/categories?post=71244"},{"taxonomy":"concurs_receptes_mossegades","embeddable":true,"href":"https:\/\/gastronomicament.cat\/en\/wp-json\/wp\/v2\/concurs-mossegades?post=71244"},{"taxonomy":"dificultat","embeddable":true,"href":"https:\/\/gastronomicament.cat\/en\/wp-json\/wp\/v2\/dificultat?post=71244"},{"taxonomy":"ingredient","embeddable":true,"href":"https:\/\/gastronomicament.cat\/en\/wp-json\/wp\/v2\/ingredient?post=71244"},{"taxonomy":"plat","embeddable":true,"href":"https:\/\/gastronomicament.cat\/en\/wp-json\/wp\/v2\/plat?post=71244"},{"taxonomy":"preu_per_racio","embeddable":true,"href":"https:\/\/gastronomicament.cat\/en\/wp-json\/wp\/v2\/preu-per-racio?post=71244"},{"taxonomy":"tematica","embeddable":true,"href":"https:\/\/gastronomicament.cat\/en\/wp-json\/wp\/v2\/receptes-tematiques?post=71244"},{"taxonomy":"temps_de_preparacio","embeddable":true,"href":"https:\/\/gastronomicament.cat\/en\/wp-json\/wp\/v2\/temps-de-preparacio?post=71244"},{"taxonomy":"author","embeddable":true,"href":"https:\/\/gastronomicament.cat\/en\/wp-json\/wp\/v2\/coauthors?post=71244"}],"curies":[{"name":"wp","href":"https:\/\/api.w.org\/{rel}","templated":true}]}}