{"id":73483,"date":"2012-12-26T21:26:59","date_gmt":"2012-12-26T21:26:59","guid":{"rendered":"https:\/\/gastronomicament.cat\/recepta\/recepta-espinagada"},"modified":"2012-12-26T21:26:59","modified_gmt":"2012-12-26T21:26:59","slug":"recepta-espinagada","status":"publish","type":"recepta","link":"https:\/\/gastronomicament.cat\/en\/recepta\/recepta-espinagada","title":{"rendered":"Espinagada"},"content":{"rendered":"<p style=\"text-align: justify;\"><strong>Ingredients<\/strong>:<\/p>\n<p style=\"text-align: justify;\"><em>Per a 10 persones<\/em><\/p>\n<p><strong>De la pasta<\/strong>:<\/p>\n<p>&#8211; 150 g de sa\u00efm<br \/>\n&#8211; 70 g d\u2019oli d\u2019oliva<br \/>\n&#8211; 150 g d\u2019aigua t\u00e8bia<br \/>\n&#8211; 560 g de farina fluixa (i un poc m\u00e9s per enfarinolar la superf\u00edcie de treball)<br \/>\n&#8211; 1 vermell d\u2019ou per pintar la pasta (opcional)<\/p>\n<p><strong>Del farciment d\u2019espinagada de llom amb col<\/strong>:<\/p>\n<p>&#8211; \u00bd col \u201cborratxona\u201d<br \/>\n&#8211; 1 manat de grells<br \/>\n&#8211; 2 alls<br \/>\n&#8211; 60 g de panses<br \/>\n&#8211; \u00bd manat de julivert<br \/>\n&#8211; 400 g de llom tallat prim<br \/>\n&#8211; Sal<br \/>\n&#8211; Pebre bo<br \/>\n&#8211; Pebre bord coent (o dol\u00e7, aix\u00f2 va a gust)<br \/>\n&#8211; Oli d\u2019oliva verge<\/p>\n<p><strong>Del farciment d\u2019espinagada d\u2019anguiles<\/strong>:<\/p>\n<p>&#8211; 1 anguila tallada a trossos de 2 dits de gruix<br \/>\n&#8211;\u00a02 manats d\u2019espinacs<br \/>\n&#8211; 2 porros<br \/>\n&#8211; 200 g de x\u00edtxeros (p\u00e8sols)<br \/>\n&#8211; 3 alls<br \/>\n&#8211; 1 manat de grells<br \/>\n&#8211; Sal<br \/>\n&#8211; Pebre bo<br \/>\n&#8211;\u00a0 Pebre bord coent (o dol\u00e7, segons el gust de cadasc\u00fa)<br \/>\n&#8211; Oli d\u2019oliva verge<\/p>\n<p><strong>Preparaci\u00f3<\/strong>:<\/p>\n<p>\u00c9s convenient deixar el farciment trempat la nit anterior.<\/p>\n<p>Rentau la verdura. Tallau-la col (o els espinacs) a la juliana fina. Posau-la a degotar dins un colador i espremeu-la b\u00e9 amb les mans per eliminar tota l\u2019aigua possible. Tallau els grells (i els porros, si feis la d\u2019anguila) a rodanxes primes i picau els alls. Tallucau tamb\u00e9 el julivert. Posau tota la verdura dins un bol ben gran amb les panses (si n\u2019hi posau). Trempau-la ara amb sal, oli verge, pebre bo i pebre bord. Remenau b\u00e9 amb les mans perqu\u00e8 prengui b\u00e9 el gust.<\/p>\n<p>Tallau el llom a daus i trempau-lo amb els mateixos ingredients que la verdura. Guardau les dues preparacions dins la gelera fins l\u2019endem\u00e0. La verdura conv\u00e9, un cop trempada, posar-la dins un colador gros i aquest dins un recipient m\u00e9s gran, de manera que durant la nit degotin els sucs que amollar\u00e0. Aix\u00f2 \u00e9s per evitar que en coure l\u2019espinagada el farciment faci suc dins el forn i s\u2019humitegi massa la pasta. Aix\u00f2 faria dif\u00edcil tallar les porcions i tamb\u00e9 menjar-se-la amb les mans, que \u00e9s aix\u00ed com s\u2019ha de menjar.<\/p>\n<p>L\u2019endem\u00e0 preparau la pasta: mesclau dins un bol el sa\u00efm a temperatura ambient, l\u2019aigua t\u00e8bia i l\u2019oli. Incorporau-hi la farina (per tandes; mai tota d\u2019un cop) i treballau la pasta fins que sigui consistent. Quan ja es desferra de les mans va millor enfarinar la superf\u00edcie de treball i acabar de fer-la fora del recipient. Quan ja s\u2019hagi begut tota la farina, tapau-la amb un peda\u00e7 i deixau-la reposar \u00bd hora.<\/p>\n<p>Passat el temps de rep\u00f2s, enfarinau la superf\u00edcie de treball i folrau una llauna gran amb paper sulfuritzat. Aplanau la pasta amb l\u2019aprimador formant una capa m\u00e9s o menys quadrada, un poc m\u00e9s gran que la llauna. Traslladau amb molt de compte la pasta damunt la llauna.<\/p>\n<p>Enceneu el forn a 220\u00ba.<\/p>\n<p>Tastau la verdura per comprovar el punt de sal i rectificau si fos prec\u00eds. Abocau-ne la meitat enmig del quadrat de pasta. Damunt, distribu\u00efu-hi els trossets de llom (o d\u2019anguila) i a sobre, la resta de verdura. Aixecau una vorera de pasta de la part m\u00e9s llarga de la llauna i doblegau-la damunt la verdura. Feis el mateix amb l\u2019altra i llavors doblegau els extrems curts damunt, que quedi com un paquet.<\/p>\n<p>Remenau el vermell d\u2019ou dins una tasseta i pintau la superf\u00edcie de la pasta amb un pinzell de cuina (\u00e9s perqu\u00e8 tengui un aspecte m\u00e9s brillant).<\/p>\n<p>En ser calent el forn, enfornau l\u2019espinagada i coeu-la durant 35 minuts a aquesta temperatura. Abaixau la temperatura a 200 i acabau de coure-la. La nostra ha necessitat 50 minuts totals de cocci\u00f3, per\u00f2 el temps varia molt d\u2019un forn a un altre.<\/p>\n<p>Treis-la del forn. Deixau-la refredar i acompanyau-la d\u2019un bon tass\u00f3 de vi.<!--more--><\/p>\n","protected":false},"excerpt":{"rendered":"<p>Un dels plats m\u00e9s t\u00edpics de sa Pobla, Muro, Pollen\u00e7a i Alc\u00fadia per la festa de&hellip;<\/p>\n","protected":false},"author":16,"featured_media":48623,"menu_order":0,"comment_status":"open","ping_status":"closed","template":"","format":"standard","meta":{"_acf_changed":false,"_swt_meta_header_display":false,"_swt_meta_footer_display":false,"_swt_meta_site_title_display":false,"_swt_meta_sticky_header":false,"_swt_meta_transparent_header":false,"footnotes":""},"categories":[1499],"concurs-mossegades":[],"dificultat":[1530],"ingredient":[1561,1539],"plat":[],"preu-per-racio":[1693],"receptes-tematiques":[],"temps-de-preparacio":[1519],"coauthors":[],"class_list":["post-73483","recepta","type-recepta","status-publish","format-standard","has-post-thumbnail","hentry","category-receptes-en","dificultat-mitjana-en","ingredient-marisc-i-peix-en","ingredient-verdures-i-hortalisses-en","preu_per_racio-entre-2-i-5-euros-en","temps_de_preparacio-mes-de-2-hores-en"],"acf":{"gallery":null,"home_date":{"home_begin_date":null,"home_end_date":null}},"yoast_head":"<!-- This site is optimized with the Yoast SEO plugin v27.4 - https:\/\/yoast.com\/product\/yoast-seo-wordpress\/ -->\n<title>Recepta: Espinagada<\/title>\n<meta name=\"description\" content=\"Recepta: Espinagada\" \/>\n<meta name=\"robots\" content=\"index, follow, max-snippet:-1, max-image-preview:large, max-video-preview:-1\" \/>\n<link rel=\"canonical\" href=\"https:\/\/gastronomicament.cat\/en\/recepta\/recepta-espinagada\" \/>\n<meta property=\"og:locale\" content=\"en_US\" \/>\n<meta property=\"og:type\" content=\"article\" \/>\n<meta property=\"og:title\" content=\"Recepta: Espinagada\" \/>\n<meta property=\"og:description\" content=\"Recepta: Espinagada\" \/>\n<meta property=\"og:url\" content=\"https:\/\/gastronomicament.cat\/en\/recepta\/recepta-espinagada\" \/>\n<meta property=\"og:site_name\" content=\"Gastron\u00f2micament\" \/>\n<meta property=\"og:image\" content=\"https:\/\/gastronomicament.cat\/wp-content\/uploads\/2012\/12\/Espinaga.jpg\" \/>\n\t<meta property=\"og:image:width\" content=\"1024\" \/>\n\t<meta property=\"og:image:height\" content=\"683\" \/>\n\t<meta property=\"og:image:type\" content=\"image\/jpeg\" \/>\n<meta name=\"twitter:card\" content=\"summary_large_image\" \/>\n<meta name=\"twitter:site\" content=\"@gastronomicamen\" \/>\n<meta name=\"twitter:label1\" content=\"Est. reading time\" \/>\n\t<meta name=\"twitter:data1\" content=\"3 minutes\" \/>\n\t<meta name=\"twitter:label2\" content=\"Written by\" \/>\n\t<meta name=\"twitter:data2\" content=\"Bojos per la Cuina\" \/>\n<script type=\"application\/ld+json\" class=\"yoast-schema-graph\">{\"@context\":\"https:\\\/\\\/schema.org\",\"@graph\":[{\"@type\":\"WebPage\",\"@id\":\"https:\\\/\\\/gastronomicament.cat\\\/en\\\/recepta\\\/recepta-espinagada\",\"url\":\"https:\\\/\\\/gastronomicament.cat\\\/en\\\/recepta\\\/recepta-espinagada\",\"name\":\"Recepta: Espinagada\",\"isPartOf\":{\"@id\":\"https:\\\/\\\/gastronomicament.cat\\\/en\\\/#website\"},\"primaryImageOfPage\":{\"@id\":\"https:\\\/\\\/gastronomicament.cat\\\/en\\\/recepta\\\/recepta-espinagada#primaryimage\"},\"image\":{\"@id\":\"https:\\\/\\\/gastronomicament.cat\\\/en\\\/recepta\\\/recepta-espinagada#primaryimage\"},\"thumbnailUrl\":\"https:\\\/\\\/gastronomicament.cat\\\/wp-content\\\/uploads\\\/2012\\\/12\\\/Espinaga.jpg\",\"datePublished\":\"2012-12-26T21:26:59+00:00\",\"description\":\"Recepta: Espinagada\",\"breadcrumb\":{\"@id\":\"https:\\\/\\\/gastronomicament.cat\\\/en\\\/recepta\\\/recepta-espinagada#breadcrumb\"},\"inLanguage\":\"en-US\",\"potentialAction\":[{\"@type\":\"ReadAction\",\"target\":[\"https:\\\/\\\/gastronomicament.cat\\\/en\\\/recepta\\\/recepta-espinagada\"]}]},{\"@type\":\"ImageObject\",\"inLanguage\":\"en-US\",\"@id\":\"https:\\\/\\\/gastronomicament.cat\\\/en\\\/recepta\\\/recepta-espinagada#primaryimage\",\"url\":\"https:\\\/\\\/gastronomicament.cat\\\/wp-content\\\/uploads\\\/2012\\\/12\\\/Espinaga.jpg\",\"contentUrl\":\"https:\\\/\\\/gastronomicament.cat\\\/wp-content\\\/uploads\\\/2012\\\/12\\\/Espinaga.jpg\",\"width\":1024,\"height\":683},{\"@type\":\"BreadcrumbList\",\"@id\":\"https:\\\/\\\/gastronomicament.cat\\\/en\\\/recepta\\\/recepta-espinagada#breadcrumb\",\"itemListElement\":[{\"@type\":\"ListItem\",\"position\":1,\"name\":\"Receptes\",\"item\":\"https:\\\/\\\/gastronomicament.cat\\\/en\\\/receptes\"},{\"@type\":\"ListItem\",\"position\":2,\"name\":\"Espinagada\"}]},{\"@type\":\"WebSite\",\"@id\":\"https:\\\/\\\/gastronomicament.cat\\\/en\\\/#website\",\"url\":\"https:\\\/\\\/gastronomicament.cat\\\/en\\\/\",\"name\":\"Gastron\u00f2micament\",\"description\":\"Portal de restaurants, receptes i actualitat gastron\u00f2mica\",\"publisher\":{\"@id\":\"https:\\\/\\\/gastronomicament.cat\\\/en\\\/#organization\"},\"potentialAction\":[{\"@type\":\"SearchAction\",\"target\":{\"@type\":\"EntryPoint\",\"urlTemplate\":\"https:\\\/\\\/gastronomicament.cat\\\/en\\\/?s={search_term_string}\"},\"query-input\":{\"@type\":\"PropertyValueSpecification\",\"valueRequired\":true,\"valueName\":\"search_term_string\"}}],\"inLanguage\":\"en-US\"},{\"@type\":\"Organization\",\"@id\":\"https:\\\/\\\/gastronomicament.cat\\\/en\\\/#organization\",\"name\":\"Gastron\u00f2micament\",\"url\":\"https:\\\/\\\/gastronomicament.cat\\\/en\\\/\",\"logo\":{\"@type\":\"ImageObject\",\"inLanguage\":\"en-US\",\"@id\":\"https:\\\/\\\/gastronomicament.cat\\\/en\\\/#\\\/schema\\\/logo\\\/image\\\/\",\"url\":\"https:\\\/\\\/gastronomicament.cat\\\/wp-content\\\/uploads\\\/2016\\\/09\\\/header-logo.jpg\",\"contentUrl\":\"https:\\\/\\\/gastronomicament.cat\\\/wp-content\\\/uploads\\\/2016\\\/09\\\/header-logo.jpg\",\"width\":277,\"height\":39,\"caption\":\"Gastron\u00f2micament\"},\"image\":{\"@id\":\"https:\\\/\\\/gastronomicament.cat\\\/en\\\/#\\\/schema\\\/logo\\\/image\\\/\"},\"sameAs\":[\"https:\\\/\\\/x.com\\\/gastronomicamen\"]}]}<\/script>\n<!-- \/ Yoast SEO plugin. -->","yoast_head_json":{"title":"Recepta: Espinagada","description":"Recepta: Espinagada","robots":{"index":"index","follow":"follow","max-snippet":"max-snippet:-1","max-image-preview":"max-image-preview:large","max-video-preview":"max-video-preview:-1"},"canonical":"https:\/\/gastronomicament.cat\/en\/recepta\/recepta-espinagada","og_locale":"en_US","og_type":"article","og_title":"Recepta: Espinagada","og_description":"Recepta: Espinagada","og_url":"https:\/\/gastronomicament.cat\/en\/recepta\/recepta-espinagada","og_site_name":"Gastron\u00f2micament","og_image":[{"width":1024,"height":683,"url":"https:\/\/gastronomicament.cat\/wp-content\/uploads\/2012\/12\/Espinaga.jpg","type":"image\/jpeg"}],"twitter_card":"summary_large_image","twitter_site":"@gastronomicamen","twitter_misc":{"Est. reading time":"3 minutes","Written by":"Bojos per la Cuina"},"schema":{"@context":"https:\/\/schema.org","@graph":[{"@type":"WebPage","@id":"https:\/\/gastronomicament.cat\/en\/recepta\/recepta-espinagada","url":"https:\/\/gastronomicament.cat\/en\/recepta\/recepta-espinagada","name":"Recepta: Espinagada","isPartOf":{"@id":"https:\/\/gastronomicament.cat\/en\/#website"},"primaryImageOfPage":{"@id":"https:\/\/gastronomicament.cat\/en\/recepta\/recepta-espinagada#primaryimage"},"image":{"@id":"https:\/\/gastronomicament.cat\/en\/recepta\/recepta-espinagada#primaryimage"},"thumbnailUrl":"https:\/\/gastronomicament.cat\/wp-content\/uploads\/2012\/12\/Espinaga.jpg","datePublished":"2012-12-26T21:26:59+00:00","description":"Recepta: Espinagada","breadcrumb":{"@id":"https:\/\/gastronomicament.cat\/en\/recepta\/recepta-espinagada#breadcrumb"},"inLanguage":"en-US","potentialAction":[{"@type":"ReadAction","target":["https:\/\/gastronomicament.cat\/en\/recepta\/recepta-espinagada"]}]},{"@type":"ImageObject","inLanguage":"en-US","@id":"https:\/\/gastronomicament.cat\/en\/recepta\/recepta-espinagada#primaryimage","url":"https:\/\/gastronomicament.cat\/wp-content\/uploads\/2012\/12\/Espinaga.jpg","contentUrl":"https:\/\/gastronomicament.cat\/wp-content\/uploads\/2012\/12\/Espinaga.jpg","width":1024,"height":683},{"@type":"BreadcrumbList","@id":"https:\/\/gastronomicament.cat\/en\/recepta\/recepta-espinagada#breadcrumb","itemListElement":[{"@type":"ListItem","position":1,"name":"Receptes","item":"https:\/\/gastronomicament.cat\/en\/receptes"},{"@type":"ListItem","position":2,"name":"Espinagada"}]},{"@type":"WebSite","@id":"https:\/\/gastronomicament.cat\/en\/#website","url":"https:\/\/gastronomicament.cat\/en\/","name":"Gastron\u00f2micament","description":"Portal de restaurants, receptes i actualitat gastron\u00f2mica","publisher":{"@id":"https:\/\/gastronomicament.cat\/en\/#organization"},"potentialAction":[{"@type":"SearchAction","target":{"@type":"EntryPoint","urlTemplate":"https:\/\/gastronomicament.cat\/en\/?s={search_term_string}"},"query-input":{"@type":"PropertyValueSpecification","valueRequired":true,"valueName":"search_term_string"}}],"inLanguage":"en-US"},{"@type":"Organization","@id":"https:\/\/gastronomicament.cat\/en\/#organization","name":"Gastron\u00f2micament","url":"https:\/\/gastronomicament.cat\/en\/","logo":{"@type":"ImageObject","inLanguage":"en-US","@id":"https:\/\/gastronomicament.cat\/en\/#\/schema\/logo\/image\/","url":"https:\/\/gastronomicament.cat\/wp-content\/uploads\/2016\/09\/header-logo.jpg","contentUrl":"https:\/\/gastronomicament.cat\/wp-content\/uploads\/2016\/09\/header-logo.jpg","width":277,"height":39,"caption":"Gastron\u00f2micament"},"image":{"@id":"https:\/\/gastronomicament.cat\/en\/#\/schema\/logo\/image\/"},"sameAs":["https:\/\/x.com\/gastronomicamen"]}]}},"_links":{"self":[{"href":"https:\/\/gastronomicament.cat\/en\/wp-json\/wp\/v2\/recepta\/73483","targetHints":{"allow":["GET"]}}],"collection":[{"href":"https:\/\/gastronomicament.cat\/en\/wp-json\/wp\/v2\/recepta"}],"about":[{"href":"https:\/\/gastronomicament.cat\/en\/wp-json\/wp\/v2\/types\/recepta"}],"author":[{"embeddable":true,"href":"https:\/\/gastronomicament.cat\/en\/wp-json\/wp\/v2\/users\/16"}],"replies":[{"embeddable":true,"href":"https:\/\/gastronomicament.cat\/en\/wp-json\/wp\/v2\/comments?post=73483"}],"version-history":[{"count":0,"href":"https:\/\/gastronomicament.cat\/en\/wp-json\/wp\/v2\/recepta\/73483\/revisions"}],"wp:featuredmedia":[{"embeddable":true,"href":"https:\/\/gastronomicament.cat\/en\/wp-json\/wp\/v2\/media\/48623"}],"wp:attachment":[{"href":"https:\/\/gastronomicament.cat\/en\/wp-json\/wp\/v2\/media?parent=73483"}],"wp:term":[{"taxonomy":"category","embeddable":true,"href":"https:\/\/gastronomicament.cat\/en\/wp-json\/wp\/v2\/categories?post=73483"},{"taxonomy":"concurs_receptes_mossegades","embeddable":true,"href":"https:\/\/gastronomicament.cat\/en\/wp-json\/wp\/v2\/concurs-mossegades?post=73483"},{"taxonomy":"dificultat","embeddable":true,"href":"https:\/\/gastronomicament.cat\/en\/wp-json\/wp\/v2\/dificultat?post=73483"},{"taxonomy":"ingredient","embeddable":true,"href":"https:\/\/gastronomicament.cat\/en\/wp-json\/wp\/v2\/ingredient?post=73483"},{"taxonomy":"plat","embeddable":true,"href":"https:\/\/gastronomicament.cat\/en\/wp-json\/wp\/v2\/plat?post=73483"},{"taxonomy":"preu_per_racio","embeddable":true,"href":"https:\/\/gastronomicament.cat\/en\/wp-json\/wp\/v2\/preu-per-racio?post=73483"},{"taxonomy":"tematica","embeddable":true,"href":"https:\/\/gastronomicament.cat\/en\/wp-json\/wp\/v2\/receptes-tematiques?post=73483"},{"taxonomy":"temps_de_preparacio","embeddable":true,"href":"https:\/\/gastronomicament.cat\/en\/wp-json\/wp\/v2\/temps-de-preparacio?post=73483"},{"taxonomy":"author","embeddable":true,"href":"https:\/\/gastronomicament.cat\/en\/wp-json\/wp\/v2\/coauthors?post=73483"}],"curies":[{"name":"wp","href":"https:\/\/api.w.org\/{rel}","templated":true}]}}