{"id":53921,"date":"2017-01-03T17:10:35","date_gmt":"2017-01-03T16:10:35","guid":{"rendered":"https:\/\/gastronomicament.cat\/restaurant\/cafe-botiga-restaurant-amadip-esment-palmanova"},"modified":"2023-10-04T14:43:17","modified_gmt":"2023-10-04T12:43:17","slug":"cafe-botiga-restaurant-amadip-esment-palmanova","status":"publish","type":"restaurant","link":"https:\/\/gastronomicament.cat\/en\/restaurant\/cafe-botiga-restaurant-amadip-esment-palmanova","title":{"rendered":"Caf\u00e8 Botiga Restaurant Amadip Esment Palmanova"},"content":{"rendered":"<p>Al restaurant Amadip Esment de Palmanova hi trobareu bon menjar i, alhora, els clients contribueixen a la tasca social que Amadip Esment duu a terme a favor de les persones amb discapacitat intel\u00b7lectual.<\/p>\n<p>El local \u00e9s ampli i comfortable. Cada dia\u00a0 hi podeu berenar amb pans i productes de rebosteria (panades, cocarrois, ensa\u00efmades, etc.) fet per ells mateixos, a l&#8217;obrador que t\u00e9 Amadip Esment a Palma. A m\u00e9s a m\u00e9s, cada migdia laborable hi fan men\u00fa, amb diverses opcions setmanals a triar. Cal destacar que els plats es cuinen majorit\u00e0riament amb els aliments que cultiven a l&#8217;hort que tenen a Son Ferriol.<\/p>\n<p>A m\u00e9s a m\u00e9s, tenen carta, tant entre setmana com en\u00a0 cap de setmana, amb plats com l&#8217;arr\u00f2s amb gambes de S\u00f3ller, els ous romputs amb patates i pernil salat, l&#8217;hamburguesa mitxa (de porc i vedella) amb sobrassada i salsa barbacoa, entre altres propostes.<\/p>\n<p>Per cert, els dissabte i diumenges (a partir de les 13 hores) ofereixen a les fam\u00edlies que hi van a dinar un servei d&#8217;entreteniment per a infants, amb monitor incl\u00f2s, de manera gratu\u00efta.<\/p>\n<p>&nbsp;<\/p>\n","protected":false},"excerpt":{"rendered":"<p>Al restaurant Amadip Esment de Palmanova hi trobareu bon menjar i, alhora, els clients contribueixen a la tasca social que Amadip Esment duu a terme a favor de les persones amb discapacitat intel\u00b7lectual. El local \u00e9s ampli i comfortable. Cada dia\u00a0 hi podeu berenar amb pans i productes de rebosteria (panades, cocarrois, ensa\u00efmades, etc.) fet [&hellip;]<\/p>\n","protected":false},"author":1,"featured_media":53922,"menu_order":0,"comment_status":"open","ping_status":"closed","template":"","format":"gallery","meta":{"_acf_changed":false,"_swt_meta_header_display":false,"_swt_meta_footer_display":false,"_swt_meta_site_title_display":false,"_swt_meta_sticky_header":false,"_swt_meta_transparent_header":false,"direccio":"Crta. Palma - Andratx, s\/n. Palmanova","telefon":"971 597 300","web":"cafesbotiga.amadipesment.org\/cafe-palmanova\/el-cafe-botiga\/","horari":"[:ca]Obert de dilluns a diumenge[:en]Open from Monday to Sunday[:es]Abierto de lunes a domingo[:de]Ge\u00f6ffnet: Monntag-Sonntag","preumitja":"10-20 euros","observacions":"","footnotes":""},"categories":[1020],"destacatper":[1028],"especialitat":[],"localitat":[1112,1024,1114],"coauthors":[],"class_list":["post-53921","restaurant","type-restaurant","status-publish","format-gallery","has-post-thumbnail","hentry","category-restaurants-es-en","destacatper-menu-del-dia-en","localitat-calvia-en","localitat-mallorca-en","localitat-tramuntana-en","preu-entre-10-i-20-euros-en"],"acf":{"gallery":null,"home_date":{"home_begin_date":null,"home_end_date":null}},"yoast_head":"<!-- This site is optimized with the Yoast SEO plugin v27.4 - https:\/\/yoast.com\/product\/yoast-seo-wordpress\/ -->\n<title>Caf\u00e8 Botiga Restaurant Amadip Esment Palmanova - Gastron\u00f2micament<\/title>\n<meta name=\"robots\" content=\"index, follow, max-snippet:-1, max-image-preview:large, max-video-preview:-1\" \/>\n<link rel=\"canonical\" href=\"https:\/\/gastronomicament.cat\/en\/restaurant\/cafe-botiga-restaurant-amadip-esment-palmanova\" \/>\n<meta property=\"og:locale\" content=\"en_US\" \/>\n<meta property=\"og:type\" content=\"article\" \/>\n<meta property=\"og:title\" content=\"Caf\u00e8 Botiga Restaurant Amadip Esment Palmanova - Gastron\u00f2micament\" \/>\n<meta property=\"og:description\" content=\"Al restaurant Amadip Esment de Palmanova hi trobareu bon menjar i, alhora, els clients contribueixen a la tasca social que Amadip Esment duu a terme a favor de les persones amb discapacitat intel\u00b7lectual. El local \u00e9s ampli i comfortable. Cada dia\u00a0 hi podeu berenar amb pans i productes de rebosteria (panades, cocarrois, ensa\u00efmades, etc.) fet [&hellip;]\" \/>\n<meta property=\"og:url\" content=\"https:\/\/gastronomicament.cat\/en\/restaurant\/cafe-botiga-restaurant-amadip-esment-palmanova\" \/>\n<meta property=\"og:site_name\" content=\"Gastron\u00f2micament\" \/>\n<meta property=\"article:modified_time\" content=\"2023-10-04T12:43:17+00:00\" \/>\n<meta property=\"og:image\" content=\"https:\/\/gastronomicament.cat\/wp-content\/uploads\/2017\/01\/Cafe-Botiga-Amadip-Esment-Calvia.jpg\" \/>\n\t<meta property=\"og:image:width\" content=\"1800\" \/>\n\t<meta property=\"og:image:height\" content=\"1350\" \/>\n\t<meta property=\"og:image:type\" content=\"image\/jpeg\" \/>\n<meta name=\"twitter:card\" content=\"summary_large_image\" \/>\n<meta name=\"twitter:site\" content=\"@gastronomicamen\" \/>\n<meta name=\"twitter:label1\" content=\"Est. reading time\" \/>\n\t<meta name=\"twitter:data1\" content=\"1 minute\" \/>\n\t<meta name=\"twitter:label2\" content=\"Written by\" \/>\n\t<meta name=\"twitter:data2\" content=\"Redacci\u00f3\" \/>\n<script type=\"application\/ld+json\" class=\"yoast-schema-graph\">{\"@context\":\"https:\\\/\\\/schema.org\",\"@graph\":[{\"@type\":\"WebPage\",\"@id\":\"https:\\\/\\\/gastronomicament.cat\\\/en\\\/restaurant\\\/cafe-botiga-restaurant-amadip-esment-palmanova\",\"url\":\"https:\\\/\\\/gastronomicament.cat\\\/en\\\/restaurant\\\/cafe-botiga-restaurant-amadip-esment-palmanova\",\"name\":\"Caf\u00e8 Botiga Restaurant Amadip Esment Palmanova - Gastron\u00f2micament\",\"isPartOf\":{\"@id\":\"https:\\\/\\\/gastronomicament.cat\\\/en\\\/#website\"},\"primaryImageOfPage\":{\"@id\":\"https:\\\/\\\/gastronomicament.cat\\\/en\\\/restaurant\\\/cafe-botiga-restaurant-amadip-esment-palmanova#primaryimage\"},\"image\":{\"@id\":\"https:\\\/\\\/gastronomicament.cat\\\/en\\\/restaurant\\\/cafe-botiga-restaurant-amadip-esment-palmanova#primaryimage\"},\"thumbnailUrl\":\"https:\\\/\\\/gastronomicament.cat\\\/wp-content\\\/uploads\\\/2017\\\/01\\\/Cafe-Botiga-Amadip-Esment-Calvia.jpg\",\"datePublished\":\"2017-01-03T16:10:35+00:00\",\"dateModified\":\"2023-10-04T12:43:17+00:00\",\"breadcrumb\":{\"@id\":\"https:\\\/\\\/gastronomicament.cat\\\/en\\\/restaurant\\\/cafe-botiga-restaurant-amadip-esment-palmanova#breadcrumb\"},\"inLanguage\":\"en-US\",\"potentialAction\":[{\"@type\":\"ReadAction\",\"target\":[\"https:\\\/\\\/gastronomicament.cat\\\/en\\\/restaurant\\\/cafe-botiga-restaurant-amadip-esment-palmanova\"]}]},{\"@type\":\"ImageObject\",\"inLanguage\":\"en-US\",\"@id\":\"https:\\\/\\\/gastronomicament.cat\\\/en\\\/restaurant\\\/cafe-botiga-restaurant-amadip-esment-palmanova#primaryimage\",\"url\":\"https:\\\/\\\/gastronomicament.cat\\\/wp-content\\\/uploads\\\/2017\\\/01\\\/Cafe-Botiga-Amadip-Esment-Calvia.jpg\",\"contentUrl\":\"https:\\\/\\\/gastronomicament.cat\\\/wp-content\\\/uploads\\\/2017\\\/01\\\/Cafe-Botiga-Amadip-Esment-Calvia.jpg\",\"width\":1800,\"height\":1350},{\"@type\":\"BreadcrumbList\",\"@id\":\"https:\\\/\\\/gastronomicament.cat\\\/en\\\/restaurant\\\/cafe-botiga-restaurant-amadip-esment-palmanova#breadcrumb\",\"itemListElement\":[{\"@type\":\"ListItem\",\"position\":1,\"name\":\"Restaurants\",\"item\":\"https:\\\/\\\/gastronomicament.cat\\\/en\\\/restaurants\"},{\"@type\":\"ListItem\",\"position\":2,\"name\":\"Caf\u00e8 Botiga Restaurant Amadip Esment Palmanova\"}]},{\"@type\":\"WebSite\",\"@id\":\"https:\\\/\\\/gastronomicament.cat\\\/en\\\/#website\",\"url\":\"https:\\\/\\\/gastronomicament.cat\\\/en\\\/\",\"name\":\"Gastron\u00f2micament\",\"description\":\"Portal de restaurants, receptes i actualitat gastron\u00f2mica\",\"publisher\":{\"@id\":\"https:\\\/\\\/gastronomicament.cat\\\/en\\\/#organization\"},\"potentialAction\":[{\"@type\":\"SearchAction\",\"target\":{\"@type\":\"EntryPoint\",\"urlTemplate\":\"https:\\\/\\\/gastronomicament.cat\\\/en\\\/?s={search_term_string}\"},\"query-input\":{\"@type\":\"PropertyValueSpecification\",\"valueRequired\":true,\"valueName\":\"search_term_string\"}}],\"inLanguage\":\"en-US\"},{\"@type\":\"Organization\",\"@id\":\"https:\\\/\\\/gastronomicament.cat\\\/en\\\/#organization\",\"name\":\"Gastron\u00f2micament\",\"url\":\"https:\\\/\\\/gastronomicament.cat\\\/en\\\/\",\"logo\":{\"@type\":\"ImageObject\",\"inLanguage\":\"en-US\",\"@id\":\"https:\\\/\\\/gastronomicament.cat\\\/en\\\/#\\\/schema\\\/logo\\\/image\\\/\",\"url\":\"https:\\\/\\\/gastronomicament.cat\\\/wp-content\\\/uploads\\\/2016\\\/09\\\/header-logo.jpg\",\"contentUrl\":\"https:\\\/\\\/gastronomicament.cat\\\/wp-content\\\/uploads\\\/2016\\\/09\\\/header-logo.jpg\",\"width\":277,\"height\":39,\"caption\":\"Gastron\u00f2micament\"},\"image\":{\"@id\":\"https:\\\/\\\/gastronomicament.cat\\\/en\\\/#\\\/schema\\\/logo\\\/image\\\/\"},\"sameAs\":[\"https:\\\/\\\/x.com\\\/gastronomicamen\"]}]}<\/script>\n<!-- \/ Yoast SEO plugin. -->","yoast_head_json":{"title":"Caf\u00e8 Botiga Restaurant Amadip Esment Palmanova - Gastron\u00f2micament","robots":{"index":"index","follow":"follow","max-snippet":"max-snippet:-1","max-image-preview":"max-image-preview:large","max-video-preview":"max-video-preview:-1"},"canonical":"https:\/\/gastronomicament.cat\/en\/restaurant\/cafe-botiga-restaurant-amadip-esment-palmanova","og_locale":"en_US","og_type":"article","og_title":"Caf\u00e8 Botiga Restaurant Amadip Esment Palmanova - Gastron\u00f2micament","og_description":"Al restaurant Amadip Esment de Palmanova hi trobareu bon menjar i, alhora, els clients contribueixen a la tasca social que Amadip Esment duu a terme a favor de les persones amb discapacitat intel\u00b7lectual. El local \u00e9s ampli i comfortable. Cada dia\u00a0 hi podeu berenar amb pans i productes de rebosteria (panades, cocarrois, ensa\u00efmades, etc.) fet [&hellip;]","og_url":"https:\/\/gastronomicament.cat\/en\/restaurant\/cafe-botiga-restaurant-amadip-esment-palmanova","og_site_name":"Gastron\u00f2micament","article_modified_time":"2023-10-04T12:43:17+00:00","og_image":[{"width":1800,"height":1350,"url":"https:\/\/gastronomicament.cat\/wp-content\/uploads\/2017\/01\/Cafe-Botiga-Amadip-Esment-Calvia.jpg","type":"image\/jpeg"}],"twitter_card":"summary_large_image","twitter_site":"@gastronomicamen","twitter_misc":{"Est. reading time":"1 minute","Written by":"Redacci\u00f3"},"schema":{"@context":"https:\/\/schema.org","@graph":[{"@type":"WebPage","@id":"https:\/\/gastronomicament.cat\/en\/restaurant\/cafe-botiga-restaurant-amadip-esment-palmanova","url":"https:\/\/gastronomicament.cat\/en\/restaurant\/cafe-botiga-restaurant-amadip-esment-palmanova","name":"Caf\u00e8 Botiga Restaurant Amadip Esment Palmanova - Gastron\u00f2micament","isPartOf":{"@id":"https:\/\/gastronomicament.cat\/en\/#website"},"primaryImageOfPage":{"@id":"https:\/\/gastronomicament.cat\/en\/restaurant\/cafe-botiga-restaurant-amadip-esment-palmanova#primaryimage"},"image":{"@id":"https:\/\/gastronomicament.cat\/en\/restaurant\/cafe-botiga-restaurant-amadip-esment-palmanova#primaryimage"},"thumbnailUrl":"https:\/\/gastronomicament.cat\/wp-content\/uploads\/2017\/01\/Cafe-Botiga-Amadip-Esment-Calvia.jpg","datePublished":"2017-01-03T16:10:35+00:00","dateModified":"2023-10-04T12:43:17+00:00","breadcrumb":{"@id":"https:\/\/gastronomicament.cat\/en\/restaurant\/cafe-botiga-restaurant-amadip-esment-palmanova#breadcrumb"},"inLanguage":"en-US","potentialAction":[{"@type":"ReadAction","target":["https:\/\/gastronomicament.cat\/en\/restaurant\/cafe-botiga-restaurant-amadip-esment-palmanova"]}]},{"@type":"ImageObject","inLanguage":"en-US","@id":"https:\/\/gastronomicament.cat\/en\/restaurant\/cafe-botiga-restaurant-amadip-esment-palmanova#primaryimage","url":"https:\/\/gastronomicament.cat\/wp-content\/uploads\/2017\/01\/Cafe-Botiga-Amadip-Esment-Calvia.jpg","contentUrl":"https:\/\/gastronomicament.cat\/wp-content\/uploads\/2017\/01\/Cafe-Botiga-Amadip-Esment-Calvia.jpg","width":1800,"height":1350},{"@type":"BreadcrumbList","@id":"https:\/\/gastronomicament.cat\/en\/restaurant\/cafe-botiga-restaurant-amadip-esment-palmanova#breadcrumb","itemListElement":[{"@type":"ListItem","position":1,"name":"Restaurants","item":"https:\/\/gastronomicament.cat\/en\/restaurants"},{"@type":"ListItem","position":2,"name":"Caf\u00e8 Botiga Restaurant Amadip Esment Palmanova"}]},{"@type":"WebSite","@id":"https:\/\/gastronomicament.cat\/en\/#website","url":"https:\/\/gastronomicament.cat\/en\/","name":"Gastron\u00f2micament","description":"Portal de restaurants, receptes i actualitat gastron\u00f2mica","publisher":{"@id":"https:\/\/gastronomicament.cat\/en\/#organization"},"potentialAction":[{"@type":"SearchAction","target":{"@type":"EntryPoint","urlTemplate":"https:\/\/gastronomicament.cat\/en\/?s={search_term_string}"},"query-input":{"@type":"PropertyValueSpecification","valueRequired":true,"valueName":"search_term_string"}}],"inLanguage":"en-US"},{"@type":"Organization","@id":"https:\/\/gastronomicament.cat\/en\/#organization","name":"Gastron\u00f2micament","url":"https:\/\/gastronomicament.cat\/en\/","logo":{"@type":"ImageObject","inLanguage":"en-US","@id":"https:\/\/gastronomicament.cat\/en\/#\/schema\/logo\/image\/","url":"https:\/\/gastronomicament.cat\/wp-content\/uploads\/2016\/09\/header-logo.jpg","contentUrl":"https:\/\/gastronomicament.cat\/wp-content\/uploads\/2016\/09\/header-logo.jpg","width":277,"height":39,"caption":"Gastron\u00f2micament"},"image":{"@id":"https:\/\/gastronomicament.cat\/en\/#\/schema\/logo\/image\/"},"sameAs":["https:\/\/x.com\/gastronomicamen"]}]}},"_links":{"self":[{"href":"https:\/\/gastronomicament.cat\/en\/wp-json\/wp\/v2\/restaurant\/53921","targetHints":{"allow":["GET"]}}],"collection":[{"href":"https:\/\/gastronomicament.cat\/en\/wp-json\/wp\/v2\/restaurant"}],"about":[{"href":"https:\/\/gastronomicament.cat\/en\/wp-json\/wp\/v2\/types\/restaurant"}],"author":[{"embeddable":true,"href":"https:\/\/gastronomicament.cat\/en\/wp-json\/wp\/v2\/users\/1"}],"replies":[{"embeddable":true,"href":"https:\/\/gastronomicament.cat\/en\/wp-json\/wp\/v2\/comments?post=53921"}],"version-history":[{"count":0,"href":"https:\/\/gastronomicament.cat\/en\/wp-json\/wp\/v2\/restaurant\/53921\/revisions"}],"wp:featuredmedia":[{"embeddable":true,"href":"https:\/\/gastronomicament.cat\/en\/wp-json\/wp\/v2\/media\/53922"}],"wp:attachment":[{"href":"https:\/\/gastronomicament.cat\/en\/wp-json\/wp\/v2\/media?parent=53921"}],"wp:term":[{"taxonomy":"category","embeddable":true,"href":"https:\/\/gastronomicament.cat\/en\/wp-json\/wp\/v2\/categories?post=53921"},{"taxonomy":"destacatper","embeddable":true,"href":"https:\/\/gastronomicament.cat\/en\/wp-json\/wp\/v2\/destacatper?post=53921"},{"taxonomy":"especialitat","embeddable":true,"href":"https:\/\/gastronomicament.cat\/en\/wp-json\/wp\/v2\/especialitat?post=53921"},{"taxonomy":"localitat","embeddable":true,"href":"https:\/\/gastronomicament.cat\/en\/wp-json\/wp\/v2\/localitat?post=53921"},{"taxonomy":"author","embeddable":true,"href":"https:\/\/gastronomicament.cat\/en\/wp-json\/wp\/v2\/coauthors?post=53921"}],"curies":[{"name":"wp","href":"https:\/\/api.w.org\/{rel}","templated":true}]}}