{"id":72115,"date":"2013-12-14T15:26:44","date_gmt":"2013-12-14T14:26:44","guid":{"rendered":"https:\/\/gastronomicament.cat\/restaurant\/cas-mila-arrossos-de-temporada"},"modified":"2024-10-16T10:45:30","modified_gmt":"2024-10-16T08:45:30","slug":"cas-mila-arrossos-de-temporada","status":"publish","type":"restaurant","link":"https:\/\/gastronomicament.cat\/en\/restaurant\/cas-mila-arrossos-de-temporada","title":{"rendered":"Restaurant Ca&#8217;s Mil\u00e0: arrossos de temporada"},"content":{"rendered":"<p>Coincidint amb el comen\u00e7ament de la tardor, el restaurant de Ca\u2019s Mil\u00e0, a Cala Tarida, ha dissenyat un men\u00fa especial amb productes de temporada per fer les del\u00edcies dels amants de l\u2019arr\u00f2s. Es tracta d\u2019un men\u00fa de migdia que es pot degustar tots els caps de setmana durant la tardor i l\u2019hivern.<\/p>\n<p>La proposta \u00e9s ideal per desgustar entre dues persones, ja que els els entrants estan pensats per compartir. Es pot triar entre uns calamars saltejats amb amb una picada d\u2019all i juvert i ceba caramel\u00b7litzada i un remenat de gambes. Com a plat principal es pot escollir entre un arr\u00f2s a banda de carxofes i s\u00e9pia o un arr\u00f2s cald\u00f3s de grimaldo (llam\u00e0ntol).<\/p>\n<p>Per acabar, els m\u00e9s golosos poden escollir entre un milfulls de pinya al forn o una tarta gelada d\u2019ametlles i pinyons. Fora de carta, i deixant-se aconsellar pels responsables del restaurant, es pot escollir tamb\u00e9 una tarta de xocolata amb una presentaci\u00f3 efectista.<\/p>\n<p>Tots els plats estan elaborats amb productes de temporada, oferint aix\u00ed propostes elaborades amb mat\u00e8ries de proximitat i que es troben, a m\u00e9s, en el seu millor moment, com seria el cas dels calamars i de la carxofa, hortalissa d\u2019hivern per excel\u00b7l\u00e8ncia.<\/p>\n<p>Aix\u00ed mateix, tots els plats del men\u00fa \u201cArrossos de temporada\u201d gaudeixen d\u2019una presentaci\u00f3 que convida a obrir boca.<\/p>\n<p>Horari: de 13 a 16 i de 19 a 24 hores.<!--more--><\/p>\n","protected":false},"excerpt":{"rendered":"<p>La proposta \u00e9s ideal per desgustar entre dues persones, ja que els els entrants estan pensats&hellip;<\/p>\n","protected":false},"author":22,"featured_media":50599,"menu_order":0,"comment_status":"open","ping_status":"closed","template":"","format":"gallery","meta":{"_acf_changed":false,"_swt_meta_header_display":false,"_swt_meta_footer_display":false,"_swt_meta_site_title_display":false,"_swt_meta_sticky_header":false,"_swt_meta_transparent_header":false,"direccio":"Platja de Cala Tarida, a Sant Josep de sa Talaia, 07389. Eivissa","telefon":"971 806193","web":"www.restaurantecasmila.com","horari":"[:ca]Obert de dilluns a diumenge [:en]Open from Monday to Sunday [:es]Abierto de lunes a domingo","preumitja":"22-25 euros","observacions":"","footnotes":""},"categories":[1020],"destacatper":[1097,1028],"especialitat":[1159],"localitat":[1088,1905],"coauthors":[2150],"class_list":["post-72115","restaurant","type-restaurant","status-publish","format-gallery","has-post-thumbnail","hentry","category-restaurants-es-en","destacatper-celebracions-i-grups-en","destacatper-menu-del-dia-en","especialitat-arrosseria-en","localitat-eivissa-localitat-en","localitat-sant-josep-de-sa-talaia-en","preu-entre-20-i-30-euros-en"],"acf":{"gallery":null,"home_date":{"home_begin_date":null,"home_end_date":null}},"yoast_head":"<!-- This site is optimized with the Yoast SEO plugin v27.4 - https:\/\/yoast.com\/product\/yoast-seo-wordpress\/ -->\n<title>Restaurant Cas Mil\u00e0. Arrossos de Temporada. Cala Tarida. Eivissa<\/title>\n<meta name=\"description\" content=\"Arrossos de temporada al restaurant Ca&#039;s Mil\u00e0, a Cala Tarida (Eivissa)\" \/>\n<meta name=\"robots\" content=\"index, follow, max-snippet:-1, max-image-preview:large, max-video-preview:-1\" \/>\n<link rel=\"canonical\" href=\"https:\/\/gastronomicament.cat\/en\/restaurant\/cas-mila-arrossos-de-temporada\" \/>\n<meta property=\"og:locale\" content=\"en_US\" \/>\n<meta property=\"og:type\" content=\"article\" \/>\n<meta property=\"og:title\" content=\"Restaurant Cas Mil\u00e0. Arrossos de Temporada. Cala Tarida. Eivissa\" \/>\n<meta property=\"og:description\" content=\"Arrossos de temporada al restaurant Ca&#039;s Mil\u00e0, a Cala Tarida (Eivissa)\" \/>\n<meta property=\"og:url\" content=\"https:\/\/gastronomicament.cat\/en\/restaurant\/cas-mila-arrossos-de-temporada\" \/>\n<meta property=\"og:site_name\" content=\"Gastron\u00f2micament\" \/>\n<meta property=\"article:modified_time\" content=\"2024-10-16T08:45:30+00:00\" \/>\n<meta property=\"og:image\" content=\"https:\/\/gastronomicament.cat\/wp-content\/uploads\/2013\/12\/img_1590-1024x682.jpg\" \/>\n\t<meta property=\"og:image:width\" content=\"1024\" \/>\n\t<meta property=\"og:image:height\" content=\"682\" \/>\n\t<meta property=\"og:image:type\" content=\"image\/jpeg\" \/>\n<meta name=\"twitter:card\" content=\"summary_large_image\" \/>\n<meta name=\"twitter:site\" content=\"@gastronomicamen\" \/>\n<meta name=\"twitter:label1\" content=\"Est. reading time\" \/>\n\t<meta name=\"twitter:data1\" content=\"2 minutes\" \/>\n\t<meta name=\"twitter:label2\" content=\"Written by\" \/>\n\t<meta name=\"twitter:data2\" content=\"Marina\" \/>\n<script type=\"application\/ld+json\" class=\"yoast-schema-graph\">{\"@context\":\"https:\\\/\\\/schema.org\",\"@graph\":[{\"@type\":\"WebPage\",\"@id\":\"https:\\\/\\\/gastronomicament.cat\\\/en\\\/restaurant\\\/cas-mila-arrossos-de-temporada\",\"url\":\"https:\\\/\\\/gastronomicament.cat\\\/en\\\/restaurant\\\/cas-mila-arrossos-de-temporada\",\"name\":\"Restaurant Cas Mil\u00e0. Arrossos de Temporada. Cala Tarida. Eivissa\",\"isPartOf\":{\"@id\":\"https:\\\/\\\/gastronomicament.cat\\\/en\\\/#website\"},\"primaryImageOfPage\":{\"@id\":\"https:\\\/\\\/gastronomicament.cat\\\/en\\\/restaurant\\\/cas-mila-arrossos-de-temporada#primaryimage\"},\"image\":{\"@id\":\"https:\\\/\\\/gastronomicament.cat\\\/en\\\/restaurant\\\/cas-mila-arrossos-de-temporada#primaryimage\"},\"thumbnailUrl\":\"https:\\\/\\\/gastronomicament.cat\\\/wp-content\\\/uploads\\\/2013\\\/12\\\/img_1590.jpg\",\"datePublished\":\"2013-12-14T14:26:44+00:00\",\"dateModified\":\"2024-10-16T08:45:30+00:00\",\"description\":\"Arrossos de temporada al restaurant Ca's Mil\u00e0, a Cala Tarida (Eivissa)\",\"breadcrumb\":{\"@id\":\"https:\\\/\\\/gastronomicament.cat\\\/en\\\/restaurant\\\/cas-mila-arrossos-de-temporada#breadcrumb\"},\"inLanguage\":\"en-US\",\"potentialAction\":[{\"@type\":\"ReadAction\",\"target\":[\"https:\\\/\\\/gastronomicament.cat\\\/en\\\/restaurant\\\/cas-mila-arrossos-de-temporada\"]}]},{\"@type\":\"ImageObject\",\"inLanguage\":\"en-US\",\"@id\":\"https:\\\/\\\/gastronomicament.cat\\\/en\\\/restaurant\\\/cas-mila-arrossos-de-temporada#primaryimage\",\"url\":\"https:\\\/\\\/gastronomicament.cat\\\/wp-content\\\/uploads\\\/2013\\\/12\\\/img_1590.jpg\",\"contentUrl\":\"https:\\\/\\\/gastronomicament.cat\\\/wp-content\\\/uploads\\\/2013\\\/12\\\/img_1590.jpg\",\"width\":3088,\"height\":2056},{\"@type\":\"BreadcrumbList\",\"@id\":\"https:\\\/\\\/gastronomicament.cat\\\/en\\\/restaurant\\\/cas-mila-arrossos-de-temporada#breadcrumb\",\"itemListElement\":[{\"@type\":\"ListItem\",\"position\":1,\"name\":\"Restaurants\",\"item\":\"https:\\\/\\\/gastronomicament.cat\\\/en\\\/restaurants\"},{\"@type\":\"ListItem\",\"position\":2,\"name\":\"Restaurant Ca&#8217;s Mil\u00e0: arrossos de temporada\"}]},{\"@type\":\"WebSite\",\"@id\":\"https:\\\/\\\/gastronomicament.cat\\\/en\\\/#website\",\"url\":\"https:\\\/\\\/gastronomicament.cat\\\/en\\\/\",\"name\":\"Gastron\u00f2micament\",\"description\":\"Portal de restaurants, receptes i actualitat gastron\u00f2mica\",\"publisher\":{\"@id\":\"https:\\\/\\\/gastronomicament.cat\\\/en\\\/#organization\"},\"potentialAction\":[{\"@type\":\"SearchAction\",\"target\":{\"@type\":\"EntryPoint\",\"urlTemplate\":\"https:\\\/\\\/gastronomicament.cat\\\/en\\\/?s={search_term_string}\"},\"query-input\":{\"@type\":\"PropertyValueSpecification\",\"valueRequired\":true,\"valueName\":\"search_term_string\"}}],\"inLanguage\":\"en-US\"},{\"@type\":\"Organization\",\"@id\":\"https:\\\/\\\/gastronomicament.cat\\\/en\\\/#organization\",\"name\":\"Gastron\u00f2micament\",\"url\":\"https:\\\/\\\/gastronomicament.cat\\\/en\\\/\",\"logo\":{\"@type\":\"ImageObject\",\"inLanguage\":\"en-US\",\"@id\":\"https:\\\/\\\/gastronomicament.cat\\\/en\\\/#\\\/schema\\\/logo\\\/image\\\/\",\"url\":\"https:\\\/\\\/gastronomicament.cat\\\/wp-content\\\/uploads\\\/2016\\\/09\\\/header-logo.jpg\",\"contentUrl\":\"https:\\\/\\\/gastronomicament.cat\\\/wp-content\\\/uploads\\\/2016\\\/09\\\/header-logo.jpg\",\"width\":277,\"height\":39,\"caption\":\"Gastron\u00f2micament\"},\"image\":{\"@id\":\"https:\\\/\\\/gastronomicament.cat\\\/en\\\/#\\\/schema\\\/logo\\\/image\\\/\"},\"sameAs\":[\"https:\\\/\\\/x.com\\\/gastronomicamen\"]}]}<\/script>\n<!-- \/ Yoast SEO plugin. -->","yoast_head_json":{"title":"Restaurant Cas Mil\u00e0. Arrossos de Temporada. Cala Tarida. Eivissa","description":"Arrossos de temporada al restaurant Ca's Mil\u00e0, a Cala Tarida (Eivissa)","robots":{"index":"index","follow":"follow","max-snippet":"max-snippet:-1","max-image-preview":"max-image-preview:large","max-video-preview":"max-video-preview:-1"},"canonical":"https:\/\/gastronomicament.cat\/en\/restaurant\/cas-mila-arrossos-de-temporada","og_locale":"en_US","og_type":"article","og_title":"Restaurant Cas Mil\u00e0. Arrossos de Temporada. Cala Tarida. Eivissa","og_description":"Arrossos de temporada al restaurant Ca's Mil\u00e0, a Cala Tarida (Eivissa)","og_url":"https:\/\/gastronomicament.cat\/en\/restaurant\/cas-mila-arrossos-de-temporada","og_site_name":"Gastron\u00f2micament","article_modified_time":"2024-10-16T08:45:30+00:00","og_image":[{"width":1024,"height":682,"url":"https:\/\/gastronomicament.cat\/wp-content\/uploads\/2013\/12\/img_1590-1024x682.jpg","type":"image\/jpeg"}],"twitter_card":"summary_large_image","twitter_site":"@gastronomicamen","twitter_misc":{"Est. reading time":"2 minutes","Written by":"Marina"},"schema":{"@context":"https:\/\/schema.org","@graph":[{"@type":"WebPage","@id":"https:\/\/gastronomicament.cat\/en\/restaurant\/cas-mila-arrossos-de-temporada","url":"https:\/\/gastronomicament.cat\/en\/restaurant\/cas-mila-arrossos-de-temporada","name":"Restaurant Cas Mil\u00e0. Arrossos de Temporada. Cala Tarida. Eivissa","isPartOf":{"@id":"https:\/\/gastronomicament.cat\/en\/#website"},"primaryImageOfPage":{"@id":"https:\/\/gastronomicament.cat\/en\/restaurant\/cas-mila-arrossos-de-temporada#primaryimage"},"image":{"@id":"https:\/\/gastronomicament.cat\/en\/restaurant\/cas-mila-arrossos-de-temporada#primaryimage"},"thumbnailUrl":"https:\/\/gastronomicament.cat\/wp-content\/uploads\/2013\/12\/img_1590.jpg","datePublished":"2013-12-14T14:26:44+00:00","dateModified":"2024-10-16T08:45:30+00:00","description":"Arrossos de temporada al restaurant Ca's Mil\u00e0, a Cala Tarida (Eivissa)","breadcrumb":{"@id":"https:\/\/gastronomicament.cat\/en\/restaurant\/cas-mila-arrossos-de-temporada#breadcrumb"},"inLanguage":"en-US","potentialAction":[{"@type":"ReadAction","target":["https:\/\/gastronomicament.cat\/en\/restaurant\/cas-mila-arrossos-de-temporada"]}]},{"@type":"ImageObject","inLanguage":"en-US","@id":"https:\/\/gastronomicament.cat\/en\/restaurant\/cas-mila-arrossos-de-temporada#primaryimage","url":"https:\/\/gastronomicament.cat\/wp-content\/uploads\/2013\/12\/img_1590.jpg","contentUrl":"https:\/\/gastronomicament.cat\/wp-content\/uploads\/2013\/12\/img_1590.jpg","width":3088,"height":2056},{"@type":"BreadcrumbList","@id":"https:\/\/gastronomicament.cat\/en\/restaurant\/cas-mila-arrossos-de-temporada#breadcrumb","itemListElement":[{"@type":"ListItem","position":1,"name":"Restaurants","item":"https:\/\/gastronomicament.cat\/en\/restaurants"},{"@type":"ListItem","position":2,"name":"Restaurant Ca&#8217;s Mil\u00e0: arrossos de temporada"}]},{"@type":"WebSite","@id":"https:\/\/gastronomicament.cat\/en\/#website","url":"https:\/\/gastronomicament.cat\/en\/","name":"Gastron\u00f2micament","description":"Portal de restaurants, receptes i actualitat gastron\u00f2mica","publisher":{"@id":"https:\/\/gastronomicament.cat\/en\/#organization"},"potentialAction":[{"@type":"SearchAction","target":{"@type":"EntryPoint","urlTemplate":"https:\/\/gastronomicament.cat\/en\/?s={search_term_string}"},"query-input":{"@type":"PropertyValueSpecification","valueRequired":true,"valueName":"search_term_string"}}],"inLanguage":"en-US"},{"@type":"Organization","@id":"https:\/\/gastronomicament.cat\/en\/#organization","name":"Gastron\u00f2micament","url":"https:\/\/gastronomicament.cat\/en\/","logo":{"@type":"ImageObject","inLanguage":"en-US","@id":"https:\/\/gastronomicament.cat\/en\/#\/schema\/logo\/image\/","url":"https:\/\/gastronomicament.cat\/wp-content\/uploads\/2016\/09\/header-logo.jpg","contentUrl":"https:\/\/gastronomicament.cat\/wp-content\/uploads\/2016\/09\/header-logo.jpg","width":277,"height":39,"caption":"Gastron\u00f2micament"},"image":{"@id":"https:\/\/gastronomicament.cat\/en\/#\/schema\/logo\/image\/"},"sameAs":["https:\/\/x.com\/gastronomicamen"]}]}},"_links":{"self":[{"href":"https:\/\/gastronomicament.cat\/en\/wp-json\/wp\/v2\/restaurant\/72115","targetHints":{"allow":["GET"]}}],"collection":[{"href":"https:\/\/gastronomicament.cat\/en\/wp-json\/wp\/v2\/restaurant"}],"about":[{"href":"https:\/\/gastronomicament.cat\/en\/wp-json\/wp\/v2\/types\/restaurant"}],"author":[{"embeddable":true,"href":"https:\/\/gastronomicament.cat\/en\/wp-json\/wp\/v2\/users\/22"}],"replies":[{"embeddable":true,"href":"https:\/\/gastronomicament.cat\/en\/wp-json\/wp\/v2\/comments?post=72115"}],"version-history":[{"count":0,"href":"https:\/\/gastronomicament.cat\/en\/wp-json\/wp\/v2\/restaurant\/72115\/revisions"}],"wp:featuredmedia":[{"embeddable":true,"href":"https:\/\/gastronomicament.cat\/en\/wp-json\/wp\/v2\/media\/50599"}],"wp:attachment":[{"href":"https:\/\/gastronomicament.cat\/en\/wp-json\/wp\/v2\/media?parent=72115"}],"wp:term":[{"taxonomy":"category","embeddable":true,"href":"https:\/\/gastronomicament.cat\/en\/wp-json\/wp\/v2\/categories?post=72115"},{"taxonomy":"destacatper","embeddable":true,"href":"https:\/\/gastronomicament.cat\/en\/wp-json\/wp\/v2\/destacatper?post=72115"},{"taxonomy":"especialitat","embeddable":true,"href":"https:\/\/gastronomicament.cat\/en\/wp-json\/wp\/v2\/especialitat?post=72115"},{"taxonomy":"localitat","embeddable":true,"href":"https:\/\/gastronomicament.cat\/en\/wp-json\/wp\/v2\/localitat?post=72115"},{"taxonomy":"author","embeddable":true,"href":"https:\/\/gastronomicament.cat\/en\/wp-json\/wp\/v2\/coauthors?post=72115"}],"curies":[{"name":"wp","href":"https:\/\/api.w.org\/{rel}","templated":true}]}}