{"id":73442,"date":"2013-01-15T17:32:59","date_gmt":"2013-01-15T16:32:59","guid":{"rendered":"https:\/\/gastronomicament.cat\/restaurant\/es-rebost-palma-etnofood"},"modified":"2024-12-16T13:09:31","modified_gmt":"2024-12-16T12:09:31","slug":"es-rebost-palma-etnofood","status":"publish","type":"restaurant","link":"https:\/\/gastronomicament.cat\/en\/restaurant\/es-rebost-palma-etnofood","title":{"rendered":"Es Rebost [CLOSED]"},"content":{"rendered":"<p style=\"text-align: center;\"><strong>[<b>CLOSED<\/b>]<\/strong><\/p>\n<p>Es Rebost, menjar mallorqu\u00ed, saludable, ecol\u00f2gic i r\u00e0pid en un context aut\u00f2cton i divertit.<\/p>\n<p>\u00c9s Rebost ofereix l&#8217;elaboraci\u00f3 personalitzada i instant\u00e0nia d\u2019entrepans, amanides, sopes, iogurts i fruita fresca. En un context rural i local, Es Rebost es basa en productes aut\u00f2ctons i ecol\u00f2gics per a l&#8217;elaboraci\u00f3 de la seva oferta gastron\u00f2mica, atorgant-li un car\u00e0cter \u00fanic i diferenciador.<\/p>\n<p>Tots els nostres productes s\u00f3n casolans i amb denominaci\u00f3 d&#8217;origen. El disseny del local reflecteix en tot moment aquest aspecte aut\u00f2cton i rural.<\/p>\n<p>Tot producte ofert per Es Rebost es podr\u00e0 consumir in situ o el client se\u2019l podr\u00e0 emportar.<\/p>\n<p>Us recomanam l\u2019hamburguesa mallorquina amb sobrassada (amb qu\u00e8txup de tom\u00e0tiga casolana, lletuga, grells i julivert), el llonguet de formatge vell maon\u00e8s amb alberg\u00ednies i pebres escalivats o les galletes trempades de Gori de Muro amb tom\u00e0tiga, oli verge, sal d\u2019es Trenc i envinagrats, sobrassada, camallot, botifarr\u00f3 o pat\u00e9 de porc Can Mag\u00ed.<\/p>\n<p>Hi trobareu, a m\u00e9s, una botiga que compta amb una destacable selecci\u00f3 de productes delicatessen.<\/p>\n<p>Tots els detalls estan cuidats al m\u00e0xim, des de la decoraci\u00f3 fins a la vestimenta de pagesa del personal, sense deixar de banda la m\u00fasica ambient aut\u00f2ctona i el bon menjar. Obert fins les 21 hores.<!--more--><\/p>\n","protected":false},"excerpt":{"rendered":"<p>[CLOSED] Es Rebost, menjar mallorqu\u00ed, saludable, ecol\u00f2gic i r\u00e0pid en un context aut\u00f2cton i divertit. \u00c9s Rebost ofereix l&#8217;elaboraci\u00f3 personalitzada i instant\u00e0nia d\u2019entrepans, amanides, sopes, iogurts i fruita fresca. En un context rural i local, Es Rebost es basa en productes aut\u00f2ctons i ecol\u00f2gics per a l&#8217;elaboraci\u00f3 de la seva oferta gastron\u00f2mica, atorgant-li un car\u00e0cter [&hellip;]<\/p>\n","protected":false},"author":1,"featured_media":48723,"menu_order":0,"comment_status":"open","ping_status":"closed","template":"","format":"gallery","meta":{"_acf_changed":false,"_swt_meta_header_display":false,"_swt_meta_footer_display":false,"_swt_meta_site_title_display":false,"_swt_meta_sticky_header":false,"_swt_meta_transparent_header":false,"direccio":"Palma","telefon":"971 71 00 00","web":"www.es-rebost.com","horari":"[:ca]Obert de dilluns a dissabte[:en] Open Monday to Saturday","preumitja":"6-12 euros","observacions":"","footnotes":""},"categories":[1444],"destacatper":[],"especialitat":[],"localitat":[],"coauthors":[2053],"class_list":["post-73442","restaurant","type-restaurant","status-publish","format-gallery","has-post-thumbnail","hentry","category-tancat-en"],"acf":{"gallery":null,"home_date":{"home_begin_date":null,"home_end_date":null}},"yoast_head":"<!-- This site is optimized with the Yoast SEO plugin v27.4 - https:\/\/yoast.com\/product\/yoast-seo-wordpress\/ -->\n<title>Es Rebost. Avinguda Jaume III. Palma<\/title>\n<meta name=\"description\" content=\"Es Rebost. Avinguda Jaume III. Palma\" \/>\n<meta name=\"robots\" content=\"index, follow, max-snippet:-1, max-image-preview:large, max-video-preview:-1\" \/>\n<link rel=\"canonical\" href=\"https:\/\/gastronomicament.cat\/en\/restaurant\/es-rebost-palma-etnofood\" \/>\n<meta property=\"og:locale\" content=\"en_US\" \/>\n<meta property=\"og:type\" content=\"article\" \/>\n<meta property=\"og:title\" content=\"Es Rebost. Avinguda Jaume III. Palma\" \/>\n<meta property=\"og:description\" content=\"Es Rebost. Avinguda Jaume III. Palma\" \/>\n<meta property=\"og:url\" content=\"https:\/\/gastronomicament.cat\/en\/restaurant\/es-rebost-palma-etnofood\" \/>\n<meta property=\"og:site_name\" content=\"Gastron\u00f2micament\" \/>\n<meta property=\"article:modified_time\" content=\"2024-12-16T12:09:31+00:00\" \/>\n<meta property=\"og:image\" content=\"https:\/\/gastronomicament.cat\/wp-content\/uploads\/2013\/01\/Autoservei-amb-productes-de-qualitat-i-bon-preu1.jpg\" \/>\n\t<meta property=\"og:image:width\" content=\"800\" \/>\n\t<meta property=\"og:image:height\" content=\"532\" \/>\n\t<meta property=\"og:image:type\" content=\"image\/jpeg\" \/>\n<meta name=\"twitter:card\" content=\"summary_large_image\" \/>\n<meta name=\"twitter:site\" content=\"@gastronomicamen\" \/>\n<meta name=\"twitter:label1\" content=\"Est. reading time\" \/>\n\t<meta name=\"twitter:data1\" content=\"2 minutes\" \/>\n\t<meta name=\"twitter:label2\" content=\"Written by\" \/>\n\t<meta name=\"twitter:data2\" content=\"Redacci\u00f3\" \/>\n<script type=\"application\/ld+json\" class=\"yoast-schema-graph\">{\"@context\":\"https:\\\/\\\/schema.org\",\"@graph\":[{\"@type\":\"WebPage\",\"@id\":\"https:\\\/\\\/gastronomicament.cat\\\/en\\\/restaurant\\\/es-rebost-palma-etnofood\",\"url\":\"https:\\\/\\\/gastronomicament.cat\\\/en\\\/restaurant\\\/es-rebost-palma-etnofood\",\"name\":\"Es Rebost. Avinguda Jaume III. Palma\",\"isPartOf\":{\"@id\":\"https:\\\/\\\/gastronomicament.cat\\\/en\\\/#website\"},\"primaryImageOfPage\":{\"@id\":\"https:\\\/\\\/gastronomicament.cat\\\/en\\\/restaurant\\\/es-rebost-palma-etnofood#primaryimage\"},\"image\":{\"@id\":\"https:\\\/\\\/gastronomicament.cat\\\/en\\\/restaurant\\\/es-rebost-palma-etnofood#primaryimage\"},\"thumbnailUrl\":\"https:\\\/\\\/gastronomicament.cat\\\/wp-content\\\/uploads\\\/2013\\\/01\\\/Autoservei-amb-productes-de-qualitat-i-bon-preu1.jpg\",\"datePublished\":\"2013-01-15T16:32:59+00:00\",\"dateModified\":\"2024-12-16T12:09:31+00:00\",\"description\":\"Es Rebost. Avinguda Jaume III. Palma\",\"breadcrumb\":{\"@id\":\"https:\\\/\\\/gastronomicament.cat\\\/en\\\/restaurant\\\/es-rebost-palma-etnofood#breadcrumb\"},\"inLanguage\":\"en-US\",\"potentialAction\":[{\"@type\":\"ReadAction\",\"target\":[\"https:\\\/\\\/gastronomicament.cat\\\/en\\\/restaurant\\\/es-rebost-palma-etnofood\"]}]},{\"@type\":\"ImageObject\",\"inLanguage\":\"en-US\",\"@id\":\"https:\\\/\\\/gastronomicament.cat\\\/en\\\/restaurant\\\/es-rebost-palma-etnofood#primaryimage\",\"url\":\"https:\\\/\\\/gastronomicament.cat\\\/wp-content\\\/uploads\\\/2013\\\/01\\\/Autoservei-amb-productes-de-qualitat-i-bon-preu1.jpg\",\"contentUrl\":\"https:\\\/\\\/gastronomicament.cat\\\/wp-content\\\/uploads\\\/2013\\\/01\\\/Autoservei-amb-productes-de-qualitat-i-bon-preu1.jpg\",\"width\":800,\"height\":532},{\"@type\":\"BreadcrumbList\",\"@id\":\"https:\\\/\\\/gastronomicament.cat\\\/en\\\/restaurant\\\/es-rebost-palma-etnofood#breadcrumb\",\"itemListElement\":[{\"@type\":\"ListItem\",\"position\":1,\"name\":\"Restaurants\",\"item\":\"https:\\\/\\\/gastronomicament.cat\\\/en\\\/restaurants\"},{\"@type\":\"ListItem\",\"position\":2,\"name\":\"Es Rebost [CLOSED]\"}]},{\"@type\":\"WebSite\",\"@id\":\"https:\\\/\\\/gastronomicament.cat\\\/en\\\/#website\",\"url\":\"https:\\\/\\\/gastronomicament.cat\\\/en\\\/\",\"name\":\"Gastron\u00f2micament\",\"description\":\"Portal de restaurants, receptes i actualitat gastron\u00f2mica\",\"publisher\":{\"@id\":\"https:\\\/\\\/gastronomicament.cat\\\/en\\\/#organization\"},\"potentialAction\":[{\"@type\":\"SearchAction\",\"target\":{\"@type\":\"EntryPoint\",\"urlTemplate\":\"https:\\\/\\\/gastronomicament.cat\\\/en\\\/?s={search_term_string}\"},\"query-input\":{\"@type\":\"PropertyValueSpecification\",\"valueRequired\":true,\"valueName\":\"search_term_string\"}}],\"inLanguage\":\"en-US\"},{\"@type\":\"Organization\",\"@id\":\"https:\\\/\\\/gastronomicament.cat\\\/en\\\/#organization\",\"name\":\"Gastron\u00f2micament\",\"url\":\"https:\\\/\\\/gastronomicament.cat\\\/en\\\/\",\"logo\":{\"@type\":\"ImageObject\",\"inLanguage\":\"en-US\",\"@id\":\"https:\\\/\\\/gastronomicament.cat\\\/en\\\/#\\\/schema\\\/logo\\\/image\\\/\",\"url\":\"https:\\\/\\\/gastronomicament.cat\\\/wp-content\\\/uploads\\\/2016\\\/09\\\/header-logo.jpg\",\"contentUrl\":\"https:\\\/\\\/gastronomicament.cat\\\/wp-content\\\/uploads\\\/2016\\\/09\\\/header-logo.jpg\",\"width\":277,\"height\":39,\"caption\":\"Gastron\u00f2micament\"},\"image\":{\"@id\":\"https:\\\/\\\/gastronomicament.cat\\\/en\\\/#\\\/schema\\\/logo\\\/image\\\/\"},\"sameAs\":[\"https:\\\/\\\/x.com\\\/gastronomicamen\"]}]}<\/script>\n<!-- \/ Yoast SEO plugin. -->","yoast_head_json":{"title":"Es Rebost. Avinguda Jaume III. Palma","description":"Es Rebost. Avinguda Jaume III. Palma","robots":{"index":"index","follow":"follow","max-snippet":"max-snippet:-1","max-image-preview":"max-image-preview:large","max-video-preview":"max-video-preview:-1"},"canonical":"https:\/\/gastronomicament.cat\/en\/restaurant\/es-rebost-palma-etnofood","og_locale":"en_US","og_type":"article","og_title":"Es Rebost. Avinguda Jaume III. Palma","og_description":"Es Rebost. Avinguda Jaume III. Palma","og_url":"https:\/\/gastronomicament.cat\/en\/restaurant\/es-rebost-palma-etnofood","og_site_name":"Gastron\u00f2micament","article_modified_time":"2024-12-16T12:09:31+00:00","og_image":[{"width":800,"height":532,"url":"https:\/\/gastronomicament.cat\/wp-content\/uploads\/2013\/01\/Autoservei-amb-productes-de-qualitat-i-bon-preu1.jpg","type":"image\/jpeg"}],"twitter_card":"summary_large_image","twitter_site":"@gastronomicamen","twitter_misc":{"Est. reading time":"2 minutes","Written by":"Redacci\u00f3"},"schema":{"@context":"https:\/\/schema.org","@graph":[{"@type":"WebPage","@id":"https:\/\/gastronomicament.cat\/en\/restaurant\/es-rebost-palma-etnofood","url":"https:\/\/gastronomicament.cat\/en\/restaurant\/es-rebost-palma-etnofood","name":"Es Rebost. Avinguda Jaume III. Palma","isPartOf":{"@id":"https:\/\/gastronomicament.cat\/en\/#website"},"primaryImageOfPage":{"@id":"https:\/\/gastronomicament.cat\/en\/restaurant\/es-rebost-palma-etnofood#primaryimage"},"image":{"@id":"https:\/\/gastronomicament.cat\/en\/restaurant\/es-rebost-palma-etnofood#primaryimage"},"thumbnailUrl":"https:\/\/gastronomicament.cat\/wp-content\/uploads\/2013\/01\/Autoservei-amb-productes-de-qualitat-i-bon-preu1.jpg","datePublished":"2013-01-15T16:32:59+00:00","dateModified":"2024-12-16T12:09:31+00:00","description":"Es Rebost. Avinguda Jaume III. Palma","breadcrumb":{"@id":"https:\/\/gastronomicament.cat\/en\/restaurant\/es-rebost-palma-etnofood#breadcrumb"},"inLanguage":"en-US","potentialAction":[{"@type":"ReadAction","target":["https:\/\/gastronomicament.cat\/en\/restaurant\/es-rebost-palma-etnofood"]}]},{"@type":"ImageObject","inLanguage":"en-US","@id":"https:\/\/gastronomicament.cat\/en\/restaurant\/es-rebost-palma-etnofood#primaryimage","url":"https:\/\/gastronomicament.cat\/wp-content\/uploads\/2013\/01\/Autoservei-amb-productes-de-qualitat-i-bon-preu1.jpg","contentUrl":"https:\/\/gastronomicament.cat\/wp-content\/uploads\/2013\/01\/Autoservei-amb-productes-de-qualitat-i-bon-preu1.jpg","width":800,"height":532},{"@type":"BreadcrumbList","@id":"https:\/\/gastronomicament.cat\/en\/restaurant\/es-rebost-palma-etnofood#breadcrumb","itemListElement":[{"@type":"ListItem","position":1,"name":"Restaurants","item":"https:\/\/gastronomicament.cat\/en\/restaurants"},{"@type":"ListItem","position":2,"name":"Es Rebost [CLOSED]"}]},{"@type":"WebSite","@id":"https:\/\/gastronomicament.cat\/en\/#website","url":"https:\/\/gastronomicament.cat\/en\/","name":"Gastron\u00f2micament","description":"Portal de restaurants, receptes i actualitat gastron\u00f2mica","publisher":{"@id":"https:\/\/gastronomicament.cat\/en\/#organization"},"potentialAction":[{"@type":"SearchAction","target":{"@type":"EntryPoint","urlTemplate":"https:\/\/gastronomicament.cat\/en\/?s={search_term_string}"},"query-input":{"@type":"PropertyValueSpecification","valueRequired":true,"valueName":"search_term_string"}}],"inLanguage":"en-US"},{"@type":"Organization","@id":"https:\/\/gastronomicament.cat\/en\/#organization","name":"Gastron\u00f2micament","url":"https:\/\/gastronomicament.cat\/en\/","logo":{"@type":"ImageObject","inLanguage":"en-US","@id":"https:\/\/gastronomicament.cat\/en\/#\/schema\/logo\/image\/","url":"https:\/\/gastronomicament.cat\/wp-content\/uploads\/2016\/09\/header-logo.jpg","contentUrl":"https:\/\/gastronomicament.cat\/wp-content\/uploads\/2016\/09\/header-logo.jpg","width":277,"height":39,"caption":"Gastron\u00f2micament"},"image":{"@id":"https:\/\/gastronomicament.cat\/en\/#\/schema\/logo\/image\/"},"sameAs":["https:\/\/x.com\/gastronomicamen"]}]}},"_links":{"self":[{"href":"https:\/\/gastronomicament.cat\/en\/wp-json\/wp\/v2\/restaurant\/73442","targetHints":{"allow":["GET"]}}],"collection":[{"href":"https:\/\/gastronomicament.cat\/en\/wp-json\/wp\/v2\/restaurant"}],"about":[{"href":"https:\/\/gastronomicament.cat\/en\/wp-json\/wp\/v2\/types\/restaurant"}],"author":[{"embeddable":true,"href":"https:\/\/gastronomicament.cat\/en\/wp-json\/wp\/v2\/users\/1"}],"replies":[{"embeddable":true,"href":"https:\/\/gastronomicament.cat\/en\/wp-json\/wp\/v2\/comments?post=73442"}],"version-history":[{"count":0,"href":"https:\/\/gastronomicament.cat\/en\/wp-json\/wp\/v2\/restaurant\/73442\/revisions"}],"wp:featuredmedia":[{"embeddable":true,"href":"https:\/\/gastronomicament.cat\/en\/wp-json\/wp\/v2\/media\/48723"}],"wp:attachment":[{"href":"https:\/\/gastronomicament.cat\/en\/wp-json\/wp\/v2\/media?parent=73442"}],"wp:term":[{"taxonomy":"category","embeddable":true,"href":"https:\/\/gastronomicament.cat\/en\/wp-json\/wp\/v2\/categories?post=73442"},{"taxonomy":"destacatper","embeddable":true,"href":"https:\/\/gastronomicament.cat\/en\/wp-json\/wp\/v2\/destacatper?post=73442"},{"taxonomy":"especialitat","embeddable":true,"href":"https:\/\/gastronomicament.cat\/en\/wp-json\/wp\/v2\/especialitat?post=73442"},{"taxonomy":"localitat","embeddable":true,"href":"https:\/\/gastronomicament.cat\/en\/wp-json\/wp\/v2\/localitat?post=73442"},{"taxonomy":"author","embeddable":true,"href":"https:\/\/gastronomicament.cat\/en\/wp-json\/wp\/v2\/coauthors?post=73442"}],"curies":[{"name":"wp","href":"https:\/\/api.w.org\/{rel}","templated":true}]}}