{"version":"1.0","provider_name":"Gastron\u00f2micament","provider_url":"https:\/\/gastronomicament.cat\/es","author_name":"Redacci\u00f3","author_url":"https:\/\/gastronomicament.cat\/es\/author\/admin","title":"Estellencs Gastron\u00f2mic 2018 ja \u00e9s aqu\u00ed - Gastron\u00f2micament","type":"rich","width":600,"height":338,"html":"<blockquote class=\"wp-embedded-content\" data-secret=\"znznPTe7ST\"><a href=\"https:\/\/gastronomicament.cat\/es\/estellencs-gastronomic-2018-ja-es-aqui\">Estellencs Gastron\u00f2mic 2018 ja \u00e9s aqu\u00ed<\/a><\/blockquote><iframe sandbox=\"allow-scripts\" security=\"restricted\" src=\"https:\/\/gastronomicament.cat\/es\/estellencs-gastronomic-2018-ja-es-aqui\/embed#?secret=znznPTe7ST\" width=\"600\" height=\"338\" title=\"\u00abEstellencs Gastron\u00f2mic 2018 ja \u00e9s aqu\u00ed\u00bb \u2014 Gastron\u00f2micament\" data-secret=\"znznPTe7ST\" frameborder=\"0\" marginwidth=\"0\" marginheight=\"0\" scrolling=\"no\" class=\"wp-embedded-content\"><\/iframe><script>\n\/*! This file is auto-generated *\/\n!function(d,l){\"use strict\";l.querySelector&&d.addEventListener&&\"undefined\"!=typeof URL&&(d.wp=d.wp||{},d.wp.receiveEmbedMessage||(d.wp.receiveEmbedMessage=function(e){var t=e.data;if((t||t.secret||t.message||t.value)&&!\/[^a-zA-Z0-9]\/.test(t.secret)){for(var s,r,n,a=l.querySelectorAll('iframe[data-secret=\"'+t.secret+'\"]'),o=l.querySelectorAll('blockquote[data-secret=\"'+t.secret+'\"]'),c=new RegExp(\"^https?:$\",\"i\"),i=0;i<o.length;i++)o[i].style.display=\"none\";for(i=0;i<a.length;i++)s=a[i],e.source===s.contentWindow&&(s.removeAttribute(\"style\"),\"height\"===t.message?(1e3<(r=parseInt(t.value,10))?r=1e3:~~r<200&&(r=200),s.height=r):\"link\"===t.message&&(r=new URL(s.getAttribute(\"src\")),n=new URL(t.value),c.test(n.protocol))&&n.host===r.host&&l.activeElement===s&&(d.top.location.href=t.value))}},d.addEventListener(\"message\",d.wp.receiveEmbedMessage,!1),l.addEventListener(\"DOMContentLoaded\",function(){for(var e,t,s=l.querySelectorAll(\"iframe.wp-embedded-content\"),r=0;r<s.length;r++)(t=(e=s[r]).getAttribute(\"data-secret\"))||(t=Math.random().toString(36).substring(2,12),e.src+=\"#?secret=\"+t,e.setAttribute(\"data-secret\",t)),e.contentWindow.postMessage({message:\"ready\",secret:t},\"*\")},!1)))}(window,document);\n\/\/# sourceURL=https:\/\/gastronomicament.cat\/wp-includes\/js\/wp-embed.min.js\n<\/script>\n","thumbnail_url":"https:\/\/gastronomicament.cat\/wp-content\/uploads\/2018\/10\/Estellencs-Gastronomic-2018.jpg","thumbnail_width":855,"thumbnail_height":455,"description":"Estellencs Gastron\u00f2mic 2018 ja \u00e9s aqu\u00ed Actualitat, Fires i rutes Aquest cap de setmana teniu una proposta culin\u00e0ria al poble d'Estellencs. En aquest bell indret de la Serra de Tramuntana han preparat una jornada gastron\u00f2mica que tendr\u00e0 lloc el dissabte 6 d'octubre."}