{"version":"1.0","provider_name":"Gastron\u00f2micament","provider_url":"https:\/\/gastronomicament.cat\/es","author_name":"Redacci\u00f3","author_url":"https:\/\/gastronomicament.cat\/es\/author\/admin","title":"Fava parada i festa de Carnestoltes a Galilea - Gastron\u00f2micament","type":"rich","width":600,"height":338,"html":"<blockquote class=\"wp-embedded-content\" data-secret=\"bBcTo2yqy4\"><a href=\"https:\/\/gastronomicament.cat\/es\/fava-parada-i-festa-de-carnestoltes-a-galilea\">Fava parada i festa de Carnestoltes a Galilea<\/a><\/blockquote><iframe sandbox=\"allow-scripts\" security=\"restricted\" src=\"https:\/\/gastronomicament.cat\/es\/fava-parada-i-festa-de-carnestoltes-a-galilea\/embed#?secret=bBcTo2yqy4\" width=\"600\" height=\"338\" title=\"\u00abFava parada i festa de Carnestoltes a Galilea\u00bb \u2014 Gastron\u00f2micament\" data-secret=\"bBcTo2yqy4\" frameborder=\"0\" marginwidth=\"0\" marginheight=\"0\" scrolling=\"no\" class=\"wp-embedded-content\"><\/iframe><script>\n\/*! This file is auto-generated *\/\n!function(d,l){\"use strict\";l.querySelector&&d.addEventListener&&\"undefined\"!=typeof URL&&(d.wp=d.wp||{},d.wp.receiveEmbedMessage||(d.wp.receiveEmbedMessage=function(e){var t=e.data;if((t||t.secret||t.message||t.value)&&!\/[^a-zA-Z0-9]\/.test(t.secret)){for(var s,r,n,a=l.querySelectorAll('iframe[data-secret=\"'+t.secret+'\"]'),o=l.querySelectorAll('blockquote[data-secret=\"'+t.secret+'\"]'),c=new RegExp(\"^https?:$\",\"i\"),i=0;i<o.length;i++)o[i].style.display=\"none\";for(i=0;i<a.length;i++)s=a[i],e.source===s.contentWindow&&(s.removeAttribute(\"style\"),\"height\"===t.message?(1e3<(r=parseInt(t.value,10))?r=1e3:~~r<200&&(r=200),s.height=r):\"link\"===t.message&&(r=new URL(s.getAttribute(\"src\")),n=new URL(t.value),c.test(n.protocol))&&n.host===r.host&&l.activeElement===s&&(d.top.location.href=t.value))}},d.addEventListener(\"message\",d.wp.receiveEmbedMessage,!1),l.addEventListener(\"DOMContentLoaded\",function(){for(var e,t,s=l.querySelectorAll(\"iframe.wp-embedded-content\"),r=0;r<s.length;r++)(t=(e=s[r]).getAttribute(\"data-secret\"))||(t=Math.random().toString(36).substring(2,12),e.src+=\"#?secret=\"+t,e.setAttribute(\"data-secret\",t)),e.contentWindow.postMessage({message:\"ready\",secret:t},\"*\")},!1)))}(window,document);\n\/\/# sourceURL=https:\/\/gastronomicament.cat\/wp-includes\/js\/wp-embed.min.js\n<\/script>\n","thumbnail_url":"https:\/\/gastronomicament.cat\/wp-content\/uploads\/2019\/02\/Fava-parada-Carnestoltes-Galilea.jpg","thumbnail_width":2048,"thumbnail_height":1367,"description":"Fava parada i festa de Carnestoltes a Galilea Actualitat, Fires i rutes Una cita que combina bauxa, m\u00fasica i cuina ja que els ve\u00efns d'aquest poble del municipi de Puigpunyent preparen un plat t\u00edpic de la cuina mallorquina, la fava parada. Tan sols hi heu de dur plat, tass\u00f3 i coberts reutilitzables"}