{"id":71795,"date":"2014-02-20T23:00:41","date_gmt":"2014-02-20T22:00:41","guid":{"rendered":"https:\/\/gastronomicament.cat\/alimentacio\/especias-crespi"},"modified":"2022-04-09T11:40:59","modified_gmt":"2022-04-09T09:40:59","slug":"especias-crespi","status":"publish","type":"alimentacio","link":"https:\/\/gastronomicament.cat\/es\/alimentacio\/especias-crespi","title":{"rendered":"Esp\u00e8cies Cresp\u00ed"},"content":{"rendered":"<p><strong>Des del 1945,\u00a0<span style=\"color: #dd2125;\"><a title=\"Especias Cresp\u00ed\" href=\"http:\/\/www.especiascrespi.com\" target=\"_blank\" rel=\"noopener\"><span style=\"color: #dd2125;\">Esp\u00e8cies Cresp\u00ed<\/span><\/a><\/span>\u00a0d\u00f3na gust al menjar.\u00a0S\u00f3n especialistes en herbes arom\u00e0tiques, infusions i condiments. Us passegen per la cultura gastron\u00f2mica m\u00e9s tradicional i m\u00e9s contempor\u00e0nia i, tamb\u00e9 m\u00e9s internacional, amb els combinats d&#8217;esp\u00e8cies &#8216;Sabores del Mundo&#8217;.<\/strong><\/p>\n<p>[ezcol_1half]<\/p>\n<p><span style=\"color: #dd2125;\"><strong>CONDIMENTS DESTACATS<\/strong><\/span><\/p>\n<p><img decoding=\"async\" class=\"alignnone\" src=\"http:\/\/gastronomicament.cat\/wp-content\/uploads\/2014\/03\/tap-de-cort-ecolgic-cresp.jpg\" alt=\"\" width=\"300\" height=\"180\" \/><\/p>\n<p><strong>Pebre tap de cort\u00ed<\/strong><\/p>\n<p>\u00c9s un dels productes estrella. \u00c9s el pebre tradicional que s&#8217;usa per fer la sobrassada. Esp\u00e8cies Cresp\u00ed t\u00e9 plantacions a Manacor, Pollen\u00e7a, Inca i Felanitx. A la f\u00e0brica del Pol\u00edgon de Son Castell\u00f3 netegen, assequen, trossegen i molen el pebre de tap de cort\u00ed, arribat directament del camp. Despr\u00e9s s&#8217;envasa. \u00c9s una <strong>producci\u00f3 ecol\u00f2gica<\/strong> molt apreciada per cuinar.<\/p>\n<p><strong>4 esp\u00e8cies<\/strong><\/p>\n<p>\u00c9s un preparat ideal per a l&#8217;<strong>arr\u00f2s brut<\/strong> i per preparar brou. Combina les esp\u00e8cies seg\u00fcents: pebre bo, clau, pebre de Jamaica, canyella i nou moscada.<\/p>\n<p><strong>Curri<\/strong><\/p>\n<p>Hi ha una gran varietat de curris a Esp\u00e8cies Cresp\u00ed:<\/p>\n<ul>\n<li><em>Curri London<\/em>: m\u00e9s europeitzat<\/li>\n<li><em>Curri India<\/em>: el m\u00e9s origin\u00e0ria<\/li>\n<li><em>Curri verd<\/em>: d\u00f3na un color diferent als plats<\/li>\n<li><em>Curri de vi<\/em>: amb llavor i popa de ra\u00efm<\/li>\n<li><em>Curri lemon<\/em>: amb un toc de llimona<\/li>\n<\/ul>\n<p>I a m\u00e9s, tot el que necessitau per condimentar les vostres creacions culin\u00e0ries:<\/p>\n<p><strong>an\u00eds<\/strong>, safr\u00e0, <strong>canyella<\/strong>, cardamom, <strong>coriandre<\/strong>, clau, <strong>all<\/strong>, caiena, <strong>com\u00ed<\/strong>, nou moscada, <strong>orenga<\/strong>, moraduix, <strong>pebre bo<\/strong> i molt m\u00e9s.<\/p>\n<p>[\/ezcol_1half][ezcol_1half_end]<\/p>\n<p><strong style=\"color: #dd2125;\">PLANTES MEDICINALS<\/strong><\/p>\n<p>Tenen tot tipus d&#8217;herbes i plantes per a remeis casolans: <strong>Flor de taronger<\/strong>, cua de cavall, <strong>llorer<\/strong>, herballu\u00efsa, <strong>regalim<\/strong>, menta, <strong>farigola<\/strong>, etc.<\/p>\n<p><span style=\"color: #dd2125;\"><strong>TE I INFUSIONS<\/strong><\/span><\/p>\n<p><span style=\"color: #dd2125;\"><img decoding=\"async\" class=\"alignnone\" src=\"http:\/\/gastronomicament.cat\/wp-content\/uploads\/2014\/03\/te-amo.jpg\" alt=\"\" width=\"300\" height=\"178\" \/><br \/>\nT\u00e9 Amo<\/span> \u00e9s \u00a0una selecci\u00f3 de tes de diferents continents per assaborir diferents cultures i indrets del m\u00f3n. S\u00f3n tes org\u00e0nics ja que segueixen les pautes del <strong>cultiu biol\u00f2gic<\/strong> controlat (KBA), sense adobs ni pesticides qu\u00edmics.<\/p>\n<p>Hi ha m\u00e9s de 3.000 varietats arreu del planeta. Segons el clima, el m\u00e8tode de sembra i l&#8217;elaboraci\u00f3 es poden agrupar en 5 categories:<\/p>\n<ul>\n<ul>\n<li>Te blanc<\/li>\n<li>Te vermell<\/li>\n<li>Te verd<\/li>\n<li>Te negre<\/li>\n<li>Te oolong<\/li>\n<\/ul>\n<\/ul>\n<p>Tamb\u00e9 hi ha el te rooibos que no t\u00e9 cafe\u00efna ni te\u00efna, i els tes aromatitzats, que tenen fruites deshidratades, herbes medicinals o esp\u00e8cies.<\/p>\n<p><img decoding=\"async\" class=\"alignnone\" src=\"http:\/\/gastronomicament.cat\/wp-content\/uploads\/2014\/03\/espcies-cresp-logo.jpg\" alt=\"\" width=\"295\" height=\"180\" \/><\/p>\n<p>[\/ezcol_1half_end]<\/p>\n<p><span style=\"color: #df1f23;\"><strong>PETIT I GRAN CONSUMIDOR<\/strong><\/span><\/p>\n<p>Atenen les necessitats del sector de la\u00a0<strong>restauraci\u00f3<\/strong>\u00a0i\u00a0<strong>hoteleria<\/strong>.<\/p>\n<p>Tamb\u00e9 responen les demandes del\u00a0<strong>consumidor particular<\/strong>, amb bosses petites de f\u00e8cula de patata (per fer quartos), budells per fer les sobrassades, detalls per ensumar, condimentar i regalar, i molt m\u00e9s.<\/p>\n<h4>Botigues i localitzaci\u00f3<\/h4>\n<p>[ezcol_1third]<\/p>\n<p><strong>F\u00e0brica i magatzem<br \/>\n<\/strong><strong>Pol\u00edgon de Son Castell\u00f3<br \/>\n<\/strong><span style=\"color: #dd2125;\"><a href=\"https:\/\/maps.google.cat\/maps?q=Gremi+Boters,+37.+Palma&amp;hl=ca&amp;sll=37.0625,-95.677068&amp;sspn=42.901912,79.013672&amp;hq=Gremi+Boters,+37.&amp;hnear=Palma,+Illes+Balears,+Espanya&amp;t=m&amp;z=13\" target=\"_blank\" rel=\"noopener\"><span style=\"color: #dd2125;\">Gremi Boters, 37.<\/span><\/a><\/span> Palma<br \/>\nTel\u00e8fon: <span style=\"color: #dd2125;\"><a href=\"tel:971432770\"><span style=\"color: #dd2125;\">971 43 27 70<\/span><\/a><\/span><br \/>\n<em>Horari:<br \/>\n<\/em><em>De dilluns a dijous: de 8 a 18 h<br \/>\n<\/em><em>Divendres: de 8 a 15 h<\/em><\/p>\n<p>[\/ezcol_1third][ezcol_1third]<\/p>\n<p><strong>Mercat d&#8217;Inca<br \/>\n<\/strong><span style=\"color: #dd2125;\"><a href=\"https:\/\/maps.google.cat\/maps?q=Carrer+Born,+28.+Inca&amp;hl=ca&amp;sll=39.720606,2.911227&amp;sspn=0.010216,0.01929&amp;hnear=Carrer+des+Born,+28,+07300+Inca,+Illes+Balears,+Espanya&amp;t=m&amp;z=16\" target=\"_blank\" rel=\"noopener\"><span style=\"color: #dd2125;\">Pla\u00e7a del Mercat, 4.<\/span><\/a><\/span> Inca<br \/>\nTel\u00e8fon: <a href=\"tel:971883307\"><span style=\"color: #dd2125;\">971 88 33 07<\/span><\/a><br \/>\nHorari:\u00a0<em>De dilluns a dijous: de 8 a 14 h\u00a0<\/em><em>Divendres i dissabte: de 8 a 14.30 h<\/em><\/p>\n<p>[\/ezcol_1third] [ezcol_1third_end]<\/p>\n<p><strong>Mercat de Santa Catalina \u00a0 \u00a0<\/strong><span style=\"color: #dd2125;\"><a href=\"https:\/\/maps.google.cat\/maps?q=Mercat+de+Santa+Catalina.+Palma&amp;hl=ca&amp;ll=39.571475,2.638628&amp;spn=0.010238,0.01929&amp;sll=39.573824,2.653584&amp;sspn=0.010238,0.01929&amp;t=m&amp;z=16&amp;iwloc=A\" target=\"_blank\" rel=\"noopener\"><span style=\"color: #dd2125;\">Pla\u00e7a Navegaci\u00f3, s\/n, parades 56 i 57.<\/span><\/a><\/span> Palma<br \/>\nTel\u00e8fon: <span style=\"color: #dd2125;\"><a href=\"tel:971738085\"><span style=\"color: #dd2125;\">971 73 80 85<\/span><\/a><\/span> Horari:\u00a0<em>De dilluns a dijous: de 8 a 14 h\u00a0<\/em><em>Divendres i dissabte: de 8 a 14.30 h<\/em><\/p>\n<p>[\/ezcol_1third_end][ezcol_1third]<\/p>\n<p><strong>Botiga del carrer Sindicat<br \/>\n<\/strong><span style=\"color: #dd2125;\"><a href=\"https:\/\/maps.google.cat\/maps?q=Carrer+Sindicat,+64.+Palma&amp;hl=ca&amp;sll=39.590278,2.658981&amp;sspn=0.081885,0.154324&amp;hnear=Carrer+Sindicat,+64,+07002+Palma,+Illes+Balears,+Espanya&amp;t=m&amp;z=16\" target=\"_blank\" rel=\"noopener\"><span style=\"color: #dd2125;\">Carrer Sindicat, 64.<\/span><\/a><\/span> Palma<br \/>\nTel\u00e8fon: <span style=\"color: #dd2125;\"><a href=\"tel:971715640\"><span style=\"color: #dd2125;\">971 71 56 40<\/span><\/a><\/span><br \/>\n<em>Horari:<br \/>\n<\/em><em>De dilluns a dissabte: de 9.30 a 13.30 i de 17 a 20.30 h<\/em><\/p>\n<p>[\/ezcol_1third][ezcol_1third]<\/p>\n<p><strong>Mercat de l&#8217;Olivar<br \/>\n<\/strong><span style=\"color: #dd2125;\"><a href=\"https:\/\/maps.google.cat\/maps?q=Mercat+de+l%27Olivar.+Palma&amp;hl=ca&amp;ll=39.573824,2.653584&amp;spn=0.010238,0.01929&amp;sll=39.7206,2.911234&amp;sspn=0.010216,0.01929&amp;t=m&amp;z=16&amp;iwloc=A\" target=\"_blank\" rel=\"noopener\"><span style=\"color: #dd2125;\">Pl. Rossell\u00f3, locals 116 i 117.<\/span><\/a><\/span> Palma\u00a0Tel\u00e8fon: <span style=\"color: #dd2125;\"><a href=\"tel:971720637\"><span style=\"color: #dd2125;\">971 72 06 37<\/span><\/a><\/span> <em>Horari:\u00a0<\/em><em>De dilluns a dijous: de 8 a 14 h\u00a0<\/em><em>Div. i dissabte: de 8 a 14.30 h<\/em><\/p>\n<p>[\/ezcol_1third] [ezcol_1third_end]<\/p>\n<p><strong>Web<\/strong>:<br \/>\n<strong><span style=\"color: #ff0000;\"><a title=\"Especias Cresp\u00ed\" href=\"http:\/\/www.especiascrespi.com\"><span style=\"color: #ff0000;\">www.especiascrespi.com<\/span><\/a><\/span><\/strong><\/p>\n<p>[\/ezcol_1third_end]<!--more--><\/p>\n","protected":false},"excerpt":{"rendered":"<p>Esp\u00e8cies Cresp\u00ed d\u00f3na gust al menjar. S\u00f3n especialistes en herbes arom\u00e0tiques, infusions i condiments.<\/p>\n","protected":false},"author":1,"featured_media":37918,"menu_order":0,"comment_status":"open","ping_status":"closed","template":"","format":"gallery","meta":{"_acf_changed":false,"_swt_meta_header_display":false,"_swt_meta_footer_display":false,"_swt_meta_site_title_display":false,"_swt_meta_sticky_header":false,"_swt_meta_transparent_header":false,"footnotes":""},"categories":[1545,1332],"empresa":[],"tipus-producte":[],"coauthors":[],"class_list":["post-71795","alimentacio","type-alimentacio","status-publish","format-gallery","has-post-thumbnail","hentry","category-alimentacio-es","category-recomanat-es"],"acf":{"gallery":null,"home_date":{"home_begin_date":null,"home_end_date":null}},"yoast_head":"<!-- This site is optimized with the Yoast SEO plugin v27.4 - https:\/\/yoast.com\/product\/yoast-seo-wordpress\/ -->\n<title>Especias Cresp\u00ed<\/title>\n<meta name=\"description\" content=\"Especias Cresp\u00ed \/ Esp\u00e8cies Cresp\u00ed \/ Esp\u00edcis Cresp\u00ed\" \/>\n<meta name=\"robots\" content=\"index, follow, max-snippet:-1, max-image-preview:large, max-video-preview:-1\" \/>\n<link rel=\"canonical\" href=\"https:\/\/gastronomicament.cat\/es\/alimentacio\/especias-crespi\" \/>\n<meta property=\"og:locale\" content=\"es_ES\" \/>\n<meta property=\"og:type\" content=\"article\" \/>\n<meta property=\"og:title\" content=\"Especias Cresp\u00ed\" \/>\n<meta property=\"og:description\" content=\"Especias Cresp\u00ed \/ Esp\u00e8cies Cresp\u00ed \/ Esp\u00edcis Cresp\u00ed\" \/>\n<meta property=\"og:url\" content=\"https:\/\/gastronomicament.cat\/es\/alimentacio\/especias-crespi\" \/>\n<meta property=\"og:site_name\" content=\"Gastron\u00f2micament\" \/>\n<meta property=\"article:modified_time\" content=\"2022-04-09T09:40:59+00:00\" \/>\n<meta property=\"og:image\" content=\"https:\/\/gastronomicament.cat\/wp-content\/uploads\/2014\/02\/img_8337.jpg\" \/>\n\t<meta property=\"og:image:width\" content=\"1000\" \/>\n\t<meta property=\"og:image:height\" content=\"667\" \/>\n\t<meta property=\"og:image:type\" content=\"image\/jpeg\" \/>\n<meta name=\"twitter:card\" content=\"summary_large_image\" \/>\n<meta name=\"twitter:site\" content=\"@gastronomicamen\" \/>\n<meta name=\"twitter:label1\" content=\"Tiempo de lectura\" \/>\n\t<meta name=\"twitter:data1\" content=\"3 minutos\" \/>\n\t<meta name=\"twitter:label2\" content=\"Written by\" \/>\n\t<meta name=\"twitter:data2\" content=\"Redacci\u00f3\" \/>\n<script type=\"application\/ld+json\" class=\"yoast-schema-graph\">{\"@context\":\"https:\\\/\\\/schema.org\",\"@graph\":[{\"@type\":\"WebPage\",\"@id\":\"https:\\\/\\\/gastronomicament.cat\\\/es\\\/alimentacio\\\/especias-crespi\",\"url\":\"https:\\\/\\\/gastronomicament.cat\\\/es\\\/alimentacio\\\/especias-crespi\",\"name\":\"Especias Cresp\u00ed\",\"isPartOf\":{\"@id\":\"https:\\\/\\\/gastronomicament.cat\\\/es\\\/#website\"},\"primaryImageOfPage\":{\"@id\":\"https:\\\/\\\/gastronomicament.cat\\\/es\\\/alimentacio\\\/especias-crespi#primaryimage\"},\"image\":{\"@id\":\"https:\\\/\\\/gastronomicament.cat\\\/es\\\/alimentacio\\\/especias-crespi#primaryimage\"},\"thumbnailUrl\":\"https:\\\/\\\/gastronomicament.cat\\\/wp-content\\\/uploads\\\/2014\\\/02\\\/img_8337.jpg\",\"datePublished\":\"2014-02-20T22:00:41+00:00\",\"dateModified\":\"2022-04-09T09:40:59+00:00\",\"description\":\"Especias Cresp\u00ed \\\/ Esp\u00e8cies Cresp\u00ed \\\/ Esp\u00edcis Cresp\u00ed\",\"breadcrumb\":{\"@id\":\"https:\\\/\\\/gastronomicament.cat\\\/es\\\/alimentacio\\\/especias-crespi#breadcrumb\"},\"inLanguage\":\"es\",\"potentialAction\":[{\"@type\":\"ReadAction\",\"target\":[\"https:\\\/\\\/gastronomicament.cat\\\/es\\\/alimentacio\\\/especias-crespi\"]}]},{\"@type\":\"ImageObject\",\"inLanguage\":\"es\",\"@id\":\"https:\\\/\\\/gastronomicament.cat\\\/es\\\/alimentacio\\\/especias-crespi#primaryimage\",\"url\":\"https:\\\/\\\/gastronomicament.cat\\\/wp-content\\\/uploads\\\/2014\\\/02\\\/img_8337.jpg\",\"contentUrl\":\"https:\\\/\\\/gastronomicament.cat\\\/wp-content\\\/uploads\\\/2014\\\/02\\\/img_8337.jpg\",\"width\":1000,\"height\":667},{\"@type\":\"BreadcrumbList\",\"@id\":\"https:\\\/\\\/gastronomicament.cat\\\/es\\\/alimentacio\\\/especias-crespi#breadcrumb\",\"itemListElement\":[{\"@type\":\"ListItem\",\"position\":1,\"name\":\"Alimentaci\u00f3\",\"item\":\"https:\\\/\\\/gastronomicament.cat\\\/es\\\/cercador-alimentacio\"},{\"@type\":\"ListItem\",\"position\":2,\"name\":\"Esp\u00e8cies Cresp\u00ed\"}]},{\"@type\":\"WebSite\",\"@id\":\"https:\\\/\\\/gastronomicament.cat\\\/es\\\/#website\",\"url\":\"https:\\\/\\\/gastronomicament.cat\\\/es\\\/\",\"name\":\"Gastron\u00f2micament\",\"description\":\"Portal de restaurants, receptes i actualitat gastron\u00f2mica\",\"publisher\":{\"@id\":\"https:\\\/\\\/gastronomicament.cat\\\/es\\\/#organization\"},\"potentialAction\":[{\"@type\":\"SearchAction\",\"target\":{\"@type\":\"EntryPoint\",\"urlTemplate\":\"https:\\\/\\\/gastronomicament.cat\\\/es\\\/?s={search_term_string}\"},\"query-input\":{\"@type\":\"PropertyValueSpecification\",\"valueRequired\":true,\"valueName\":\"search_term_string\"}}],\"inLanguage\":\"es\"},{\"@type\":\"Organization\",\"@id\":\"https:\\\/\\\/gastronomicament.cat\\\/es\\\/#organization\",\"name\":\"Gastron\u00f2micament\",\"url\":\"https:\\\/\\\/gastronomicament.cat\\\/es\\\/\",\"logo\":{\"@type\":\"ImageObject\",\"inLanguage\":\"es\",\"@id\":\"https:\\\/\\\/gastronomicament.cat\\\/es\\\/#\\\/schema\\\/logo\\\/image\\\/\",\"url\":\"https:\\\/\\\/gastronomicament.cat\\\/wp-content\\\/uploads\\\/2016\\\/09\\\/header-logo.jpg\",\"contentUrl\":\"https:\\\/\\\/gastronomicament.cat\\\/wp-content\\\/uploads\\\/2016\\\/09\\\/header-logo.jpg\",\"width\":277,\"height\":39,\"caption\":\"Gastron\u00f2micament\"},\"image\":{\"@id\":\"https:\\\/\\\/gastronomicament.cat\\\/es\\\/#\\\/schema\\\/logo\\\/image\\\/\"},\"sameAs\":[\"https:\\\/\\\/x.com\\\/gastronomicamen\"]}]}<\/script>\n<!-- \/ Yoast SEO plugin. -->","yoast_head_json":{"title":"Especias Cresp\u00ed","description":"Especias Cresp\u00ed \/ Esp\u00e8cies Cresp\u00ed \/ Esp\u00edcis Cresp\u00ed","robots":{"index":"index","follow":"follow","max-snippet":"max-snippet:-1","max-image-preview":"max-image-preview:large","max-video-preview":"max-video-preview:-1"},"canonical":"https:\/\/gastronomicament.cat\/es\/alimentacio\/especias-crespi","og_locale":"es_ES","og_type":"article","og_title":"Especias Cresp\u00ed","og_description":"Especias Cresp\u00ed \/ Esp\u00e8cies Cresp\u00ed \/ Esp\u00edcis Cresp\u00ed","og_url":"https:\/\/gastronomicament.cat\/es\/alimentacio\/especias-crespi","og_site_name":"Gastron\u00f2micament","article_modified_time":"2022-04-09T09:40:59+00:00","og_image":[{"width":1000,"height":667,"url":"https:\/\/gastronomicament.cat\/wp-content\/uploads\/2014\/02\/img_8337.jpg","type":"image\/jpeg"}],"twitter_card":"summary_large_image","twitter_site":"@gastronomicamen","twitter_misc":{"Tiempo de lectura":"3 minutos","Written by":"Redacci\u00f3"},"schema":{"@context":"https:\/\/schema.org","@graph":[{"@type":"WebPage","@id":"https:\/\/gastronomicament.cat\/es\/alimentacio\/especias-crespi","url":"https:\/\/gastronomicament.cat\/es\/alimentacio\/especias-crespi","name":"Especias Cresp\u00ed","isPartOf":{"@id":"https:\/\/gastronomicament.cat\/es\/#website"},"primaryImageOfPage":{"@id":"https:\/\/gastronomicament.cat\/es\/alimentacio\/especias-crespi#primaryimage"},"image":{"@id":"https:\/\/gastronomicament.cat\/es\/alimentacio\/especias-crespi#primaryimage"},"thumbnailUrl":"https:\/\/gastronomicament.cat\/wp-content\/uploads\/2014\/02\/img_8337.jpg","datePublished":"2014-02-20T22:00:41+00:00","dateModified":"2022-04-09T09:40:59+00:00","description":"Especias Cresp\u00ed \/ Esp\u00e8cies Cresp\u00ed \/ Esp\u00edcis Cresp\u00ed","breadcrumb":{"@id":"https:\/\/gastronomicament.cat\/es\/alimentacio\/especias-crespi#breadcrumb"},"inLanguage":"es","potentialAction":[{"@type":"ReadAction","target":["https:\/\/gastronomicament.cat\/es\/alimentacio\/especias-crespi"]}]},{"@type":"ImageObject","inLanguage":"es","@id":"https:\/\/gastronomicament.cat\/es\/alimentacio\/especias-crespi#primaryimage","url":"https:\/\/gastronomicament.cat\/wp-content\/uploads\/2014\/02\/img_8337.jpg","contentUrl":"https:\/\/gastronomicament.cat\/wp-content\/uploads\/2014\/02\/img_8337.jpg","width":1000,"height":667},{"@type":"BreadcrumbList","@id":"https:\/\/gastronomicament.cat\/es\/alimentacio\/especias-crespi#breadcrumb","itemListElement":[{"@type":"ListItem","position":1,"name":"Alimentaci\u00f3","item":"https:\/\/gastronomicament.cat\/es\/cercador-alimentacio"},{"@type":"ListItem","position":2,"name":"Esp\u00e8cies Cresp\u00ed"}]},{"@type":"WebSite","@id":"https:\/\/gastronomicament.cat\/es\/#website","url":"https:\/\/gastronomicament.cat\/es\/","name":"Gastron\u00f2micament","description":"Portal de restaurants, receptes i actualitat gastron\u00f2mica","publisher":{"@id":"https:\/\/gastronomicament.cat\/es\/#organization"},"potentialAction":[{"@type":"SearchAction","target":{"@type":"EntryPoint","urlTemplate":"https:\/\/gastronomicament.cat\/es\/?s={search_term_string}"},"query-input":{"@type":"PropertyValueSpecification","valueRequired":true,"valueName":"search_term_string"}}],"inLanguage":"es"},{"@type":"Organization","@id":"https:\/\/gastronomicament.cat\/es\/#organization","name":"Gastron\u00f2micament","url":"https:\/\/gastronomicament.cat\/es\/","logo":{"@type":"ImageObject","inLanguage":"es","@id":"https:\/\/gastronomicament.cat\/es\/#\/schema\/logo\/image\/","url":"https:\/\/gastronomicament.cat\/wp-content\/uploads\/2016\/09\/header-logo.jpg","contentUrl":"https:\/\/gastronomicament.cat\/wp-content\/uploads\/2016\/09\/header-logo.jpg","width":277,"height":39,"caption":"Gastron\u00f2micament"},"image":{"@id":"https:\/\/gastronomicament.cat\/es\/#\/schema\/logo\/image\/"},"sameAs":["https:\/\/x.com\/gastronomicamen"]}]}},"_links":{"self":[{"href":"https:\/\/gastronomicament.cat\/es\/wp-json\/wp\/v2\/alimentacio\/71795","targetHints":{"allow":["GET"]}}],"collection":[{"href":"https:\/\/gastronomicament.cat\/es\/wp-json\/wp\/v2\/alimentacio"}],"about":[{"href":"https:\/\/gastronomicament.cat\/es\/wp-json\/wp\/v2\/types\/alimentacio"}],"author":[{"embeddable":true,"href":"https:\/\/gastronomicament.cat\/es\/wp-json\/wp\/v2\/users\/1"}],"replies":[{"embeddable":true,"href":"https:\/\/gastronomicament.cat\/es\/wp-json\/wp\/v2\/comments?post=71795"}],"version-history":[{"count":0,"href":"https:\/\/gastronomicament.cat\/es\/wp-json\/wp\/v2\/alimentacio\/71795\/revisions"}],"wp:featuredmedia":[{"embeddable":true,"href":"https:\/\/gastronomicament.cat\/es\/wp-json\/wp\/v2\/media\/37918"}],"wp:attachment":[{"href":"https:\/\/gastronomicament.cat\/es\/wp-json\/wp\/v2\/media?parent=71795"}],"wp:term":[{"taxonomy":"category","embeddable":true,"href":"https:\/\/gastronomicament.cat\/es\/wp-json\/wp\/v2\/categories?post=71795"},{"taxonomy":"empresa","embeddable":true,"href":"https:\/\/gastronomicament.cat\/es\/wp-json\/wp\/v2\/empresa?post=71795"},{"taxonomy":"tipus_producte","embeddable":true,"href":"https:\/\/gastronomicament.cat\/es\/wp-json\/wp\/v2\/tipus-producte?post=71795"},{"taxonomy":"author","embeddable":true,"href":"https:\/\/gastronomicament.cat\/es\/wp-json\/wp\/v2\/coauthors?post=71795"}],"curies":[{"name":"wp","href":"https:\/\/api.w.org\/{rel}","templated":true}]}}