{"id":93146,"date":"2024-12-18T10:28:21","date_gmt":"2024-12-18T09:28:21","guid":{"rendered":"https:\/\/web2025.gastronomicament.cat\/inici"},"modified":"2026-04-22T13:42:24","modified_gmt":"2026-04-22T11:42:24","slug":"inici","status":"publish","type":"page","link":"https:\/\/gastronomicament.cat\/es","title":{"rendered":"Inici"},"content":{"rendered":"<div class=\"gb-container gb-container-c56362b5 alignfull\">\n<div class=\"gb-container gb-container-415a7530\">\n\n<div class=\"gb-grid-wrapper gb-grid-wrapper-dfa0b36a home-grid-posts-loop  gb-query-loop-wrapper\">\n<div class=\"gb-grid-column gb-grid-column-3fee5483 gb-query-loop-item post-79051 post type-post status-publish format-gallery has-post-thumbnail hentry category-actualitat category-inici category-reportatges-i-novetats category-sin-categorizar post_format-post-format-gallery\"><div class=\"gb-container gb-container-3fee5483 archive-template-grid-item\">\n<figure class=\"gb-block-image gb-block-image-9058f571\"><a href=\"https:\/\/gastronomicament.cat\/es\/la-cuina-de-can-march-es-marida-amb-els-vins-butxet\"><img decoding=\"async\" width=\"1440\" height=\"1276\" src=\"https:\/\/gastronomicament.cat\/wp-content\/uploads\/2022\/10\/Miquel-Gelabert-Llorenc-Butxet.jpg\" class=\"gb-image-9058f571 archive-featured-img\" alt=\"\" srcset=\"https:\/\/gastronomicament.cat\/wp-content\/uploads\/2022\/10\/Miquel-Gelabert-Llorenc-Butxet.jpg 1440w, https:\/\/gastronomicament.cat\/wp-content\/uploads\/2022\/10\/Miquel-Gelabert-Llorenc-Butxet-300x266.jpg 300w, https:\/\/gastronomicament.cat\/wp-content\/uploads\/2022\/10\/Miquel-Gelabert-Llorenc-Butxet-1024x907.jpg 1024w, https:\/\/gastronomicament.cat\/wp-content\/uploads\/2022\/10\/Miquel-Gelabert-Llorenc-Butxet-768x681.jpg 768w, https:\/\/gastronomicament.cat\/wp-content\/uploads\/2022\/10\/Miquel-Gelabert-Llorenc-Butxet-480x425.jpg 480w\" sizes=\"(max-width: 1440px) 100vw, 1440px\" \/><\/a><\/figure>\n\n<div class=\"gb-container gb-container-e2e119a4\">\n<div class=\"gb-container gb-container-581a0b98 categories-time-container\">\n<p class=\"gb-headline gb-headline-03c10023 grid-item-post-date gb-headline-text\"><time class=\"entry-date published\" datetime=\"2022-10-27T10:36:39+02:00\">27 de octubre de 2022<\/time><\/p>\n\n<p class=\"gb-headline gb-headline-1f47154d cat-list gb-headline-text\"><span class=\"post-term-item term-actualitat\"><a href=\"https:\/\/gastronomicament.cat\/es\/seccio\/actualitat\">Actualitat<\/a><\/span> \/ <span class=\"post-term-item term-inici\"><a href=\"https:\/\/gastronomicament.cat\/es\/seccio\/inici\">Portada<\/a><\/span> \/ <span class=\"post-term-item term-reportatges-i-novetats\"><a href=\"https:\/\/gastronomicament.cat\/es\/seccio\/actualitat\/reportatges-i-novetats\">Reportatges i novetats<\/a><\/span> \/ <span class=\"post-term-item term-sin-categorizar\"><a href=\"https:\/\/gastronomicament.cat\/es\/seccio\/sin-categorizar\">Sin categorizar<\/a><\/span><\/p>\n<\/div>\n\n<h2 class=\"gb-headline gb-headline-91971f26 grid-item-post-title is-style-underlined gb-headline-text\"><a href=\"https:\/\/gastronomicament.cat\/es\/la-cuina-de-can-march-es-marida-amb-els-vins-butxet\">La cuina de Can March es marida amb els vins Butxet<\/a><\/h2>\n\n<div class=\"gb-headline gb-headline-57148968 grid-item-post-excerpt gb-headline-text\">El sopar, que es far\u00e0 a Manacor, consisteix en un men\u00fa complet de cinc plats maridat&hellip;<\/div>\n<\/div>\n<\/div><\/div>\n\n<div class=\"gb-grid-column gb-grid-column-3fee5483 gb-query-loop-item post-78274 post type-post status-publish format-gallery has-post-thumbnail hentry category-actualitat category-fires-i-rutes category-inici category-sin-categorizar post_format-post-format-gallery\"><div class=\"gb-container gb-container-3fee5483 archive-template-grid-item\">\n<figure class=\"gb-block-image gb-block-image-9058f571\"><a href=\"https:\/\/gastronomicament.cat\/es\/tot-a-punt-per-a-la-segona-fira-de-la-cervesa-artesana-balear\"><img decoding=\"async\" width=\"1200\" height=\"801\" src=\"https:\/\/gastronomicament.cat\/wp-content\/uploads\/2022\/09\/Fira_Cervesa_Can_Picafort.jpg\" class=\"gb-image-9058f571 archive-featured-img\" alt=\"\" srcset=\"https:\/\/gastronomicament.cat\/wp-content\/uploads\/2022\/09\/Fira_Cervesa_Can_Picafort.jpg 1200w, https:\/\/gastronomicament.cat\/wp-content\/uploads\/2022\/09\/Fira_Cervesa_Can_Picafort-300x200.jpg 300w, https:\/\/gastronomicament.cat\/wp-content\/uploads\/2022\/09\/Fira_Cervesa_Can_Picafort-1024x684.jpg 1024w, https:\/\/gastronomicament.cat\/wp-content\/uploads\/2022\/09\/Fira_Cervesa_Can_Picafort-768x513.jpg 768w, https:\/\/gastronomicament.cat\/wp-content\/uploads\/2022\/09\/Fira_Cervesa_Can_Picafort-720x480.jpg 720w, https:\/\/gastronomicament.cat\/wp-content\/uploads\/2022\/09\/Fira_Cervesa_Can_Picafort-480x320.jpg 480w\" sizes=\"(max-width: 1200px) 100vw, 1200px\" \/><\/a><\/figure>\n\n<div class=\"gb-container gb-container-e2e119a4\">\n<div class=\"gb-container gb-container-581a0b98 categories-time-container\">\n<p class=\"gb-headline gb-headline-03c10023 grid-item-post-date gb-headline-text\"><time class=\"entry-date published\" datetime=\"2022-09-15T10:26:15+02:00\">15 de septiembre de 2022<\/time><\/p>\n\n<p class=\"gb-headline gb-headline-1f47154d cat-list gb-headline-text\"><span class=\"post-term-item term-actualitat\"><a href=\"https:\/\/gastronomicament.cat\/es\/seccio\/actualitat\">Actualitat<\/a><\/span> \/ <span class=\"post-term-item term-fires-i-rutes\"><a href=\"https:\/\/gastronomicament.cat\/es\/seccio\/actualitat\/fires-i-rutes\">Fires i rutes<\/a><\/span> \/ <span class=\"post-term-item term-inici\"><a href=\"https:\/\/gastronomicament.cat\/es\/seccio\/inici\">Portada<\/a><\/span> \/ <span class=\"post-term-item term-sin-categorizar\"><a href=\"https:\/\/gastronomicament.cat\/es\/seccio\/sin-categorizar\">Sin categorizar<\/a><\/span><\/p>\n<\/div>\n\n<h2 class=\"gb-headline gb-headline-91971f26 grid-item-post-title is-style-underlined gb-headline-text\"><a href=\"https:\/\/gastronomicament.cat\/es\/tot-a-punt-per-a-la-segona-fira-de-la-cervesa-artesana-balear\">Tot a punt per a la segona Fira de la Cervesa Artesana Balear<\/a><\/h2>\n\n<div class=\"gb-headline gb-headline-57148968 grid-item-post-excerpt gb-headline-text\">Can Picafort acollir\u00e0 aquesta cita els dies 16, 17 i 18 de setembre de 2022<\/div>\n<\/div>\n<\/div><\/div>\n\n<div class=\"gb-grid-column gb-grid-column-3fee5483 gb-query-loop-item post-78578 post type-post status-publish format-standard has-post-thumbnail hentry category-actualitat category-fires-i-rutes category-inici category-sin-categorizar\"><div class=\"gb-container gb-container-3fee5483 archive-template-grid-item\">\n<figure class=\"gb-block-image gb-block-image-9058f571\"><a href=\"https:\/\/gastronomicament.cat\/es\/esporles-torna-a-celebrar-la-fira-mes-dolca-de-mallorca\"><img decoding=\"async\" width=\"764\" height=\"614\" src=\"https:\/\/gastronomicament.cat\/wp-content\/uploads\/2022\/09\/Fira-Dolca-Esporles-2022-1.jpg\" class=\"gb-image-9058f571 archive-featured-img\" alt=\"\" srcset=\"https:\/\/gastronomicament.cat\/wp-content\/uploads\/2022\/09\/Fira-Dolca-Esporles-2022-1.jpg 764w, https:\/\/gastronomicament.cat\/wp-content\/uploads\/2022\/09\/Fira-Dolca-Esporles-2022-1-300x241.jpg 300w, https:\/\/gastronomicament.cat\/wp-content\/uploads\/2022\/09\/Fira-Dolca-Esporles-2022-1-480x386.jpg 480w\" sizes=\"(max-width: 764px) 100vw, 764px\" \/><\/a><\/figure>\n\n<div class=\"gb-container gb-container-e2e119a4\">\n<div class=\"gb-container gb-container-581a0b98 categories-time-container\">\n<p class=\"gb-headline gb-headline-03c10023 grid-item-post-date gb-headline-text\"><time class=\"entry-date published\" datetime=\"2022-09-29T10:06:45+02:00\">29 de septiembre de 2022<\/time><\/p>\n\n<p class=\"gb-headline gb-headline-1f47154d cat-list gb-headline-text\"><span class=\"post-term-item term-actualitat\"><a href=\"https:\/\/gastronomicament.cat\/es\/seccio\/actualitat\">Actualitat<\/a><\/span> \/ <span class=\"post-term-item term-fires-i-rutes\"><a href=\"https:\/\/gastronomicament.cat\/es\/seccio\/actualitat\/fires-i-rutes\">Fires i rutes<\/a><\/span> \/ <span class=\"post-term-item term-inici\"><a href=\"https:\/\/gastronomicament.cat\/es\/seccio\/inici\">Portada<\/a><\/span> \/ <span class=\"post-term-item term-sin-categorizar\"><a href=\"https:\/\/gastronomicament.cat\/es\/seccio\/sin-categorizar\">Sin categorizar<\/a><\/span><\/p>\n<\/div>\n\n<h2 class=\"gb-headline gb-headline-91971f26 grid-item-post-title is-style-underlined gb-headline-text\"><a href=\"https:\/\/gastronomicament.cat\/es\/esporles-torna-a-celebrar-la-fira-mes-dolca-de-mallorca\">Esporles torna a celebrar la fira m\u00e9s dol\u00e7a de Mallorca<\/a><\/h2>\n\n<div class=\"gb-headline gb-headline-57148968 grid-item-post-excerpt gb-headline-text\">Hi haur\u00e0 m\u00e9s de 150 paradetes, amb el pa i la pasta dol\u00e7a com a protagonistes,&hellip;<\/div>\n<\/div>\n<\/div><\/div>\n\n<div class=\"gb-grid-column gb-grid-column-3fee5483 gb-query-loop-item post-103801 post type-post status-publish format-gallery has-post-thumbnail hentry category-actualitat category-inici category-reportatges-i-novetats post_format-post-format-gallery\"><div class=\"gb-container gb-container-3fee5483 archive-template-grid-item\">\n<figure class=\"gb-block-image gb-block-image-9058f571\"><a href=\"https:\/\/gastronomicament.cat\/es\/jornades-gastronomiques-de-peix-2026-de-menorca\"><img decoding=\"async\" width=\"1600\" height=\"1270\" src=\"https:\/\/gastronomicament.cat\/wp-content\/uploads\/2026\/04\/imgi_28_Jornades-gastronom-PEIX_2026_cartel-Featured.jpg\" class=\"gb-image-9058f571 archive-featured-img\" alt=\"\" srcset=\"https:\/\/gastronomicament.cat\/wp-content\/uploads\/2026\/04\/imgi_28_Jornades-gastronom-PEIX_2026_cartel-Featured.jpg 1600w, https:\/\/gastronomicament.cat\/wp-content\/uploads\/2026\/04\/imgi_28_Jornades-gastronom-PEIX_2026_cartel-Featured-300x238.jpg 300w, https:\/\/gastronomicament.cat\/wp-content\/uploads\/2026\/04\/imgi_28_Jornades-gastronom-PEIX_2026_cartel-Featured-1024x813.jpg 1024w, https:\/\/gastronomicament.cat\/wp-content\/uploads\/2026\/04\/imgi_28_Jornades-gastronom-PEIX_2026_cartel-Featured-768x610.jpg 768w, https:\/\/gastronomicament.cat\/wp-content\/uploads\/2026\/04\/imgi_28_Jornades-gastronom-PEIX_2026_cartel-Featured-1536x1219.jpg 1536w\" sizes=\"(max-width: 1600px) 100vw, 1600px\" \/><\/a><\/figure>\n\n<div class=\"gb-container gb-container-e2e119a4\">\n<div class=\"gb-container gb-container-581a0b98 categories-time-container\">\n<p class=\"gb-headline gb-headline-03c10023 grid-item-post-date gb-headline-text\"><time class=\"entry-date published\" datetime=\"2026-04-10T10:14:26+02:00\">10 de abril de 2026<\/time><\/p>\n\n<p class=\"gb-headline gb-headline-1f47154d cat-list gb-headline-text\"><span class=\"post-term-item term-actualitat\"><a href=\"https:\/\/gastronomicament.cat\/es\/seccio\/actualitat\">Actualitat<\/a><\/span> \/ <span class=\"post-term-item term-inici\"><a href=\"https:\/\/gastronomicament.cat\/es\/seccio\/inici\">Portada<\/a><\/span> \/ <span class=\"post-term-item term-reportatges-i-novetats\"><a href=\"https:\/\/gastronomicament.cat\/es\/seccio\/actualitat\/reportatges-i-novetats\">Reportatges i novetats<\/a><\/span><\/p>\n<\/div>\n\n<h2 class=\"gb-headline gb-headline-91971f26 grid-item-post-title is-style-underlined gb-headline-text\"><a href=\"https:\/\/gastronomicament.cat\/es\/jornades-gastronomiques-de-peix-2026-de-menorca\">Jornades Gastron\u00f2miques de Peix 2026 de Menorca\u00a0<\/a><\/h2>\n\n<div class=\"gb-headline gb-headline-57148968 grid-item-post-excerpt gb-headline-text\">La iniciativa de celebra a 10 restaurants de l&#8217;illa durant dos caps de setmana d&#8217;abril<\/div>\n<\/div>\n<\/div><\/div>\n<\/div>\n\n<\/div>\n<\/div>\n\n<div class=\"gb-container gb-container-2a0016ad alignfull\">\n<div class=\"gb-container gb-container-04cabeb8\">\n\n<h2 class=\"wp-block-heading is-style-section-tit\">Restaurants<\/h2>\n\n\n\n<div class=\"gb-grid-wrapper gb-grid-wrapper-d509eb09 home-grid-restaurants gb-query-loop-wrapper\">\n<div class=\"gb-grid-column gb-grid-column-013b6e31 gb-query-loop-item post-71634 restaurant type-restaurant status-publish format-gallery has-post-thumbnail hentry category-restaurants-es especialitat-cuina-catalana-es localitat-bot-es localitat-catalunya-es\"><div class=\"gb-container gb-container-013b6e31\">\n<figure style=\"aspect-ratio:1;width:100%;\" class=\"wp-block-post-featured-image\"><a href=\"https:\/\/gastronomicament.cat\/es\/restaurant\/restaurant-can-josep-bot\" target=\"_self\"  ><img decoding=\"async\" width=\"540\" height=\"390\" src=\"https:\/\/gastronomicament.cat\/wp-content\/uploads\/2014\/02\/cache_fotos_menjador_007_nbo_540x390.jpg\" class=\"attachment-post-thumbnail size-post-thumbnail wp-post-image\" alt=\"Restaurant Can Josep\" style=\"width:100%;height:100%;object-fit:cover;\" srcset=\"https:\/\/gastronomicament.cat\/wp-content\/uploads\/2014\/02\/cache_fotos_menjador_007_nbo_540x390.jpg 540w, https:\/\/gastronomicament.cat\/wp-content\/uploads\/2014\/02\/cache_fotos_menjador_007_nbo_540x390-300x217.jpg 300w, https:\/\/gastronomicament.cat\/wp-content\/uploads\/2014\/02\/cache_fotos_menjador_007_nbo_540x390-69x50.jpg 69w\" sizes=\"(max-width: 540px) 100vw, 540px\" \/><\/a><\/figure>\n\n<h3 class=\"gb-headline gb-headline-ca05ad19 is-style-underlined gb-headline-text\"><a href=\"https:\/\/gastronomicament.cat\/es\/restaurant\/restaurant-can-josep-bot\">Restaurant Can Josep<\/a><\/h3>\n\n<div class=\"gb-headline gb-headline-c4cab8c4 home-grid-restaurants-excerpt gb-headline-text\">Establiment familiar amb dos branques de negoci: hotel rural i restaurant. L&#8217;hotel \u00e9s petit, compta amb vuit habitacions i una suite de duesestrelles. El restaurant \u00e9s de cuina tradicional i acurada. Plats caracter\u00edstics del restaurant Can Josep Peus de porc farcits amb bortifarra de carn. Pollastre de corral rostit amb prunes i pinyons. Trinxat de [&hellip;]<\/div>\n<\/div><\/div>\n\n<div class=\"gb-grid-column gb-grid-column-013b6e31 gb-query-loop-item post-53528 restaurant type-restaurant status-publish format-gallery has-post-thumbnail hentry category-restaurants-es destacatper-celebracions-i-grups-es especialitat-rostidoria-es localitat-genova-palma-es localitat-mallorca-es localitat-palma-es preu-entre-20-i-30-euros-es\"><div class=\"gb-container gb-container-013b6e31\">\n<figure style=\"aspect-ratio:1;width:100%;\" class=\"wp-block-post-featured-image\"><a href=\"https:\/\/gastronomicament.cat\/es\/restaurant\/restaurant-lume\" target=\"_self\"  ><img decoding=\"async\" width=\"1800\" height=\"1202\" src=\"https:\/\/gastronomicament.cat\/wp-content\/uploads\/2018\/05\/Lumei-Co-Restaurant-Genova-Mallorca.jpg\" class=\"attachment-post-thumbnail size-post-thumbnail wp-post-image\" alt=\"Restaurant Lume\" style=\"width:100%;height:100%;object-fit:cover;\" srcset=\"https:\/\/gastronomicament.cat\/wp-content\/uploads\/2018\/05\/Lumei-Co-Restaurant-Genova-Mallorca.jpg 1800w, https:\/\/gastronomicament.cat\/wp-content\/uploads\/2018\/05\/Lumei-Co-Restaurant-Genova-Mallorca-300x200.jpg 300w, https:\/\/gastronomicament.cat\/wp-content\/uploads\/2018\/05\/Lumei-Co-Restaurant-Genova-Mallorca-768x513.jpg 768w, https:\/\/gastronomicament.cat\/wp-content\/uploads\/2018\/05\/Lumei-Co-Restaurant-Genova-Mallorca-1024x684.jpg 1024w, https:\/\/gastronomicament.cat\/wp-content\/uploads\/2018\/05\/Lumei-Co-Restaurant-Genova-Mallorca-75x50.jpg 75w, https:\/\/gastronomicament.cat\/wp-content\/uploads\/2018\/05\/Lumei-Co-Restaurant-Genova-Mallorca-650x434.jpg 650w, https:\/\/gastronomicament.cat\/wp-content\/uploads\/2018\/05\/Lumei-Co-Restaurant-Genova-Mallorca-1000x668.jpg 1000w\" sizes=\"(max-width: 1800px) 100vw, 1800px\" \/><\/a><\/figure>\n\n<h3 class=\"gb-headline gb-headline-ca05ad19 is-style-underlined gb-headline-text\"><a href=\"https:\/\/gastronomicament.cat\/es\/restaurant\/restaurant-lume\">Restaurant Lume<\/a><\/h3>\n\n<div class=\"gb-headline gb-headline-c4cab8c4 home-grid-restaurants-excerpt gb-headline-text\">La carn torrada i el vi s\u00f3n els principals reclams d&#8217;aquest restaurant, situat al castell de Son Berga, del segle XV, al barri de G\u00e8nova (Palma). El restaurant Lume disposa d&#8217;aparcament propi i de diferents ambients, dues qualitats que el converteixen en un restaurant ideal per dinar i sopar, i tamb\u00e9 per celebrar-hi festes privades, [&hellip;]<\/div>\n<\/div><\/div>\n\n<div class=\"gb-grid-column gb-grid-column-013b6e31 gb-query-loop-item post-75056 restaurant type-restaurant status-publish format-gallery has-post-thumbnail hentry especialitat-tapes-es localitat-mao-es localitat-menorca-es preu-entre-10-i-20-euros-es\"><div class=\"gb-container gb-container-013b6e31\">\n<figure style=\"aspect-ratio:1;width:100%;\" class=\"wp-block-post-featured-image\"><a href=\"https:\/\/gastronomicament.cat\/es\/restaurant\/american-bar-mao\" target=\"_self\"  ><img decoding=\"async\" width=\"1000\" height=\"750\" src=\"https:\/\/gastronomicament.cat\/wp-content\/uploads\/2012\/03\/138\/1380_original2.JPG\" class=\"attachment-post-thumbnail size-post-thumbnail wp-post-image\" alt=\"American Bar\" style=\"width:100%;height:100%;object-fit:cover;\" srcset=\"https:\/\/gastronomicament.cat\/wp-content\/uploads\/2012\/03\/138\/1380_original2.JPG 1000w, https:\/\/gastronomicament.cat\/wp-content\/uploads\/2012\/03\/138\/1380_original2-300x225.jpg 300w, https:\/\/gastronomicament.cat\/wp-content\/uploads\/2012\/03\/138\/1380_original2-768x576.jpg 768w, https:\/\/gastronomicament.cat\/wp-content\/uploads\/2012\/03\/138\/1380_original2-67x50.jpg 67w, https:\/\/gastronomicament.cat\/wp-content\/uploads\/2012\/03\/138\/1380_original2-650x488.jpg 650w\" sizes=\"(max-width: 1000px) 100vw, 1000px\" \/><\/a><\/figure>\n\n<h3 class=\"gb-headline gb-headline-ca05ad19 is-style-underlined gb-headline-text\"><a href=\"https:\/\/gastronomicament.cat\/es\/restaurant\/american-bar-mao\">American Bar<\/a><\/h3>\n\n<div class=\"gb-headline gb-headline-c4cab8c4 home-grid-restaurants-excerpt gb-headline-text\">American Bar es un restaurant t\u00edpic de Ma\u00f3, en el qual hi podem menjar un bon variat de salsitxetes amb ceba, s\u00edpia amb salsa, vedella amb pebres, entre d\u00b4altres picades. Des de la finestra d&#8217;aquest bar de Menorca, podeu veure el trull del carrer o romandre a la fresca. La decoraci\u00f3 interior us far\u00e0 pensar [&hellip;]<\/div>\n<\/div><\/div>\n\n<div class=\"gb-grid-column gb-grid-column-013b6e31 gb-query-loop-item post-53791 restaurant type-restaurant status-publish format-gallery has-post-thumbnail hentry category-inici category-restaurants-es destacatper-romantic-es especialitat-cuina-selecta-es localitat-deia-es localitat-mallorca-es localitat-tramuntana-es preu-mes-de-30-euros-es\"><div class=\"gb-container gb-container-013b6e31\">\n<figure style=\"aspect-ratio:1;width:100%;\" class=\"wp-block-post-featured-image\"><a href=\"https:\/\/gastronomicament.cat\/es\/restaurant\/nama-restaurant\" target=\"_self\"  ><img decoding=\"async\" width=\"1500\" height=\"1000\" src=\"https:\/\/gastronomicament.cat\/wp-content\/uploads\/2017\/06\/Restaurante-Nama-Mallorca.jpg\" class=\"attachment-post-thumbnail size-post-thumbnail wp-post-image\" alt=\"Nama Restaurant\" style=\"width:100%;height:100%;object-fit:cover;\" srcset=\"https:\/\/gastronomicament.cat\/wp-content\/uploads\/2017\/06\/Restaurante-Nama-Mallorca.jpg 1500w, https:\/\/gastronomicament.cat\/wp-content\/uploads\/2017\/06\/Restaurante-Nama-Mallorca-300x200.jpg 300w, https:\/\/gastronomicament.cat\/wp-content\/uploads\/2017\/06\/Restaurante-Nama-Mallorca-768x512.jpg 768w, https:\/\/gastronomicament.cat\/wp-content\/uploads\/2017\/06\/Restaurante-Nama-Mallorca-1024x683.jpg 1024w, https:\/\/gastronomicament.cat\/wp-content\/uploads\/2017\/06\/Restaurante-Nama-Mallorca-75x50.jpg 75w, https:\/\/gastronomicament.cat\/wp-content\/uploads\/2017\/06\/Restaurante-Nama-Mallorca-650x433.jpg 650w, https:\/\/gastronomicament.cat\/wp-content\/uploads\/2017\/06\/Restaurante-Nama-Mallorca-1000x667.jpg 1000w\" sizes=\"(max-width: 1500px) 100vw, 1500px\" \/><\/a><\/figure>\n\n<h3 class=\"gb-headline gb-headline-ca05ad19 is-style-underlined gb-headline-text\"><a href=\"https:\/\/gastronomicament.cat\/es\/restaurant\/nama-restaurant\">Nama Restaurant<\/a><\/h3>\n\n<div class=\"gb-headline gb-headline-c4cab8c4 home-grid-restaurants-excerpt gb-headline-text\">Nama \u00e9s un restaurant de Dei\u00e0, un espai acollidor on hi podeu assaborir del\u00edcies culin\u00e0ries amb&hellip;<\/div>\n<\/div><\/div>\n\n<div class=\"gb-grid-column gb-grid-column-013b6e31 gb-query-loop-item post-73265 restaurant type-restaurant status-publish format-gallery has-post-thumbnail hentry category-restaurants-es destacatper-celebracions-i-grups-es especialitat-de-copes-es especialitat-peix-i-marisc-es localitat-palma-es localitat-santa-catalina-palma-es preu-entre-20-i-30-euros-es\"><div class=\"gb-container gb-container-013b6e31\">\n<figure style=\"aspect-ratio:1;width:100%;\" class=\"wp-block-post-featured-image\"><a href=\"https:\/\/gastronomicament.cat\/es\/restaurant\/patron-lunares\" target=\"_self\"  ><img decoding=\"async\" width=\"640\" height=\"299\" src=\"https:\/\/gastronomicament.cat\/wp-content\/uploads\/2013\/03\/pat\/patron-lunares-santa-catalina.jpg\" class=\"attachment-post-thumbnail size-post-thumbnail wp-post-image\" alt=\"Patr\u00f3n Lunares\" style=\"width:100%;height:100%;object-fit:cover;\" srcset=\"https:\/\/gastronomicament.cat\/wp-content\/uploads\/2013\/03\/pat\/patron-lunares-santa-catalina.jpg 640w, https:\/\/gastronomicament.cat\/wp-content\/uploads\/2013\/03\/pat\/patron-lunares-santa-catalina-300x140.jpg 300w, https:\/\/gastronomicament.cat\/wp-content\/uploads\/2013\/03\/pat\/patron-lunares-santa-catalina-107x50.jpg 107w\" sizes=\"(max-width: 640px) 100vw, 640px\" \/><\/a><\/figure>\n\n<h3 class=\"gb-headline gb-headline-ca05ad19 is-style-underlined gb-headline-text\"><a href=\"https:\/\/gastronomicament.cat\/es\/restaurant\/patron-lunares\">Patr\u00f3n Lunares<\/a><\/h3>\n\n<div class=\"gb-headline gb-headline-c4cab8c4 home-grid-restaurants-excerpt gb-headline-text\">El que era l&#8217;antic Montepio de Santa Catalina \u00e9s ara un lloc on podeu berenar, dinar&hellip;<\/div>\n<\/div><\/div>\n<\/div>\n\n<\/div>\n<\/div>\n\n<div class=\"gb-container gb-container-f91a0c07 alignfull\">\n<div class=\"gb-container gb-container-d2278ddf\">\n\n<h2 class=\"wp-block-heading is-style-section-tit\">Receptes<\/h2>\n\n\n\n<div class=\"gb-grid-wrapper gb-grid-wrapper-64a5d4c6 home-grid-receptes gb-query-loop-wrapper\">\n<div class=\"gb-grid-column gb-grid-column-10935fa3 gb-query-loop-item post-72045 recepta type-recepta status-publish format-standard has-post-thumbnail hentry category-receptes-es concurs_receptes_mossegades-concurs-receptes-desembre-2013 dificultat-mitjana-es ingredient-torro-es ingredient-xocolata-es plat-postres-es tematica-nadal-i-cap-dany-es temps_de_preparacio-entre-1-i-2-hores-es\"><div class=\"gb-container gb-container-10935fa3\">\n<figure style=\"aspect-ratio:4\/3;width:100%;\" class=\"wp-block-post-featured-image\"><a href=\"https:\/\/gastronomicament.cat\/es\/recepta\/torro-nata-nous\" target=\"_self\"  ><img decoding=\"async\" width=\"790\" height=\"529\" src=\"https:\/\/gastronomicament.cat\/wp-content\/uploads\/2013\/12\/nata-amb-nous.jpg\" class=\"attachment-post-thumbnail size-post-thumbnail wp-post-image\" alt=\"Torr\u00f3 de nata amb nous\" style=\"width:100%;height:100%;object-fit:cover;\" srcset=\"https:\/\/gastronomicament.cat\/wp-content\/uploads\/2013\/12\/nata-amb-nous.jpg 790w, https:\/\/gastronomicament.cat\/wp-content\/uploads\/2013\/12\/nata-amb-nous-300x201.jpg 300w, https:\/\/gastronomicament.cat\/wp-content\/uploads\/2013\/12\/nata-amb-nous-768x514.jpg 768w, https:\/\/gastronomicament.cat\/wp-content\/uploads\/2013\/12\/nata-amb-nous-75x50.jpg 75w, https:\/\/gastronomicament.cat\/wp-content\/uploads\/2013\/12\/nata-amb-nous-650x435.jpg 650w\" sizes=\"(max-width: 790px) 100vw, 790px\" \/><\/a><\/figure>\n\n<h3 class=\"gb-headline gb-headline-0845196d is-style-underlined h4 gb-headline-text\"><a href=\"https:\/\/gastronomicament.cat\/es\/recepta\/torro-nata-nous\">Torr\u00f3 de nata amb nous<\/a><\/h3>\n\n<div class=\"gb-headline gb-headline-70da034e home-grid-restaurants-excerpt gb-headline-text\">Barrejar l&#8217;ametlla m\u00f2lta amb el sucre glac\u00e9 . Preparar un alm\u00edvar a punt de fil fort&hellip;<\/div>\n<\/div><\/div>\n\n<div class=\"gb-grid-column gb-grid-column-10935fa3 gb-query-loop-item post-73325 recepta type-recepta status-publish format-standard has-post-thumbnail hentry category-receptes-es concurs_receptes_mossegades-concurs-receptes-febrer-2013 dificultat-baixa-es ingredient-tapes-i-barquetes-es plat-entrant-es\"><div class=\"gb-container gb-container-10935fa3\">\n<figure style=\"aspect-ratio:4\/3;width:100%;\" class=\"wp-block-post-featured-image\"><a href=\"https:\/\/gastronomicament.cat\/es\/recepta\/pintxo-de-seito-i-pebrot-escalivat\" target=\"_self\"  ><img decoding=\"async\" width=\"1024\" height=\"768\" src=\"https:\/\/gastronomicament.cat\/wp-content\/uploads\/2013\/02\/DSCN4229.jpg\" class=\"attachment-post-thumbnail size-post-thumbnail wp-post-image\" alt=\"Pintxo de seit\u00f3 i pebrot escalivat\" style=\"width:100%;height:100%;object-fit:cover;\" srcset=\"https:\/\/gastronomicament.cat\/wp-content\/uploads\/2013\/02\/DSCN4229.jpg 1024w, https:\/\/gastronomicament.cat\/wp-content\/uploads\/2013\/02\/DSCN4229-300x225.jpg 300w, https:\/\/gastronomicament.cat\/wp-content\/uploads\/2013\/02\/DSCN4229-768x576.jpg 768w, https:\/\/gastronomicament.cat\/wp-content\/uploads\/2013\/02\/DSCN4229-67x50.jpg 67w, https:\/\/gastronomicament.cat\/wp-content\/uploads\/2013\/02\/DSCN4229-650x488.jpg 650w, https:\/\/gastronomicament.cat\/wp-content\/uploads\/2013\/02\/DSCN4229-1000x750.jpg 1000w\" sizes=\"(max-width: 1024px) 100vw, 1024px\" \/><\/a><\/figure>\n\n<h3 class=\"gb-headline gb-headline-0845196d is-style-underlined h4 gb-headline-text\"><a href=\"https:\/\/gastronomicament.cat\/es\/recepta\/pintxo-de-seito-i-pebrot-escalivat\">Pintxo de seit\u00f3 i pebrot escalivat<\/a><\/h3>\n\n<div class=\"gb-headline gb-headline-70da034e home-grid-restaurants-excerpt gb-headline-text\">Sobre una llesca de pa torrat, posau-hi unes tires de pebrot escalivat i un seit\u00f3 en&hellip;<\/div>\n<\/div><\/div>\n\n<div class=\"gb-grid-column gb-grid-column-10935fa3 gb-query-loop-item post-70898 recepta type-recepta status-publish format-standard has-post-thumbnail hentry category-receptes-es dificultat-mitjana-es ingredient-carn-es plat-principal-main-es tematica-nadal-i-cap-dany-es temps_de_preparacio-mes-de-2-hores-es\"><div class=\"gb-container gb-container-10935fa3\">\n<figure style=\"aspect-ratio:4\/3;width:100%;\" class=\"wp-block-post-featured-image\"><a href=\"https:\/\/gastronomicament.cat\/es\/recepta\/recepta-pollastre-farcit-de-nadal\" target=\"_self\"  ><img decoding=\"async\" width=\"640\" height=\"480\" src=\"https:\/\/gastronomicament.cat\/wp-content\/uploads\/2015\/01\/recepta-pollastre-farcit-de-nadal.jpg\" class=\"attachment-post-thumbnail size-post-thumbnail wp-post-image\" alt=\"Recepta Pollastre farcit de Nadal\" style=\"width:100%;height:100%;object-fit:cover;\" srcset=\"https:\/\/gastronomicament.cat\/wp-content\/uploads\/2015\/01\/recepta-pollastre-farcit-de-nadal.jpg 640w, https:\/\/gastronomicament.cat\/wp-content\/uploads\/2015\/01\/recepta-pollastre-farcit-de-nadal-300x225.jpg 300w, https:\/\/gastronomicament.cat\/wp-content\/uploads\/2015\/01\/recepta-pollastre-farcit-de-nadal-67x50.jpg 67w\" sizes=\"(max-width: 640px) 100vw, 640px\" \/><\/a><\/figure>\n\n<h3 class=\"gb-headline gb-headline-0845196d is-style-underlined h4 gb-headline-text\"><a href=\"https:\/\/gastronomicament.cat\/es\/recepta\/recepta-pollastre-farcit-de-nadal\">Recepta Pollastre farcit de Nadal<\/a><\/h3>\n\n<div class=\"gb-headline gb-headline-70da034e home-grid-restaurants-excerpt gb-headline-text\">Acompanyat d\u2019un bon cava, un gran plat per aquestes Festes. Bon profit!<\/div>\n<\/div><\/div>\n\n<div class=\"gb-grid-column gb-grid-column-10935fa3 gb-query-loop-item post-72760 recepta type-recepta status-publish format-standard has-post-thumbnail hentry category-receptes-es concurs_receptes_mossegades-concurs-mossegades-juny-2013 dificultat-alta-es ingredient-amanida-es\"><div class=\"gb-container gb-container-10935fa3\">\n<figure style=\"aspect-ratio:4\/3;width:100%;\" class=\"wp-block-post-featured-image\"><a href=\"https:\/\/gastronomicament.cat\/es\/recepta\/horiatiki\" target=\"_self\"  ><img decoding=\"async\" width=\"1600\" height=\"1200\" src=\"https:\/\/gastronomicament.cat\/wp-content\/uploads\/2013\/06\/Horiatiki.jpg\" class=\"attachment-post-thumbnail size-post-thumbnail wp-post-image\" alt=\"Horiatiki\" style=\"width:100%;height:100%;object-fit:cover;\" srcset=\"https:\/\/gastronomicament.cat\/wp-content\/uploads\/2013\/06\/Horiatiki.jpg 1600w, https:\/\/gastronomicament.cat\/wp-content\/uploads\/2013\/06\/Horiatiki-300x225.jpg 300w, https:\/\/gastronomicament.cat\/wp-content\/uploads\/2013\/06\/Horiatiki-768x576.jpg 768w, https:\/\/gastronomicament.cat\/wp-content\/uploads\/2013\/06\/Horiatiki-1024x768.jpg 1024w, https:\/\/gastronomicament.cat\/wp-content\/uploads\/2013\/06\/Horiatiki-67x50.jpg 67w, https:\/\/gastronomicament.cat\/wp-content\/uploads\/2013\/06\/Horiatiki-650x488.jpg 650w, https:\/\/gastronomicament.cat\/wp-content\/uploads\/2013\/06\/Horiatiki-1000x750.jpg 1000w\" sizes=\"(max-width: 1600px) 100vw, 1600px\" \/><\/a><\/figure>\n\n<h3 class=\"gb-headline gb-headline-0845196d is-style-underlined h4 gb-headline-text\"><a href=\"https:\/\/gastronomicament.cat\/es\/recepta\/horiatiki\">Horiatiki<\/a><\/h3>\n\n<div class=\"gb-headline gb-headline-70da034e home-grid-restaurants-excerpt gb-headline-text\">Tallar un cogombre, mig pebrot verd (o vermell) i una ceba mitjana a talls fins. Afegir&hellip;<\/div>\n<\/div><\/div>\n\n<div class=\"gb-grid-column gb-grid-column-10935fa3 gb-query-loop-item post-72702 recepta type-recepta status-publish format-standard has-post-thumbnail hentry category-receptes-es concurs_receptes_mossegades-concurs-mossegades-juny-2013-concurs-receptes-mossegades dificultat-baixa-es plat-postres-es temps_de_preparacio-entre-30-i-60-minutes-es\"><div class=\"gb-container gb-container-10935fa3\">\n<figure style=\"aspect-ratio:4\/3;width:100%;\" class=\"wp-block-post-featured-image\"><a href=\"https:\/\/gastronomicament.cat\/es\/recepta\/milfulls-amb-albercocs\" target=\"_self\"  ><img decoding=\"async\" width=\"2560\" height=\"1920\" src=\"https:\/\/gastronomicament.cat\/wp-content\/uploads\/2013\/07\/2013-07-13-17.36.35.jpg\" class=\"attachment-post-thumbnail size-post-thumbnail wp-post-image\" alt=\"Milfulls amb albercocs\" style=\"width:100%;height:100%;object-fit:cover;\" srcset=\"https:\/\/gastronomicament.cat\/wp-content\/uploads\/2013\/07\/2013-07-13-17.36.35.jpg 2560w, https:\/\/gastronomicament.cat\/wp-content\/uploads\/2013\/07\/2013-07-13-17.36.35-300x225.jpg 300w, https:\/\/gastronomicament.cat\/wp-content\/uploads\/2013\/07\/2013-07-13-17.36.35-768x576.jpg 768w, https:\/\/gastronomicament.cat\/wp-content\/uploads\/2013\/07\/2013-07-13-17.36.35-1024x768.jpg 1024w, https:\/\/gastronomicament.cat\/wp-content\/uploads\/2013\/07\/2013-07-13-17.36.35-67x50.jpg 67w, https:\/\/gastronomicament.cat\/wp-content\/uploads\/2013\/07\/2013-07-13-17.36.35-650x488.jpg 650w, https:\/\/gastronomicament.cat\/wp-content\/uploads\/2013\/07\/2013-07-13-17.36.35-1000x750.jpg 1000w\" sizes=\"(max-width: 2560px) 100vw, 2560px\" \/><\/a><\/figure>\n\n<h3 class=\"gb-headline gb-headline-0845196d is-style-underlined h4 gb-headline-text\"><a href=\"https:\/\/gastronomicament.cat\/es\/recepta\/milfulls-amb-albercocs\">Milfulls amb albercocs<\/a><\/h3>\n\n<div class=\"gb-headline gb-headline-70da034e home-grid-restaurants-excerpt gb-headline-text\">1.Prepararem els albercos; els farem nets, els escolarem i deixarem que s&#8217;eixuguin. 2.Mentre, posarem una mica&hellip;<\/div>\n<\/div><\/div>\n\n<div class=\"gb-grid-column gb-grid-column-10935fa3 gb-query-loop-item post-72809 recepta type-recepta status-publish format-standard has-post-thumbnail hentry category-receptes-es concurs_receptes_mossegades-concurs-mossegades-juny-2013 dificultat-mitjana-es ingredient-amanida-es temps_de_preparacio-menys-de-30-minuts-es\"><div class=\"gb-container gb-container-10935fa3\">\n<figure style=\"aspect-ratio:4\/3;width:100%;\" class=\"wp-block-post-featured-image\"><a href=\"https:\/\/gastronomicament.cat\/es\/recepta\/amanida-de-patates-i-escarola-amb-anxoves-i-vinagreta-de-cireres\" target=\"_self\"  ><img decoding=\"async\" width=\"3096\" height=\"2276\" src=\"https:\/\/gastronomicament.cat\/wp-content\/uploads\/2013\/06\/amanida-de-patata-i-escarola-amb-vinagreta-de-ciereres-1.jpg\" class=\"attachment-post-thumbnail size-post-thumbnail wp-post-image\" alt=\"Amanida de patates i escarola amb anxoves i vinagreta de cireres\" style=\"width:100%;height:100%;object-fit:cover;\" srcset=\"https:\/\/gastronomicament.cat\/wp-content\/uploads\/2013\/06\/amanida-de-patata-i-escarola-amb-vinagreta-de-ciereres-1.jpg 3096w, https:\/\/gastronomicament.cat\/wp-content\/uploads\/2013\/06\/amanida-de-patata-i-escarola-amb-vinagreta-de-ciereres-1-300x221.jpg 300w, https:\/\/gastronomicament.cat\/wp-content\/uploads\/2013\/06\/amanida-de-patata-i-escarola-amb-vinagreta-de-ciereres-1-768x565.jpg 768w, https:\/\/gastronomicament.cat\/wp-content\/uploads\/2013\/06\/amanida-de-patata-i-escarola-amb-vinagreta-de-ciereres-1-1024x753.jpg 1024w, https:\/\/gastronomicament.cat\/wp-content\/uploads\/2013\/06\/amanida-de-patata-i-escarola-amb-vinagreta-de-ciereres-1-68x50.jpg 68w, https:\/\/gastronomicament.cat\/wp-content\/uploads\/2013\/06\/amanida-de-patata-i-escarola-amb-vinagreta-de-ciereres-1-650x478.jpg 650w, https:\/\/gastronomicament.cat\/wp-content\/uploads\/2013\/06\/amanida-de-patata-i-escarola-amb-vinagreta-de-ciereres-1-1000x735.jpg 1000w\" sizes=\"(max-width: 3096px) 100vw, 3096px\" \/><\/a><\/figure>\n\n<h3 class=\"gb-headline gb-headline-0845196d is-style-underlined h4 gb-headline-text\"><a href=\"https:\/\/gastronomicament.cat\/es\/recepta\/amanida-de-patates-i-escarola-amb-anxoves-i-vinagreta-de-cireres\">Amanida de patates i escarola amb anxoves i vinagreta de cireres<\/a><\/h3>\n\n<div class=\"gb-headline gb-headline-70da034e home-grid-restaurants-excerpt gb-headline-text\">Farem una vinagreta amb tres parts d&#8217;oli i una de vinagre, una mica de pebre negre&hellip;<\/div>\n<\/div><\/div>\n<\/div>\n\n<\/div>\n<\/div>\n\n<div class=\"gb-container gb-container-e9c98d7e alignfull\">\n<div class=\"gb-container gb-container-155a918d\">\n\n<h2 class=\"wp-block-heading is-style-section-tit\">Actualitat<\/h2>\n\n\n<div class=\"gb-grid-wrapper gb-grid-wrapper-69c8efac\">\n<div class=\"gb-grid-column gb-grid-column-eeb322a7\"><section class=\"gb-container gb-container-eeb322a7\">\n\n<div data-gb-router-region=\"query-99873e22\"><div class=\"gb-looper-7e3b8c30 archive-list-posts-loop\">\n<div class=\"gb-loop-item gb-loop-item-a53af792 archive-template-grid-item post-104484 post type-post status-publish format-gallery has-post-thumbnail hentry category-actualitat-es category-inici-es category-reportatges-i-novetats-es post_format-post-format-gallery\"><figure style=\"aspect-ratio:4\/3;height:200px;\" class=\"archive-featured-img wp-block-post-featured-image\"><img decoding=\"async\" width=\"1800\" height=\"1015\" src=\"https:\/\/gastronomicament.cat\/wp-content\/uploads\/2026\/04\/Javier-Lopez-Thorsten-Bender-Jumeirah-Mallorca.jpg\" class=\"attachment-post-thumbnail size-post-thumbnail wp-post-image\" alt=\"\" style=\"width:100%;height:100%;object-fit:cover;\" srcset=\"https:\/\/gastronomicament.cat\/wp-content\/uploads\/2026\/04\/Javier-Lopez-Thorsten-Bender-Jumeirah-Mallorca.jpg 1800w, https:\/\/gastronomicament.cat\/wp-content\/uploads\/2026\/04\/Javier-Lopez-Thorsten-Bender-Jumeirah-Mallorca-300x169.jpg 300w, https:\/\/gastronomicament.cat\/wp-content\/uploads\/2026\/04\/Javier-Lopez-Thorsten-Bender-Jumeirah-Mallorca-1024x577.jpg 1024w, https:\/\/gastronomicament.cat\/wp-content\/uploads\/2026\/04\/Javier-Lopez-Thorsten-Bender-Jumeirah-Mallorca-768x433.jpg 768w, https:\/\/gastronomicament.cat\/wp-content\/uploads\/2026\/04\/Javier-Lopez-Thorsten-Bender-Jumeirah-Mallorca-1536x866.jpg 1536w\" sizes=\"(max-width: 1800px) 100vw, 1800px\" \/><\/figure>\n\n\n<div>\n<p class=\"gb-text gb-text-a18139bc\"><a href=\"https:\/\/gastronomicament.cat\/es\/seccio\/actualitat-es\" rel=\"tag\">Actualitat<\/a> \/ <a href=\"https:\/\/gastronomicament.cat\/es\/seccio\/inici-es\" rel=\"tag\">Portada<\/a> \/ <a href=\"https:\/\/gastronomicament.cat\/es\/seccio\/actualitat-es\/reportatges-i-novetats-es\" rel=\"tag\">Reportatges i novetats<\/a><\/p>\n\n\n\n<h2 class=\"gb-text gb-text-f970a678 h4 is-style-underlined\"><a href=\"https:\/\/gastronomicament.cat\/es\/javier-lopez-i-thorsten-bender-cuinen-plegats-al-restaurant-es-fanals-de-soller\">Javier L\u00f3pez i Thorsten Bender cuinen plegats al restaurant Es Fanals de S\u00f3ller<\/a><\/h2>\n\n\n<div class=\"gb-container gb-container-3f03b7c3 date-reading-comments\">\n<p class=\"gb-headline gb-headline-6eed15ba gb-headline-text\"><time class=\"entry-date published\" datetime=\"2026-04-23T10:39:43+02:00\">23 de abril de 2026<\/time><\/p>\n\n\n<p class=\"gb-headline gb-headline-af6bfb2f gb-headline-text\">\u00b7<\/p>\n\n\n<div class=\"gb-container gb-container-c75f3255 reading-time-container\">\n1 minut de lectura\n<\/div>\n\n\n<p class=\"gb-headline gb-headline-9d086f67 gb-headline-text\">\u00b7<\/p>\n\n\n<div class=\"gb-container gb-container-8b23b32f comments-count\">\n<p class=\"gb-headline gb-headline-12bcbb10 gb-headline-text\"><a href=\"https:\/\/gastronomicament.cat\/es\/javier-lopez-i-thorsten-bender-cuinen-plegats-al-restaurant-es-fanals-de-soller#respond\">0<\/a><\/p>\n\n\n<p class=\"gb-headline gb-headline-1cf0f5a5\"><span class=\"gb-icon\"><svg fill=\"currentColor\" xml:space=\"preserve\" viewBox=\"0 0 64 64\" xmlns:xlink=\"http:\/\/www.w3.org\/1999\/xlink\" xmlns=\"http:\/\/www.w3.org\/2000\/svg\" id=\"Layer_1\" version=\"1.0\"><g stroke-width=\"0\" id=\"SVGRepo_bgCarrier\"><\/g><g stroke-linejoin=\"round\" stroke-linecap=\"round\" id=\"SVGRepo_tracerCarrier\"><\/g><g id=\"SVGRepo_iconCarrier\"> <path d=\"M60,0H4C1.789,0,0,1.789,0,4v40c0,2.211,1.789,4,4,4h8v12 c0,1.617,0.973,3.078,2.469,3.695C14.965,63.902,15.484,64,16,64c1.039,0,2.062-0.406,2.828-1.172L33.656,48H60c2.211,0,4-1.789,4-4 V4C64,1.789,62.211,0,60,0z\" fill=\"currentColor\" clip-rule=\"evenodd\" fill-rule=\"evenodd\"><\/path> <\/g><\/svg><\/span><\/p>\n\n<\/div>\n<\/div>\n\n<div class=\"gb-headline gb-headline-8995ace2 gb-headline-text\">El cuiner alemany \u00e9s el propietari del restaurant Sein d&#8217;Alemanya i t\u00e9 dues estrelles Michelin<\/div><\/div>\n<\/div>\n\n<div class=\"gb-loop-item gb-loop-item-a53af792 archive-template-grid-item post-104443 post type-post status-publish format-standard has-post-thumbnail hentry category-actualitat category-inici category-reportatges-i-novetats\"><figure style=\"aspect-ratio:4\/3;height:200px;\" class=\"archive-featured-img wp-block-post-featured-image\"><img decoding=\"async\" width=\"1600\" height=\"970\" src=\"https:\/\/gastronomicament.cat\/wp-content\/uploads\/2026\/04\/Reserva-Rotana-Andreu-Genestra.jpg\" class=\"attachment-post-thumbnail size-post-thumbnail wp-post-image\" alt=\"\" style=\"width:100%;height:100%;object-fit:cover;\" srcset=\"https:\/\/gastronomicament.cat\/wp-content\/uploads\/2026\/04\/Reserva-Rotana-Andreu-Genestra.jpg 1600w, https:\/\/gastronomicament.cat\/wp-content\/uploads\/2026\/04\/Reserva-Rotana-Andreu-Genestra-300x182.jpg 300w, https:\/\/gastronomicament.cat\/wp-content\/uploads\/2026\/04\/Reserva-Rotana-Andreu-Genestra-1024x621.jpg 1024w, https:\/\/gastronomicament.cat\/wp-content\/uploads\/2026\/04\/Reserva-Rotana-Andreu-Genestra-768x466.jpg 768w, https:\/\/gastronomicament.cat\/wp-content\/uploads\/2026\/04\/Reserva-Rotana-Andreu-Genestra-1536x931.jpg 1536w\" sizes=\"(max-width: 1600px) 100vw, 1600px\" \/><\/figure>\n\n\n<div>\n<p class=\"gb-text gb-text-a18139bc\"><a href=\"https:\/\/gastronomicament.cat\/es\/seccio\/actualitat\" rel=\"tag\">Actualitat<\/a> \/ <a href=\"https:\/\/gastronomicament.cat\/es\/seccio\/inici\" rel=\"tag\">Portada<\/a> \/ <a href=\"https:\/\/gastronomicament.cat\/es\/seccio\/actualitat\/reportatges-i-novetats\" rel=\"tag\">Reportatges i novetats<\/a><\/p>\n\n\n\n<h2 class=\"gb-text gb-text-f970a678 h4 is-style-underlined\"><a href=\"https:\/\/gastronomicament.cat\/es\/andreu-genestra-assumeix-la-direccio-culinaria-de-la-reserva-rotana\">Andreu Genestra assumeix la direcci\u00f3 culin\u00e0ria de La Reserva Rotana<\/a><\/h2>\n\n\n<div class=\"gb-container gb-container-3f03b7c3 date-reading-comments\">\n<p class=\"gb-headline gb-headline-6eed15ba gb-headline-text\"><time class=\"entry-date published\" datetime=\"2026-04-23T10:15:57+02:00\">23 de abril de 2026<\/time><\/p>\n\n\n<p class=\"gb-headline gb-headline-af6bfb2f gb-headline-text\">\u00b7<\/p>\n\n\n<div class=\"gb-container gb-container-c75f3255 reading-time-container\">\n3 minuts de lectura\n<\/div>\n\n\n<p class=\"gb-headline gb-headline-9d086f67 gb-headline-text\">\u00b7<\/p>\n\n\n<div class=\"gb-container gb-container-8b23b32f comments-count\">\n<p class=\"gb-headline gb-headline-12bcbb10 gb-headline-text\"><a href=\"https:\/\/gastronomicament.cat\/es\/andreu-genestra-assumeix-la-direccio-culinaria-de-la-reserva-rotana#respond\">0<\/a><\/p>\n\n\n<p class=\"gb-headline gb-headline-1cf0f5a5\"><span class=\"gb-icon\"><svg fill=\"currentColor\" xml:space=\"preserve\" viewBox=\"0 0 64 64\" xmlns:xlink=\"http:\/\/www.w3.org\/1999\/xlink\" xmlns=\"http:\/\/www.w3.org\/2000\/svg\" id=\"Layer_1\" version=\"1.0\"><g stroke-width=\"0\" id=\"SVGRepo_bgCarrier\"><\/g><g stroke-linejoin=\"round\" stroke-linecap=\"round\" id=\"SVGRepo_tracerCarrier\"><\/g><g id=\"SVGRepo_iconCarrier\"> <path d=\"M60,0H4C1.789,0,0,1.789,0,4v40c0,2.211,1.789,4,4,4h8v12 c0,1.617,0.973,3.078,2.469,3.695C14.965,63.902,15.484,64,16,64c1.039,0,2.062-0.406,2.828-1.172L33.656,48H60c2.211,0,4-1.789,4-4 V4C64,1.789,62.211,0,60,0z\" fill=\"currentColor\" clip-rule=\"evenodd\" fill-rule=\"evenodd\"><\/path> <\/g><\/svg><\/span><\/p>\n\n<\/div>\n<\/div>\n\n<div class=\"gb-headline gb-headline-8995ace2 gb-headline-text\">A m\u00e9s de l&#8217;hotel, tamb\u00e9 hi ha un agroturisme i un restaurant, que han batiat amb&hellip;<\/div><\/div>\n<\/div>\n\n<div class=\"gb-loop-item gb-loop-item-a53af792 archive-template-grid-item post-103966 post type-post status-publish format-gallery has-post-thumbnail hentry category-actualitat category-reportatges-i-novetats post_format-post-format-gallery\"><figure style=\"aspect-ratio:4\/3;height:200px;\" class=\"archive-featured-img wp-block-post-featured-image\"><img decoding=\"async\" width=\"2048\" height=\"1152\" src=\"https:\/\/gastronomicament.cat\/wp-content\/uploads\/2026\/04\/Cesar-Mogollon-Eleonora-Piazza-Blai-Vallbona-Bravo.jpeg\" class=\"attachment-post-thumbnail size-post-thumbnail wp-post-image\" alt=\"\" style=\"width:100%;height:100%;object-fit:cover;\" srcset=\"https:\/\/gastronomicament.cat\/wp-content\/uploads\/2026\/04\/Cesar-Mogollon-Eleonora-Piazza-Blai-Vallbona-Bravo.jpeg 2048w, https:\/\/gastronomicament.cat\/wp-content\/uploads\/2026\/04\/Cesar-Mogollon-Eleonora-Piazza-Blai-Vallbona-Bravo-300x169.jpeg 300w, https:\/\/gastronomicament.cat\/wp-content\/uploads\/2026\/04\/Cesar-Mogollon-Eleonora-Piazza-Blai-Vallbona-Bravo-1024x576.jpeg 1024w, https:\/\/gastronomicament.cat\/wp-content\/uploads\/2026\/04\/Cesar-Mogollon-Eleonora-Piazza-Blai-Vallbona-Bravo-768x432.jpeg 768w, https:\/\/gastronomicament.cat\/wp-content\/uploads\/2026\/04\/Cesar-Mogollon-Eleonora-Piazza-Blai-Vallbona-Bravo-1536x864.jpeg 1536w\" sizes=\"(max-width: 2048px) 100vw, 2048px\" \/><\/figure>\n\n\n<div>\n<p class=\"gb-text gb-text-a18139bc\"><a href=\"https:\/\/gastronomicament.cat\/es\/seccio\/actualitat\" rel=\"tag\">Actualitat<\/a> \/ <a href=\"https:\/\/gastronomicament.cat\/es\/seccio\/actualitat\/reportatges-i-novetats\" rel=\"tag\">Reportatges i novetats<\/a><\/p>\n\n\n\n<h2 class=\"gb-text gb-text-f970a678 h4 is-style-underlined\"><a href=\"https:\/\/gastronomicament.cat\/es\/cap-vermell-grand-hotel-renova-loferta-gastronomica-amb-dos-nous-espais-bravo-i-villa-sofia\">Cap Vermell Grand Hotel renova l\u2019oferta gastron\u00f2mica amb dos nous espais: Bravo i Villa Sofia<\/a><\/h2>\n\n\n<div class=\"gb-container gb-container-3f03b7c3 date-reading-comments\">\n<p class=\"gb-headline gb-headline-6eed15ba gb-headline-text\"><time class=\"entry-date published\" datetime=\"2026-04-14T10:07:57+02:00\">14 de abril de 2026<\/time><\/p>\n\n\n<p class=\"gb-headline gb-headline-af6bfb2f gb-headline-text\">\u00b7<\/p>\n\n\n<div class=\"gb-container gb-container-c75f3255 reading-time-container\">\n1 minut de lectura\n<\/div>\n\n\n<p class=\"gb-headline gb-headline-9d086f67 gb-headline-text\">\u00b7<\/p>\n\n\n<div class=\"gb-container gb-container-8b23b32f comments-count\">\n<p class=\"gb-headline gb-headline-12bcbb10 gb-headline-text\"><a href=\"https:\/\/gastronomicament.cat\/es\/cap-vermell-grand-hotel-renova-loferta-gastronomica-amb-dos-nous-espais-bravo-i-villa-sofia#respond\">0<\/a><\/p>\n\n\n<p class=\"gb-headline gb-headline-1cf0f5a5\"><span class=\"gb-icon\"><svg fill=\"currentColor\" xml:space=\"preserve\" viewBox=\"0 0 64 64\" xmlns:xlink=\"http:\/\/www.w3.org\/1999\/xlink\" xmlns=\"http:\/\/www.w3.org\/2000\/svg\" id=\"Layer_1\" version=\"1.0\"><g stroke-width=\"0\" id=\"SVGRepo_bgCarrier\"><\/g><g stroke-linejoin=\"round\" stroke-linecap=\"round\" id=\"SVGRepo_tracerCarrier\"><\/g><g id=\"SVGRepo_iconCarrier\"> <path d=\"M60,0H4C1.789,0,0,1.789,0,4v40c0,2.211,1.789,4,4,4h8v12 c0,1.617,0.973,3.078,2.469,3.695C14.965,63.902,15.484,64,16,64c1.039,0,2.062-0.406,2.828-1.172L33.656,48H60c2.211,0,4-1.789,4-4 V4C64,1.789,62.211,0,60,0z\" fill=\"currentColor\" clip-rule=\"evenodd\" fill-rule=\"evenodd\"><\/path> <\/g><\/svg><\/span><\/p>\n\n<\/div>\n<\/div>\n\n<div class=\"gb-headline gb-headline-8995ace2 gb-headline-text\">Els dos restaurants, dirigits per Blai Vallbona, reinterpreten la cuina mediterr\u00e0nia des de la tradici\u00f3, el&hellip;<\/div><\/div>\n<\/div>\n\n<div class=\"gb-loop-item gb-loop-item-a53af792 archive-template-grid-item post-103964 post type-post status-publish format-standard has-post-thumbnail hentry category-actualitat category-reportatges-i-novetats\"><figure style=\"aspect-ratio:4\/3;height:200px;\" class=\"archive-featured-img wp-block-post-featured-image\"><img decoding=\"async\" width=\"1366\" height=\"838\" src=\"https:\/\/gastronomicament.cat\/wp-content\/uploads\/2026\/04\/Andreu-Benitez-i-Jhonatan-Maldonado-Botanic-restaurant-Palma.jpg\" class=\"attachment-post-thumbnail size-post-thumbnail wp-post-image\" alt=\"\" style=\"width:100%;height:100%;object-fit:cover;\" srcset=\"https:\/\/gastronomicament.cat\/wp-content\/uploads\/2026\/04\/Andreu-Benitez-i-Jhonatan-Maldonado-Botanic-restaurant-Palma.jpg 1366w, https:\/\/gastronomicament.cat\/wp-content\/uploads\/2026\/04\/Andreu-Benitez-i-Jhonatan-Maldonado-Botanic-restaurant-Palma-300x184.jpg 300w, https:\/\/gastronomicament.cat\/wp-content\/uploads\/2026\/04\/Andreu-Benitez-i-Jhonatan-Maldonado-Botanic-restaurant-Palma-1024x628.jpg 1024w, https:\/\/gastronomicament.cat\/wp-content\/uploads\/2026\/04\/Andreu-Benitez-i-Jhonatan-Maldonado-Botanic-restaurant-Palma-768x471.jpg 768w\" sizes=\"(max-width: 1366px) 100vw, 1366px\" \/><\/figure>\n\n\n<div>\n<p class=\"gb-text gb-text-a18139bc\"><a href=\"https:\/\/gastronomicament.cat\/es\/seccio\/actualitat\" rel=\"tag\">Actualitat<\/a> \/ <a href=\"https:\/\/gastronomicament.cat\/es\/seccio\/actualitat\/reportatges-i-novetats\" rel=\"tag\">Reportatges i novetats<\/a><\/p>\n\n\n\n<h2 class=\"gb-text gb-text-f970a678 h4 is-style-underlined\"><a href=\"https:\/\/gastronomicament.cat\/es\/jhonatan-maldonado-assumira-la-direccio-culinaria-de-botanic-a-can-bordoy\">Jhonatan Maldonado assumir\u00e0 la direcci\u00f3\u00a0culin\u00e0ria de Bot\u00e0nic a Can Bordoy<\/a><\/h2>\n\n\n<div class=\"gb-container gb-container-3f03b7c3 date-reading-comments\">\n<p class=\"gb-headline gb-headline-6eed15ba gb-headline-text\"><time class=\"entry-date published\" datetime=\"2026-04-14T10:03:42+02:00\">14 de abril de 2026<\/time><\/p>\n\n\n<p class=\"gb-headline gb-headline-af6bfb2f gb-headline-text\">\u00b7<\/p>\n\n\n<div class=\"gb-container gb-container-c75f3255 reading-time-container\">\n2 minuts de lectura\n<\/div>\n\n\n<p class=\"gb-headline gb-headline-9d086f67 gb-headline-text\">\u00b7<\/p>\n\n\n<div class=\"gb-container gb-container-8b23b32f comments-count\">\n<p class=\"gb-headline gb-headline-12bcbb10 gb-headline-text\"><a href=\"https:\/\/gastronomicament.cat\/es\/jhonatan-maldonado-assumira-la-direccio-culinaria-de-botanic-a-can-bordoy#respond\">0<\/a><\/p>\n\n\n<p class=\"gb-headline gb-headline-1cf0f5a5\"><span class=\"gb-icon\"><svg fill=\"currentColor\" xml:space=\"preserve\" viewBox=\"0 0 64 64\" xmlns:xlink=\"http:\/\/www.w3.org\/1999\/xlink\" xmlns=\"http:\/\/www.w3.org\/2000\/svg\" id=\"Layer_1\" version=\"1.0\"><g stroke-width=\"0\" id=\"SVGRepo_bgCarrier\"><\/g><g stroke-linejoin=\"round\" stroke-linecap=\"round\" id=\"SVGRepo_tracerCarrier\"><\/g><g id=\"SVGRepo_iconCarrier\"> <path d=\"M60,0H4C1.789,0,0,1.789,0,4v40c0,2.211,1.789,4,4,4h8v12 c0,1.617,0.973,3.078,2.469,3.695C14.965,63.902,15.484,64,16,64c1.039,0,2.062-0.406,2.828-1.172L33.656,48H60c2.211,0,4-1.789,4-4 V4C64,1.789,62.211,0,60,0z\" fill=\"currentColor\" clip-rule=\"evenodd\" fill-rule=\"evenodd\"><\/path> <\/g><\/svg><\/span><\/p>\n\n<\/div>\n<\/div>\n\n<div class=\"gb-headline gb-headline-8995ace2 gb-headline-text\">Agafa el relleu del cuiner Andreu Ben\u00edtez, qui inicia una nova etapa professional<\/div><\/div>\n<\/div>\n\n<div class=\"gb-loop-item gb-loop-item-a53af792 archive-template-grid-item post-103801 post type-post status-publish format-gallery has-post-thumbnail hentry category-actualitat category-inici category-reportatges-i-novetats post_format-post-format-gallery\"><figure style=\"aspect-ratio:4\/3;height:200px;\" class=\"archive-featured-img wp-block-post-featured-image\"><img decoding=\"async\" width=\"1600\" height=\"1270\" src=\"https:\/\/gastronomicament.cat\/wp-content\/uploads\/2026\/04\/imgi_28_Jornades-gastronom-PEIX_2026_cartel-Featured.jpg\" class=\"attachment-post-thumbnail size-post-thumbnail wp-post-image\" alt=\"\" style=\"width:100%;height:100%;object-fit:cover;\" srcset=\"https:\/\/gastronomicament.cat\/wp-content\/uploads\/2026\/04\/imgi_28_Jornades-gastronom-PEIX_2026_cartel-Featured.jpg 1600w, https:\/\/gastronomicament.cat\/wp-content\/uploads\/2026\/04\/imgi_28_Jornades-gastronom-PEIX_2026_cartel-Featured-300x238.jpg 300w, https:\/\/gastronomicament.cat\/wp-content\/uploads\/2026\/04\/imgi_28_Jornades-gastronom-PEIX_2026_cartel-Featured-1024x813.jpg 1024w, https:\/\/gastronomicament.cat\/wp-content\/uploads\/2026\/04\/imgi_28_Jornades-gastronom-PEIX_2026_cartel-Featured-768x610.jpg 768w, https:\/\/gastronomicament.cat\/wp-content\/uploads\/2026\/04\/imgi_28_Jornades-gastronom-PEIX_2026_cartel-Featured-1536x1219.jpg 1536w\" sizes=\"(max-width: 1600px) 100vw, 1600px\" \/><\/figure>\n\n\n<div>\n<p class=\"gb-text gb-text-a18139bc\"><a href=\"https:\/\/gastronomicament.cat\/es\/seccio\/actualitat\" rel=\"tag\">Actualitat<\/a> \/ <a href=\"https:\/\/gastronomicament.cat\/es\/seccio\/inici\" rel=\"tag\">Portada<\/a> \/ <a href=\"https:\/\/gastronomicament.cat\/es\/seccio\/actualitat\/reportatges-i-novetats\" rel=\"tag\">Reportatges i novetats<\/a><\/p>\n\n\n\n<h2 class=\"gb-text gb-text-f970a678 h4 is-style-underlined\"><a href=\"https:\/\/gastronomicament.cat\/es\/jornades-gastronomiques-de-peix-2026-de-menorca\">Jornades Gastron\u00f2miques de Peix 2026 de Menorca\u00a0<\/a><\/h2>\n\n\n<div class=\"gb-container gb-container-3f03b7c3 date-reading-comments\">\n<p class=\"gb-headline gb-headline-6eed15ba gb-headline-text\"><time class=\"entry-date published\" datetime=\"2026-04-10T10:14:26+02:00\">10 de abril de 2026<\/time><\/p>\n\n\n<p class=\"gb-headline gb-headline-af6bfb2f gb-headline-text\">\u00b7<\/p>\n\n\n<div class=\"gb-container gb-container-c75f3255 reading-time-container\">\n2 minuts de lectura\n<\/div>\n\n\n<p class=\"gb-headline gb-headline-9d086f67 gb-headline-text\">\u00b7<\/p>\n\n\n<div class=\"gb-container gb-container-8b23b32f comments-count\">\n<p class=\"gb-headline gb-headline-12bcbb10 gb-headline-text\"><a href=\"https:\/\/gastronomicament.cat\/es\/jornades-gastronomiques-de-peix-2026-de-menorca#respond\">0<\/a><\/p>\n\n\n<p class=\"gb-headline gb-headline-1cf0f5a5\"><span class=\"gb-icon\"><svg fill=\"currentColor\" xml:space=\"preserve\" viewBox=\"0 0 64 64\" xmlns:xlink=\"http:\/\/www.w3.org\/1999\/xlink\" xmlns=\"http:\/\/www.w3.org\/2000\/svg\" id=\"Layer_1\" version=\"1.0\"><g stroke-width=\"0\" id=\"SVGRepo_bgCarrier\"><\/g><g stroke-linejoin=\"round\" stroke-linecap=\"round\" id=\"SVGRepo_tracerCarrier\"><\/g><g id=\"SVGRepo_iconCarrier\"> <path d=\"M60,0H4C1.789,0,0,1.789,0,4v40c0,2.211,1.789,4,4,4h8v12 c0,1.617,0.973,3.078,2.469,3.695C14.965,63.902,15.484,64,16,64c1.039,0,2.062-0.406,2.828-1.172L33.656,48H60c2.211,0,4-1.789,4-4 V4C64,1.789,62.211,0,60,0z\" fill=\"currentColor\" clip-rule=\"evenodd\" fill-rule=\"evenodd\"><\/path> <\/g><\/svg><\/span><\/p>\n\n<\/div>\n<\/div>\n\n<div class=\"gb-headline gb-headline-8995ace2 gb-headline-text\">La iniciativa de celebra a 10 restaurants de l&#8217;illa durant dos caps de setmana d&#8217;abril<\/div><\/div>\n<\/div>\n\n<div class=\"gb-loop-item gb-loop-item-a53af792 archive-template-grid-item post-103799 post type-post status-publish format-gallery has-post-thumbnail hentry category-actualitat category-reportatges-i-novetats post_format-post-format-gallery\"><figure style=\"aspect-ratio:4\/3;height:200px;\" class=\"archive-featured-img wp-block-post-featured-image\"><img decoding=\"async\" width=\"1600\" height=\"950\" src=\"https:\/\/gastronomicament.cat\/wp-content\/uploads\/2026\/04\/Collocacio-de-la-primera-caixa-niu.jpg\" class=\"attachment-post-thumbnail size-post-thumbnail wp-post-image\" alt=\"\" style=\"width:100%;height:100%;object-fit:cover;\" srcset=\"https:\/\/gastronomicament.cat\/wp-content\/uploads\/2026\/04\/Collocacio-de-la-primera-caixa-niu.jpg 1600w, https:\/\/gastronomicament.cat\/wp-content\/uploads\/2026\/04\/Collocacio-de-la-primera-caixa-niu-300x178.jpg 300w, https:\/\/gastronomicament.cat\/wp-content\/uploads\/2026\/04\/Collocacio-de-la-primera-caixa-niu-1024x608.jpg 1024w, https:\/\/gastronomicament.cat\/wp-content\/uploads\/2026\/04\/Collocacio-de-la-primera-caixa-niu-768x456.jpg 768w, https:\/\/gastronomicament.cat\/wp-content\/uploads\/2026\/04\/Collocacio-de-la-primera-caixa-niu-1536x912.jpg 1536w\" sizes=\"(max-width: 1600px) 100vw, 1600px\" \/><\/figure>\n\n\n<div>\n<p class=\"gb-text gb-text-a18139bc\"><a href=\"https:\/\/gastronomicament.cat\/es\/seccio\/actualitat\" rel=\"tag\">Actualitat<\/a> \/ <a href=\"https:\/\/gastronomicament.cat\/es\/seccio\/actualitat\/reportatges-i-novetats\" rel=\"tag\">Reportatges i novetats<\/a><\/p>\n\n\n\n<h2 class=\"gb-text gb-text-f970a678 h4 is-style-underlined\"><a href=\"https:\/\/gastronomicament.cat\/es\/els-nius-del-projecte-vida-als-olivars-sestrena-a-mallorca\">Els nius del projecte Vida als Olivars s&#8217;estrena a Mallorca<\/a><\/h2>\n\n\n<div class=\"gb-container gb-container-3f03b7c3 date-reading-comments\">\n<p class=\"gb-headline gb-headline-6eed15ba gb-headline-text\"><time class=\"entry-date published\" datetime=\"2026-04-09T08:17:55+02:00\">9 de abril de 2026<\/time><\/p>\n\n\n<p class=\"gb-headline gb-headline-af6bfb2f gb-headline-text\">\u00b7<\/p>\n\n\n<div class=\"gb-container gb-container-c75f3255 reading-time-container\">\n1 minut de lectura\n<\/div>\n\n\n<p class=\"gb-headline gb-headline-9d086f67 gb-headline-text\">\u00b7<\/p>\n\n\n<div class=\"gb-container gb-container-8b23b32f comments-count\">\n<p class=\"gb-headline gb-headline-12bcbb10 gb-headline-text\"><a href=\"https:\/\/gastronomicament.cat\/es\/els-nius-del-projecte-vida-als-olivars-sestrena-a-mallorca#respond\">0<\/a><\/p>\n\n\n<p class=\"gb-headline gb-headline-1cf0f5a5\"><span class=\"gb-icon\"><svg fill=\"currentColor\" xml:space=\"preserve\" viewBox=\"0 0 64 64\" xmlns:xlink=\"http:\/\/www.w3.org\/1999\/xlink\" xmlns=\"http:\/\/www.w3.org\/2000\/svg\" id=\"Layer_1\" version=\"1.0\"><g stroke-width=\"0\" id=\"SVGRepo_bgCarrier\"><\/g><g stroke-linejoin=\"round\" stroke-linecap=\"round\" id=\"SVGRepo_tracerCarrier\"><\/g><g id=\"SVGRepo_iconCarrier\"> <path d=\"M60,0H4C1.789,0,0,1.789,0,4v40c0,2.211,1.789,4,4,4h8v12 c0,1.617,0.973,3.078,2.469,3.695C14.965,63.902,15.484,64,16,64c1.039,0,2.062-0.406,2.828-1.172L33.656,48H60c2.211,0,4-1.789,4-4 V4C64,1.789,62.211,0,60,0z\" fill=\"currentColor\" clip-rule=\"evenodd\" fill-rule=\"evenodd\"><\/path> <\/g><\/svg><\/span><\/p>\n\n<\/div>\n<\/div>\n\n<div class=\"gb-headline gb-headline-8995ace2 gb-headline-text\">Els oliverars de la denominaci\u00f3 d&#8217;origen Oli de Mallorca seran un refugi per a aus insect\u00edvores<\/div><\/div>\n<\/div>\n\n<div class=\"gb-loop-item gb-loop-item-a53af792 archive-template-grid-item post-103797 post type-post status-publish format-gallery has-post-thumbnail hentry category-actualitat category-reportatges-i-novetats post_format-post-format-gallery\"><figure style=\"aspect-ratio:4\/3;height:200px;\" class=\"archive-featured-img wp-block-post-featured-image\"><img decoding=\"async\" width=\"1179\" height=\"669\" src=\"https:\/\/gastronomicament.cat\/wp-content\/uploads\/2026\/04\/Bar-Plata-Palma-2.jpg\" class=\"attachment-post-thumbnail size-post-thumbnail wp-post-image\" alt=\"\" style=\"width:100%;height:100%;object-fit:cover;\" srcset=\"https:\/\/gastronomicament.cat\/wp-content\/uploads\/2026\/04\/Bar-Plata-Palma-2.jpg 1179w, https:\/\/gastronomicament.cat\/wp-content\/uploads\/2026\/04\/Bar-Plata-Palma-2-300x170.jpg 300w, https:\/\/gastronomicament.cat\/wp-content\/uploads\/2026\/04\/Bar-Plata-Palma-2-1024x581.jpg 1024w, https:\/\/gastronomicament.cat\/wp-content\/uploads\/2026\/04\/Bar-Plata-Palma-2-768x436.jpg 768w\" sizes=\"(max-width: 1179px) 100vw, 1179px\" \/><\/figure>\n\n\n<div>\n<p class=\"gb-text gb-text-a18139bc\"><a href=\"https:\/\/gastronomicament.cat\/es\/seccio\/actualitat\" rel=\"tag\">Actualitat<\/a> \/ <a href=\"https:\/\/gastronomicament.cat\/es\/seccio\/actualitat\/reportatges-i-novetats\" rel=\"tag\">Reportatges i novetats<\/a><\/p>\n\n\n\n<h2 class=\"gb-text gb-text-f970a678 h4 is-style-underlined\"><a href=\"https:\/\/gastronomicament.cat\/es\/el-bar-plata-abaixa-la-persiana-a-palma\">El Bar Plata abaixa la persiana a Palma<\/a><\/h2>\n\n\n<div class=\"gb-container gb-container-3f03b7c3 date-reading-comments\">\n<p class=\"gb-headline gb-headline-6eed15ba gb-headline-text\"><time class=\"entry-date published\" datetime=\"2026-04-09T08:12:37+02:00\">9 de abril de 2026<\/time><\/p>\n\n\n<p class=\"gb-headline gb-headline-af6bfb2f gb-headline-text\">\u00b7<\/p>\n\n\n<div class=\"gb-container gb-container-c75f3255 reading-time-container\">\n3 minuts de lectura\n<\/div>\n\n\n<p class=\"gb-headline gb-headline-9d086f67 gb-headline-text\">\u00b7<\/p>\n\n\n<div class=\"gb-container gb-container-8b23b32f comments-count\">\n<p class=\"gb-headline gb-headline-12bcbb10 gb-headline-text\"><a href=\"https:\/\/gastronomicament.cat\/es\/el-bar-plata-abaixa-la-persiana-a-palma#respond\">0<\/a><\/p>\n\n\n<p class=\"gb-headline gb-headline-1cf0f5a5\"><span class=\"gb-icon\"><svg fill=\"currentColor\" xml:space=\"preserve\" viewBox=\"0 0 64 64\" xmlns:xlink=\"http:\/\/www.w3.org\/1999\/xlink\" xmlns=\"http:\/\/www.w3.org\/2000\/svg\" id=\"Layer_1\" version=\"1.0\"><g stroke-width=\"0\" id=\"SVGRepo_bgCarrier\"><\/g><g stroke-linejoin=\"round\" stroke-linecap=\"round\" id=\"SVGRepo_tracerCarrier\"><\/g><g id=\"SVGRepo_iconCarrier\"> <path d=\"M60,0H4C1.789,0,0,1.789,0,4v40c0,2.211,1.789,4,4,4h8v12 c0,1.617,0.973,3.078,2.469,3.695C14.965,63.902,15.484,64,16,64c1.039,0,2.062-0.406,2.828-1.172L33.656,48H60c2.211,0,4-1.789,4-4 V4C64,1.789,62.211,0,60,0z\" fill=\"currentColor\" clip-rule=\"evenodd\" fill-rule=\"evenodd\"><\/path> <\/g><\/svg><\/span><\/p>\n\n<\/div>\n<\/div>\n\n<div class=\"gb-headline gb-headline-8995ace2 gb-headline-text\">L&#8217;emblem\u00e0tic establiment anuncia que es traspassa, coincidint amb el seu 70\u00e8 aniversari, i denuncia la pressi\u00f3&hellip;<\/div><\/div>\n<\/div>\n\n<div class=\"gb-loop-item gb-loop-item-a53af792 archive-template-grid-item post-103795 post type-post status-publish format-gallery has-post-thumbnail hentry category-actualitat category-reportatges-i-novetats post_format-post-format-gallery\"><figure style=\"aspect-ratio:4\/3;height:200px;\" class=\"archive-featured-img wp-block-post-featured-image\"><img decoding=\"async\" width=\"1600\" height=\"1200\" src=\"https:\/\/gastronomicament.cat\/wp-content\/uploads\/2026\/04\/Guanyadors-concurs-panades-2026.jpg\" class=\"attachment-post-thumbnail size-post-thumbnail wp-post-image\" alt=\"\" style=\"width:100%;height:100%;object-fit:cover;\" srcset=\"https:\/\/gastronomicament.cat\/wp-content\/uploads\/2026\/04\/Guanyadors-concurs-panades-2026.jpg 1600w, https:\/\/gastronomicament.cat\/wp-content\/uploads\/2026\/04\/Guanyadors-concurs-panades-2026-300x225.jpg 300w, https:\/\/gastronomicament.cat\/wp-content\/uploads\/2026\/04\/Guanyadors-concurs-panades-2026-1024x768.jpg 1024w, https:\/\/gastronomicament.cat\/wp-content\/uploads\/2026\/04\/Guanyadors-concurs-panades-2026-768x576.jpg 768w, https:\/\/gastronomicament.cat\/wp-content\/uploads\/2026\/04\/Guanyadors-concurs-panades-2026-1536x1152.jpg 1536w\" sizes=\"(max-width: 1600px) 100vw, 1600px\" \/><\/figure>\n\n\n<div>\n<p class=\"gb-text gb-text-a18139bc\"><a href=\"https:\/\/gastronomicament.cat\/es\/seccio\/actualitat\" rel=\"tag\">Actualitat<\/a> \/ <a href=\"https:\/\/gastronomicament.cat\/es\/seccio\/actualitat\/reportatges-i-novetats\" rel=\"tag\">Reportatges i novetats<\/a><\/p>\n\n\n\n<h2 class=\"gb-text gb-text-f970a678 h4 is-style-underlined\"><a href=\"https:\/\/gastronomicament.cat\/es\/la-panada-de-me-de-mallorca-del-forn-sant-cristo-de-palma-guanya-el-i-concurs-de-panades-de-me\">La panada de me de Mallorca del forn Sant Cristo de Palma guanya el I concurs de panades de me<\/a><\/h2>\n\n\n<div class=\"gb-container gb-container-3f03b7c3 date-reading-comments\">\n<p class=\"gb-headline gb-headline-6eed15ba gb-headline-text\"><time class=\"entry-date published\" datetime=\"2026-04-09T07:55:28+02:00\">9 de abril de 2026<\/time><\/p>\n\n\n<p class=\"gb-headline gb-headline-af6bfb2f gb-headline-text\">\u00b7<\/p>\n\n\n<div class=\"gb-container gb-container-c75f3255 reading-time-container\">\n2 minuts de lectura\n<\/div>\n\n\n<p class=\"gb-headline gb-headline-9d086f67 gb-headline-text\">\u00b7<\/p>\n\n\n<div class=\"gb-container gb-container-8b23b32f comments-count\">\n<p class=\"gb-headline gb-headline-12bcbb10 gb-headline-text\"><a href=\"https:\/\/gastronomicament.cat\/es\/la-panada-de-me-de-mallorca-del-forn-sant-cristo-de-palma-guanya-el-i-concurs-de-panades-de-me#respond\">0<\/a><\/p>\n\n\n<p class=\"gb-headline gb-headline-1cf0f5a5\"><span class=\"gb-icon\"><svg fill=\"currentColor\" xml:space=\"preserve\" viewBox=\"0 0 64 64\" xmlns:xlink=\"http:\/\/www.w3.org\/1999\/xlink\" xmlns=\"http:\/\/www.w3.org\/2000\/svg\" id=\"Layer_1\" version=\"1.0\"><g stroke-width=\"0\" id=\"SVGRepo_bgCarrier\"><\/g><g stroke-linejoin=\"round\" stroke-linecap=\"round\" id=\"SVGRepo_tracerCarrier\"><\/g><g id=\"SVGRepo_iconCarrier\"> <path d=\"M60,0H4C1.789,0,0,1.789,0,4v40c0,2.211,1.789,4,4,4h8v12 c0,1.617,0.973,3.078,2.469,3.695C14.965,63.902,15.484,64,16,64c1.039,0,2.062-0.406,2.828-1.172L33.656,48H60c2.211,0,4-1.789,4-4 V4C64,1.789,62.211,0,60,0z\" fill=\"currentColor\" clip-rule=\"evenodd\" fill-rule=\"evenodd\"><\/path> <\/g><\/svg><\/span><\/p>\n\n<\/div>\n<\/div>\n\n<div class=\"gb-headline gb-headline-8995ace2 gb-headline-text\">El Fornet de la Soca i el forn de Can Rafel han guanyat el segon i&hellip;<\/div><\/div>\n<\/div>\n\n<div class=\"gb-loop-item gb-loop-item-a53af792 archive-template-grid-item post-103778 post type-post status-publish format-standard has-post-thumbnail hentry category-actualitat category-reportatges-i-novetats\"><figure style=\"aspect-ratio:4\/3;height:200px;\" class=\"archive-featured-img wp-block-post-featured-image\"><img decoding=\"async\" width=\"1920\" height=\"937\" src=\"https:\/\/gastronomicament.cat\/wp-content\/uploads\/2026\/03\/Foodies-on-Menorca-2.jpg\" class=\"attachment-post-thumbnail size-post-thumbnail wp-post-image\" alt=\"\" style=\"width:100%;height:100%;object-fit:cover;\" srcset=\"https:\/\/gastronomicament.cat\/wp-content\/uploads\/2026\/03\/Foodies-on-Menorca-2.jpg 1920w, https:\/\/gastronomicament.cat\/wp-content\/uploads\/2026\/03\/Foodies-on-Menorca-2-300x146.jpg 300w, https:\/\/gastronomicament.cat\/wp-content\/uploads\/2026\/03\/Foodies-on-Menorca-2-1024x500.jpg 1024w, https:\/\/gastronomicament.cat\/wp-content\/uploads\/2026\/03\/Foodies-on-Menorca-2-768x375.jpg 768w, https:\/\/gastronomicament.cat\/wp-content\/uploads\/2026\/03\/Foodies-on-Menorca-2-1536x750.jpg 1536w\" sizes=\"(max-width: 1920px) 100vw, 1920px\" \/><\/figure>\n\n\n<div>\n<p class=\"gb-text gb-text-a18139bc\"><a href=\"https:\/\/gastronomicament.cat\/es\/seccio\/actualitat\" rel=\"tag\">Actualitat<\/a> \/ <a href=\"https:\/\/gastronomicament.cat\/es\/seccio\/actualitat\/reportatges-i-novetats\" rel=\"tag\">Reportatges i novetats<\/a><\/p>\n\n\n\n<h2 class=\"gb-text gb-text-f970a678 h4 is-style-underlined\"><a href=\"https:\/\/gastronomicament.cat\/es\/foodies-on-menorca-entre-els-10-millors-webs-del-mon-2__trashed\">Foodies on Menorca entre els 10 millors webs del m\u00f3n<\/a><\/h2>\n\n\n<div class=\"gb-container gb-container-3f03b7c3 date-reading-comments\">\n<p class=\"gb-headline gb-headline-6eed15ba gb-headline-text\"><time class=\"entry-date published\" datetime=\"2026-03-31T10:12:02+02:00\">31 de marzo de 2026<\/time><\/p>\n\n\n<p class=\"gb-headline gb-headline-af6bfb2f gb-headline-text\">\u00b7<\/p>\n\n\n<div class=\"gb-container gb-container-c75f3255 reading-time-container\">\n4 minuts de lectura\n<\/div>\n\n\n<p class=\"gb-headline gb-headline-9d086f67 gb-headline-text\">\u00b7<\/p>\n\n\n<div class=\"gb-container gb-container-8b23b32f comments-count\">\n<p class=\"gb-headline gb-headline-12bcbb10 gb-headline-text\"><a href=\"https:\/\/gastronomicament.cat\/es\/foodies-on-menorca-entre-els-10-millors-webs-del-mon-2__trashed#respond\">0<\/a><\/p>\n\n\n<p class=\"gb-headline gb-headline-1cf0f5a5\"><span class=\"gb-icon\"><svg fill=\"currentColor\" xml:space=\"preserve\" viewBox=\"0 0 64 64\" xmlns:xlink=\"http:\/\/www.w3.org\/1999\/xlink\" xmlns=\"http:\/\/www.w3.org\/2000\/svg\" id=\"Layer_1\" version=\"1.0\"><g stroke-width=\"0\" id=\"SVGRepo_bgCarrier\"><\/g><g stroke-linejoin=\"round\" stroke-linecap=\"round\" id=\"SVGRepo_tracerCarrier\"><\/g><g id=\"SVGRepo_iconCarrier\"> <path d=\"M60,0H4C1.789,0,0,1.789,0,4v40c0,2.211,1.789,4,4,4h8v12 c0,1.617,0.973,3.078,2.469,3.695C14.965,63.902,15.484,64,16,64c1.039,0,2.062-0.406,2.828-1.172L33.656,48H60c2.211,0,4-1.789,4-4 V4C64,1.789,62.211,0,60,0z\" fill=\"currentColor\" clip-rule=\"evenodd\" fill-rule=\"evenodd\"><\/path> <\/g><\/svg><\/span><\/p>\n\n<\/div>\n<\/div>\n\n<div class=\"gb-headline gb-headline-8995ace2 gb-headline-text\">L&#8217;Institut Internacional de Gastronomia, Cultura, Art i Turisme (IGCAT) ha seleccionat el web Foodies on Menorca&hellip;<\/div><\/div>\n<\/div>\n\n<div class=\"gb-loop-item gb-loop-item-a53af792 archive-template-grid-item post-103760 post type-post status-publish format-gallery has-post-thumbnail hentry category-actualitat category-reportatges-i-novetats post_format-post-format-gallery\"><figure style=\"aspect-ratio:4\/3;height:200px;\" class=\"archive-featured-img wp-block-post-featured-image\"><img decoding=\"async\" width=\"1600\" height=\"1008\" src=\"https:\/\/gastronomicament.cat\/wp-content\/uploads\/2026\/03\/coro-pic-4.jpg\" class=\"attachment-post-thumbnail size-post-thumbnail wp-post-image\" alt=\"\" style=\"width:100%;height:100%;object-fit:cover;\" srcset=\"https:\/\/gastronomicament.cat\/wp-content\/uploads\/2026\/03\/coro-pic-4.jpg 1600w, https:\/\/gastronomicament.cat\/wp-content\/uploads\/2026\/03\/coro-pic-4-300x189.jpg 300w, https:\/\/gastronomicament.cat\/wp-content\/uploads\/2026\/03\/coro-pic-4-1024x645.jpg 1024w, https:\/\/gastronomicament.cat\/wp-content\/uploads\/2026\/03\/coro-pic-4-768x484.jpg 768w, https:\/\/gastronomicament.cat\/wp-content\/uploads\/2026\/03\/coro-pic-4-1536x968.jpg 1536w\" sizes=\"(max-width: 1600px) 100vw, 1600px\" \/><\/figure>\n\n\n<div>\n<p class=\"gb-text gb-text-a18139bc\"><a href=\"https:\/\/gastronomicament.cat\/es\/seccio\/actualitat\" rel=\"tag\">Actualitat<\/a> \/ <a href=\"https:\/\/gastronomicament.cat\/es\/seccio\/actualitat\/reportatges-i-novetats\" rel=\"tag\">Reportatges i novetats<\/a><\/p>\n\n\n\n<h2 class=\"gb-text gb-text-f970a678 h4 is-style-underlined\"><a href=\"https:\/\/gastronomicament.cat\/es\/voro-inicia-la-vuitena-temporada-amb-un-sol-menu-de-240-elaboracions\">Voro inicia la vuitena temporada amb un sol men\u00fa de 240 elaboracions<\/a><\/h2>\n\n\n<div class=\"gb-container gb-container-3f03b7c3 date-reading-comments\">\n<p class=\"gb-headline gb-headline-6eed15ba gb-headline-text\"><time class=\"entry-date published\" datetime=\"2026-03-24T08:41:50+01:00\">24 de marzo de 2026<\/time><\/p>\n\n\n<p class=\"gb-headline gb-headline-af6bfb2f gb-headline-text\">\u00b7<\/p>\n\n\n<div class=\"gb-container gb-container-c75f3255 reading-time-container\">\n3 minuts de lectura\n<\/div>\n\n\n<p class=\"gb-headline gb-headline-9d086f67 gb-headline-text\">\u00b7<\/p>\n\n\n<div class=\"gb-container gb-container-8b23b32f comments-count\">\n<p class=\"gb-headline gb-headline-12bcbb10 gb-headline-text\"><a href=\"https:\/\/gastronomicament.cat\/es\/voro-inicia-la-vuitena-temporada-amb-un-sol-menu-de-240-elaboracions#respond\">0<\/a><\/p>\n\n\n<p class=\"gb-headline gb-headline-1cf0f5a5\"><span class=\"gb-icon\"><svg fill=\"currentColor\" xml:space=\"preserve\" viewBox=\"0 0 64 64\" xmlns:xlink=\"http:\/\/www.w3.org\/1999\/xlink\" xmlns=\"http:\/\/www.w3.org\/2000\/svg\" id=\"Layer_1\" version=\"1.0\"><g stroke-width=\"0\" id=\"SVGRepo_bgCarrier\"><\/g><g stroke-linejoin=\"round\" stroke-linecap=\"round\" id=\"SVGRepo_tracerCarrier\"><\/g><g id=\"SVGRepo_iconCarrier\"> <path d=\"M60,0H4C1.789,0,0,1.789,0,4v40c0,2.211,1.789,4,4,4h8v12 c0,1.617,0.973,3.078,2.469,3.695C14.965,63.902,15.484,64,16,64c1.039,0,2.062-0.406,2.828-1.172L33.656,48H60c2.211,0,4-1.789,4-4 V4C64,1.789,62.211,0,60,0z\" fill=\"currentColor\" clip-rule=\"evenodd\" fill-rule=\"evenodd\"><\/path> <\/g><\/svg><\/span><\/p>\n\n<\/div>\n<\/div>\n\n<div class=\"gb-headline gb-headline-8995ace2 gb-headline-text\">El restaurant d&#8217;\u00c1lvaro Salazar, amb dues estrelles Michelin i tres Sols Repsol ha obert les portes&hellip;<\/div><\/div>\n<\/div>\n\n<div class=\"gb-loop-item gb-loop-item-a53af792 archive-template-grid-item post-103740 post type-post status-publish format-standard has-post-thumbnail hentry category-actualitat category-reportatges-i-novetats\"><figure style=\"aspect-ratio:4\/3;height:200px;\" class=\"archive-featured-img wp-block-post-featured-image\"><img decoding=\"async\" width=\"1600\" height=\"1200\" src=\"https:\/\/gastronomicament.cat\/wp-content\/uploads\/2026\/03\/reunio-anual-2026-6.jpg\" class=\"attachment-post-thumbnail size-post-thumbnail wp-post-image\" alt=\"\" style=\"width:100%;height:100%;object-fit:cover;\" srcset=\"https:\/\/gastronomicament.cat\/wp-content\/uploads\/2026\/03\/reunio-anual-2026-6.jpg 1600w, https:\/\/gastronomicament.cat\/wp-content\/uploads\/2026\/03\/reunio-anual-2026-6-300x225.jpg 300w, https:\/\/gastronomicament.cat\/wp-content\/uploads\/2026\/03\/reunio-anual-2026-6-1024x768.jpg 1024w, https:\/\/gastronomicament.cat\/wp-content\/uploads\/2026\/03\/reunio-anual-2026-6-768x576.jpg 768w, https:\/\/gastronomicament.cat\/wp-content\/uploads\/2026\/03\/reunio-anual-2026-6-1536x1152.jpg 1536w\" sizes=\"(max-width: 1600px) 100vw, 1600px\" \/><\/figure>\n\n\n<div>\n<p class=\"gb-text gb-text-a18139bc\"><a href=\"https:\/\/gastronomicament.cat\/es\/seccio\/actualitat\" rel=\"tag\">Actualitat<\/a> \/ <a href=\"https:\/\/gastronomicament.cat\/es\/seccio\/actualitat\/reportatges-i-novetats\" rel=\"tag\">Reportatges i novetats<\/a><\/p>\n\n\n\n<h2 class=\"gb-text gb-text-f970a678 h4 is-style-underlined\"><a href=\"https:\/\/gastronomicament.cat\/es\/el-doctor-miquel-fiol-carme-garau-antoni-calafell-i-treurer-reben-el-reconeixement-de-la-do-oli-de-mallorca\">El doctor Miquel Fiol, Carme Garau, Antoni Calafell i Treurer, reben el reconeixement de la DO Oli de Mallorca<\/a><\/h2>\n\n\n<div class=\"gb-container gb-container-3f03b7c3 date-reading-comments\">\n<p class=\"gb-headline gb-headline-6eed15ba gb-headline-text\"><time class=\"entry-date published\" datetime=\"2026-03-19T09:05:52+01:00\">19 de marzo de 2026<\/time><\/p>\n\n\n<p class=\"gb-headline gb-headline-af6bfb2f gb-headline-text\">\u00b7<\/p>\n\n\n<div class=\"gb-container gb-container-c75f3255 reading-time-container\">\n2 minuts de lectura\n<\/div>\n\n\n<p class=\"gb-headline gb-headline-9d086f67 gb-headline-text\">\u00b7<\/p>\n\n\n<div class=\"gb-container gb-container-8b23b32f comments-count\">\n<p class=\"gb-headline gb-headline-12bcbb10 gb-headline-text\"><a href=\"https:\/\/gastronomicament.cat\/es\/el-doctor-miquel-fiol-carme-garau-antoni-calafell-i-treurer-reben-el-reconeixement-de-la-do-oli-de-mallorca#respond\">0<\/a><\/p>\n\n\n<p class=\"gb-headline gb-headline-1cf0f5a5\"><span class=\"gb-icon\"><svg fill=\"currentColor\" xml:space=\"preserve\" viewBox=\"0 0 64 64\" xmlns:xlink=\"http:\/\/www.w3.org\/1999\/xlink\" xmlns=\"http:\/\/www.w3.org\/2000\/svg\" id=\"Layer_1\" version=\"1.0\"><g stroke-width=\"0\" id=\"SVGRepo_bgCarrier\"><\/g><g stroke-linejoin=\"round\" stroke-linecap=\"round\" id=\"SVGRepo_tracerCarrier\"><\/g><g id=\"SVGRepo_iconCarrier\"> <path d=\"M60,0H4C1.789,0,0,1.789,0,4v40c0,2.211,1.789,4,4,4h8v12 c0,1.617,0.973,3.078,2.469,3.695C14.965,63.902,15.484,64,16,64c1.039,0,2.062-0.406,2.828-1.172L33.656,48H60c2.211,0,4-1.789,4-4 V4C64,1.789,62.211,0,60,0z\" fill=\"currentColor\" clip-rule=\"evenodd\" fill-rule=\"evenodd\"><\/path> <\/g><\/svg><\/span><\/p>\n\n<\/div>\n<\/div>\n\n<div class=\"gb-headline gb-headline-8995ace2 gb-headline-text\">Es reconeix la tasca del doctor Miquel Fiol per detectar els beneficis per a la salut&hellip;<\/div><\/div>\n<\/div>\n\n<div class=\"gb-loop-item gb-loop-item-a53af792 archive-template-grid-item post-103718 post type-post status-publish format-gallery has-post-thumbnail hentry category-actualitat category-reportatges-i-novetats post_format-post-format-gallery\"><figure style=\"aspect-ratio:4\/3;height:200px;\" class=\"archive-featured-img wp-block-post-featured-image\"><img decoding=\"async\" width=\"1600\" height=\"1068\" src=\"https:\/\/gastronomicament.cat\/wp-content\/uploads\/2026\/03\/Premis-Horeca-Menorca-2026.jpg\" class=\"attachment-post-thumbnail size-post-thumbnail wp-post-image\" alt=\"\" style=\"width:100%;height:100%;object-fit:cover;\" srcset=\"https:\/\/gastronomicament.cat\/wp-content\/uploads\/2026\/03\/Premis-Horeca-Menorca-2026.jpg 1600w, https:\/\/gastronomicament.cat\/wp-content\/uploads\/2026\/03\/Premis-Horeca-Menorca-2026-300x200.jpg 300w, https:\/\/gastronomicament.cat\/wp-content\/uploads\/2026\/03\/Premis-Horeca-Menorca-2026-1024x684.jpg 1024w, https:\/\/gastronomicament.cat\/wp-content\/uploads\/2026\/03\/Premis-Horeca-Menorca-2026-768x513.jpg 768w, https:\/\/gastronomicament.cat\/wp-content\/uploads\/2026\/03\/Premis-Horeca-Menorca-2026-1536x1025.jpg 1536w\" sizes=\"(max-width: 1600px) 100vw, 1600px\" \/><\/figure>\n\n\n<div>\n<p class=\"gb-text gb-text-a18139bc\"><a href=\"https:\/\/gastronomicament.cat\/es\/seccio\/actualitat\" rel=\"tag\">Actualitat<\/a> \/ <a href=\"https:\/\/gastronomicament.cat\/es\/seccio\/actualitat\/reportatges-i-novetats\" rel=\"tag\">Reportatges i novetats<\/a><\/p>\n\n\n\n<h2 class=\"gb-text gb-text-f970a678 h4 is-style-underlined\"><a href=\"https:\/\/gastronomicament.cat\/es\/aquiara-guanya-el-concurs-de-cuina-amb-be-i-jose-caballero-millor-entrepa-gourmet-dhoreca-menorca\">Aquiara guanya el Concurs de Cuina amb Be i Jos\u00e9 Caballero, millor entrep\u00e0 Gourmet d&#8217;Horeca Menorca<\/a><\/h2>\n\n\n<div class=\"gb-container gb-container-3f03b7c3 date-reading-comments\">\n<p class=\"gb-headline gb-headline-6eed15ba gb-headline-text\"><time class=\"entry-date published\" datetime=\"2026-03-19T09:03:03+01:00\">19 de marzo de 2026<\/time><\/p>\n\n\n<p class=\"gb-headline gb-headline-af6bfb2f gb-headline-text\">\u00b7<\/p>\n\n\n<div class=\"gb-container gb-container-c75f3255 reading-time-container\">\n2 minuts de lectura\n<\/div>\n\n\n<p class=\"gb-headline gb-headline-9d086f67 gb-headline-text\">\u00b7<\/p>\n\n\n<div class=\"gb-container gb-container-8b23b32f comments-count\">\n<p class=\"gb-headline gb-headline-12bcbb10 gb-headline-text\"><a href=\"https:\/\/gastronomicament.cat\/es\/aquiara-guanya-el-concurs-de-cuina-amb-be-i-jose-caballero-millor-entrepa-gourmet-dhoreca-menorca#respond\">0<\/a><\/p>\n\n\n<p class=\"gb-headline gb-headline-1cf0f5a5\"><span class=\"gb-icon\"><svg fill=\"currentColor\" xml:space=\"preserve\" viewBox=\"0 0 64 64\" xmlns:xlink=\"http:\/\/www.w3.org\/1999\/xlink\" xmlns=\"http:\/\/www.w3.org\/2000\/svg\" id=\"Layer_1\" version=\"1.0\"><g stroke-width=\"0\" id=\"SVGRepo_bgCarrier\"><\/g><g stroke-linejoin=\"round\" stroke-linecap=\"round\" id=\"SVGRepo_tracerCarrier\"><\/g><g id=\"SVGRepo_iconCarrier\"> <path d=\"M60,0H4C1.789,0,0,1.789,0,4v40c0,2.211,1.789,4,4,4h8v12 c0,1.617,0.973,3.078,2.469,3.695C14.965,63.902,15.484,64,16,64c1.039,0,2.062-0.406,2.828-1.172L33.656,48H60c2.211,0,4-1.789,4-4 V4C64,1.789,62.211,0,60,0z\" fill=\"currentColor\" clip-rule=\"evenodd\" fill-rule=\"evenodd\"><\/path> <\/g><\/svg><\/span><\/p>\n\n<\/div>\n<\/div>\n\n<div class=\"gb-headline gb-headline-8995ace2 gb-headline-text\">Tambe s&#8217;han lliurat diversos reconeixements a la traject\u00f2ria professional<\/div><\/div>\n<\/div>\n\n<div class=\"gb-loop-item gb-loop-item-a53af792 archive-template-grid-item post-103746 post type-post status-publish format-gallery has-post-thumbnail hentry category-actualitat category-reportatges-i-novetats post_format-post-format-gallery\"><figure style=\"aspect-ratio:4\/3;height:200px;\" class=\"archive-featured-img wp-block-post-featured-image\"><img decoding=\"async\" width=\"1600\" height=\"900\" src=\"https:\/\/gastronomicament.cat\/wp-content\/uploads\/2026\/03\/Restaurant-Pan-y-Vino-Millor-restaurant-cuina-Peix-Horeca-Menorca-2026.jpg\" class=\"attachment-post-thumbnail size-post-thumbnail wp-post-image\" alt=\"\" style=\"width:100%;height:100%;object-fit:cover;\" srcset=\"https:\/\/gastronomicament.cat\/wp-content\/uploads\/2026\/03\/Restaurant-Pan-y-Vino-Millor-restaurant-cuina-Peix-Horeca-Menorca-2026.jpg 1600w, https:\/\/gastronomicament.cat\/wp-content\/uploads\/2026\/03\/Restaurant-Pan-y-Vino-Millor-restaurant-cuina-Peix-Horeca-Menorca-2026-300x169.jpg 300w, https:\/\/gastronomicament.cat\/wp-content\/uploads\/2026\/03\/Restaurant-Pan-y-Vino-Millor-restaurant-cuina-Peix-Horeca-Menorca-2026-1024x576.jpg 1024w, https:\/\/gastronomicament.cat\/wp-content\/uploads\/2026\/03\/Restaurant-Pan-y-Vino-Millor-restaurant-cuina-Peix-Horeca-Menorca-2026-768x432.jpg 768w, https:\/\/gastronomicament.cat\/wp-content\/uploads\/2026\/03\/Restaurant-Pan-y-Vino-Millor-restaurant-cuina-Peix-Horeca-Menorca-2026-1536x864.jpg 1536w\" sizes=\"(max-width: 1600px) 100vw, 1600px\" \/><\/figure>\n\n\n<div>\n<p class=\"gb-text gb-text-a18139bc\"><a href=\"https:\/\/gastronomicament.cat\/es\/seccio\/actualitat\" rel=\"tag\">Actualitat<\/a> \/ <a href=\"https:\/\/gastronomicament.cat\/es\/seccio\/actualitat\/reportatges-i-novetats\" rel=\"tag\">Reportatges i novetats<\/a><\/p>\n\n\n\n<h2 class=\"gb-text gb-text-f970a678 h4 is-style-underlined\"><a href=\"https:\/\/gastronomicament.cat\/es\/el-restaurant-pan-i-vino-guanya-millor-platde-peix-popular-i-gastro-bar-fa-la-millor-hamburguesa-de-wagyu\">El restaurant Pan i Vino guanya, millor platde peix popular i Gastro Bar fa la millor hamburguesa de wagyu<\/a><\/h2>\n\n\n<div class=\"gb-container gb-container-3f03b7c3 date-reading-comments\">\n<p class=\"gb-headline gb-headline-6eed15ba gb-headline-text\"><time class=\"entry-date published\" datetime=\"2026-03-19T08:59:49+01:00\">19 de marzo de 2026<\/time><\/p>\n\n\n<p class=\"gb-headline gb-headline-af6bfb2f gb-headline-text\">\u00b7<\/p>\n\n\n<div class=\"gb-container gb-container-c75f3255 reading-time-container\">\n2 minuts de lectura\n<\/div>\n\n\n<p class=\"gb-headline gb-headline-9d086f67 gb-headline-text\">\u00b7<\/p>\n\n\n<div class=\"gb-container gb-container-8b23b32f comments-count\">\n<p class=\"gb-headline gb-headline-12bcbb10 gb-headline-text\"><a href=\"https:\/\/gastronomicament.cat\/es\/el-restaurant-pan-i-vino-guanya-millor-platde-peix-popular-i-gastro-bar-fa-la-millor-hamburguesa-de-wagyu#respond\">0<\/a><\/p>\n\n\n<p class=\"gb-headline gb-headline-1cf0f5a5\"><span class=\"gb-icon\"><svg fill=\"currentColor\" xml:space=\"preserve\" viewBox=\"0 0 64 64\" xmlns:xlink=\"http:\/\/www.w3.org\/1999\/xlink\" xmlns=\"http:\/\/www.w3.org\/2000\/svg\" id=\"Layer_1\" version=\"1.0\"><g stroke-width=\"0\" id=\"SVGRepo_bgCarrier\"><\/g><g stroke-linejoin=\"round\" stroke-linecap=\"round\" id=\"SVGRepo_tracerCarrier\"><\/g><g id=\"SVGRepo_iconCarrier\"> <path d=\"M60,0H4C1.789,0,0,1.789,0,4v40c0,2.211,1.789,4,4,4h8v12 c0,1.617,0.973,3.078,2.469,3.695C14.965,63.902,15.484,64,16,64c1.039,0,2.062-0.406,2.828-1.172L33.656,48H60c2.211,0,4-1.789,4-4 V4C64,1.789,62.211,0,60,0z\" fill=\"currentColor\" clip-rule=\"evenodd\" fill-rule=\"evenodd\"><\/path> <\/g><\/svg><\/span><\/p>\n\n<\/div>\n<\/div>\n\n<div class=\"gb-headline gb-headline-8995ace2 gb-headline-text\">Els concursos s&#8217;han celebrat en el marc de la fira Horeca 2026 de Menorca<\/div><\/div>\n<\/div>\n\n<div class=\"gb-loop-item gb-loop-item-a53af792 archive-template-grid-item post-103708 post type-post status-publish format-standard has-post-thumbnail hentry category-actualitat category-reportatges-i-novetats\"><figure style=\"aspect-ratio:4\/3;height:200px;\" class=\"archive-featured-img wp-block-post-featured-image\"><img decoding=\"async\" width=\"1600\" height=\"890\" src=\"https:\/\/gastronomicament.cat\/wp-content\/uploads\/2026\/03\/Menjadors-escolars-pic-1.jpg\" class=\"attachment-post-thumbnail size-post-thumbnail wp-post-image\" alt=\"\" style=\"width:100%;height:100%;object-fit:cover;\" srcset=\"https:\/\/gastronomicament.cat\/wp-content\/uploads\/2026\/03\/Menjadors-escolars-pic-1.jpg 1600w, https:\/\/gastronomicament.cat\/wp-content\/uploads\/2026\/03\/Menjadors-escolars-pic-1-300x167.jpg 300w, https:\/\/gastronomicament.cat\/wp-content\/uploads\/2026\/03\/Menjadors-escolars-pic-1-1024x570.jpg 1024w, https:\/\/gastronomicament.cat\/wp-content\/uploads\/2026\/03\/Menjadors-escolars-pic-1-768x427.jpg 768w, https:\/\/gastronomicament.cat\/wp-content\/uploads\/2026\/03\/Menjadors-escolars-pic-1-1536x854.jpg 1536w\" sizes=\"(max-width: 1600px) 100vw, 1600px\" \/><\/figure>\n\n\n<div>\n<p class=\"gb-text gb-text-a18139bc\"><a href=\"https:\/\/gastronomicament.cat\/es\/seccio\/actualitat\" rel=\"tag\">Actualitat<\/a> \/ <a href=\"https:\/\/gastronomicament.cat\/es\/seccio\/actualitat\/reportatges-i-novetats\" rel=\"tag\">Reportatges i novetats<\/a><\/p>\n\n\n\n<h2 class=\"gb-text gb-text-f970a678 h4 is-style-underlined\"><a href=\"https:\/\/gastronomicament.cat\/es\/els-menjadors-escolars-han-dincloure-un-minim-del-10-de-producte-local-i-del-10-de-producte-ecologic\">Els menjadors escolars han d&#8217;incloure un m\u00ednim del 10% de producte local, i del 10% de producte ecol\u00f2gic<\/a><\/h2>\n\n\n<div class=\"gb-container gb-container-3f03b7c3 date-reading-comments\">\n<p class=\"gb-headline gb-headline-6eed15ba gb-headline-text\"><time class=\"entry-date published\" datetime=\"2026-03-18T08:53:56+01:00\">18 de marzo de 2026<\/time><\/p>\n\n\n<p class=\"gb-headline gb-headline-af6bfb2f gb-headline-text\">\u00b7<\/p>\n\n\n<div class=\"gb-container gb-container-c75f3255 reading-time-container\">\n3 minuts de lectura\n<\/div>\n\n\n<p class=\"gb-headline gb-headline-9d086f67 gb-headline-text\">\u00b7<\/p>\n\n\n<div class=\"gb-container gb-container-8b23b32f comments-count\">\n<p class=\"gb-headline gb-headline-12bcbb10 gb-headline-text\"><a href=\"https:\/\/gastronomicament.cat\/es\/els-menjadors-escolars-han-dincloure-un-minim-del-10-de-producte-local-i-del-10-de-producte-ecologic#respond\">0<\/a><\/p>\n\n\n<p class=\"gb-headline gb-headline-1cf0f5a5\"><span class=\"gb-icon\"><svg fill=\"currentColor\" xml:space=\"preserve\" viewBox=\"0 0 64 64\" xmlns:xlink=\"http:\/\/www.w3.org\/1999\/xlink\" xmlns=\"http:\/\/www.w3.org\/2000\/svg\" id=\"Layer_1\" version=\"1.0\"><g stroke-width=\"0\" id=\"SVGRepo_bgCarrier\"><\/g><g stroke-linejoin=\"round\" stroke-linecap=\"round\" id=\"SVGRepo_tracerCarrier\"><\/g><g id=\"SVGRepo_iconCarrier\"> <path d=\"M60,0H4C1.789,0,0,1.789,0,4v40c0,2.211,1.789,4,4,4h8v12 c0,1.617,0.973,3.078,2.469,3.695C14.965,63.902,15.484,64,16,64c1.039,0,2.062-0.406,2.828-1.172L33.656,48H60c2.211,0,4-1.789,4-4 V4C64,1.789,62.211,0,60,0z\" fill=\"currentColor\" clip-rule=\"evenodd\" fill-rule=\"evenodd\"><\/path> <\/g><\/svg><\/span><\/p>\n\n<\/div>\n<\/div>\n\n<div class=\"gb-headline gb-headline-8995ace2 gb-headline-text\">El Govern situa el producte local i ecol\u00f2gic al centre de la major licitaci\u00f3 de servei&hellip;<\/div><\/div>\n<\/div>\n\n<div class=\"gb-loop-item gb-loop-item-a53af792 archive-template-grid-item post-103694 post type-post status-publish format-gallery has-post-thumbnail hentry category-actualitat category-reportatges-i-novetats post_format-post-format-gallery\"><figure style=\"aspect-ratio:4\/3;height:200px;\" class=\"archive-featured-img wp-block-post-featured-image\"><img decoding=\"async\" width=\"1161\" height=\"785\" src=\"https:\/\/gastronomicament.cat\/wp-content\/uploads\/2026\/03\/cogombres-pic-2.jpg\" class=\"attachment-post-thumbnail size-post-thumbnail wp-post-image\" alt=\"\" style=\"width:100%;height:100%;object-fit:cover;\" srcset=\"https:\/\/gastronomicament.cat\/wp-content\/uploads\/2026\/03\/cogombres-pic-2.jpg 1161w, https:\/\/gastronomicament.cat\/wp-content\/uploads\/2026\/03\/cogombres-pic-2-300x203.jpg 300w, https:\/\/gastronomicament.cat\/wp-content\/uploads\/2026\/03\/cogombres-pic-2-1024x692.jpg 1024w, https:\/\/gastronomicament.cat\/wp-content\/uploads\/2026\/03\/cogombres-pic-2-768x519.jpg 768w\" sizes=\"(max-width: 1161px) 100vw, 1161px\" \/><\/figure>\n\n\n<div>\n<p class=\"gb-text gb-text-a18139bc\"><a href=\"https:\/\/gastronomicament.cat\/es\/seccio\/actualitat\" rel=\"tag\">Actualitat<\/a> \/ <a href=\"https:\/\/gastronomicament.cat\/es\/seccio\/actualitat\/reportatges-i-novetats\" rel=\"tag\">Reportatges i novetats<\/a><\/p>\n\n\n\n<h2 class=\"gb-text gb-text-f970a678 h4 is-style-underlined\"><a href=\"https:\/\/gastronomicament.cat\/es\/el-govern-immobilitza-una-partida-de-minicarabassons-procedents-de-sud-africa\">El Govern immobilitza una partida de minicarabassons procedents de Sud-\u00e0frica<\/a><\/h2>\n\n\n<div class=\"gb-container gb-container-3f03b7c3 date-reading-comments\">\n<p class=\"gb-headline gb-headline-6eed15ba gb-headline-text\"><time class=\"entry-date published\" datetime=\"2026-03-17T10:26:44+01:00\">17 de marzo de 2026<\/time><\/p>\n\n\n<p class=\"gb-headline gb-headline-af6bfb2f gb-headline-text\">\u00b7<\/p>\n\n\n<div class=\"gb-container gb-container-c75f3255 reading-time-container\">\n2 minuts de lectura\n<\/div>\n\n\n<p class=\"gb-headline gb-headline-9d086f67 gb-headline-text\">\u00b7<\/p>\n\n\n<div class=\"gb-container gb-container-8b23b32f comments-count\">\n<p class=\"gb-headline gb-headline-12bcbb10 gb-headline-text\"><a href=\"https:\/\/gastronomicament.cat\/es\/el-govern-immobilitza-una-partida-de-minicarabassons-procedents-de-sud-africa#respond\">0<\/a><\/p>\n\n\n<p class=\"gb-headline gb-headline-1cf0f5a5\"><span class=\"gb-icon\"><svg fill=\"currentColor\" xml:space=\"preserve\" viewBox=\"0 0 64 64\" xmlns:xlink=\"http:\/\/www.w3.org\/1999\/xlink\" xmlns=\"http:\/\/www.w3.org\/2000\/svg\" id=\"Layer_1\" version=\"1.0\"><g stroke-width=\"0\" id=\"SVGRepo_bgCarrier\"><\/g><g stroke-linejoin=\"round\" stroke-linecap=\"round\" id=\"SVGRepo_tracerCarrier\"><\/g><g id=\"SVGRepo_iconCarrier\"> <path d=\"M60,0H4C1.789,0,0,1.789,0,4v40c0,2.211,1.789,4,4,4h8v12 c0,1.617,0.973,3.078,2.469,3.695C14.965,63.902,15.484,64,16,64c1.039,0,2.062-0.406,2.828-1.172L33.656,48H60c2.211,0,4-1.789,4-4 V4C64,1.789,62.211,0,60,0z\" fill=\"currentColor\" clip-rule=\"evenodd\" fill-rule=\"evenodd\"><\/path> <\/g><\/svg><\/span><\/p>\n\n<\/div>\n<\/div>\n\n<div class=\"gb-headline gb-headline-8995ace2 gb-headline-text\">Continua la vigil\u00e0ncia sobre els productes de pa\u00efsos tercers per evitar la compet\u00e8ncia deslleial i protegir&hellip;<\/div><\/div>\n<\/div>\n\n<div class=\"gb-loop-item gb-loop-item-a53af792 archive-template-grid-item post-103688 post type-post status-publish format-standard has-post-thumbnail hentry category-actualitat category-reportatges-i-novetats\"><figure style=\"aspect-ratio:4\/3;height:200px;\" class=\"archive-featured-img wp-block-post-featured-image\"><img decoding=\"async\" width=\"768\" height=\"576\" src=\"https:\/\/gastronomicament.cat\/wp-content\/uploads\/2026\/03\/Cafeteries-IES-pic.jpg\" class=\"attachment-post-thumbnail size-post-thumbnail wp-post-image\" alt=\"\" style=\"width:100%;height:100%;object-fit:cover;\" srcset=\"https:\/\/gastronomicament.cat\/wp-content\/uploads\/2026\/03\/Cafeteries-IES-pic.jpg 768w, https:\/\/gastronomicament.cat\/wp-content\/uploads\/2026\/03\/Cafeteries-IES-pic-300x225.jpg 300w\" sizes=\"(max-width: 768px) 100vw, 768px\" \/><\/figure>\n\n\n<div>\n<p class=\"gb-text gb-text-a18139bc\"><a href=\"https:\/\/gastronomicament.cat\/es\/seccio\/actualitat\" rel=\"tag\">Actualitat<\/a> \/ <a href=\"https:\/\/gastronomicament.cat\/es\/seccio\/actualitat\/reportatges-i-novetats\" rel=\"tag\">Reportatges i novetats<\/a><\/p>\n\n\n\n<h2 class=\"gb-text gb-text-f970a678 h4 is-style-underlined\"><a href=\"https:\/\/gastronomicament.cat\/es\/les-cafeteries-dinstitut-han-de-millorar-per-ser-espais-saludables\">Les cafeteries d&#8217;institut han de millorar per ser espais saludables<\/a><\/h2>\n\n\n<div class=\"gb-container gb-container-3f03b7c3 date-reading-comments\">\n<p class=\"gb-headline gb-headline-6eed15ba gb-headline-text\"><time class=\"entry-date published\" datetime=\"2026-03-12T08:50:53+01:00\">12 de marzo de 2026<\/time><\/p>\n\n\n<p class=\"gb-headline gb-headline-af6bfb2f gb-headline-text\">\u00b7<\/p>\n\n\n<div class=\"gb-container gb-container-c75f3255 reading-time-container\">\n2 minuts de lectura\n<\/div>\n\n\n<p class=\"gb-headline gb-headline-9d086f67 gb-headline-text\">\u00b7<\/p>\n\n\n<div class=\"gb-container gb-container-8b23b32f comments-count\">\n<p class=\"gb-headline gb-headline-12bcbb10 gb-headline-text\"><a href=\"https:\/\/gastronomicament.cat\/es\/les-cafeteries-dinstitut-han-de-millorar-per-ser-espais-saludables#respond\">0<\/a><\/p>\n\n\n<p class=\"gb-headline gb-headline-1cf0f5a5\"><span class=\"gb-icon\"><svg fill=\"currentColor\" xml:space=\"preserve\" viewBox=\"0 0 64 64\" xmlns:xlink=\"http:\/\/www.w3.org\/1999\/xlink\" xmlns=\"http:\/\/www.w3.org\/2000\/svg\" id=\"Layer_1\" version=\"1.0\"><g stroke-width=\"0\" id=\"SVGRepo_bgCarrier\"><\/g><g stroke-linejoin=\"round\" stroke-linecap=\"round\" id=\"SVGRepo_tracerCarrier\"><\/g><g id=\"SVGRepo_iconCarrier\"> <path d=\"M60,0H4C1.789,0,0,1.789,0,4v40c0,2.211,1.789,4,4,4h8v12 c0,1.617,0.973,3.078,2.469,3.695C14.965,63.902,15.484,64,16,64c1.039,0,2.062-0.406,2.828-1.172L33.656,48H60c2.211,0,4-1.789,4-4 V4C64,1.789,62.211,0,60,0z\" fill=\"currentColor\" clip-rule=\"evenodd\" fill-rule=\"evenodd\"><\/path> <\/g><\/svg><\/span><\/p>\n\n<\/div>\n<\/div>\n\n<div class=\"gb-headline gb-headline-8995ace2 gb-headline-text\">Experts han presentact l&#8217;informe que analitza aquests espais, demanen transformar-los en llocs saludables, sostenibles i educatius<\/div><\/div>\n<\/div>\n\n<div class=\"gb-loop-item gb-loop-item-a53af792 archive-template-grid-item post-99094 post type-post status-publish format-gallery has-post-thumbnail hentry category-actualitat category-sense-categoria post_format-post-format-gallery\"><figure style=\"aspect-ratio:4\/3;height:200px;\" class=\"archive-featured-img wp-block-post-featured-image\"><img decoding=\"async\" width=\"1000\" height=\"666\" src=\"https:\/\/gastronomicament.cat\/wp-content\/uploads\/2026\/03\/lengua-con-alcaparras-2-BAJA-1.jpg\" class=\"attachment-post-thumbnail size-post-thumbnail wp-post-image\" alt=\"Lengua con alcaparras\" style=\"width:100%;height:100%;object-fit:cover;\" srcset=\"https:\/\/gastronomicament.cat\/wp-content\/uploads\/2026\/03\/lengua-con-alcaparras-2-BAJA-1.jpg 1000w, https:\/\/gastronomicament.cat\/wp-content\/uploads\/2026\/03\/lengua-con-alcaparras-2-BAJA-1-300x200.jpg 300w, https:\/\/gastronomicament.cat\/wp-content\/uploads\/2026\/03\/lengua-con-alcaparras-2-BAJA-1-768x511.jpg 768w\" sizes=\"(max-width: 1000px) 100vw, 1000px\" \/><\/figure>\n\n\n<div>\n<p class=\"gb-text gb-text-a18139bc\"><a href=\"https:\/\/gastronomicament.cat\/es\/seccio\/actualitat\" rel=\"tag\">Actualitat<\/a> \/ <a href=\"https:\/\/gastronomicament.cat\/es\/seccio\/sense-categoria\" rel=\"tag\">Sense categoria<\/a><\/p>\n\n\n\n<h2 class=\"gb-text gb-text-f970a678 h4 is-style-underlined\"><a href=\"https:\/\/gastronomicament.cat\/es\/el-restaurant-latic-presenta-el-menu-evolucio-2-0\">El restaurant L\u2019\u00c0tic presenta el men\u00fa Evoluci\u00f3 2.0<\/a><\/h2>\n\n\n<div class=\"gb-container gb-container-3f03b7c3 date-reading-comments\">\n<p class=\"gb-headline gb-headline-6eed15ba gb-headline-text\"><time class=\"entry-date published\" datetime=\"2026-03-10T09:49:32+01:00\">10 de marzo de 2026<\/time><\/p>\n\n\n<p class=\"gb-headline gb-headline-af6bfb2f gb-headline-text\">\u00b7<\/p>\n\n\n<div class=\"gb-container gb-container-c75f3255 reading-time-container\">\n4 minuts de lectura\n<\/div>\n\n\n<p class=\"gb-headline gb-headline-9d086f67 gb-headline-text\">\u00b7<\/p>\n\n\n<div class=\"gb-container gb-container-8b23b32f comments-count\">\n<p class=\"gb-headline gb-headline-12bcbb10 gb-headline-text\"><a href=\"https:\/\/gastronomicament.cat\/es\/el-restaurant-latic-presenta-el-menu-evolucio-2-0#respond\">0<\/a><\/p>\n\n\n<p class=\"gb-headline gb-headline-1cf0f5a5\"><span class=\"gb-icon\"><svg fill=\"currentColor\" xml:space=\"preserve\" viewBox=\"0 0 64 64\" xmlns:xlink=\"http:\/\/www.w3.org\/1999\/xlink\" xmlns=\"http:\/\/www.w3.org\/2000\/svg\" id=\"Layer_1\" version=\"1.0\"><g stroke-width=\"0\" id=\"SVGRepo_bgCarrier\"><\/g><g stroke-linejoin=\"round\" stroke-linecap=\"round\" id=\"SVGRepo_tracerCarrier\"><\/g><g id=\"SVGRepo_iconCarrier\"> <path d=\"M60,0H4C1.789,0,0,1.789,0,4v40c0,2.211,1.789,4,4,4h8v12 c0,1.617,0.973,3.078,2.469,3.695C14.965,63.902,15.484,64,16,64c1.039,0,2.062-0.406,2.828-1.172L33.656,48H60c2.211,0,4-1.789,4-4 V4C64,1.789,62.211,0,60,0z\" fill=\"currentColor\" clip-rule=\"evenodd\" fill-rule=\"evenodd\"><\/path> <\/g><\/svg><\/span><\/p>\n\n<\/div>\n<\/div>\n\n<div class=\"gb-headline gb-headline-8995ace2 gb-headline-text\">El xef Juan Pinel hi combina t\u00e8cnica depurada, producte local i la inspiraci\u00f3 de Vietnam i&hellip;<\/div><\/div>\n<\/div>\n\n<div class=\"gb-loop-item gb-loop-item-a53af792 archive-template-grid-item post-103674 post type-post status-publish format-gallery has-post-thumbnail hentry category-actualitat category-reportatges-i-novetats post_format-post-format-gallery\"><figure style=\"aspect-ratio:4\/3;height:200px;\" class=\"archive-featured-img wp-block-post-featured-image\"><img decoding=\"async\" width=\"1000\" height=\"666\" src=\"https:\/\/gastronomicament.cat\/wp-content\/uploads\/2026\/03\/lengua-con-alcaparras-2-BAJA.jpg\" class=\"attachment-post-thumbnail size-post-thumbnail wp-post-image\" alt=\"\" style=\"width:100%;height:100%;object-fit:cover;\" srcset=\"https:\/\/gastronomicament.cat\/wp-content\/uploads\/2026\/03\/lengua-con-alcaparras-2-BAJA.jpg 1000w, https:\/\/gastronomicament.cat\/wp-content\/uploads\/2026\/03\/lengua-con-alcaparras-2-BAJA-300x200.jpg 300w, https:\/\/gastronomicament.cat\/wp-content\/uploads\/2026\/03\/lengua-con-alcaparras-2-BAJA-768x511.jpg 768w\" sizes=\"(max-width: 1000px) 100vw, 1000px\" \/><\/figure>\n\n\n<div>\n<p class=\"gb-text gb-text-a18139bc\"><a href=\"https:\/\/gastronomicament.cat\/es\/seccio\/actualitat\" rel=\"tag\">Actualitat<\/a> \/ <a href=\"https:\/\/gastronomicament.cat\/es\/seccio\/actualitat\/reportatges-i-novetats\" rel=\"tag\">Reportatges i novetats<\/a><\/p>\n\n\n\n<h2 class=\"gb-text gb-text-f970a678 h4 is-style-underlined\"><a href=\"https:\/\/gastronomicament.cat\/es\/el-restaurant-latic-presenta-el-menu-evolucio-2-0\">El restaurant L\u2019\u00c0tic presenta el men\u00fa Evoluci\u00f3 2.0<\/a><\/h2>\n\n\n<div class=\"gb-container gb-container-3f03b7c3 date-reading-comments\">\n<p class=\"gb-headline gb-headline-6eed15ba gb-headline-text\"><time class=\"entry-date published\" datetime=\"2026-03-10T08:49:32+01:00\">10 de marzo de 2026<\/time><\/p>\n\n\n<p class=\"gb-headline gb-headline-af6bfb2f gb-headline-text\">\u00b7<\/p>\n\n\n<div class=\"gb-container gb-container-c75f3255 reading-time-container\">\n4 minuts de lectura\n<\/div>\n\n\n<p class=\"gb-headline gb-headline-9d086f67 gb-headline-text\">\u00b7<\/p>\n\n\n<div class=\"gb-container gb-container-8b23b32f comments-count\">\n<p class=\"gb-headline gb-headline-12bcbb10 gb-headline-text\"><a href=\"https:\/\/gastronomicament.cat\/es\/el-restaurant-latic-presenta-el-menu-evolucio-2-0#respond\">0<\/a><\/p>\n\n\n<p class=\"gb-headline gb-headline-1cf0f5a5\"><span class=\"gb-icon\"><svg fill=\"currentColor\" xml:space=\"preserve\" viewBox=\"0 0 64 64\" xmlns:xlink=\"http:\/\/www.w3.org\/1999\/xlink\" xmlns=\"http:\/\/www.w3.org\/2000\/svg\" id=\"Layer_1\" version=\"1.0\"><g stroke-width=\"0\" id=\"SVGRepo_bgCarrier\"><\/g><g stroke-linejoin=\"round\" stroke-linecap=\"round\" id=\"SVGRepo_tracerCarrier\"><\/g><g id=\"SVGRepo_iconCarrier\"> <path d=\"M60,0H4C1.789,0,0,1.789,0,4v40c0,2.211,1.789,4,4,4h8v12 c0,1.617,0.973,3.078,2.469,3.695C14.965,63.902,15.484,64,16,64c1.039,0,2.062-0.406,2.828-1.172L33.656,48H60c2.211,0,4-1.789,4-4 V4C64,1.789,62.211,0,60,0z\" fill=\"currentColor\" clip-rule=\"evenodd\" fill-rule=\"evenodd\"><\/path> <\/g><\/svg><\/span><\/p>\n\n<\/div>\n<\/div>\n\n<div class=\"gb-headline gb-headline-8995ace2 gb-headline-text\">El xef Juan Pinel hi combina t\u00e8cnica depurada, producte local i la inspiraci\u00f3 de Vietnam i&hellip;<\/div><\/div>\n<\/div>\n<\/div>\n\n\n<div class=\"gb-element-898c132f gb-query-loop-pagination archive-loop-pagination\">\n\n<nav class=\"gb-query-page-numbers-8b7fa0f6\"><span aria-current=\"page\" class=\"page-numbers current\">1<\/span>\n<a data-gb-prefetch data-gb-router-target=\"query-99873e22\" class=\"page-numbers\" href=\"?query-99873e22-page=2\">2<\/a>\n<a data-gb-prefetch data-gb-router-target=\"query-99873e22\" class=\"page-numbers\" href=\"?query-99873e22-page=3\">3<\/a>\n<a data-gb-prefetch data-gb-router-target=\"query-99873e22\" class=\"page-numbers\" href=\"?query-99873e22-page=4\">4<\/a>\n<span class=\"page-numbers dots\">&hellip;<\/span>\n<a data-gb-prefetch data-gb-router-target=\"query-99873e22\" class=\"page-numbers\" href=\"?query-99873e22-page=129\">129<\/a><\/nav>\n\n\n<a data-gb-prefetch data-gb-router-target=\"query-99873e22\" class=\"gb-text gb-text-6292382a\" href=\"\/es\/wp-json\/wp\/v2\/pages\/93146?query-99873e22-page=2\">Seguent<\/a>\n<\/div>\n\n\n<\/div>\n\n<\/section><\/div>\n\n<div class=\"gb-grid-column gb-grid-column-f9c7fb77\"><aside class=\"gb-container gb-container-f9c7fb77\">\n<div class=\"wp-block-template-part\">\n<p class=\"is-style-default antetitulo\">CERCAR<\/p>\n\n\n<form role=\"search\" method=\"get\" action=\"https:\/\/gastronomicament.cat\/es\" style=\"margin-bottom:var(--wp--preset--spacing--large);\" class=\"wp-block-search__button-inside wp-block-search__icon-button wp-block-search\"    ><label class=\"wp-block-search__label screen-reader-text\" for=\"wp-block-search__input-1\"  style=\"font-size: 15px\">Cercar<\/label><div class=\"wp-block-search__inside-wrapper\" ><input class=\"wp-block-search__input\" id=\"wp-block-search__input-1\" placeholder=\"Escriu aqui...\" value=\"\" type=\"search\" name=\"s\" required  style=\"font-size: 15px\"\/><button aria-label=\"Buscar\" class=\"wp-block-search__button has-icon wp-element-button\" type=\"submit\"  style=\"font-size: 15px\"><svg class=\"search-icon\" viewBox=\"0 0 24 24\" width=\"24\" height=\"24\">\n\t\t\t\t\t<path d=\"M13 5c-3.3 0-6 2.7-6 6 0 1.4.5 2.7 1.3 3.7l-3.8 3.8 1.1 1.1 3.8-3.8c1 .8 2.3 1.3 3.7 1.3 3.3 0 6-2.7 6-6S16.3 5 13 5zm0 10.5c-2.5 0-4.5-2-4.5-4.5s2-4.5 4.5-4.5 4.5 2 4.5 4.5-2 4.5-4.5 4.5z\"><\/path>\n\t\t\t\t<\/svg><\/button><\/div><\/form>\n\n\n<p class=\"is-style-default antetitulo\">ESTIGUES AL DIA<\/p>\n\n\n<p class=\"has-small-font-size swt-hide-desktop swt-hide-tablet swt-hide-mobile\"><strong>Cada setmana restaurants, receptes i l&rsquo;actualitat gastron&ograve;mica<\/strong><\/p>\n\n\n<form action=\"https:\/\/eepurl.com\/KYneD\" target=\"_blank\">\n<p>\n<strong style='font-size: clamp(14px, 1.6vw, 16px); line-height: 1.3;'>Cada setmana restaurants, receptes i l\u2019actualitat gastron\u00f2mica<\/strong>\n<\/p>\n<p>\n<input class='btn-is-style-fill' type=\"submit\" value=\"Subscriu-m'hi\">\n<\/p>\n<\/form>\n\n\n<div class=\"wp-block-buttons is-layout-flex wp-block-buttons-is-layout-flex\" style=\"margin-bottom:var(--wp--preset--spacing--medium)\"><div class=\"wp-block-button is-style-fill swt-hide-desktop swt-hide-tablet swt-hide-mobile\"><a class=\"wp-block-button__link wp-element-button\">Subscriu-m&#8217;hi<\/a><\/div>\n<\/div>\n\n\n\n<div class=\"wp-block-group sidebar-adds-container has-global-padding is-layout-constrained wp-block-group-is-layout-constrained\" style=\"margin-top:var(--wp--preset--spacing--x-small);margin-bottom:var(--wp--preset--spacing--medium);padding-top:var(--wp--preset--spacing--small);padding-bottom:var(--wp--preset--spacing--small)\"><div class=\"g g-2\">\n<div class=\"g-col b-2 a-15\"><a href=\"https:\/\/correllenguaagermanat.cat\/\" target=\"_blank\"><img decoding=\"async\" src=\"https:\/\/gastronomicament.cat\/wp-content\/uploads\/2026\/04\/Correllengua-Agermanat-26-1.jpeg\" \/><\/a><\/div>\n<div class=\"g-col b-2 a-10\"><a href=\"https:\/\/www.gastronomiamenorca.es\/noticia\/142538\/jornades-gastronomiques-de-peix-2026\" target=\"_blank\"><img decoding=\"async\" src=\"https:\/\/gastronomicament.cat\/wp-content\/uploads\/2026\/04\/banner-gastronomicament_Jornades-Peix-2026_CAT.gif\" \/><\/a><\/div>\n<\/div>\n<\/div>\n\n\n\n<p class=\"antetitulo actualitat-side\" style=\"margin-bottom:0\">ACTUALITAT<\/p>\n\n\n\n<ul class=\"wp-block-list no-bullets\">\n<li><a href=\"https:\/\/gastronomicament.cat\/seccio\/inici\" data-type=\"page\" data-id=\"92565\">Portada<\/a><\/li>\n\n\n\n<li><a href=\"https:\/\/gastronomicament.cat\/seccio\/actualitat\/fires-i-rutes\" data-type=\"page\" data-id=\"92565\">Fires i rutes<\/a><\/li>\n\n\n\n<li><a href=\"https:\/\/gastronomicament.cat\/seccio\/actualitat\/concursos-i-premis\" data-type=\"page\" data-id=\"92565\">Concursos i premis<\/a><\/li>\n\n\n\n<li><a href=\"https:\/\/gastronomicament.cat\/seccio\/actualitat\/cursos-i-tallers\" data-type=\"page\" data-id=\"92565\">Cursos i tallers<\/a><\/li>\n\n\n\n<li><a href=\"https:\/\/gastronomicament.cat\/seccio\/actualitat\/reportatges-i-novetats\" data-type=\"page\" data-id=\"92565\">Reportatges i novetats<\/a><\/li>\n\n\n\n<li><a href=\"https:\/\/gastronomicament.cat\/seccio\/actualitat\/quin-berenar\" data-type=\"page\" data-id=\"92565\">Quin berenar<\/a><\/li>\n<\/ul>\n\n\n\n<p class=\" antetitulo\">EL M\u00c9S VIST DEL DIA <\/p>\n\n\n<div class=\"popular-posts\">\n<ul class='no-bullets popular-posts-list'>\n<li>\n            <a\n                href=\"https:\/\/gastronomicament.cat\/es\/palma-tendra-un-museu-de-menjar-fastigos\"><img decoding=\"async\" width=\"150\" height=\"150\" src=\"https:\/\/gastronomicament.cat\/wp-content\/uploads\/2025\/03\/Disgusting-Food-Museum-150x150.jpg\" class=\"attachment-thumbnail size-thumbnail wp-post-image\" alt=\"\" \/><\/a><\/p>\n<div class=\"popular-content\">\n                <a\n                    href=\"https:\/\/gastronomicament.cat\/es\/palma-tendra-un-museu-de-menjar-fastigos\">Palma tendr\u00e0 un&hellip;<\/a><br \/>\n                <span class=\"popular-post-meta\"><br \/>\n                    a                    <span class=\"popular-category\"><br \/>\n                                                <a href=\" https:\/\/gastronomicament.cat\/es\/seccio\/actualitat \"><br \/>\n                            Actualitat                        <\/a><br \/>\n                    <\/span><br \/>\n                <\/span>\n            <\/div>\n<\/li>\n<li>\n            <a\n                href=\"https:\/\/gastronomicament.cat\/es\/grupo-marport-celebra-20-anys-al-seu-nou-gastrobeach-ame\"><img decoding=\"async\" width=\"150\" height=\"150\" src=\"https:\/\/gastronomicament.cat\/wp-content\/uploads\/2025\/06\/Ame-inauguracio-Cala-Millor-150x150.jpg\" class=\"attachment-thumbnail size-thumbnail wp-post-image\" alt=\"\" \/><\/a><\/p>\n<div class=\"popular-content\">\n                <a\n                    href=\"https:\/\/gastronomicament.cat\/es\/grupo-marport-celebra-20-anys-al-seu-nou-gastrobeach-ame\">Grupo Marport celebra&hellip;<\/a><br \/>\n                <span class=\"popular-post-meta\"><br \/>\n                    a                    <span class=\"popular-category\"><br \/>\n                                                <a href=\" https:\/\/gastronomicament.cat\/es\/seccio\/actualitat \"><br \/>\n                            Actualitat                        <\/a><br \/>\n                    <\/span><br \/>\n                <\/span>\n            <\/div>\n<\/li>\n<li>\n            <a\n                href=\"https:\/\/gastronomicament.cat\/es\/esporles-viura-la-fira-dolca-la-gran-festa-de-la-rebosteria-i-la-cultura-de-mallorca\"><img decoding=\"async\" width=\"150\" height=\"150\" src=\"https:\/\/gastronomicament.cat\/wp-content\/uploads\/2025\/09\/Fira-Dolca-Esporles-2025-150x150.jpg\" class=\"attachment-thumbnail size-thumbnail wp-post-image\" alt=\"\" \/><\/a><\/p>\n<div class=\"popular-content\">\n                <a\n                    href=\"https:\/\/gastronomicament.cat\/es\/esporles-viura-la-fira-dolca-la-gran-festa-de-la-rebosteria-i-la-cultura-de-mallorca\">Esporles viur\u00e0 la&hellip;<\/a><br \/>\n                <span class=\"popular-post-meta\"><br \/>\n                    a                    <span class=\"popular-category\"><br \/>\n                                                <a href=\" https:\/\/gastronomicament.cat\/es\/seccio\/actualitat \"><br \/>\n                            Actualitat                        <\/a><br \/>\n                    <\/span><br \/>\n                <\/span>\n            <\/div>\n<\/li>\n<li>\n            <a\n                href=\"https:\/\/gastronomicament.cat\/es\/salut-adverteix-que-el-consum-dalcohol-durant-lembaras-pot-provocar-el-trastorn-de-lespectre-alcoholic-fetal\"><img decoding=\"async\" width=\"150\" height=\"150\" src=\"https:\/\/gastronomicament.cat\/wp-content\/uploads\/2025\/09\/Alcohol-pic-150x150.jpg\" class=\"attachment-thumbnail size-thumbnail wp-post-image\" alt=\"\" \/><\/a><\/p>\n<div class=\"popular-content\">\n                <a\n                    href=\"https:\/\/gastronomicament.cat\/es\/salut-adverteix-que-el-consum-dalcohol-durant-lembaras-pot-provocar-el-trastorn-de-lespectre-alcoholic-fetal\">Salut adverteix que&hellip;<\/a><br \/>\n                <span class=\"popular-post-meta\"><br \/>\n                    a                    <span class=\"popular-category\"><br \/>\n                                                <a href=\" https:\/\/gastronomicament.cat\/es\/seccio\/actualitat \"><br \/>\n                            Actualitat                        <\/a><br \/>\n                    <\/span><br \/>\n                <\/span>\n            <\/div>\n<\/li>\n<li>\n            <a\n                href=\"https:\/\/gastronomicament.cat\/es\/haurem-de-menjar-la-farina-de-cucs\"><img decoding=\"async\" width=\"150\" height=\"150\" src=\"https:\/\/gastronomicament.cat\/wp-content\/uploads\/2025\/02\/cucs-farina-150x150.jpg\" class=\"attachment-thumbnail size-thumbnail wp-post-image\" alt=\"\" \/><\/a><\/p>\n<div class=\"popular-content\">\n                <a\n                    href=\"https:\/\/gastronomicament.cat\/es\/haurem-de-menjar-la-farina-de-cucs\">Haurem de menjar&hellip;<\/a><br \/>\n                <span class=\"popular-post-meta\"><br \/>\n                    a                    <span class=\"popular-category\"><br \/>\n                                                <a href=\" https:\/\/gastronomicament.cat\/es\/seccio\/actualitat \"><br \/>\n                            Actualitat                        <\/a><br \/>\n                    <\/span><br \/>\n                <\/span>\n            <\/div>\n<\/li>\n<li>\n            <a\n                href=\"https:\/\/gastronomicament.cat\/es\/vi-de-la-terra-mallorca-convida-a-jugar-amb-les-varietats-locals-de-raim\"><img decoding=\"async\" width=\"150\" height=\"150\" src=\"https:\/\/gastronomicament.cat\/wp-content\/uploads\/2025\/09\/El-joc-de-les-varietats-cartes-VT-Mallorca-150x150.jpg\" class=\"attachment-thumbnail size-thumbnail wp-post-image\" alt=\"\" \/><\/a><\/p>\n<div class=\"popular-content\">\n                <a\n                    href=\"https:\/\/gastronomicament.cat\/es\/vi-de-la-terra-mallorca-convida-a-jugar-amb-les-varietats-locals-de-raim\">Vi de la&hellip;<\/a><br \/>\n                <span class=\"popular-post-meta\"><br \/>\n                    a                    <span class=\"popular-category\"><br \/>\n                                                <a href=\" https:\/\/gastronomicament.cat\/es\/seccio\/actualitat \"><br \/>\n                            Actualitat                        <\/a><br \/>\n                    <\/span><br \/>\n                <\/span>\n            <\/div>\n<\/li>\n<li>\n            <a\n                href=\"https:\/\/gastronomicament.cat\/es\/obertes-les-inscripcions-per-participar-al-ii-campionat-del-mon-de-pa-amb-oli\"><img decoding=\"async\" width=\"150\" height=\"150\" src=\"https:\/\/gastronomicament.cat\/wp-content\/uploads\/2020\/01\/Concurs-Pamboli-2020-150x150.jpg\" class=\"attachment-thumbnail size-thumbnail wp-post-image\" alt=\"\" srcset=\"https:\/\/gastronomicament.cat\/wp-content\/uploads\/2020\/01\/Concurs-Pamboli-2020-150x150.jpg 150w, https:\/\/gastronomicament.cat\/wp-content\/uploads\/2020\/01\/Concurs-Pamboli-2020-50x50.jpg 50w, https:\/\/gastronomicament.cat\/wp-content\/uploads\/2020\/01\/Concurs-Pamboli-2020-266x266.jpg 266w, https:\/\/gastronomicament.cat\/wp-content\/uploads\/2020\/01\/Concurs-Pamboli-2020-60x60.jpg 60w\" sizes=\"(max-width: 150px) 100vw, 150px\" \/><\/a><\/p>\n<div class=\"popular-content\">\n                <a\n                    href=\"https:\/\/gastronomicament.cat\/es\/obertes-les-inscripcions-per-participar-al-ii-campionat-del-mon-de-pa-amb-oli\">Obertes les inscripcions&hellip;<\/a><br \/>\n                <span class=\"popular-post-meta\"><br \/>\n                    a                    <span class=\"popular-category\"><br \/>\n                                                <a href=\" https:\/\/gastronomicament.cat\/es\/seccio\/actualitat \"><br \/>\n                            Actualitat                        <\/a><br \/>\n                    <\/span><br \/>\n                <\/span>\n            <\/div>\n<\/li>\n<li>\n            <a\n                href=\"https:\/\/gastronomicament.cat\/es\/neix-la-primera-catedra-de-la-sobrassada-de-mallorca\"><img decoding=\"async\" width=\"150\" height=\"150\" src=\"https:\/\/gastronomicament.cat\/wp-content\/uploads\/2024\/05\/Signatura-Catedra-Sobrassada-de-Mallorca-UIB-150x150.gif\" class=\"attachment-thumbnail size-thumbnail wp-post-image\" alt=\"\" srcset=\"https:\/\/gastronomicament.cat\/wp-content\/uploads\/2024\/05\/Signatura-Catedra-Sobrassada-de-Mallorca-UIB-150x150.gif 150w, https:\/\/gastronomicament.cat\/wp-content\/uploads\/2024\/05\/Signatura-Catedra-Sobrassada-de-Mallorca-UIB-480x480.gif 480w\" sizes=\"(max-width: 150px) 100vw, 150px\" \/><\/a><\/p>\n<div class=\"popular-content\">\n                <a\n                    href=\"https:\/\/gastronomicament.cat\/es\/neix-la-primera-catedra-de-la-sobrassada-de-mallorca\">Neix la primera&hellip;<\/a><br \/>\n                <span class=\"popular-post-meta\"><br \/>\n                    a                    <span class=\"popular-category\"><br \/>\n                                                <a href=\" https:\/\/gastronomicament.cat\/es\/seccio\/actualitat \"><br \/>\n                            Actualitat                        <\/a><br \/>\n                    <\/span><br \/>\n                <\/span>\n            <\/div>\n<\/li>\n<li>\n            <a\n                href=\"https:\/\/gastronomicament.cat\/es\/la-fira-dolca-torna-a-esporles\"><img decoding=\"async\" width=\"150\" height=\"150\" src=\"https:\/\/gastronomicament.cat\/wp-content\/uploads\/2023\/09\/batle-i-regidor-esporles-1-150x150.jpeg\" class=\"attachment-thumbnail size-thumbnail wp-post-image\" alt=\"\" srcset=\"https:\/\/gastronomicament.cat\/wp-content\/uploads\/2023\/09\/batle-i-regidor-esporles-1-150x150.jpeg 150w, https:\/\/gastronomicament.cat\/wp-content\/uploads\/2023\/09\/batle-i-regidor-esporles-1-480x480.jpeg 480w\" sizes=\"(max-width: 150px) 100vw, 150px\" \/><\/a><\/p>\n<div class=\"popular-content\">\n                <a\n                    href=\"https:\/\/gastronomicament.cat\/es\/la-fira-dolca-torna-a-esporles\">La Fira Dol\u00e7a&hellip;<\/a><br \/>\n                <span class=\"popular-post-meta\"><br \/>\n                    a                    <span class=\"popular-category\"><br \/>\n                                                <a href=\" https:\/\/gastronomicament.cat\/es\/seccio\/actualitat \"><br \/>\n                            Actualitat                        <\/a><br \/>\n                    <\/span><br \/>\n                <\/span>\n            <\/div>\n<\/li>\n<li>\n            <a\n                href=\"https:\/\/gastronomicament.cat\/es\/restaurant\/restaurant-es-muntant-establiments\"><img decoding=\"async\" width=\"150\" height=\"150\" src=\"https:\/\/gastronomicament.cat\/wp-content\/uploads\/2012\/03\/135\/1352_original2-150x150.jpg\" class=\"attachment-thumbnail size-thumbnail wp-post-image\" alt=\"\" srcset=\"https:\/\/gastronomicament.cat\/wp-content\/uploads\/2012\/03\/135\/1352_original2-150x150.jpg 150w, https:\/\/gastronomicament.cat\/wp-content\/uploads\/2012\/03\/135\/1352_original2-50x50.jpg 50w\" sizes=\"(max-width: 150px) 100vw, 150px\" \/><\/a><\/p>\n<div class=\"popular-content\">\n                <a\n                    href=\"https:\/\/gastronomicament.cat\/es\/restaurant\/restaurant-es-muntant-establiments\">Restaurant es Muntant<\/a><br \/>\n                <span class=\"popular-post-meta\"><br \/>\n                    a                    <span class=\"popular-category\"><br \/>\n                                                <a href=\" https:\/\/gastronomicament.cat\/es\/restaurants \"><br \/>\n                            Restaurant                        <\/a><br \/>\n                    <\/span><br \/>\n                <\/span>\n            <\/div>\n<\/li>\n<\/ul>\n<\/div>\n<\/div>\n<\/aside><\/div>\n<\/div>\n<\/div>\n<\/div>","protected":false},"excerpt":{"rendered":"<p>Restaurants Receptes Actualitat<\/p>\n","protected":false},"author":103,"featured_media":0,"parent":0,"menu_order":1,"comment_status":"closed","ping_status":"closed","template":"","meta":{"_acf_changed":false,"_swt_meta_header_display":false,"_swt_meta_footer_display":false,"_swt_meta_site_title_display":false,"_swt_meta_sticky_header":false,"_swt_meta_transparent_header":false,"footnotes":""},"coauthors":[2174],"class_list":["post-93146","page","type-page","status-publish","hentry"],"acf":{"selected_post_entry":null},"yoast_head":"<!-- This site is optimized with the Yoast SEO plugin v27.4 - https:\/\/yoast.com\/product\/yoast-seo-wordpress\/ -->\n<title>Inici - Gastron\u00f2micament<\/title>\n<meta name=\"description\" content=\"Inici Restaurants Receptes Actualitat {{term_list link:term|tax:category|sep: \/ }} {{post_title link:post}} \u00b7 a \u00b7 Anterior Seguent No results\" \/>\n<meta name=\"robots\" content=\"index, follow, max-snippet:-1, max-image-preview:large, max-video-preview:-1\" \/>\n<link rel=\"canonical\" href=\"https:\/\/gastronomicament.cat\/es\" \/>\n<meta property=\"og:locale\" content=\"es_ES\" \/>\n<meta property=\"og:type\" content=\"article\" \/>\n<meta property=\"og:title\" content=\"Inici - Gastron\u00f2micament\" \/>\n<meta property=\"og:description\" content=\"Inici Restaurants Receptes Actualitat {{term_list link:term|tax:category|sep: \/ }} {{post_title link:post}} \u00b7 a \u00b7 Anterior Seguent No results\" \/>\n<meta property=\"og:url\" content=\"https:\/\/gastronomicament.cat\/es\" \/>\n<meta property=\"og:site_name\" content=\"Gastron\u00f2micament\" \/>\n<meta property=\"article:modified_time\" content=\"2026-04-22T11:42:24+00:00\" \/>\n<meta name=\"twitter:card\" content=\"summary_large_image\" \/>\n<meta name=\"twitter:site\" content=\"@gastronomicamen\" \/>\n<meta name=\"twitter:label1\" content=\"Tiempo de lectura\" \/>\n\t<meta name=\"twitter:data1\" content=\"1 minuto\" \/>\n\t<meta name=\"twitter:label2\" content=\"Written by\" \/>\n\t<meta name=\"twitter:data2\" content=\"Marco\" \/>\n<script type=\"application\/ld+json\" class=\"yoast-schema-graph\">{\"@context\":\"https:\\\/\\\/schema.org\",\"@graph\":[{\"@type\":\"WebPage\",\"@id\":\"https:\\\/\\\/gastronomicament.cat\\\/es\",\"url\":\"https:\\\/\\\/gastronomicament.cat\\\/es\",\"name\":\"Inici - Gastron\u00f2micament\",\"isPartOf\":{\"@id\":\"https:\\\/\\\/gastronomicament.cat\\\/es\\\/#website\"},\"datePublished\":\"2024-12-18T09:28:21+00:00\",\"dateModified\":\"2026-04-22T11:42:24+00:00\",\"description\":\"Inici Restaurants Receptes Actualitat {{term_list link:term|tax:category|sep: \\\/ }} {{post_title link:post}} \u00b7 a \u00b7 Anterior Seguent No results\",\"inLanguage\":\"es\",\"potentialAction\":[{\"@type\":\"ReadAction\",\"target\":[\"https:\\\/\\\/gastronomicament.cat\\\/es\"]}]},{\"@type\":\"WebSite\",\"@id\":\"https:\\\/\\\/gastronomicament.cat\\\/es\\\/#website\",\"url\":\"https:\\\/\\\/gastronomicament.cat\\\/es\\\/\",\"name\":\"Gastron\u00f2micament\",\"description\":\"Portal de restaurants, receptes i actualitat gastron\u00f2mica\",\"publisher\":{\"@id\":\"https:\\\/\\\/gastronomicament.cat\\\/es\\\/#organization\"},\"potentialAction\":[{\"@type\":\"SearchAction\",\"target\":{\"@type\":\"EntryPoint\",\"urlTemplate\":\"https:\\\/\\\/gastronomicament.cat\\\/es\\\/?s={search_term_string}\"},\"query-input\":{\"@type\":\"PropertyValueSpecification\",\"valueRequired\":true,\"valueName\":\"search_term_string\"}}],\"inLanguage\":\"es\"},{\"@type\":\"Organization\",\"@id\":\"https:\\\/\\\/gastronomicament.cat\\\/es\\\/#organization\",\"name\":\"Gastron\u00f2micament\",\"url\":\"https:\\\/\\\/gastronomicament.cat\\\/es\\\/\",\"logo\":{\"@type\":\"ImageObject\",\"inLanguage\":\"es\",\"@id\":\"https:\\\/\\\/gastronomicament.cat\\\/es\\\/#\\\/schema\\\/logo\\\/image\\\/\",\"url\":\"https:\\\/\\\/gastronomicament.cat\\\/wp-content\\\/uploads\\\/2016\\\/09\\\/header-logo.jpg\",\"contentUrl\":\"https:\\\/\\\/gastronomicament.cat\\\/wp-content\\\/uploads\\\/2016\\\/09\\\/header-logo.jpg\",\"width\":277,\"height\":39,\"caption\":\"Gastron\u00f2micament\"},\"image\":{\"@id\":\"https:\\\/\\\/gastronomicament.cat\\\/es\\\/#\\\/schema\\\/logo\\\/image\\\/\"},\"sameAs\":[\"https:\\\/\\\/x.com\\\/gastronomicamen\"]}]}<\/script>\n<!-- \/ Yoast SEO plugin. -->","yoast_head_json":{"title":"Inici - Gastron\u00f2micament","description":"Inici Restaurants Receptes Actualitat {{term_list link:term|tax:category|sep: \/ }} {{post_title link:post}} \u00b7 a \u00b7 Anterior Seguent No results","robots":{"index":"index","follow":"follow","max-snippet":"max-snippet:-1","max-image-preview":"max-image-preview:large","max-video-preview":"max-video-preview:-1"},"canonical":"https:\/\/gastronomicament.cat\/es","og_locale":"es_ES","og_type":"article","og_title":"Inici - Gastron\u00f2micament","og_description":"Inici Restaurants Receptes Actualitat {{term_list link:term|tax:category|sep: \/ }} {{post_title link:post}} \u00b7 a \u00b7 Anterior Seguent No results","og_url":"https:\/\/gastronomicament.cat\/es","og_site_name":"Gastron\u00f2micament","article_modified_time":"2026-04-22T11:42:24+00:00","twitter_card":"summary_large_image","twitter_site":"@gastronomicamen","twitter_misc":{"Tiempo de lectura":"1 minuto","Written by":"Marco"},"schema":{"@context":"https:\/\/schema.org","@graph":[{"@type":"WebPage","@id":"https:\/\/gastronomicament.cat\/es","url":"https:\/\/gastronomicament.cat\/es","name":"Inici - Gastron\u00f2micament","isPartOf":{"@id":"https:\/\/gastronomicament.cat\/es\/#website"},"datePublished":"2024-12-18T09:28:21+00:00","dateModified":"2026-04-22T11:42:24+00:00","description":"Inici Restaurants Receptes Actualitat {{term_list link:term|tax:category|sep: \/ }} {{post_title link:post}} \u00b7 a \u00b7 Anterior Seguent No results","inLanguage":"es","potentialAction":[{"@type":"ReadAction","target":["https:\/\/gastronomicament.cat\/es"]}]},{"@type":"WebSite","@id":"https:\/\/gastronomicament.cat\/es\/#website","url":"https:\/\/gastronomicament.cat\/es\/","name":"Gastron\u00f2micament","description":"Portal de restaurants, receptes i actualitat gastron\u00f2mica","publisher":{"@id":"https:\/\/gastronomicament.cat\/es\/#organization"},"potentialAction":[{"@type":"SearchAction","target":{"@type":"EntryPoint","urlTemplate":"https:\/\/gastronomicament.cat\/es\/?s={search_term_string}"},"query-input":{"@type":"PropertyValueSpecification","valueRequired":true,"valueName":"search_term_string"}}],"inLanguage":"es"},{"@type":"Organization","@id":"https:\/\/gastronomicament.cat\/es\/#organization","name":"Gastron\u00f2micament","url":"https:\/\/gastronomicament.cat\/es\/","logo":{"@type":"ImageObject","inLanguage":"es","@id":"https:\/\/gastronomicament.cat\/es\/#\/schema\/logo\/image\/","url":"https:\/\/gastronomicament.cat\/wp-content\/uploads\/2016\/09\/header-logo.jpg","contentUrl":"https:\/\/gastronomicament.cat\/wp-content\/uploads\/2016\/09\/header-logo.jpg","width":277,"height":39,"caption":"Gastron\u00f2micament"},"image":{"@id":"https:\/\/gastronomicament.cat\/es\/#\/schema\/logo\/image\/"},"sameAs":["https:\/\/x.com\/gastronomicamen"]}]}},"_links":{"self":[{"href":"https:\/\/gastronomicament.cat\/es\/wp-json\/wp\/v2\/pages\/93146","targetHints":{"allow":["GET"]}}],"collection":[{"href":"https:\/\/gastronomicament.cat\/es\/wp-json\/wp\/v2\/pages"}],"about":[{"href":"https:\/\/gastronomicament.cat\/es\/wp-json\/wp\/v2\/types\/page"}],"author":[{"embeddable":true,"href":"https:\/\/gastronomicament.cat\/es\/wp-json\/wp\/v2\/users\/103"}],"replies":[{"embeddable":true,"href":"https:\/\/gastronomicament.cat\/es\/wp-json\/wp\/v2\/comments?post=93146"}],"version-history":[{"count":0,"href":"https:\/\/gastronomicament.cat\/es\/wp-json\/wp\/v2\/pages\/93146\/revisions"}],"wp:attachment":[{"href":"https:\/\/gastronomicament.cat\/es\/wp-json\/wp\/v2\/media?parent=93146"}],"wp:term":[{"taxonomy":"author","embeddable":true,"href":"https:\/\/gastronomicament.cat\/es\/wp-json\/wp\/v2\/coauthors?post=93146"}],"curies":[{"name":"wp","href":"https:\/\/api.w.org\/{rel}","templated":true}]}}