{"id":73528,"date":"2012-11-23T12:30:16","date_gmt":"2012-11-23T12:30:16","guid":{"rendered":"https:\/\/gastronomicament.cat\/recepta\/recepta-musclos-amb-salsa-de-tomatiga"},"modified":"2012-11-23T12:30:16","modified_gmt":"2012-11-23T12:30:16","slug":"recepta-musclos-amb-salsa-de-tomatiga","status":"publish","type":"recepta","link":"https:\/\/gastronomicament.cat\/es\/recepta\/recepta-musclos-amb-salsa-de-tomatiga","title":{"rendered":"Recepta: Musclos amb salsa de tom\u00e0tiga"},"content":{"rendered":"<div><strong>Ingredients<\/strong>:<\/div>\n<div><\/div>\n<div>&#8211; 1\/2 quilo de musclos frescos<\/div>\n<div>&#8211; 400 g de tomata natural triturada<\/div>\n<div>&#8211; 400 ml d&#8217;aigua<\/div>\n<div>&#8211; 1 rajolinet de vi blanc<\/div>\n<div>&#8211; 1 manat de juvert<\/div>\n<div>&#8211; 3 alls<\/div>\n<div>&#8211; 1 ceba<\/div>\n<div>&#8211; Sal i pebre<\/div>\n<div>&#8211; Oli d&#8217;oliva<\/div>\n<div><\/div>\n<div><strong>Preparaci\u00f3:<br \/>\n<\/strong><\/div>\n<div>Afegim un raig d&#8217;oli d&#8217;oliva i, a continuaci\u00f3, la ceba, el juvert i els allets picats. Deixam que es daurin a foc molt lent durant uns minutets. A continuaci\u00f3, hi afegim el rajolinet de vi blanc i ho deixam coure uns minuts m\u00e9s. Ara, hi afegim la salsa de tom\u00e0quet i els musclos frescos i salpebram. Ho mesclam i hi incorporam l&#8217;aigua i deixam que se la begui. Ho Tapam i ho deixem coure durant 10 minuts aproximadament. I ja est\u00e0 tenim aquesta recepta de musclos amb salsa de tom\u00e0tiga llesta per servir.<\/div>\n<div><\/div>\n<div>Bon profit!<\/div>\n","protected":false},"excerpt":{"rendered":"<p>Afegim un raig d&#8217;oli d&#8217;oliva i, a continuaci\u00f3, la ceba, el juvert i els allets picats&#8230;<\/p>\n","protected":false},"author":22,"featured_media":36240,"menu_order":0,"comment_status":"open","ping_status":"closed","template":"","format":"standard","meta":{"_acf_changed":false,"_swt_meta_header_display":false,"_swt_meta_footer_display":false,"_swt_meta_site_title_display":false,"_swt_meta_sticky_header":false,"_swt_meta_transparent_header":false,"footnotes":""},"categories":[1006],"concurs-mossegades":[],"dificultat":[1498],"ingredient":[1559],"plat":[1560],"preu-per-racio":[1010],"receptes-tematiques":[],"temps-de-preparacio":[1552],"coauthors":[],"class_list":["post-73528","recepta","type-recepta","status-publish","format-standard","has-post-thumbnail","hentry","category-receptes-es","dificultat-baixa-es","ingredient-marisc-i-peix-es","plat-entrant-es","preu_per_racio-entre-2-i-5-euros-es","temps_de_preparacio-menys-de-30-minuts-es"],"acf":{"gallery":null,"home_date":{"home_begin_date":null,"home_end_date":null}},"yoast_head":"<!-- This site is optimized with the Yoast SEO plugin v27.4 - https:\/\/yoast.com\/product\/yoast-seo-wordpress\/ -->\n<title>Recepta: Musclos amb salsa de tom\u00e0tiga<\/title>\n<meta name=\"description\" content=\"Recepta: Musclos amb salsa de tom\u00e0tiga\" \/>\n<meta name=\"robots\" content=\"index, follow, max-snippet:-1, max-image-preview:large, max-video-preview:-1\" \/>\n<link rel=\"canonical\" href=\"https:\/\/gastronomicament.cat\/es\/recepta\/recepta-musclos-amb-salsa-de-tomatiga\" \/>\n<meta property=\"og:locale\" content=\"es_ES\" \/>\n<meta property=\"og:type\" content=\"article\" \/>\n<meta property=\"og:title\" content=\"Recepta: Musclos amb salsa de tom\u00e0tiga\" \/>\n<meta property=\"og:description\" content=\"Recepta: Musclos amb salsa de tom\u00e0tiga\" \/>\n<meta property=\"og:url\" content=\"https:\/\/gastronomicament.cat\/es\/recepta\/recepta-musclos-amb-salsa-de-tomatiga\" \/>\n<meta property=\"og:site_name\" content=\"Gastron\u00f2micament\" \/>\n<meta property=\"og:image\" content=\"https:\/\/gastronomicament.cat\/wp-content\/uploads\/2012\/11\/recepta-musclos-amb-salsa-de-tom\u00e0tiga-1.jpg\" \/>\n\t<meta property=\"og:image:width\" content=\"870\" \/>\n\t<meta property=\"og:image:height\" content=\"529\" \/>\n\t<meta property=\"og:image:type\" content=\"image\/jpeg\" \/>\n<meta name=\"twitter:card\" content=\"summary_large_image\" \/>\n<meta name=\"twitter:site\" content=\"@gastronomicamen\" \/>\n<meta name=\"twitter:label1\" content=\"Tiempo de lectura\" \/>\n\t<meta name=\"twitter:data1\" content=\"1 minuto\" \/>\n\t<meta name=\"twitter:label2\" content=\"Written by\" \/>\n\t<meta name=\"twitter:data2\" content=\"Marina\" \/>\n<script type=\"application\/ld+json\" class=\"yoast-schema-graph\">{\"@context\":\"https:\\\/\\\/schema.org\",\"@graph\":[{\"@type\":\"WebPage\",\"@id\":\"https:\\\/\\\/gastronomicament.cat\\\/es\\\/recepta\\\/recepta-musclos-amb-salsa-de-tomatiga\",\"url\":\"https:\\\/\\\/gastronomicament.cat\\\/es\\\/recepta\\\/recepta-musclos-amb-salsa-de-tomatiga\",\"name\":\"Recepta: Musclos amb salsa de tom\u00e0tiga\",\"isPartOf\":{\"@id\":\"https:\\\/\\\/gastronomicament.cat\\\/es\\\/#website\"},\"primaryImageOfPage\":{\"@id\":\"https:\\\/\\\/gastronomicament.cat\\\/es\\\/recepta\\\/recepta-musclos-amb-salsa-de-tomatiga#primaryimage\"},\"image\":{\"@id\":\"https:\\\/\\\/gastronomicament.cat\\\/es\\\/recepta\\\/recepta-musclos-amb-salsa-de-tomatiga#primaryimage\"},\"thumbnailUrl\":\"https:\\\/\\\/gastronomicament.cat\\\/wp-content\\\/uploads\\\/2012\\\/11\\\/recepta-musclos-amb-salsa-de-tom\u00e0tiga-1.jpg\",\"datePublished\":\"2012-11-23T12:30:16+00:00\",\"description\":\"Recepta: Musclos amb salsa de tom\u00e0tiga\",\"breadcrumb\":{\"@id\":\"https:\\\/\\\/gastronomicament.cat\\\/es\\\/recepta\\\/recepta-musclos-amb-salsa-de-tomatiga#breadcrumb\"},\"inLanguage\":\"es\",\"potentialAction\":[{\"@type\":\"ReadAction\",\"target\":[\"https:\\\/\\\/gastronomicament.cat\\\/es\\\/recepta\\\/recepta-musclos-amb-salsa-de-tomatiga\"]}]},{\"@type\":\"ImageObject\",\"inLanguage\":\"es\",\"@id\":\"https:\\\/\\\/gastronomicament.cat\\\/es\\\/recepta\\\/recepta-musclos-amb-salsa-de-tomatiga#primaryimage\",\"url\":\"https:\\\/\\\/gastronomicament.cat\\\/wp-content\\\/uploads\\\/2012\\\/11\\\/recepta-musclos-amb-salsa-de-tom\u00e0tiga-1.jpg\",\"contentUrl\":\"https:\\\/\\\/gastronomicament.cat\\\/wp-content\\\/uploads\\\/2012\\\/11\\\/recepta-musclos-amb-salsa-de-tom\u00e0tiga-1.jpg\",\"width\":870,\"height\":529},{\"@type\":\"BreadcrumbList\",\"@id\":\"https:\\\/\\\/gastronomicament.cat\\\/es\\\/recepta\\\/recepta-musclos-amb-salsa-de-tomatiga#breadcrumb\",\"itemListElement\":[{\"@type\":\"ListItem\",\"position\":1,\"name\":\"Receptes\",\"item\":\"https:\\\/\\\/gastronomicament.cat\\\/es\\\/receptes\"},{\"@type\":\"ListItem\",\"position\":2,\"name\":\"Recepta: Musclos amb salsa de tom\u00e0tiga\"}]},{\"@type\":\"WebSite\",\"@id\":\"https:\\\/\\\/gastronomicament.cat\\\/es\\\/#website\",\"url\":\"https:\\\/\\\/gastronomicament.cat\\\/es\\\/\",\"name\":\"Gastron\u00f2micament\",\"description\":\"Portal de restaurants, receptes i actualitat gastron\u00f2mica\",\"publisher\":{\"@id\":\"https:\\\/\\\/gastronomicament.cat\\\/es\\\/#organization\"},\"potentialAction\":[{\"@type\":\"SearchAction\",\"target\":{\"@type\":\"EntryPoint\",\"urlTemplate\":\"https:\\\/\\\/gastronomicament.cat\\\/es\\\/?s={search_term_string}\"},\"query-input\":{\"@type\":\"PropertyValueSpecification\",\"valueRequired\":true,\"valueName\":\"search_term_string\"}}],\"inLanguage\":\"es\"},{\"@type\":\"Organization\",\"@id\":\"https:\\\/\\\/gastronomicament.cat\\\/es\\\/#organization\",\"name\":\"Gastron\u00f2micament\",\"url\":\"https:\\\/\\\/gastronomicament.cat\\\/es\\\/\",\"logo\":{\"@type\":\"ImageObject\",\"inLanguage\":\"es\",\"@id\":\"https:\\\/\\\/gastronomicament.cat\\\/es\\\/#\\\/schema\\\/logo\\\/image\\\/\",\"url\":\"https:\\\/\\\/gastronomicament.cat\\\/wp-content\\\/uploads\\\/2016\\\/09\\\/header-logo.jpg\",\"contentUrl\":\"https:\\\/\\\/gastronomicament.cat\\\/wp-content\\\/uploads\\\/2016\\\/09\\\/header-logo.jpg\",\"width\":277,\"height\":39,\"caption\":\"Gastron\u00f2micament\"},\"image\":{\"@id\":\"https:\\\/\\\/gastronomicament.cat\\\/es\\\/#\\\/schema\\\/logo\\\/image\\\/\"},\"sameAs\":[\"https:\\\/\\\/x.com\\\/gastronomicamen\"]}]}<\/script>\n<!-- \/ Yoast SEO plugin. -->","yoast_head_json":{"title":"Recepta: Musclos amb salsa de tom\u00e0tiga","description":"Recepta: Musclos amb salsa de tom\u00e0tiga","robots":{"index":"index","follow":"follow","max-snippet":"max-snippet:-1","max-image-preview":"max-image-preview:large","max-video-preview":"max-video-preview:-1"},"canonical":"https:\/\/gastronomicament.cat\/es\/recepta\/recepta-musclos-amb-salsa-de-tomatiga","og_locale":"es_ES","og_type":"article","og_title":"Recepta: Musclos amb salsa de tom\u00e0tiga","og_description":"Recepta: Musclos amb salsa de tom\u00e0tiga","og_url":"https:\/\/gastronomicament.cat\/es\/recepta\/recepta-musclos-amb-salsa-de-tomatiga","og_site_name":"Gastron\u00f2micament","og_image":[{"width":870,"height":529,"url":"https:\/\/gastronomicament.cat\/wp-content\/uploads\/2012\/11\/recepta-musclos-amb-salsa-de-tom\u00e0tiga-1.jpg","type":"image\/jpeg"}],"twitter_card":"summary_large_image","twitter_site":"@gastronomicamen","twitter_misc":{"Tiempo de lectura":"1 minuto","Written by":"Marina"},"schema":{"@context":"https:\/\/schema.org","@graph":[{"@type":"WebPage","@id":"https:\/\/gastronomicament.cat\/es\/recepta\/recepta-musclos-amb-salsa-de-tomatiga","url":"https:\/\/gastronomicament.cat\/es\/recepta\/recepta-musclos-amb-salsa-de-tomatiga","name":"Recepta: Musclos amb salsa de tom\u00e0tiga","isPartOf":{"@id":"https:\/\/gastronomicament.cat\/es\/#website"},"primaryImageOfPage":{"@id":"https:\/\/gastronomicament.cat\/es\/recepta\/recepta-musclos-amb-salsa-de-tomatiga#primaryimage"},"image":{"@id":"https:\/\/gastronomicament.cat\/es\/recepta\/recepta-musclos-amb-salsa-de-tomatiga#primaryimage"},"thumbnailUrl":"https:\/\/gastronomicament.cat\/wp-content\/uploads\/2012\/11\/recepta-musclos-amb-salsa-de-tom\u00e0tiga-1.jpg","datePublished":"2012-11-23T12:30:16+00:00","description":"Recepta: Musclos amb salsa de tom\u00e0tiga","breadcrumb":{"@id":"https:\/\/gastronomicament.cat\/es\/recepta\/recepta-musclos-amb-salsa-de-tomatiga#breadcrumb"},"inLanguage":"es","potentialAction":[{"@type":"ReadAction","target":["https:\/\/gastronomicament.cat\/es\/recepta\/recepta-musclos-amb-salsa-de-tomatiga"]}]},{"@type":"ImageObject","inLanguage":"es","@id":"https:\/\/gastronomicament.cat\/es\/recepta\/recepta-musclos-amb-salsa-de-tomatiga#primaryimage","url":"https:\/\/gastronomicament.cat\/wp-content\/uploads\/2012\/11\/recepta-musclos-amb-salsa-de-tom\u00e0tiga-1.jpg","contentUrl":"https:\/\/gastronomicament.cat\/wp-content\/uploads\/2012\/11\/recepta-musclos-amb-salsa-de-tom\u00e0tiga-1.jpg","width":870,"height":529},{"@type":"BreadcrumbList","@id":"https:\/\/gastronomicament.cat\/es\/recepta\/recepta-musclos-amb-salsa-de-tomatiga#breadcrumb","itemListElement":[{"@type":"ListItem","position":1,"name":"Receptes","item":"https:\/\/gastronomicament.cat\/es\/receptes"},{"@type":"ListItem","position":2,"name":"Recepta: Musclos amb salsa de tom\u00e0tiga"}]},{"@type":"WebSite","@id":"https:\/\/gastronomicament.cat\/es\/#website","url":"https:\/\/gastronomicament.cat\/es\/","name":"Gastron\u00f2micament","description":"Portal de restaurants, receptes i actualitat gastron\u00f2mica","publisher":{"@id":"https:\/\/gastronomicament.cat\/es\/#organization"},"potentialAction":[{"@type":"SearchAction","target":{"@type":"EntryPoint","urlTemplate":"https:\/\/gastronomicament.cat\/es\/?s={search_term_string}"},"query-input":{"@type":"PropertyValueSpecification","valueRequired":true,"valueName":"search_term_string"}}],"inLanguage":"es"},{"@type":"Organization","@id":"https:\/\/gastronomicament.cat\/es\/#organization","name":"Gastron\u00f2micament","url":"https:\/\/gastronomicament.cat\/es\/","logo":{"@type":"ImageObject","inLanguage":"es","@id":"https:\/\/gastronomicament.cat\/es\/#\/schema\/logo\/image\/","url":"https:\/\/gastronomicament.cat\/wp-content\/uploads\/2016\/09\/header-logo.jpg","contentUrl":"https:\/\/gastronomicament.cat\/wp-content\/uploads\/2016\/09\/header-logo.jpg","width":277,"height":39,"caption":"Gastron\u00f2micament"},"image":{"@id":"https:\/\/gastronomicament.cat\/es\/#\/schema\/logo\/image\/"},"sameAs":["https:\/\/x.com\/gastronomicamen"]}]}},"_links":{"self":[{"href":"https:\/\/gastronomicament.cat\/es\/wp-json\/wp\/v2\/recepta\/73528","targetHints":{"allow":["GET"]}}],"collection":[{"href":"https:\/\/gastronomicament.cat\/es\/wp-json\/wp\/v2\/recepta"}],"about":[{"href":"https:\/\/gastronomicament.cat\/es\/wp-json\/wp\/v2\/types\/recepta"}],"author":[{"embeddable":true,"href":"https:\/\/gastronomicament.cat\/es\/wp-json\/wp\/v2\/users\/22"}],"replies":[{"embeddable":true,"href":"https:\/\/gastronomicament.cat\/es\/wp-json\/wp\/v2\/comments?post=73528"}],"version-history":[{"count":0,"href":"https:\/\/gastronomicament.cat\/es\/wp-json\/wp\/v2\/recepta\/73528\/revisions"}],"wp:featuredmedia":[{"embeddable":true,"href":"https:\/\/gastronomicament.cat\/es\/wp-json\/wp\/v2\/media\/36240"}],"wp:attachment":[{"href":"https:\/\/gastronomicament.cat\/es\/wp-json\/wp\/v2\/media?parent=73528"}],"wp:term":[{"taxonomy":"category","embeddable":true,"href":"https:\/\/gastronomicament.cat\/es\/wp-json\/wp\/v2\/categories?post=73528"},{"taxonomy":"concurs_receptes_mossegades","embeddable":true,"href":"https:\/\/gastronomicament.cat\/es\/wp-json\/wp\/v2\/concurs-mossegades?post=73528"},{"taxonomy":"dificultat","embeddable":true,"href":"https:\/\/gastronomicament.cat\/es\/wp-json\/wp\/v2\/dificultat?post=73528"},{"taxonomy":"ingredient","embeddable":true,"href":"https:\/\/gastronomicament.cat\/es\/wp-json\/wp\/v2\/ingredient?post=73528"},{"taxonomy":"plat","embeddable":true,"href":"https:\/\/gastronomicament.cat\/es\/wp-json\/wp\/v2\/plat?post=73528"},{"taxonomy":"preu_per_racio","embeddable":true,"href":"https:\/\/gastronomicament.cat\/es\/wp-json\/wp\/v2\/preu-per-racio?post=73528"},{"taxonomy":"tematica","embeddable":true,"href":"https:\/\/gastronomicament.cat\/es\/wp-json\/wp\/v2\/receptes-tematiques?post=73528"},{"taxonomy":"temps_de_preparacio","embeddable":true,"href":"https:\/\/gastronomicament.cat\/es\/wp-json\/wp\/v2\/temps-de-preparacio?post=73528"},{"taxonomy":"author","embeddable":true,"href":"https:\/\/gastronomicament.cat\/es\/wp-json\/wp\/v2\/coauthors?post=73528"}],"curies":[{"name":"wp","href":"https:\/\/api.w.org\/{rel}","templated":true}]}}