{"id":54384,"date":"2015-06-26T18:54:17","date_gmt":"2015-06-26T16:54:17","guid":{"rendered":"https:\/\/gastronomicament.cat\/restaurant\/restaurant-es-mirador-de-son-sama"},"modified":"2023-10-05T10:04:12","modified_gmt":"2023-10-05T08:04:12","slug":"restaurant-es-mirador-de-son-sama","status":"publish","type":"restaurant","link":"https:\/\/gastronomicament.cat\/es\/restaurant\/restaurant-es-mirador-de-son-sama","title":{"rendered":"Restaurant es Mirador de Son Sam\u00e0"},"content":{"rendered":"<p>L&#8217;agroturisme de Llucmajor Son Sam\u00e0 us proposa gaudir de la bona cuina al restaurant Es Mirador de Son Sam\u00e0, un establiment que t\u00e9 les portes obertes per als qui s&#8217;allotgen en aquest petit hotel com per als qui no.<\/p>\n<p>De la carta d&#8217;aquest restaurant de Llucmajor, cal destacar l&#8217;orada farcida de tremp\u00f3 i els pastissets de brossat amb fruites vermelles. Des de la terrassa podeu gaudir d&#8217;unes belles vistes a la mar i a l&#8217;illa de Cabrera. El restaurant es Mirador de Son Sam\u00e0 tamb\u00e9 posa al vostre abast un men\u00fa degustaci\u00f3 ben apetit\u00f3s.<\/p>\n<p>\u00c9s un lloc idoni per celebrar-hi noces, batejos, comunions i altres celebracions especials.<!--more--><\/p>\n","protected":false},"excerpt":{"rendered":"<p>De la carta d&#8217;aquest restaurant de Llucmajor, cal destacar l&#8217;orada farcida de tremp\u00f3 i els pastissets&hellip;<\/p>\n","protected":false},"author":1,"featured_media":38688,"menu_order":0,"comment_status":"open","ping_status":"closed","template":"","format":"gallery","meta":{"_acf_changed":false,"_swt_meta_header_display":false,"_swt_meta_footer_display":false,"_swt_meta_site_title_display":false,"_swt_meta_sticky_header":false,"_swt_meta_transparent_header":false,"direccio":"Carretera de Llucmajor-Porreres, km 3,5","telefon":"971 12 09 59","web":"","horari":"[:ca]Obert de dilluns a dissabte, de 19 a 23.30 hores [:en]Open from Monday to Saturday. Only nigths, to 7pm to 11.30pm [:es]Abierto de lunes a s\u00e1bado, de 19 a 23.30 horas [:de] Ge\u00f6ffnet: Monntag-Samstags. Nur abends (19-23.30 h)","preumitja":"30 - 40 \u20ac","observacions":"","footnotes":""},"categories":[999],"destacatper":[1107,1111],"especialitat":[1104,1038,1063],"localitat":[1389,1041,1172],"coauthors":[],"class_list":["post-54384","restaurant","type-restaurant","status-publish","format-gallery","has-post-thumbnail","hentry","category-restaurants-es","destacatper-celebracions-i-grups-es","destacatper-romantic-es","especialitat-cuina-mallorquina-es","especialitat-cuina-mediterrania-es","especialitat-cuina-selecta-es","localitat-llucmajor-es","localitat-mallorca-es","localitat-migjorn-es","preu-mes-de-30-euros-es"],"acf":{"gallery":null,"home_date":{"home_begin_date":null,"home_end_date":null}},"yoast_head":"<!-- This site is optimized with the Yoast SEO plugin v27.4 - https:\/\/yoast.com\/product\/yoast-seo-wordpress\/ -->\n<title>Restaurant es Mirador de Son Sam\u00e0<\/title>\n<meta name=\"description\" content=\"Restaurant es Mirador de Son Sam\u00e0 - Agroturisme Mallorca Son Sama - Llucmajor - Landhotel - Agroturismo\" \/>\n<meta name=\"robots\" content=\"index, follow, max-snippet:-1, max-image-preview:large, max-video-preview:-1\" \/>\n<link rel=\"canonical\" href=\"https:\/\/gastronomicament.cat\/es\/restaurant\/restaurant-es-mirador-de-son-sama\" \/>\n<meta property=\"og:locale\" content=\"es_ES\" \/>\n<meta property=\"og:type\" content=\"article\" \/>\n<meta property=\"og:title\" content=\"Restaurant es Mirador de Son Sam\u00e0\" \/>\n<meta property=\"og:description\" content=\"Restaurant es Mirador de Son Sam\u00e0 - Agroturisme Mallorca Son Sama - Llucmajor - Landhotel - Agroturismo\" \/>\n<meta property=\"og:url\" content=\"https:\/\/gastronomicament.cat\/es\/restaurant\/restaurant-es-mirador-de-son-sama\" \/>\n<meta property=\"og:site_name\" content=\"Gastron\u00f2micament\" \/>\n<meta property=\"article:modified_time\" content=\"2023-10-05T08:04:12+00:00\" \/>\n<meta property=\"og:image\" content=\"https:\/\/gastronomicament.cat\/wp-content\/uploads\/2015\/06\/agroturismo-son-sama-restaurante-llucmajor-mallorca.jpg\" \/>\n\t<meta property=\"og:image:width\" content=\"1800\" \/>\n\t<meta property=\"og:image:height\" content=\"1196\" \/>\n\t<meta property=\"og:image:type\" content=\"image\/jpeg\" \/>\n<meta name=\"twitter:card\" content=\"summary_large_image\" \/>\n<meta name=\"twitter:site\" content=\"@gastronomicamen\" \/>\n<meta name=\"twitter:label1\" content=\"Tiempo de lectura\" \/>\n\t<meta name=\"twitter:data1\" content=\"1 minuto\" \/>\n\t<meta name=\"twitter:label2\" content=\"Written by\" \/>\n\t<meta name=\"twitter:data2\" content=\"Redacci\u00f3\" \/>\n<script type=\"application\/ld+json\" class=\"yoast-schema-graph\">{\"@context\":\"https:\\\/\\\/schema.org\",\"@graph\":[{\"@type\":\"WebPage\",\"@id\":\"https:\\\/\\\/gastronomicament.cat\\\/es\\\/restaurant\\\/restaurant-es-mirador-de-son-sama\",\"url\":\"https:\\\/\\\/gastronomicament.cat\\\/es\\\/restaurant\\\/restaurant-es-mirador-de-son-sama\",\"name\":\"Restaurant es Mirador de Son Sam\u00e0\",\"isPartOf\":{\"@id\":\"https:\\\/\\\/gastronomicament.cat\\\/es\\\/#website\"},\"primaryImageOfPage\":{\"@id\":\"https:\\\/\\\/gastronomicament.cat\\\/es\\\/restaurant\\\/restaurant-es-mirador-de-son-sama#primaryimage\"},\"image\":{\"@id\":\"https:\\\/\\\/gastronomicament.cat\\\/es\\\/restaurant\\\/restaurant-es-mirador-de-son-sama#primaryimage\"},\"thumbnailUrl\":\"https:\\\/\\\/gastronomicament.cat\\\/wp-content\\\/uploads\\\/2015\\\/06\\\/agroturismo-son-sama-restaurante-llucmajor-mallorca.jpg\",\"datePublished\":\"2015-06-26T16:54:17+00:00\",\"dateModified\":\"2023-10-05T08:04:12+00:00\",\"description\":\"Restaurant es Mirador de Son Sam\u00e0 - Agroturisme Mallorca Son Sama - Llucmajor - Landhotel - Agroturismo\",\"breadcrumb\":{\"@id\":\"https:\\\/\\\/gastronomicament.cat\\\/es\\\/restaurant\\\/restaurant-es-mirador-de-son-sama#breadcrumb\"},\"inLanguage\":\"es\",\"potentialAction\":[{\"@type\":\"ReadAction\",\"target\":[\"https:\\\/\\\/gastronomicament.cat\\\/es\\\/restaurant\\\/restaurant-es-mirador-de-son-sama\"]}]},{\"@type\":\"ImageObject\",\"inLanguage\":\"es\",\"@id\":\"https:\\\/\\\/gastronomicament.cat\\\/es\\\/restaurant\\\/restaurant-es-mirador-de-son-sama#primaryimage\",\"url\":\"https:\\\/\\\/gastronomicament.cat\\\/wp-content\\\/uploads\\\/2015\\\/06\\\/agroturismo-son-sama-restaurante-llucmajor-mallorca.jpg\",\"contentUrl\":\"https:\\\/\\\/gastronomicament.cat\\\/wp-content\\\/uploads\\\/2015\\\/06\\\/agroturismo-son-sama-restaurante-llucmajor-mallorca.jpg\",\"width\":1800,\"height\":1196},{\"@type\":\"BreadcrumbList\",\"@id\":\"https:\\\/\\\/gastronomicament.cat\\\/es\\\/restaurant\\\/restaurant-es-mirador-de-son-sama#breadcrumb\",\"itemListElement\":[{\"@type\":\"ListItem\",\"position\":1,\"name\":\"Restaurants\",\"item\":\"https:\\\/\\\/gastronomicament.cat\\\/es\\\/restaurants\"},{\"@type\":\"ListItem\",\"position\":2,\"name\":\"Restaurant es Mirador de Son Sam\u00e0\"}]},{\"@type\":\"WebSite\",\"@id\":\"https:\\\/\\\/gastronomicament.cat\\\/es\\\/#website\",\"url\":\"https:\\\/\\\/gastronomicament.cat\\\/es\\\/\",\"name\":\"Gastron\u00f2micament\",\"description\":\"Portal de restaurants, receptes i actualitat gastron\u00f2mica\",\"publisher\":{\"@id\":\"https:\\\/\\\/gastronomicament.cat\\\/es\\\/#organization\"},\"potentialAction\":[{\"@type\":\"SearchAction\",\"target\":{\"@type\":\"EntryPoint\",\"urlTemplate\":\"https:\\\/\\\/gastronomicament.cat\\\/es\\\/?s={search_term_string}\"},\"query-input\":{\"@type\":\"PropertyValueSpecification\",\"valueRequired\":true,\"valueName\":\"search_term_string\"}}],\"inLanguage\":\"es\"},{\"@type\":\"Organization\",\"@id\":\"https:\\\/\\\/gastronomicament.cat\\\/es\\\/#organization\",\"name\":\"Gastron\u00f2micament\",\"url\":\"https:\\\/\\\/gastronomicament.cat\\\/es\\\/\",\"logo\":{\"@type\":\"ImageObject\",\"inLanguage\":\"es\",\"@id\":\"https:\\\/\\\/gastronomicament.cat\\\/es\\\/#\\\/schema\\\/logo\\\/image\\\/\",\"url\":\"https:\\\/\\\/gastronomicament.cat\\\/wp-content\\\/uploads\\\/2016\\\/09\\\/header-logo.jpg\",\"contentUrl\":\"https:\\\/\\\/gastronomicament.cat\\\/wp-content\\\/uploads\\\/2016\\\/09\\\/header-logo.jpg\",\"width\":277,\"height\":39,\"caption\":\"Gastron\u00f2micament\"},\"image\":{\"@id\":\"https:\\\/\\\/gastronomicament.cat\\\/es\\\/#\\\/schema\\\/logo\\\/image\\\/\"},\"sameAs\":[\"https:\\\/\\\/x.com\\\/gastronomicamen\"]}]}<\/script>\n<!-- \/ Yoast SEO plugin. -->","yoast_head_json":{"title":"Restaurant es Mirador de Son Sam\u00e0","description":"Restaurant es Mirador de Son Sam\u00e0 - Agroturisme Mallorca Son Sama - Llucmajor - Landhotel - Agroturismo","robots":{"index":"index","follow":"follow","max-snippet":"max-snippet:-1","max-image-preview":"max-image-preview:large","max-video-preview":"max-video-preview:-1"},"canonical":"https:\/\/gastronomicament.cat\/es\/restaurant\/restaurant-es-mirador-de-son-sama","og_locale":"es_ES","og_type":"article","og_title":"Restaurant es Mirador de Son Sam\u00e0","og_description":"Restaurant es Mirador de Son Sam\u00e0 - Agroturisme Mallorca Son Sama - Llucmajor - Landhotel - Agroturismo","og_url":"https:\/\/gastronomicament.cat\/es\/restaurant\/restaurant-es-mirador-de-son-sama","og_site_name":"Gastron\u00f2micament","article_modified_time":"2023-10-05T08:04:12+00:00","og_image":[{"width":1800,"height":1196,"url":"https:\/\/gastronomicament.cat\/wp-content\/uploads\/2015\/06\/agroturismo-son-sama-restaurante-llucmajor-mallorca.jpg","type":"image\/jpeg"}],"twitter_card":"summary_large_image","twitter_site":"@gastronomicamen","twitter_misc":{"Tiempo de lectura":"1 minuto","Written by":"Redacci\u00f3"},"schema":{"@context":"https:\/\/schema.org","@graph":[{"@type":"WebPage","@id":"https:\/\/gastronomicament.cat\/es\/restaurant\/restaurant-es-mirador-de-son-sama","url":"https:\/\/gastronomicament.cat\/es\/restaurant\/restaurant-es-mirador-de-son-sama","name":"Restaurant es Mirador de Son Sam\u00e0","isPartOf":{"@id":"https:\/\/gastronomicament.cat\/es\/#website"},"primaryImageOfPage":{"@id":"https:\/\/gastronomicament.cat\/es\/restaurant\/restaurant-es-mirador-de-son-sama#primaryimage"},"image":{"@id":"https:\/\/gastronomicament.cat\/es\/restaurant\/restaurant-es-mirador-de-son-sama#primaryimage"},"thumbnailUrl":"https:\/\/gastronomicament.cat\/wp-content\/uploads\/2015\/06\/agroturismo-son-sama-restaurante-llucmajor-mallorca.jpg","datePublished":"2015-06-26T16:54:17+00:00","dateModified":"2023-10-05T08:04:12+00:00","description":"Restaurant es Mirador de Son Sam\u00e0 - Agroturisme Mallorca Son Sama - Llucmajor - Landhotel - Agroturismo","breadcrumb":{"@id":"https:\/\/gastronomicament.cat\/es\/restaurant\/restaurant-es-mirador-de-son-sama#breadcrumb"},"inLanguage":"es","potentialAction":[{"@type":"ReadAction","target":["https:\/\/gastronomicament.cat\/es\/restaurant\/restaurant-es-mirador-de-son-sama"]}]},{"@type":"ImageObject","inLanguage":"es","@id":"https:\/\/gastronomicament.cat\/es\/restaurant\/restaurant-es-mirador-de-son-sama#primaryimage","url":"https:\/\/gastronomicament.cat\/wp-content\/uploads\/2015\/06\/agroturismo-son-sama-restaurante-llucmajor-mallorca.jpg","contentUrl":"https:\/\/gastronomicament.cat\/wp-content\/uploads\/2015\/06\/agroturismo-son-sama-restaurante-llucmajor-mallorca.jpg","width":1800,"height":1196},{"@type":"BreadcrumbList","@id":"https:\/\/gastronomicament.cat\/es\/restaurant\/restaurant-es-mirador-de-son-sama#breadcrumb","itemListElement":[{"@type":"ListItem","position":1,"name":"Restaurants","item":"https:\/\/gastronomicament.cat\/es\/restaurants"},{"@type":"ListItem","position":2,"name":"Restaurant es Mirador de Son Sam\u00e0"}]},{"@type":"WebSite","@id":"https:\/\/gastronomicament.cat\/es\/#website","url":"https:\/\/gastronomicament.cat\/es\/","name":"Gastron\u00f2micament","description":"Portal de restaurants, receptes i actualitat gastron\u00f2mica","publisher":{"@id":"https:\/\/gastronomicament.cat\/es\/#organization"},"potentialAction":[{"@type":"SearchAction","target":{"@type":"EntryPoint","urlTemplate":"https:\/\/gastronomicament.cat\/es\/?s={search_term_string}"},"query-input":{"@type":"PropertyValueSpecification","valueRequired":true,"valueName":"search_term_string"}}],"inLanguage":"es"},{"@type":"Organization","@id":"https:\/\/gastronomicament.cat\/es\/#organization","name":"Gastron\u00f2micament","url":"https:\/\/gastronomicament.cat\/es\/","logo":{"@type":"ImageObject","inLanguage":"es","@id":"https:\/\/gastronomicament.cat\/es\/#\/schema\/logo\/image\/","url":"https:\/\/gastronomicament.cat\/wp-content\/uploads\/2016\/09\/header-logo.jpg","contentUrl":"https:\/\/gastronomicament.cat\/wp-content\/uploads\/2016\/09\/header-logo.jpg","width":277,"height":39,"caption":"Gastron\u00f2micament"},"image":{"@id":"https:\/\/gastronomicament.cat\/es\/#\/schema\/logo\/image\/"},"sameAs":["https:\/\/x.com\/gastronomicamen"]}]}},"_links":{"self":[{"href":"https:\/\/gastronomicament.cat\/es\/wp-json\/wp\/v2\/restaurant\/54384","targetHints":{"allow":["GET"]}}],"collection":[{"href":"https:\/\/gastronomicament.cat\/es\/wp-json\/wp\/v2\/restaurant"}],"about":[{"href":"https:\/\/gastronomicament.cat\/es\/wp-json\/wp\/v2\/types\/restaurant"}],"author":[{"embeddable":true,"href":"https:\/\/gastronomicament.cat\/es\/wp-json\/wp\/v2\/users\/1"}],"replies":[{"embeddable":true,"href":"https:\/\/gastronomicament.cat\/es\/wp-json\/wp\/v2\/comments?post=54384"}],"version-history":[{"count":0,"href":"https:\/\/gastronomicament.cat\/es\/wp-json\/wp\/v2\/restaurant\/54384\/revisions"}],"wp:featuredmedia":[{"embeddable":true,"href":"https:\/\/gastronomicament.cat\/es\/wp-json\/wp\/v2\/media\/38688"}],"wp:attachment":[{"href":"https:\/\/gastronomicament.cat\/es\/wp-json\/wp\/v2\/media?parent=54384"}],"wp:term":[{"taxonomy":"category","embeddable":true,"href":"https:\/\/gastronomicament.cat\/es\/wp-json\/wp\/v2\/categories?post=54384"},{"taxonomy":"destacatper","embeddable":true,"href":"https:\/\/gastronomicament.cat\/es\/wp-json\/wp\/v2\/destacatper?post=54384"},{"taxonomy":"especialitat","embeddable":true,"href":"https:\/\/gastronomicament.cat\/es\/wp-json\/wp\/v2\/especialitat?post=54384"},{"taxonomy":"localitat","embeddable":true,"href":"https:\/\/gastronomicament.cat\/es\/wp-json\/wp\/v2\/localitat?post=54384"},{"taxonomy":"author","embeddable":true,"href":"https:\/\/gastronomicament.cat\/es\/wp-json\/wp\/v2\/coauthors?post=54384"}],"curies":[{"name":"wp","href":"https:\/\/api.w.org\/{rel}","templated":true}]}}