{"id":54425,"date":"2015-05-06T20:31:33","date_gmt":"2015-05-06T18:31:33","guid":{"rendered":"https:\/\/gastronomicament.cat\/restaurant\/restaurant-ecosenalla-alaro"},"modified":"2024-12-16T13:11:48","modified_gmt":"2024-12-16T12:11:48","slug":"restaurant-ecosenalla-alaro","status":"publish","type":"restaurant","link":"https:\/\/gastronomicament.cat\/es\/restaurant\/restaurant-ecosenalla-alaro","title":{"rendered":"Restaurant Ecosenalla Alar\u00f3 [CERRADO]"},"content":{"rendered":"<p style=\"text-align: center;\"><strong>[<b>CERRADO<\/b>]<\/strong><\/p>\n<p><strong>Ecosenalla<\/strong> \u00e9s m\u00e9s que un <strong>restaurant vegetari\u00e0 de Mallorca<\/strong>: tamb\u00e9 \u00e9s una botiga i un centre on es pot practicar ioga i altres activitats, un concepte creat per en Jorge i na Maril\u00f3.<\/p>\n<p>Pel que fa a l&#8217;aspecte gastron\u00f2mic el <strong>restaurant Econsenalla d&#8217;Alar\u00f3<\/strong> prepara plats casolans de la m\u00e0 de la cuinera Orqu\u00eddea. Hi fan plats vegetarians com l&#8217;stroganov de seitan, la sopa portuguesa (de tom\u00e0tiga i herba-sana&#8217;, arr\u00f2s amb fruits secs o espaguetis a la bolonyesa (amb prote\u00efna de soia i blat). Tenen carta pr\u00f2pia, una opci\u00f3 dif\u00edcil de trobar a restaurants vegetarians. De postres, hi trobareu propostes dolces com el past\u00eds de pera i xocolata o l&#8217;<em>strudel<\/em> de poma amb gelat.<\/p>\n<p>De dimarts a diumenge hi fan men\u00fa de migdia, en qu\u00e8 hi fan plats com l&#8217;escudella de ciurons o el rag\u00fa de tofu amb carabassa i arr\u00f2s integral.<\/p>\n<p>Cada dissabte, el plat estrella del restaurant Ecosenalla d&#8217;Alar\u00f3 \u00e9s la paella vegetariana.<!--more--><\/p>\n","protected":false},"excerpt":{"rendered":"<p>Ecosenalla \u00e9s m\u00e9s que un restaurant vegetari\u00e0 de Mallorca: tamb\u00e9 \u00e9s una botiga i un centre&hellip;<\/p>\n","protected":false},"author":1,"featured_media":38606,"menu_order":0,"comment_status":"open","ping_status":"closed","template":"","format":"gallery","meta":{"_acf_changed":false,"_swt_meta_header_display":false,"_swt_meta_footer_display":false,"_swt_meta_site_title_display":false,"_swt_meta_sticky_header":false,"_swt_meta_transparent_header":false,"direccio":"Alar\u00f3","telefon":"971 51 82 93","web":"","horari":"[:ca]Obert de dimarts a diumenge migdia, i divendres vespre i dissabte vespre[:en]Open from Tuesday to Sunday midday, and Friday and Saturday evening[:es]Aberito de martes a domingo mediod\u00eda, y viernes noche y s\u00e1bado noche [:de]Ge\u00f6ffnet: Dienstags-Sonntag (Nur Mittagstisch). Ge\u00f6ffnet: Freitags - Samstags (Nacht)","preumitja":"10-20 euros","observacions":"","footnotes":""},"categories":[1446],"destacatper":[],"especialitat":[],"localitat":[],"coauthors":[2053],"class_list":["post-54425","restaurant","type-restaurant","status-publish","format-gallery","has-post-thumbnail","hentry","category-tancat-es"],"acf":{"gallery":null,"home_date":{"home_begin_date":null,"home_end_date":null}},"yoast_head":"<!-- This site is optimized with the Yoast SEO plugin v27.4 - https:\/\/yoast.com\/product\/yoast-seo-wordpress\/ -->\n<title>Restaurant Ecosenalla Alar\u00f3<\/title>\n<meta name=\"description\" content=\"Restaurant Ecosenalla Alar\u00f3 - Restaurant vegetari\u00e0 Mallorca restaurante vegetariano vegano - Vegetarian Restaurant in Mallorca Alar\u00f3\" \/>\n<meta name=\"robots\" content=\"index, follow, max-snippet:-1, max-image-preview:large, max-video-preview:-1\" \/>\n<link rel=\"canonical\" href=\"https:\/\/gastronomicament.cat\/es\/restaurant\/restaurant-ecosenalla-alaro\" \/>\n<meta property=\"og:locale\" content=\"es_ES\" \/>\n<meta property=\"og:type\" content=\"article\" \/>\n<meta property=\"og:title\" content=\"Restaurant Ecosenalla Alar\u00f3\" \/>\n<meta property=\"og:description\" content=\"Restaurant Ecosenalla Alar\u00f3 - Restaurant vegetari\u00e0 Mallorca restaurante vegetariano vegano - Vegetarian Restaurant in Mallorca Alar\u00f3\" \/>\n<meta property=\"og:url\" content=\"https:\/\/gastronomicament.cat\/es\/restaurant\/restaurant-ecosenalla-alaro\" \/>\n<meta property=\"og:site_name\" content=\"Gastron\u00f2micament\" \/>\n<meta property=\"article:modified_time\" content=\"2024-12-16T12:11:48+00:00\" \/>\n<meta property=\"og:image\" content=\"https:\/\/gastronomicament.cat\/wp-content\/uploads\/2015\/05\/restaurante-vegetariano-alaro-ecosenalla.jpg\" \/>\n\t<meta property=\"og:image:width\" content=\"1800\" \/>\n\t<meta property=\"og:image:height\" content=\"1196\" \/>\n\t<meta property=\"og:image:type\" content=\"image\/jpeg\" \/>\n<meta name=\"twitter:card\" content=\"summary_large_image\" \/>\n<meta name=\"twitter:site\" content=\"@gastronomicamen\" \/>\n<meta name=\"twitter:label1\" content=\"Tiempo de lectura\" \/>\n\t<meta name=\"twitter:data1\" content=\"2 minutos\" \/>\n\t<meta name=\"twitter:label2\" content=\"Written by\" \/>\n\t<meta name=\"twitter:data2\" content=\"Redacci\u00f3\" \/>\n<script type=\"application\/ld+json\" class=\"yoast-schema-graph\">{\"@context\":\"https:\\\/\\\/schema.org\",\"@graph\":[{\"@type\":\"WebPage\",\"@id\":\"https:\\\/\\\/gastronomicament.cat\\\/es\\\/restaurant\\\/restaurant-ecosenalla-alaro\",\"url\":\"https:\\\/\\\/gastronomicament.cat\\\/es\\\/restaurant\\\/restaurant-ecosenalla-alaro\",\"name\":\"Restaurant Ecosenalla Alar\u00f3\",\"isPartOf\":{\"@id\":\"https:\\\/\\\/gastronomicament.cat\\\/es\\\/#website\"},\"primaryImageOfPage\":{\"@id\":\"https:\\\/\\\/gastronomicament.cat\\\/es\\\/restaurant\\\/restaurant-ecosenalla-alaro#primaryimage\"},\"image\":{\"@id\":\"https:\\\/\\\/gastronomicament.cat\\\/es\\\/restaurant\\\/restaurant-ecosenalla-alaro#primaryimage\"},\"thumbnailUrl\":\"https:\\\/\\\/gastronomicament.cat\\\/wp-content\\\/uploads\\\/2015\\\/05\\\/restaurante-vegetariano-alaro-ecosenalla.jpg\",\"datePublished\":\"2015-05-06T18:31:33+00:00\",\"dateModified\":\"2024-12-16T12:11:48+00:00\",\"description\":\"Restaurant Ecosenalla Alar\u00f3 - Restaurant vegetari\u00e0 Mallorca restaurante vegetariano vegano - Vegetarian Restaurant in Mallorca Alar\u00f3\",\"breadcrumb\":{\"@id\":\"https:\\\/\\\/gastronomicament.cat\\\/es\\\/restaurant\\\/restaurant-ecosenalla-alaro#breadcrumb\"},\"inLanguage\":\"es\",\"potentialAction\":[{\"@type\":\"ReadAction\",\"target\":[\"https:\\\/\\\/gastronomicament.cat\\\/es\\\/restaurant\\\/restaurant-ecosenalla-alaro\"]}]},{\"@type\":\"ImageObject\",\"inLanguage\":\"es\",\"@id\":\"https:\\\/\\\/gastronomicament.cat\\\/es\\\/restaurant\\\/restaurant-ecosenalla-alaro#primaryimage\",\"url\":\"https:\\\/\\\/gastronomicament.cat\\\/wp-content\\\/uploads\\\/2015\\\/05\\\/restaurante-vegetariano-alaro-ecosenalla.jpg\",\"contentUrl\":\"https:\\\/\\\/gastronomicament.cat\\\/wp-content\\\/uploads\\\/2015\\\/05\\\/restaurante-vegetariano-alaro-ecosenalla.jpg\",\"width\":1800,\"height\":1196},{\"@type\":\"BreadcrumbList\",\"@id\":\"https:\\\/\\\/gastronomicament.cat\\\/es\\\/restaurant\\\/restaurant-ecosenalla-alaro#breadcrumb\",\"itemListElement\":[{\"@type\":\"ListItem\",\"position\":1,\"name\":\"Restaurants\",\"item\":\"https:\\\/\\\/gastronomicament.cat\\\/es\\\/restaurants\"},{\"@type\":\"ListItem\",\"position\":2,\"name\":\"Restaurant Ecosenalla Alar\u00f3 [CERRADO]\"}]},{\"@type\":\"WebSite\",\"@id\":\"https:\\\/\\\/gastronomicament.cat\\\/es\\\/#website\",\"url\":\"https:\\\/\\\/gastronomicament.cat\\\/es\\\/\",\"name\":\"Gastron\u00f2micament\",\"description\":\"Portal de restaurants, receptes i actualitat gastron\u00f2mica\",\"publisher\":{\"@id\":\"https:\\\/\\\/gastronomicament.cat\\\/es\\\/#organization\"},\"potentialAction\":[{\"@type\":\"SearchAction\",\"target\":{\"@type\":\"EntryPoint\",\"urlTemplate\":\"https:\\\/\\\/gastronomicament.cat\\\/es\\\/?s={search_term_string}\"},\"query-input\":{\"@type\":\"PropertyValueSpecification\",\"valueRequired\":true,\"valueName\":\"search_term_string\"}}],\"inLanguage\":\"es\"},{\"@type\":\"Organization\",\"@id\":\"https:\\\/\\\/gastronomicament.cat\\\/es\\\/#organization\",\"name\":\"Gastron\u00f2micament\",\"url\":\"https:\\\/\\\/gastronomicament.cat\\\/es\\\/\",\"logo\":{\"@type\":\"ImageObject\",\"inLanguage\":\"es\",\"@id\":\"https:\\\/\\\/gastronomicament.cat\\\/es\\\/#\\\/schema\\\/logo\\\/image\\\/\",\"url\":\"https:\\\/\\\/gastronomicament.cat\\\/wp-content\\\/uploads\\\/2016\\\/09\\\/header-logo.jpg\",\"contentUrl\":\"https:\\\/\\\/gastronomicament.cat\\\/wp-content\\\/uploads\\\/2016\\\/09\\\/header-logo.jpg\",\"width\":277,\"height\":39,\"caption\":\"Gastron\u00f2micament\"},\"image\":{\"@id\":\"https:\\\/\\\/gastronomicament.cat\\\/es\\\/#\\\/schema\\\/logo\\\/image\\\/\"},\"sameAs\":[\"https:\\\/\\\/x.com\\\/gastronomicamen\"]}]}<\/script>\n<!-- \/ Yoast SEO plugin. -->","yoast_head_json":{"title":"Restaurant Ecosenalla Alar\u00f3","description":"Restaurant Ecosenalla Alar\u00f3 - Restaurant vegetari\u00e0 Mallorca restaurante vegetariano vegano - Vegetarian Restaurant in Mallorca Alar\u00f3","robots":{"index":"index","follow":"follow","max-snippet":"max-snippet:-1","max-image-preview":"max-image-preview:large","max-video-preview":"max-video-preview:-1"},"canonical":"https:\/\/gastronomicament.cat\/es\/restaurant\/restaurant-ecosenalla-alaro","og_locale":"es_ES","og_type":"article","og_title":"Restaurant Ecosenalla Alar\u00f3","og_description":"Restaurant Ecosenalla Alar\u00f3 - Restaurant vegetari\u00e0 Mallorca restaurante vegetariano vegano - Vegetarian Restaurant in Mallorca Alar\u00f3","og_url":"https:\/\/gastronomicament.cat\/es\/restaurant\/restaurant-ecosenalla-alaro","og_site_name":"Gastron\u00f2micament","article_modified_time":"2024-12-16T12:11:48+00:00","og_image":[{"width":1800,"height":1196,"url":"https:\/\/gastronomicament.cat\/wp-content\/uploads\/2015\/05\/restaurante-vegetariano-alaro-ecosenalla.jpg","type":"image\/jpeg"}],"twitter_card":"summary_large_image","twitter_site":"@gastronomicamen","twitter_misc":{"Tiempo de lectura":"2 minutos","Written by":"Redacci\u00f3"},"schema":{"@context":"https:\/\/schema.org","@graph":[{"@type":"WebPage","@id":"https:\/\/gastronomicament.cat\/es\/restaurant\/restaurant-ecosenalla-alaro","url":"https:\/\/gastronomicament.cat\/es\/restaurant\/restaurant-ecosenalla-alaro","name":"Restaurant Ecosenalla Alar\u00f3","isPartOf":{"@id":"https:\/\/gastronomicament.cat\/es\/#website"},"primaryImageOfPage":{"@id":"https:\/\/gastronomicament.cat\/es\/restaurant\/restaurant-ecosenalla-alaro#primaryimage"},"image":{"@id":"https:\/\/gastronomicament.cat\/es\/restaurant\/restaurant-ecosenalla-alaro#primaryimage"},"thumbnailUrl":"https:\/\/gastronomicament.cat\/wp-content\/uploads\/2015\/05\/restaurante-vegetariano-alaro-ecosenalla.jpg","datePublished":"2015-05-06T18:31:33+00:00","dateModified":"2024-12-16T12:11:48+00:00","description":"Restaurant Ecosenalla Alar\u00f3 - Restaurant vegetari\u00e0 Mallorca restaurante vegetariano vegano - Vegetarian Restaurant in Mallorca Alar\u00f3","breadcrumb":{"@id":"https:\/\/gastronomicament.cat\/es\/restaurant\/restaurant-ecosenalla-alaro#breadcrumb"},"inLanguage":"es","potentialAction":[{"@type":"ReadAction","target":["https:\/\/gastronomicament.cat\/es\/restaurant\/restaurant-ecosenalla-alaro"]}]},{"@type":"ImageObject","inLanguage":"es","@id":"https:\/\/gastronomicament.cat\/es\/restaurant\/restaurant-ecosenalla-alaro#primaryimage","url":"https:\/\/gastronomicament.cat\/wp-content\/uploads\/2015\/05\/restaurante-vegetariano-alaro-ecosenalla.jpg","contentUrl":"https:\/\/gastronomicament.cat\/wp-content\/uploads\/2015\/05\/restaurante-vegetariano-alaro-ecosenalla.jpg","width":1800,"height":1196},{"@type":"BreadcrumbList","@id":"https:\/\/gastronomicament.cat\/es\/restaurant\/restaurant-ecosenalla-alaro#breadcrumb","itemListElement":[{"@type":"ListItem","position":1,"name":"Restaurants","item":"https:\/\/gastronomicament.cat\/es\/restaurants"},{"@type":"ListItem","position":2,"name":"Restaurant Ecosenalla Alar\u00f3 [CERRADO]"}]},{"@type":"WebSite","@id":"https:\/\/gastronomicament.cat\/es\/#website","url":"https:\/\/gastronomicament.cat\/es\/","name":"Gastron\u00f2micament","description":"Portal de restaurants, receptes i actualitat gastron\u00f2mica","publisher":{"@id":"https:\/\/gastronomicament.cat\/es\/#organization"},"potentialAction":[{"@type":"SearchAction","target":{"@type":"EntryPoint","urlTemplate":"https:\/\/gastronomicament.cat\/es\/?s={search_term_string}"},"query-input":{"@type":"PropertyValueSpecification","valueRequired":true,"valueName":"search_term_string"}}],"inLanguage":"es"},{"@type":"Organization","@id":"https:\/\/gastronomicament.cat\/es\/#organization","name":"Gastron\u00f2micament","url":"https:\/\/gastronomicament.cat\/es\/","logo":{"@type":"ImageObject","inLanguage":"es","@id":"https:\/\/gastronomicament.cat\/es\/#\/schema\/logo\/image\/","url":"https:\/\/gastronomicament.cat\/wp-content\/uploads\/2016\/09\/header-logo.jpg","contentUrl":"https:\/\/gastronomicament.cat\/wp-content\/uploads\/2016\/09\/header-logo.jpg","width":277,"height":39,"caption":"Gastron\u00f2micament"},"image":{"@id":"https:\/\/gastronomicament.cat\/es\/#\/schema\/logo\/image\/"},"sameAs":["https:\/\/x.com\/gastronomicamen"]}]}},"_links":{"self":[{"href":"https:\/\/gastronomicament.cat\/es\/wp-json\/wp\/v2\/restaurant\/54425","targetHints":{"allow":["GET"]}}],"collection":[{"href":"https:\/\/gastronomicament.cat\/es\/wp-json\/wp\/v2\/restaurant"}],"about":[{"href":"https:\/\/gastronomicament.cat\/es\/wp-json\/wp\/v2\/types\/restaurant"}],"author":[{"embeddable":true,"href":"https:\/\/gastronomicament.cat\/es\/wp-json\/wp\/v2\/users\/1"}],"replies":[{"embeddable":true,"href":"https:\/\/gastronomicament.cat\/es\/wp-json\/wp\/v2\/comments?post=54425"}],"version-history":[{"count":0,"href":"https:\/\/gastronomicament.cat\/es\/wp-json\/wp\/v2\/restaurant\/54425\/revisions"}],"wp:featuredmedia":[{"embeddable":true,"href":"https:\/\/gastronomicament.cat\/es\/wp-json\/wp\/v2\/media\/38606"}],"wp:attachment":[{"href":"https:\/\/gastronomicament.cat\/es\/wp-json\/wp\/v2\/media?parent=54425"}],"wp:term":[{"taxonomy":"category","embeddable":true,"href":"https:\/\/gastronomicament.cat\/es\/wp-json\/wp\/v2\/categories?post=54425"},{"taxonomy":"destacatper","embeddable":true,"href":"https:\/\/gastronomicament.cat\/es\/wp-json\/wp\/v2\/destacatper?post=54425"},{"taxonomy":"especialitat","embeddable":true,"href":"https:\/\/gastronomicament.cat\/es\/wp-json\/wp\/v2\/especialitat?post=54425"},{"taxonomy":"localitat","embeddable":true,"href":"https:\/\/gastronomicament.cat\/es\/wp-json\/wp\/v2\/localitat?post=54425"},{"taxonomy":"author","embeddable":true,"href":"https:\/\/gastronomicament.cat\/es\/wp-json\/wp\/v2\/coauthors?post=54425"}],"curies":[{"name":"wp","href":"https:\/\/api.w.org\/{rel}","templated":true}]}}