{"id":73468,"date":"2012-12-29T21:00:16","date_gmt":"2012-12-29T20:00:16","guid":{"rendered":"https:\/\/gastronomicament.cat\/restaurant\/restaurant-can-tiro-turixant"},"modified":"2023-10-05T10:48:12","modified_gmt":"2023-10-05T08:48:12","slug":"restaurant-can-tiro-turixant","status":"publish","type":"restaurant","link":"https:\/\/gastronomicament.cat\/es\/restaurant\/restaurant-can-tiro-turixant","title":{"rendered":"Restaurant Can Tir\u00f3 Turixant  [TANCAT]"},"content":{"rendered":"<p style=\"text-align: center;\"><strong>\u00a0[TANCAT]<\/strong><\/p>\n<p style=\"text-align: justify;\">En Tomeu Garcias \u00e9s el xef del restaurant Can Tir\u00f3 Turixant, en el qual hi trobareu una cuina feta amb productes de temporada.<\/p>\n<p style=\"text-align: justify;\">Cada migdia prepara men\u00fa i a m\u00e9s compta amb una carta redu\u00efda i selecta amb plats com el llom de c\u00e8rvol amb salsa de fruites vermelles o la porcella confitada.<\/p>\n<p style=\"text-align: justify;\">Nosaltres hi tast\u00e0rem el men\u00fa degustaci\u00f3 compost per crema de colflori i picornells,\u00a0amanida de pat\u00e9 de foie,\u00a0bacall\u00e0 amb ravioli de t\u00f2fona i patata, llomillo de vedella amb esclata-sangs i degustaci\u00f3 de postres.<\/p>\n<p style=\"text-align: justify;\">El restaurant es troba a l&#8217;antiga possessi\u00f3 de Turixant i conserva dues joies del passat: una tafona i un mol\u00ed de farina (tamb\u00e9 conegut com a mol\u00ed de sang).<\/p>\n<p style=\"text-align: justify;\">En Tomeu Garcies s&#8217;ha format a l&#8217;Escola d&#8217;Hoteleria de les Illes Balears, a m\u00e9s d&#8217;estades a Anglaterra, 2 anys al restaurant Can Fabes i tamb\u00e9 a l&#8217;hotel la Torre del Visco de Terol.<\/p>\n<p style=\"text-align: justify;\">Els mesos d&#8217;agost, gener i febrer, nom\u00e9s obren amb reserva pr\u00e8via.<\/p>\n<p><!--more--><\/p>\n","protected":false},"excerpt":{"rendered":"<p>\u00a0[TANCAT] En Tomeu Garcias \u00e9s el xef del restaurant Can Tir\u00f3 Turixant, en el qual hi trobareu una cuina feta amb productes de temporada. Cada migdia prepara men\u00fa i a m\u00e9s compta amb una carta redu\u00efda i selecta amb plats com el llom de c\u00e8rvol amb salsa de fruites vermelles o la porcella confitada. Nosaltres [&hellip;]<\/p>\n","protected":false},"author":1,"featured_media":36350,"menu_order":0,"comment_status":"open","ping_status":"closed","template":"","format":"gallery","meta":{"_acf_changed":false,"_swt_meta_header_display":false,"_swt_meta_footer_display":false,"_swt_meta_site_title_display":false,"_swt_meta_sticky_header":false,"_swt_meta_transparent_header":false,"direccio":"Carrer de Bartomeu Reus, 22. Mancor de la Vall","telefon":"971 87 07 41","web":"","horari":"[:ca] Dilluns tancat i tamb\u00e9 diumenge vespre [:en] Closed on Monday and also Sunday night","preumitja":"15-30 euros","observacions":"","footnotes":""},"categories":[999,1446],"destacatper":[],"especialitat":[],"localitat":[],"coauthors":[],"class_list":["post-73468","restaurant","type-restaurant","status-publish","format-gallery","has-post-thumbnail","hentry","category-restaurants-es","category-tancat-es"],"acf":{"gallery":null,"home_date":{"home_begin_date":null,"home_end_date":null}},"yoast_head":"<!-- This site is optimized with the Yoast SEO plugin v27.4 - https:\/\/yoast.com\/product\/yoast-seo-wordpress\/ -->\n<title>Restaurant Can Tir\u00f3 Turixant. Mancor<\/title>\n<meta name=\"description\" content=\"Restaurant Can Tir\u00f3 Turixant. Mancor de la Vall \/ Restaurante Can Tir\u00f3 Turixant. Mancor\" \/>\n<meta name=\"robots\" content=\"index, follow, max-snippet:-1, max-image-preview:large, max-video-preview:-1\" \/>\n<link rel=\"canonical\" href=\"https:\/\/gastronomicament.cat\/es\/restaurant\/restaurant-can-tiro-turixant\" \/>\n<meta property=\"og:locale\" content=\"es_ES\" \/>\n<meta property=\"og:type\" content=\"article\" \/>\n<meta property=\"og:title\" content=\"Restaurant Can Tir\u00f3 Turixant. Mancor\" \/>\n<meta property=\"og:description\" content=\"Restaurant Can Tir\u00f3 Turixant. Mancor de la Vall \/ Restaurante Can Tir\u00f3 Turixant. Mancor\" \/>\n<meta property=\"og:url\" content=\"https:\/\/gastronomicament.cat\/es\/restaurant\/restaurant-can-tiro-turixant\" \/>\n<meta property=\"og:site_name\" content=\"Gastron\u00f2micament\" \/>\n<meta property=\"article:modified_time\" content=\"2023-10-05T08:48:12+00:00\" \/>\n<meta property=\"og:image\" content=\"https:\/\/gastronomicament.cat\/wp-content\/uploads\/2012\/12\/Degustaci\u00f3-de-postres.jpg\" \/>\n\t<meta property=\"og:image:width\" content=\"1800\" \/>\n\t<meta property=\"og:image:height\" content=\"1197\" \/>\n\t<meta property=\"og:image:type\" content=\"image\/jpeg\" \/>\n<meta name=\"twitter:card\" content=\"summary_large_image\" \/>\n<meta name=\"twitter:site\" content=\"@gastronomicamen\" \/>\n<meta name=\"twitter:label1\" content=\"Tiempo de lectura\" \/>\n\t<meta name=\"twitter:data1\" content=\"1 minuto\" \/>\n\t<meta name=\"twitter:label2\" content=\"Written by\" \/>\n\t<meta name=\"twitter:data2\" content=\"Redacci\u00f3\" \/>\n<script type=\"application\/ld+json\" class=\"yoast-schema-graph\">{\"@context\":\"https:\\\/\\\/schema.org\",\"@graph\":[{\"@type\":\"WebPage\",\"@id\":\"https:\\\/\\\/gastronomicament.cat\\\/es\\\/restaurant\\\/restaurant-can-tiro-turixant\",\"url\":\"https:\\\/\\\/gastronomicament.cat\\\/es\\\/restaurant\\\/restaurant-can-tiro-turixant\",\"name\":\"Restaurant Can Tir\u00f3 Turixant. Mancor\",\"isPartOf\":{\"@id\":\"https:\\\/\\\/gastronomicament.cat\\\/es\\\/#website\"},\"primaryImageOfPage\":{\"@id\":\"https:\\\/\\\/gastronomicament.cat\\\/es\\\/restaurant\\\/restaurant-can-tiro-turixant#primaryimage\"},\"image\":{\"@id\":\"https:\\\/\\\/gastronomicament.cat\\\/es\\\/restaurant\\\/restaurant-can-tiro-turixant#primaryimage\"},\"thumbnailUrl\":\"https:\\\/\\\/gastronomicament.cat\\\/wp-content\\\/uploads\\\/2012\\\/12\\\/Degustaci\u00f3-de-postres.jpg\",\"datePublished\":\"2012-12-29T20:00:16+00:00\",\"dateModified\":\"2023-10-05T08:48:12+00:00\",\"description\":\"Restaurant Can Tir\u00f3 Turixant. Mancor de la Vall \\\/ Restaurante Can Tir\u00f3 Turixant. Mancor\",\"breadcrumb\":{\"@id\":\"https:\\\/\\\/gastronomicament.cat\\\/es\\\/restaurant\\\/restaurant-can-tiro-turixant#breadcrumb\"},\"inLanguage\":\"es\",\"potentialAction\":[{\"@type\":\"ReadAction\",\"target\":[\"https:\\\/\\\/gastronomicament.cat\\\/es\\\/restaurant\\\/restaurant-can-tiro-turixant\"]}]},{\"@type\":\"ImageObject\",\"inLanguage\":\"es\",\"@id\":\"https:\\\/\\\/gastronomicament.cat\\\/es\\\/restaurant\\\/restaurant-can-tiro-turixant#primaryimage\",\"url\":\"https:\\\/\\\/gastronomicament.cat\\\/wp-content\\\/uploads\\\/2012\\\/12\\\/Degustaci\u00f3-de-postres.jpg\",\"contentUrl\":\"https:\\\/\\\/gastronomicament.cat\\\/wp-content\\\/uploads\\\/2012\\\/12\\\/Degustaci\u00f3-de-postres.jpg\",\"width\":1800,\"height\":1197},{\"@type\":\"BreadcrumbList\",\"@id\":\"https:\\\/\\\/gastronomicament.cat\\\/es\\\/restaurant\\\/restaurant-can-tiro-turixant#breadcrumb\",\"itemListElement\":[{\"@type\":\"ListItem\",\"position\":1,\"name\":\"Restaurants\",\"item\":\"https:\\\/\\\/gastronomicament.cat\\\/es\\\/restaurants\"},{\"@type\":\"ListItem\",\"position\":2,\"name\":\"Restaurant Can Tir\u00f3 Turixant [TANCAT]\"}]},{\"@type\":\"WebSite\",\"@id\":\"https:\\\/\\\/gastronomicament.cat\\\/es\\\/#website\",\"url\":\"https:\\\/\\\/gastronomicament.cat\\\/es\\\/\",\"name\":\"Gastron\u00f2micament\",\"description\":\"Portal de restaurants, receptes i actualitat gastron\u00f2mica\",\"publisher\":{\"@id\":\"https:\\\/\\\/gastronomicament.cat\\\/es\\\/#organization\"},\"potentialAction\":[{\"@type\":\"SearchAction\",\"target\":{\"@type\":\"EntryPoint\",\"urlTemplate\":\"https:\\\/\\\/gastronomicament.cat\\\/es\\\/?s={search_term_string}\"},\"query-input\":{\"@type\":\"PropertyValueSpecification\",\"valueRequired\":true,\"valueName\":\"search_term_string\"}}],\"inLanguage\":\"es\"},{\"@type\":\"Organization\",\"@id\":\"https:\\\/\\\/gastronomicament.cat\\\/es\\\/#organization\",\"name\":\"Gastron\u00f2micament\",\"url\":\"https:\\\/\\\/gastronomicament.cat\\\/es\\\/\",\"logo\":{\"@type\":\"ImageObject\",\"inLanguage\":\"es\",\"@id\":\"https:\\\/\\\/gastronomicament.cat\\\/es\\\/#\\\/schema\\\/logo\\\/image\\\/\",\"url\":\"https:\\\/\\\/gastronomicament.cat\\\/wp-content\\\/uploads\\\/2016\\\/09\\\/header-logo.jpg\",\"contentUrl\":\"https:\\\/\\\/gastronomicament.cat\\\/wp-content\\\/uploads\\\/2016\\\/09\\\/header-logo.jpg\",\"width\":277,\"height\":39,\"caption\":\"Gastron\u00f2micament\"},\"image\":{\"@id\":\"https:\\\/\\\/gastronomicament.cat\\\/es\\\/#\\\/schema\\\/logo\\\/image\\\/\"},\"sameAs\":[\"https:\\\/\\\/x.com\\\/gastronomicamen\"]}]}<\/script>\n<!-- \/ Yoast SEO plugin. -->","yoast_head_json":{"title":"Restaurant Can Tir\u00f3 Turixant. Mancor","description":"Restaurant Can Tir\u00f3 Turixant. Mancor de la Vall \/ Restaurante Can Tir\u00f3 Turixant. Mancor","robots":{"index":"index","follow":"follow","max-snippet":"max-snippet:-1","max-image-preview":"max-image-preview:large","max-video-preview":"max-video-preview:-1"},"canonical":"https:\/\/gastronomicament.cat\/es\/restaurant\/restaurant-can-tiro-turixant","og_locale":"es_ES","og_type":"article","og_title":"Restaurant Can Tir\u00f3 Turixant. Mancor","og_description":"Restaurant Can Tir\u00f3 Turixant. Mancor de la Vall \/ Restaurante Can Tir\u00f3 Turixant. Mancor","og_url":"https:\/\/gastronomicament.cat\/es\/restaurant\/restaurant-can-tiro-turixant","og_site_name":"Gastron\u00f2micament","article_modified_time":"2023-10-05T08:48:12+00:00","og_image":[{"width":1800,"height":1197,"url":"https:\/\/gastronomicament.cat\/wp-content\/uploads\/2012\/12\/Degustaci\u00f3-de-postres.jpg","type":"image\/jpeg"}],"twitter_card":"summary_large_image","twitter_site":"@gastronomicamen","twitter_misc":{"Tiempo de lectura":"1 minuto","Written by":"Redacci\u00f3"},"schema":{"@context":"https:\/\/schema.org","@graph":[{"@type":"WebPage","@id":"https:\/\/gastronomicament.cat\/es\/restaurant\/restaurant-can-tiro-turixant","url":"https:\/\/gastronomicament.cat\/es\/restaurant\/restaurant-can-tiro-turixant","name":"Restaurant Can Tir\u00f3 Turixant. Mancor","isPartOf":{"@id":"https:\/\/gastronomicament.cat\/es\/#website"},"primaryImageOfPage":{"@id":"https:\/\/gastronomicament.cat\/es\/restaurant\/restaurant-can-tiro-turixant#primaryimage"},"image":{"@id":"https:\/\/gastronomicament.cat\/es\/restaurant\/restaurant-can-tiro-turixant#primaryimage"},"thumbnailUrl":"https:\/\/gastronomicament.cat\/wp-content\/uploads\/2012\/12\/Degustaci\u00f3-de-postres.jpg","datePublished":"2012-12-29T20:00:16+00:00","dateModified":"2023-10-05T08:48:12+00:00","description":"Restaurant Can Tir\u00f3 Turixant. Mancor de la Vall \/ Restaurante Can Tir\u00f3 Turixant. Mancor","breadcrumb":{"@id":"https:\/\/gastronomicament.cat\/es\/restaurant\/restaurant-can-tiro-turixant#breadcrumb"},"inLanguage":"es","potentialAction":[{"@type":"ReadAction","target":["https:\/\/gastronomicament.cat\/es\/restaurant\/restaurant-can-tiro-turixant"]}]},{"@type":"ImageObject","inLanguage":"es","@id":"https:\/\/gastronomicament.cat\/es\/restaurant\/restaurant-can-tiro-turixant#primaryimage","url":"https:\/\/gastronomicament.cat\/wp-content\/uploads\/2012\/12\/Degustaci\u00f3-de-postres.jpg","contentUrl":"https:\/\/gastronomicament.cat\/wp-content\/uploads\/2012\/12\/Degustaci\u00f3-de-postres.jpg","width":1800,"height":1197},{"@type":"BreadcrumbList","@id":"https:\/\/gastronomicament.cat\/es\/restaurant\/restaurant-can-tiro-turixant#breadcrumb","itemListElement":[{"@type":"ListItem","position":1,"name":"Restaurants","item":"https:\/\/gastronomicament.cat\/es\/restaurants"},{"@type":"ListItem","position":2,"name":"Restaurant Can Tir\u00f3 Turixant [TANCAT]"}]},{"@type":"WebSite","@id":"https:\/\/gastronomicament.cat\/es\/#website","url":"https:\/\/gastronomicament.cat\/es\/","name":"Gastron\u00f2micament","description":"Portal de restaurants, receptes i actualitat gastron\u00f2mica","publisher":{"@id":"https:\/\/gastronomicament.cat\/es\/#organization"},"potentialAction":[{"@type":"SearchAction","target":{"@type":"EntryPoint","urlTemplate":"https:\/\/gastronomicament.cat\/es\/?s={search_term_string}"},"query-input":{"@type":"PropertyValueSpecification","valueRequired":true,"valueName":"search_term_string"}}],"inLanguage":"es"},{"@type":"Organization","@id":"https:\/\/gastronomicament.cat\/es\/#organization","name":"Gastron\u00f2micament","url":"https:\/\/gastronomicament.cat\/es\/","logo":{"@type":"ImageObject","inLanguage":"es","@id":"https:\/\/gastronomicament.cat\/es\/#\/schema\/logo\/image\/","url":"https:\/\/gastronomicament.cat\/wp-content\/uploads\/2016\/09\/header-logo.jpg","contentUrl":"https:\/\/gastronomicament.cat\/wp-content\/uploads\/2016\/09\/header-logo.jpg","width":277,"height":39,"caption":"Gastron\u00f2micament"},"image":{"@id":"https:\/\/gastronomicament.cat\/es\/#\/schema\/logo\/image\/"},"sameAs":["https:\/\/x.com\/gastronomicamen"]}]}},"_links":{"self":[{"href":"https:\/\/gastronomicament.cat\/es\/wp-json\/wp\/v2\/restaurant\/73468","targetHints":{"allow":["GET"]}}],"collection":[{"href":"https:\/\/gastronomicament.cat\/es\/wp-json\/wp\/v2\/restaurant"}],"about":[{"href":"https:\/\/gastronomicament.cat\/es\/wp-json\/wp\/v2\/types\/restaurant"}],"author":[{"embeddable":true,"href":"https:\/\/gastronomicament.cat\/es\/wp-json\/wp\/v2\/users\/1"}],"replies":[{"embeddable":true,"href":"https:\/\/gastronomicament.cat\/es\/wp-json\/wp\/v2\/comments?post=73468"}],"version-history":[{"count":0,"href":"https:\/\/gastronomicament.cat\/es\/wp-json\/wp\/v2\/restaurant\/73468\/revisions"}],"wp:featuredmedia":[{"embeddable":true,"href":"https:\/\/gastronomicament.cat\/es\/wp-json\/wp\/v2\/media\/36350"}],"wp:attachment":[{"href":"https:\/\/gastronomicament.cat\/es\/wp-json\/wp\/v2\/media?parent=73468"}],"wp:term":[{"taxonomy":"category","embeddable":true,"href":"https:\/\/gastronomicament.cat\/es\/wp-json\/wp\/v2\/categories?post=73468"},{"taxonomy":"destacatper","embeddable":true,"href":"https:\/\/gastronomicament.cat\/es\/wp-json\/wp\/v2\/destacatper?post=73468"},{"taxonomy":"especialitat","embeddable":true,"href":"https:\/\/gastronomicament.cat\/es\/wp-json\/wp\/v2\/especialitat?post=73468"},{"taxonomy":"localitat","embeddable":true,"href":"https:\/\/gastronomicament.cat\/es\/wp-json\/wp\/v2\/localitat?post=73468"},{"taxonomy":"author","embeddable":true,"href":"https:\/\/gastronomicament.cat\/es\/wp-json\/wp\/v2\/coauthors?post=73468"}],"curies":[{"name":"wp","href":"https:\/\/api.w.org\/{rel}","templated":true}]}}