{"id":74353,"date":"2012-03-14T10:35:14","date_gmt":"2012-03-14T09:35:14","guid":{"rendered":"https:\/\/gastronomicament.cat\/restaurant\/restaurant-hortella-den-cotanet"},"modified":"2023-10-05T14:51:07","modified_gmt":"2023-10-05T12:51:07","slug":"restaurant-hortella-den-cotanet","status":"publish","type":"restaurant","link":"https:\/\/gastronomicament.cat\/es\/restaurant\/restaurant-hortella-den-cotanet","title":{"rendered":"Hortella d&#8217;en Cotanet"},"content":{"rendered":"<p style=\"text-align: justify;\">Dinar o sopar al <strong>restaurant Hortella d&#8217;en Cotanet<\/strong> \u00e9s sin\u00f2nim d&#8217;assaborir el menjar, la bona companyia i l&#8217;entorn.<\/p>\n<p style=\"text-align: justify;\">\u00c9s un restaurant de <strong>cuina tradicional mediterr\u00e0nia<\/strong> amb <strong>productes propis naturals i de temporada<\/strong>. Tenen hort propi ecol\u00f2gic, on cultiven molts dels productes amb els quals cuinen els plats. \u00c9s un espai ideal per desconnectar, perqu\u00e8 el temps sembla no passar i les hores de vetlada es fan agradables minut a minut.<\/p>\n<p style=\"text-align: justify;\">Una altra de les seves especialitats, \u00e9s el <strong>bou encebat a la pedra<\/strong> que podeu acompanyar amb la selecci\u00f3 de vins mallorquins que posen al vostre abast.<\/p>\n<p style=\"text-align: justify;\">El restaurant Hortella d&#8217;en Cotanet est\u00e0 situat <strong>enmig de la natura<\/strong>, al municipi de <strong>Sant Joan<\/strong>. Per arribar-hi heu d&#8217;agafar la carretera de Palma &#8211; Manacor i agafar la sortira 34. Hi trobareu indicacions per arribar a Hortella d&#8217;en Cotanet, una via rural que era l&#8217;<strong>antic cam\u00ed reial<\/strong> que unia Sineu i Felanitx.<\/p>\n<p style=\"text-align: justify;\"><strong>Horari del restaurant Hortella d&#8217;en Cotanet<\/strong>:<\/p>\n<ul>\n<li><strong>De juny a octubre<\/strong> (inclosos): Obert de dimarts a diumenge, migdia i vespre<\/li>\n<li><strong>De novembre a maig<\/strong> (inclosos): Obert els migdies de dimarts a diumenge, i divendres i dissabte vespre. Si hi voleu sopar de diumenge a dijous, heu de reservar amb antel\u00b7laci\u00f3.<\/li>\n<\/ul>\n<p style=\"text-align: justify;\">Tamb\u00e9 podeu <strong>reservar taula al\u00a0<a href=\"tel:971 83 21 43\">971 83 21 43<\/a><\/strong><\/p>\n<p><!--more--><\/p>\n","protected":false},"excerpt":{"rendered":"<p>\u00c9s un restaurant de cuina tradicional mediterr\u00e0nia amb productes propis naturals i de temporada. Tenen hort&hellip;<\/p>\n","protected":false},"author":1,"featured_media":38219,"menu_order":0,"comment_status":"open","ping_status":"closed","template":"","format":"gallery","meta":{"_acf_changed":false,"_swt_meta_header_display":false,"_swt_meta_footer_display":false,"_swt_meta_site_title_display":false,"_swt_meta_sticky_header":false,"_swt_meta_transparent_header":false,"direccio":"Ctra. de Palma - Manacor, sortida 34. Cam\u00ed d'Hortella vell","telefon":"971 83 21 43","web":"www.hortelladencotanet.com","horari":"[:ca]Dilluns no festiu tancat [:en]Monday closed. [:es] Lunes no festivo, cerrado","preumitja":"[:ca]A partir de 15 euros [:en] From 15 euros [:es]A partir de 15 euros","observacions":"","footnotes":""},"categories":[1332,999],"destacatper":[1383,1044,1352],"especialitat":[1104],"localitat":[1324,1993],"coauthors":[],"class_list":["post-74353","restaurant","type-restaurant","status-publish","format-gallery","has-post-thumbnail","hentry","category-recomanat-es","category-restaurants-es","destacatper-celiacs-es","destacatper-local-amb-carta-en-catala-es","destacatper-menus-de-nadal-es","especialitat-cuina-mallorquina-es","localitat-pla-es","localitat-sant-joan-es","preu-entre-10-i-20-euros-es"],"acf":{"gallery":null,"home_date":{"home_begin_date":null,"home_end_date":null}},"yoast_head":"<!-- This site is optimized with the Yoast SEO plugin v27.4 - https:\/\/yoast.com\/product\/yoast-seo-wordpress\/ -->\n<title>Restaurant Hortella d&#039;en Cotanet - Gastron\u00f2micament<\/title>\n<meta name=\"description\" content=\"Restaurant Hortella d&#039;en Cotanet. Sant Joan. Vilafranca - Gastron\u00f2micament\" \/>\n<meta name=\"robots\" content=\"index, follow, max-snippet:-1, max-image-preview:large, max-video-preview:-1\" \/>\n<link rel=\"canonical\" href=\"https:\/\/gastronomicament.cat\/es\/restaurant\/restaurant-hortella-den-cotanet\" \/>\n<meta property=\"og:locale\" content=\"es_ES\" \/>\n<meta property=\"og:type\" content=\"article\" \/>\n<meta property=\"og:title\" content=\"Restaurant Hortella d&#039;en Cotanet - Gastron\u00f2micament\" \/>\n<meta property=\"og:description\" content=\"Restaurant Hortella d&#039;en Cotanet. Sant Joan. Vilafranca - Gastron\u00f2micament\" \/>\n<meta property=\"og:url\" content=\"https:\/\/gastronomicament.cat\/es\/restaurant\/restaurant-hortella-den-cotanet\" \/>\n<meta property=\"og:site_name\" content=\"Gastron\u00f2micament\" \/>\n<meta property=\"article:modified_time\" content=\"2023-10-05T12:51:07+00:00\" \/>\n<meta property=\"og:image\" content=\"https:\/\/gastronomicament.cat\/wp-content\/uploads\/2012\/03\/restaurant-sant-joan-vilafranca-hortella-den-cotanet.jpg\" \/>\n\t<meta property=\"og:image:width\" content=\"1024\" \/>\n\t<meta property=\"og:image:height\" content=\"683\" \/>\n\t<meta property=\"og:image:type\" content=\"image\/jpeg\" \/>\n<meta name=\"twitter:card\" content=\"summary_large_image\" \/>\n<meta name=\"twitter:site\" content=\"@gastronomicamen\" \/>\n<meta name=\"twitter:label1\" content=\"Tiempo de lectura\" \/>\n\t<meta name=\"twitter:data1\" content=\"1 minuto\" \/>\n\t<meta name=\"twitter:label2\" content=\"Written by\" \/>\n\t<meta name=\"twitter:data2\" content=\"Redacci\u00f3\" \/>\n<script type=\"application\/ld+json\" class=\"yoast-schema-graph\">{\"@context\":\"https:\\\/\\\/schema.org\",\"@graph\":[{\"@type\":\"WebPage\",\"@id\":\"https:\\\/\\\/gastronomicament.cat\\\/es\\\/restaurant\\\/restaurant-hortella-den-cotanet\",\"url\":\"https:\\\/\\\/gastronomicament.cat\\\/es\\\/restaurant\\\/restaurant-hortella-den-cotanet\",\"name\":\"Restaurant Hortella d'en Cotanet - Gastron\u00f2micament\",\"isPartOf\":{\"@id\":\"https:\\\/\\\/gastronomicament.cat\\\/es\\\/#website\"},\"primaryImageOfPage\":{\"@id\":\"https:\\\/\\\/gastronomicament.cat\\\/es\\\/restaurant\\\/restaurant-hortella-den-cotanet#primaryimage\"},\"image\":{\"@id\":\"https:\\\/\\\/gastronomicament.cat\\\/es\\\/restaurant\\\/restaurant-hortella-den-cotanet#primaryimage\"},\"thumbnailUrl\":\"https:\\\/\\\/gastronomicament.cat\\\/wp-content\\\/uploads\\\/2012\\\/03\\\/restaurant-sant-joan-vilafranca-hortella-den-cotanet.jpg\",\"datePublished\":\"2012-03-14T09:35:14+00:00\",\"dateModified\":\"2023-10-05T12:51:07+00:00\",\"description\":\"Restaurant Hortella d'en Cotanet. Sant Joan. Vilafranca - Gastron\u00f2micament\",\"breadcrumb\":{\"@id\":\"https:\\\/\\\/gastronomicament.cat\\\/es\\\/restaurant\\\/restaurant-hortella-den-cotanet#breadcrumb\"},\"inLanguage\":\"es\",\"potentialAction\":[{\"@type\":\"ReadAction\",\"target\":[\"https:\\\/\\\/gastronomicament.cat\\\/es\\\/restaurant\\\/restaurant-hortella-den-cotanet\"]}]},{\"@type\":\"ImageObject\",\"inLanguage\":\"es\",\"@id\":\"https:\\\/\\\/gastronomicament.cat\\\/es\\\/restaurant\\\/restaurant-hortella-den-cotanet#primaryimage\",\"url\":\"https:\\\/\\\/gastronomicament.cat\\\/wp-content\\\/uploads\\\/2012\\\/03\\\/restaurant-sant-joan-vilafranca-hortella-den-cotanet.jpg\",\"contentUrl\":\"https:\\\/\\\/gastronomicament.cat\\\/wp-content\\\/uploads\\\/2012\\\/03\\\/restaurant-sant-joan-vilafranca-hortella-den-cotanet.jpg\",\"width\":1024,\"height\":683},{\"@type\":\"BreadcrumbList\",\"@id\":\"https:\\\/\\\/gastronomicament.cat\\\/es\\\/restaurant\\\/restaurant-hortella-den-cotanet#breadcrumb\",\"itemListElement\":[{\"@type\":\"ListItem\",\"position\":1,\"name\":\"Restaurants\",\"item\":\"https:\\\/\\\/gastronomicament.cat\\\/es\\\/restaurants\"},{\"@type\":\"ListItem\",\"position\":2,\"name\":\"Hortella d&#8217;en Cotanet\"}]},{\"@type\":\"WebSite\",\"@id\":\"https:\\\/\\\/gastronomicament.cat\\\/es\\\/#website\",\"url\":\"https:\\\/\\\/gastronomicament.cat\\\/es\\\/\",\"name\":\"Gastron\u00f2micament\",\"description\":\"Portal de restaurants, receptes i actualitat gastron\u00f2mica\",\"publisher\":{\"@id\":\"https:\\\/\\\/gastronomicament.cat\\\/es\\\/#organization\"},\"potentialAction\":[{\"@type\":\"SearchAction\",\"target\":{\"@type\":\"EntryPoint\",\"urlTemplate\":\"https:\\\/\\\/gastronomicament.cat\\\/es\\\/?s={search_term_string}\"},\"query-input\":{\"@type\":\"PropertyValueSpecification\",\"valueRequired\":true,\"valueName\":\"search_term_string\"}}],\"inLanguage\":\"es\"},{\"@type\":\"Organization\",\"@id\":\"https:\\\/\\\/gastronomicament.cat\\\/es\\\/#organization\",\"name\":\"Gastron\u00f2micament\",\"url\":\"https:\\\/\\\/gastronomicament.cat\\\/es\\\/\",\"logo\":{\"@type\":\"ImageObject\",\"inLanguage\":\"es\",\"@id\":\"https:\\\/\\\/gastronomicament.cat\\\/es\\\/#\\\/schema\\\/logo\\\/image\\\/\",\"url\":\"https:\\\/\\\/gastronomicament.cat\\\/wp-content\\\/uploads\\\/2016\\\/09\\\/header-logo.jpg\",\"contentUrl\":\"https:\\\/\\\/gastronomicament.cat\\\/wp-content\\\/uploads\\\/2016\\\/09\\\/header-logo.jpg\",\"width\":277,\"height\":39,\"caption\":\"Gastron\u00f2micament\"},\"image\":{\"@id\":\"https:\\\/\\\/gastronomicament.cat\\\/es\\\/#\\\/schema\\\/logo\\\/image\\\/\"},\"sameAs\":[\"https:\\\/\\\/x.com\\\/gastronomicamen\"]}]}<\/script>\n<!-- \/ Yoast SEO plugin. -->","yoast_head_json":{"title":"Restaurant Hortella d'en Cotanet - Gastron\u00f2micament","description":"Restaurant Hortella d'en Cotanet. Sant Joan. Vilafranca - Gastron\u00f2micament","robots":{"index":"index","follow":"follow","max-snippet":"max-snippet:-1","max-image-preview":"max-image-preview:large","max-video-preview":"max-video-preview:-1"},"canonical":"https:\/\/gastronomicament.cat\/es\/restaurant\/restaurant-hortella-den-cotanet","og_locale":"es_ES","og_type":"article","og_title":"Restaurant Hortella d'en Cotanet - Gastron\u00f2micament","og_description":"Restaurant Hortella d'en Cotanet. Sant Joan. Vilafranca - Gastron\u00f2micament","og_url":"https:\/\/gastronomicament.cat\/es\/restaurant\/restaurant-hortella-den-cotanet","og_site_name":"Gastron\u00f2micament","article_modified_time":"2023-10-05T12:51:07+00:00","og_image":[{"width":1024,"height":683,"url":"https:\/\/gastronomicament.cat\/wp-content\/uploads\/2012\/03\/restaurant-sant-joan-vilafranca-hortella-den-cotanet.jpg","type":"image\/jpeg"}],"twitter_card":"summary_large_image","twitter_site":"@gastronomicamen","twitter_misc":{"Tiempo de lectura":"1 minuto","Written by":"Redacci\u00f3"},"schema":{"@context":"https:\/\/schema.org","@graph":[{"@type":"WebPage","@id":"https:\/\/gastronomicament.cat\/es\/restaurant\/restaurant-hortella-den-cotanet","url":"https:\/\/gastronomicament.cat\/es\/restaurant\/restaurant-hortella-den-cotanet","name":"Restaurant Hortella d'en Cotanet - Gastron\u00f2micament","isPartOf":{"@id":"https:\/\/gastronomicament.cat\/es\/#website"},"primaryImageOfPage":{"@id":"https:\/\/gastronomicament.cat\/es\/restaurant\/restaurant-hortella-den-cotanet#primaryimage"},"image":{"@id":"https:\/\/gastronomicament.cat\/es\/restaurant\/restaurant-hortella-den-cotanet#primaryimage"},"thumbnailUrl":"https:\/\/gastronomicament.cat\/wp-content\/uploads\/2012\/03\/restaurant-sant-joan-vilafranca-hortella-den-cotanet.jpg","datePublished":"2012-03-14T09:35:14+00:00","dateModified":"2023-10-05T12:51:07+00:00","description":"Restaurant Hortella d'en Cotanet. Sant Joan. Vilafranca - Gastron\u00f2micament","breadcrumb":{"@id":"https:\/\/gastronomicament.cat\/es\/restaurant\/restaurant-hortella-den-cotanet#breadcrumb"},"inLanguage":"es","potentialAction":[{"@type":"ReadAction","target":["https:\/\/gastronomicament.cat\/es\/restaurant\/restaurant-hortella-den-cotanet"]}]},{"@type":"ImageObject","inLanguage":"es","@id":"https:\/\/gastronomicament.cat\/es\/restaurant\/restaurant-hortella-den-cotanet#primaryimage","url":"https:\/\/gastronomicament.cat\/wp-content\/uploads\/2012\/03\/restaurant-sant-joan-vilafranca-hortella-den-cotanet.jpg","contentUrl":"https:\/\/gastronomicament.cat\/wp-content\/uploads\/2012\/03\/restaurant-sant-joan-vilafranca-hortella-den-cotanet.jpg","width":1024,"height":683},{"@type":"BreadcrumbList","@id":"https:\/\/gastronomicament.cat\/es\/restaurant\/restaurant-hortella-den-cotanet#breadcrumb","itemListElement":[{"@type":"ListItem","position":1,"name":"Restaurants","item":"https:\/\/gastronomicament.cat\/es\/restaurants"},{"@type":"ListItem","position":2,"name":"Hortella d&#8217;en Cotanet"}]},{"@type":"WebSite","@id":"https:\/\/gastronomicament.cat\/es\/#website","url":"https:\/\/gastronomicament.cat\/es\/","name":"Gastron\u00f2micament","description":"Portal de restaurants, receptes i actualitat gastron\u00f2mica","publisher":{"@id":"https:\/\/gastronomicament.cat\/es\/#organization"},"potentialAction":[{"@type":"SearchAction","target":{"@type":"EntryPoint","urlTemplate":"https:\/\/gastronomicament.cat\/es\/?s={search_term_string}"},"query-input":{"@type":"PropertyValueSpecification","valueRequired":true,"valueName":"search_term_string"}}],"inLanguage":"es"},{"@type":"Organization","@id":"https:\/\/gastronomicament.cat\/es\/#organization","name":"Gastron\u00f2micament","url":"https:\/\/gastronomicament.cat\/es\/","logo":{"@type":"ImageObject","inLanguage":"es","@id":"https:\/\/gastronomicament.cat\/es\/#\/schema\/logo\/image\/","url":"https:\/\/gastronomicament.cat\/wp-content\/uploads\/2016\/09\/header-logo.jpg","contentUrl":"https:\/\/gastronomicament.cat\/wp-content\/uploads\/2016\/09\/header-logo.jpg","width":277,"height":39,"caption":"Gastron\u00f2micament"},"image":{"@id":"https:\/\/gastronomicament.cat\/es\/#\/schema\/logo\/image\/"},"sameAs":["https:\/\/x.com\/gastronomicamen"]}]}},"_links":{"self":[{"href":"https:\/\/gastronomicament.cat\/es\/wp-json\/wp\/v2\/restaurant\/74353","targetHints":{"allow":["GET"]}}],"collection":[{"href":"https:\/\/gastronomicament.cat\/es\/wp-json\/wp\/v2\/restaurant"}],"about":[{"href":"https:\/\/gastronomicament.cat\/es\/wp-json\/wp\/v2\/types\/restaurant"}],"author":[{"embeddable":true,"href":"https:\/\/gastronomicament.cat\/es\/wp-json\/wp\/v2\/users\/1"}],"replies":[{"embeddable":true,"href":"https:\/\/gastronomicament.cat\/es\/wp-json\/wp\/v2\/comments?post=74353"}],"version-history":[{"count":0,"href":"https:\/\/gastronomicament.cat\/es\/wp-json\/wp\/v2\/restaurant\/74353\/revisions"}],"wp:featuredmedia":[{"embeddable":true,"href":"https:\/\/gastronomicament.cat\/es\/wp-json\/wp\/v2\/media\/38219"}],"wp:attachment":[{"href":"https:\/\/gastronomicament.cat\/es\/wp-json\/wp\/v2\/media?parent=74353"}],"wp:term":[{"taxonomy":"category","embeddable":true,"href":"https:\/\/gastronomicament.cat\/es\/wp-json\/wp\/v2\/categories?post=74353"},{"taxonomy":"destacatper","embeddable":true,"href":"https:\/\/gastronomicament.cat\/es\/wp-json\/wp\/v2\/destacatper?post=74353"},{"taxonomy":"especialitat","embeddable":true,"href":"https:\/\/gastronomicament.cat\/es\/wp-json\/wp\/v2\/especialitat?post=74353"},{"taxonomy":"localitat","embeddable":true,"href":"https:\/\/gastronomicament.cat\/es\/wp-json\/wp\/v2\/localitat?post=74353"},{"taxonomy":"author","embeddable":true,"href":"https:\/\/gastronomicament.cat\/es\/wp-json\/wp\/v2\/coauthors?post=74353"}],"curies":[{"name":"wp","href":"https:\/\/api.w.org\/{rel}","templated":true}]}}